{"id":234,"date":"2024-04-16T12:32:55","date_gmt":"2024-04-16T12:32:55","guid":{"rendered":"https:\/\/www.sparqbalustrades.nl\/?page_id=234"},"modified":"2025-10-14T12:32:44","modified_gmt":"2025-10-14T12:32:44","slug":"glasgelaendere","status":"publish","type":"page","link":"https:\/\/www.sparqbalustrades.nl\/da\/","title":{"rendered":"Gel\u00e6ndere af glas"},"content":{"rendered":"<p><div class=\"fusion-fullwidth fullwidth-box fusion-builder-row-1 fusion-flex-container video-background has-pattern-background has-mask-background nonhundred-percent-fullwidth non-hundred-percent-height-scrolling\" style=\"--awb-border-radius-top-left:0px;--awb-border-radius-top-right:0px;--awb-border-radius-bottom-right:0px;--awb-border-radius-bottom-left:0px;--awb-padding-top:150px;--awb-padding-right:0px;--awb-padding-bottom:90px;--awb-padding-left:0px;--awb-margin-top:0px;--awb-margin-bottom:0px;--awb-min-height:700px;--awb-background-image:linear-gradient(180deg, rgba(0,0,0,0.2) 0%,rgba(0,0,0,0.5) 100%);--awb-flex-wrap:wrap;\" ><div class=\"fullwidth-video\"><video preload=\"auto\" autoplay playsinline loop muted><source src=\"https:\/\/www.sparqbalustrades.nl\/wp-content\/uploads\/2025\/02\/webvideo-montage-de-welle-optimized-for-web.mp4\" type=\"video\/mp4\"><\/video><\/div><div class=\"fullwidth-overlay\" style=\"background-image: linear-gradient(180deg, rgba(0,0,0,0.2) 0%,rgba(0,0,0,0.5) 100%);\"><\/div><div class=\"fusion-builder-row fusion-row fusion-flex-align-items-center fusion-flex-content-wrap\" style=\"max-width:1248px;margin-left: calc(-4% \/ 2 );margin-right: calc(-4% \/ 2 );\"><div class=\"fusion-layout-column fusion_builder_column fusion-builder-column-0 fusion_builder_column_1_2 1_2 fusion-flex-column\" style=\"--awb-padding-right-small:30px;--awb-padding-left-small:30px;--awb-bg-size:cover;--awb-border-color:var(--awb-color3);--awb-border-style:solid;--awb-width-large:50%;--awb-margin-top-large:0px;--awb-spacing-right-large:3.84%;--awb-margin-bottom-large:0px;--awb-spacing-left-large:3.84%;--awb-width-medium:50%;--awb-order-medium:0;--awb-spacing-right-medium:3.84%;--awb-spacing-left-medium:3.84%;--awb-width-small:100%;--awb-order-small:0;--awb-spacing-right-small:1.92%;--awb-spacing-left-small:1.92%;\"><div class=\"fusion-column-wrapper fusion-column-has-shadow fusion-flex-justify-content-flex-start fusion-content-layout-row\"><div class=\"fusion-title title fusion-title-1 fusion-sep-none fusion-title-text fusion-title-size-one\" style=\"--awb-text-color:var(--awb-color1);--awb-margin-top-small:10px;--awb-margin-right-small:0px;--awb-margin-bottom-small:10px;--awb-margin-left-small:0px;--awb-font-size:60px;\"><h1 class=\"fusion-title-heading title-heading-left\" style=\"margin:0;font-size:1em;\">SPARQ, ekspert i balustrader af helglas<\/h1><\/div><div class=\"fusion-text fusion-text-1 fusion-text-no-margin\" style=\"--awb-font-size:25px;--awb-text-color:var(--awb-color1);--awb-margin-top:0px;--awb-margin-right:0px;--awb-margin-bottom:1em;--awb-margin-left:0px;\"><p>\u00c9n partner til r\u00e5dgivning, konstruktion, produktion, logistik og montering af glasgel\u00e6ndere.<\/p>\n<\/div><div ><a class=\"fusion-button button-flat fusion-button-default-size button-default fusion-button-default button-1 fusion-button-default-span fusion-button-default-type\" style=\"--button_margin-right:20px;\" target=\"_self\" href=\"https:\/\/www.sparqbalustrades.nl\/da\/katalog\/\"><span class=\"fusion-button-text awb-button__text awb-button__text--default\">Se vores produkter<\/span><\/a><\/div><div ><a class=\"fusion-button button-flat fusion-button-default-size button-default fusion-button-default button-2 fusion-button-default-span fusion-button-default-type\" style=\"--button_margin-right:20px;\" target=\"_self\" href=\"https:\/\/www.sparqbalustrades.nl\/da\/projekter\/\"><span class=\"fusion-button-text awb-button__text awb-button__text--default\">Se vores arbejde<\/span><\/a><\/div><div class=\"fusion-text fusion-text-2 fusion-text-no-margin\" style=\"--awb-font-size:16px;--awb-text-color:#ffffff;--awb-margin-top:50px;--awb-margin-right:0px;--awb-margin-bottom:0px;--awb-margin-left:0px;\"><p style=\"text-align: right;\"><span style=\"font-family: SPARQ Bold;\">SPARQ BALUSTRADER.<\/span> se videre.<\/p>\n<\/div><\/div><\/div><\/div><\/div><div class=\"fusion-fullwidth fullwidth-box fusion-builder-row-2 fusion-flex-container has-pattern-background has-mask-background hundred-percent-fullwidth non-hundred-percent-height-scrolling\" style=\"--awb-border-radius-top-left:0px;--awb-border-radius-top-right:0px;--awb-border-radius-bottom-right:0px;--awb-border-radius-bottom-left:0px;--awb-padding-top:0px;--awb-padding-right:0px;--awb-padding-bottom:0px;--awb-padding-left:0px;--awb-margin-top:-80px;--awb-background-color:var(--awb-color5);--awb-flex-wrap:wrap;\" ><div class=\"fusion-builder-row fusion-row fusion-flex-align-items-flex-end fusion-flex-justify-content-flex-end fusion-flex-content-wrap\" style=\"width:calc( 100% + 0px ) !important;max-width:calc( 100% + 0px ) !important;margin-left: calc(-0px \/ 2 );margin-right: calc(-0px \/ 2 );\"><div class=\"fusion-layout-column fusion_builder_column fusion-builder-column-1 fusion-flex-column\" style=\"--awb-padding-top:30px;--awb-padding-right:10px;--awb-padding-bottom:30px;--awb-padding-left:10px;--awb-bg-color:var(--awb-color3);--awb-bg-color-hover:var(--awb-color3);--awb-bg-size:cover;--awb-transform:scaleX(1.00) scaleY(1.00);--awb-transform-hover:scaleX(1.03) scaleY(1.05);--awb-width-large:16%;--awb-margin-top-large:0px;--awb-spacing-right-large:0px;--awb-margin-bottom-large:0px;--awb-spacing-left-large:0px;--awb-width-medium:16%;--awb-order-medium:0;--awb-spacing-right-medium:0px;--awb-spacing-left-medium:0px;--awb-width-small:50%;--awb-order-small:1;--awb-spacing-right-small:0px;--awb-spacing-left-small:0px;\"><div class=\"fusion-column-wrapper fusion-column-has-shadow fusion-flex-justify-content-center fusion-content-layout-row fusion-flex-align-items-center\"><div class=\"fusion-text fusion-text-3 fusion-text-no-margin\" style=\"--awb-font-size:15px;--awb-text-color:var(--awb-color7);--awb-margin-top:5px;--awb-margin-right:10px;--awb-margin-bottom:0px;--awb-margin-left:10px;--awb-text-font-family:&quot;SPARQ Regular&quot;;--awb-text-font-style:normal;--awb-text-font-weight:400;\"><p><span style=\"color: #1d1d1b;\"><a style=\"color: #1d1d1b;\" href=\"https:\/\/www.sparqbalustrades.nl\/da\/sparq-gelaendere-til-ejendomsudviklere\/\">Udvikling af projekter<\/a><\/span><\/p>\n<\/div><a class=\"fb-icon-element-1 fb-icon-element fontawesome-icon fa-angle-right fas circle-yes fusion-text-flow fusion-link\" style=\"--awb-iconcolor:var(--awb-color7);--awb-circlecolor:var(--awb-color2);--awb-circlecolor-hover:var(--awb-color5);--awb-circlebordercolor-hover:var(--awb-color8);--awb-circlebordersize:0px;--awb-font-size:17.6px;--awb-width:35.2px;--awb-height:35.2px;--awb-line-height:35.2px;--awb-margin-top:0px;--awb-margin-right:0px;--awb-margin-bottom:0px;--awb-margin-left:0px;\" href=\"https:\/\/www.sparqbalustrades.nl\/da\/sparq-gelaendere-til-ejendomsudviklere\/\" target=\"_self\" aria-label=\"Link til https:\/\/www.sparqbalustrades.nl\/sparq-balustrades-voor-projectontwikkelaars\/\"><\/a><\/div><\/div><div class=\"fusion-layout-column fusion_builder_column fusion-builder-column-2 fusion-flex-column\" style=\"--awb-padding-top:30px;--awb-padding-right:10px;--awb-padding-bottom:30px;--awb-padding-left:10px;--awb-bg-color:var(--awb-color3);--awb-bg-color-hover:var(--awb-color3);--awb-bg-size:cover;--awb-transform:scaleX(1) scaleY(1);--awb-transform-hover:scaleX(1.03) scaleY(1.01);--awb-width-large:14%;--awb-margin-top-large:0px;--awb-spacing-right-large:0px;--awb-margin-bottom-large:0px;--awb-spacing-left-large:0px;--awb-width-medium:14%;--awb-order-medium:0;--awb-spacing-right-medium:0px;--awb-spacing-left-medium:0px;--awb-width-small:50%;--awb-order-small:2;--awb-spacing-right-small:0px;--awb-spacing-left-small:0px;\"><div class=\"fusion-column-wrapper fusion-column-has-shadow fusion-flex-justify-content-center fusion-content-layout-row fusion-flex-align-items-center\"><div class=\"fusion-text fusion-text-4 fusion-text-no-margin\" style=\"--awb-font-size:15px;--awb-text-color:var(--awb-color7);--awb-margin-top:5px;--awb-margin-right:10px;--awb-margin-bottom:0px;--awb-margin-left:10px;--awb-text-font-family:&quot;SPARQ Regular&quot;;--awb-text-font-style:normal;--awb-text-font-weight:400;\"><p><a href=\"https:\/\/www.sparqbalustrades.nl\/da\/sparq-raekvaerk-til-byggefirmaer\/\"><span style=\"color: #1d1d1b;\">Bygge- og anl\u00e6gsvirksomheder<\/span><\/a><\/p>\n<\/div><a class=\"fb-icon-element-2 fb-icon-element fontawesome-icon fa-angle-right fas circle-yes fusion-text-flow fusion-link\" style=\"--awb-iconcolor:var(--awb-color7);--awb-circlecolor:var(--awb-color2);--awb-circlecolor-hover:var(--awb-color5);--awb-circlebordercolor-hover:var(--awb-color8);--awb-circlebordersize:0px;--awb-font-size:17.6px;--awb-width:35.2px;--awb-height:35.2px;--awb-line-height:35.2px;--awb-margin-top:0px;--awb-margin-right:0px;--awb-margin-bottom:0px;--awb-margin-left:0px;\" href=\"https:\/\/www.sparqbalustrades.nl\/da\/sparq-raekvaerk-til-byggefirmaer\/\" target=\"_self\" aria-label=\"Link til https:\/\/www.sparqbalustrades.nl\/sparq-balustrades-voor-bouwbedrijven\/\"><\/a><\/div><\/div><div class=\"fusion-layout-column fusion_builder_column fusion-builder-column-3 fusion-flex-column\" style=\"--awb-padding-top:30px;--awb-padding-right:10px;--awb-padding-bottom:30px;--awb-padding-left:10px;--awb-bg-color:var(--awb-color3);--awb-bg-color-hover:var(--awb-color3);--awb-bg-size:cover;--awb-transform:scaleX(1) scaleY(1);--awb-transform-hover:scaleX(1.03) scaleY(1.01);--awb-width-large:13%;--awb-margin-top-large:0px;--awb-spacing-right-large:0px;--awb-margin-bottom-large:0px;--awb-spacing-left-large:0px;--awb-width-medium:13%;--awb-order-medium:0;--awb-spacing-right-medium:0px;--awb-spacing-left-medium:0px;--awb-width-small:50%;--awb-order-small:0;--awb-spacing-right-small:0px;--awb-spacing-left-small:0px;\"><div class=\"fusion-column-wrapper fusion-column-has-shadow fusion-flex-justify-content-center fusion-content-layout-row fusion-flex-align-items-center\"><div class=\"fusion-text fusion-text-5 fusion-text-no-margin\" style=\"--awb-font-size:15px;--awb-text-color:var(--awb-color7);--awb-margin-top:5px;--awb-margin-right:10px;--awb-margin-bottom:0px;--awb-margin-left:10px;--awb-text-font-family:&quot;SPARQ Regular&quot;;--awb-text-font-style:normal;--awb-text-font-weight:400;\"><p><span style=\"color: #1d1d1b;\"><a style=\"color: #1d1d1b;\" href=\"https:\/\/www.sparqbalustrades.nl\/da\/sparq-balustrader-til-arkitekter\/\">Arkitekter<\/a><\/span><\/p>\n<\/div><a class=\"fb-icon-element-3 fb-icon-element fontawesome-icon fa-angle-right fas circle-yes fusion-text-flow fusion-link\" style=\"--awb-iconcolor:var(--awb-color7);--awb-circlecolor:var(--awb-color2);--awb-circlecolor-hover:var(--awb-color5);--awb-circlebordercolor-hover:var(--awb-color8);--awb-circlebordersize:0px;--awb-font-size:17.6px;--awb-width:35.2px;--awb-height:35.2px;--awb-line-height:35.2px;--awb-margin-top:0px;--awb-margin-right:0px;--awb-margin-bottom:0px;--awb-margin-left:0px;\" href=\"https:\/\/www.sparqbalustrades.nl\/da\/sparq-balustrader-til-arkitekter\/\" target=\"_self\" aria-label=\"Link til https:\/\/www.sparqbalustrades.nl\/sparq-balustrades-voor-architecten\/\"><\/a><\/div><\/div><div class=\"fusion-layout-column fusion_builder_column fusion-builder-column-4 fusion-flex-column\" style=\"--awb-padding-top:30px;--awb-padding-right:10px;--awb-padding-bottom:30px;--awb-padding-left:10px;--awb-bg-color:var(--awb-color3);--awb-bg-color-hover:var(--awb-color3);--awb-bg-size:cover;--awb-transform:scaleX(1) scaleY(1);--awb-transform-hover:scaleX(1.03) scaleY(1.03);--awb-width-large:13%;--awb-margin-top-large:0px;--awb-spacing-right-large:0px;--awb-margin-bottom-large:0px;--awb-spacing-left-large:0px;--awb-width-medium:13%;--awb-order-medium:0;--awb-spacing-right-medium:0px;--awb-spacing-left-medium:0px;--awb-width-small:50%;--awb-order-small:3;--awb-spacing-right-small:0px;--awb-spacing-left-small:0px;\"><div class=\"fusion-column-wrapper fusion-column-has-shadow fusion-flex-justify-content-center fusion-content-layout-row fusion-flex-align-items-center\"><div class=\"fusion-text fusion-text-6 fusion-text-no-margin\" style=\"--awb-font-size:15px;--awb-text-color:var(--awb-color7);--awb-margin-top:5px;--awb-margin-right:10px;--awb-margin-bottom:0px;--awb-margin-left:10px;--awb-text-font-family:&quot;SPARQ Bold&quot;;--awb-text-font-style:normal;--awb-text-font-weight:400;\"><p><a href=\"https:\/\/www.sparqbalustrades.nl\/da\/udbud\/\"><span style=\"color: #1d1d1b;\">Udbud<\/span><\/a><\/p>\n<\/div><a class=\"fb-icon-element-4 fb-icon-element fontawesome-icon fa-angle-right fas circle-yes fusion-text-flow fusion-link\" style=\"--awb-iconcolor:var(--awb-color7);--awb-circlecolor:var(--awb-color2);--awb-circlecolor-hover:var(--awb-color5);--awb-circlebordercolor-hover:var(--awb-color8);--awb-circlebordersize:0px;--awb-font-size:17.6px;--awb-width:35.2px;--awb-height:35.2px;--awb-line-height:35.2px;--awb-margin-top:0px;--awb-margin-right:0px;--awb-margin-bottom:0px;--awb-margin-left:0px;\" href=\"https:\/\/www.sparqbalustrades.nl\/da\/udbud\/\" target=\"_self\" aria-label=\"Link til https:\/\/www.sparqbalustrades.nl\/aanbesteden\/\"><\/a><\/div><\/div><\/div><\/div><div id=\"25jaarervaring\" class=\"fusion-container-anchor\"><div class=\"fusion-fullwidth fullwidth-box fusion-builder-row-3 fusion-flex-container has-pattern-background has-mask-background nonhundred-percent-fullwidth non-hundred-percent-height-scrolling\" style=\"--awb-border-radius-top-left:0px;--awb-border-radius-top-right:0px;--awb-border-radius-bottom-right:0px;--awb-border-radius-bottom-left:0px;--awb-padding-top:100px;--awb-padding-bottom:100px;--awb-flex-wrap:wrap;\" ><div class=\"fusion-builder-row fusion-row fusion-flex-align-items-flex-start fusion-flex-content-wrap\" style=\"max-width:1248px;margin-left: calc(-4% \/ 2 );margin-right: calc(-4% \/ 2 );\"><div class=\"fusion-layout-column fusion_builder_column fusion-builder-column-5 fusion_builder_column_1_1 1_1 fusion-flex-column\" style=\"--awb-bg-size:cover;--awb-width-large:100%;--awb-margin-top-large:0px;--awb-spacing-right-large:1.92%;--awb-margin-bottom-large:0px;--awb-spacing-left-large:1.92%;--awb-width-medium:100%;--awb-order-medium:0;--awb-spacing-right-medium:1.92%;--awb-spacing-left-medium:1.92%;--awb-width-small:100%;--awb-order-small:0;--awb-spacing-right-small:1.92%;--awb-spacing-left-small:1.92%;\"><div class=\"fusion-column-wrapper fusion-column-has-shadow fusion-flex-justify-content-flex-start fusion-content-layout-column\"><div class=\"fusion-title title fusion-title-2 fusion-sep-none fusion-title-text fusion-title-size-two\" style=\"--awb-margin-top-small:10px;--awb-margin-right-small:0px;--awb-margin-bottom-small:10px;--awb-margin-left-small:0px;--awb-font-size:30px;\"><h2 class=\"fusion-title-heading title-heading-left\" style=\"margin:0;font-size:1em;\">25 \u00e5rs ekspertise inden for glasgel\u00e6ndere<\/h2><\/div><\/div><\/div><div class=\"fusion-layout-column fusion_builder_column fusion-builder-column-6 fusion_builder_column_1_2 1_2 fusion-flex-column\" style=\"--awb-bg-size:cover;--awb-width-large:50%;--awb-margin-top-large:0px;--awb-spacing-right-large:3.84%;--awb-margin-bottom-large:20px;--awb-spacing-left-large:3.84%;--awb-width-medium:50%;--awb-order-medium:0;--awb-spacing-right-medium:3.84%;--awb-spacing-left-medium:3.84%;--awb-width-small:100%;--awb-order-small:0;--awb-spacing-right-small:1.92%;--awb-spacing-left-small:1.92%;\"><div class=\"fusion-column-wrapper fusion-column-has-shadow fusion-flex-justify-content-flex-start fusion-content-layout-column\"><div class=\"fusion-text fusion-text-7 fusion-text-no-margin\" style=\"--awb-margin-top:20px;--awb-margin-bottom:20px;\"><p>SPARQ er specialist i design og udf\u00f8relse, n\u00e5r det drejer sig om (balusterl\u00f8se) fuldglasbalustrader. Topkvalitet, innovation, holdbarhed og \u00e6stetik er kernen i SPARQ Balustrades.<\/p>\n<p>Gennem n\u00e6sten 25 \u00e5rs erfaring og realisering af en bred vifte af <a href=\"https:\/\/www.sparqbalustrades.nl\/da\/projekter\/\">projekter<\/a> Vi ved, hvordan <a href=\"https:\/\/www.sparqbalustrades.nl\/da\/katalog\/\">Systemer<\/a> anvendes i praksis. Takket v\u00e6re praktisk viden skaber vi innovationer, der f\u00f8rer til mere hastighed, effektivitet og brugervenlighed i enhver situation. Denne viden er tilg\u00e6ngelig via <a href=\"https:\/\/www.sparqbalustrades.nl\/da\/katalog\/\">produkter<\/a> fra SPARQ er frit tilg\u00e6ngelige og kan ogs\u00e5 anvendes i dine projekter.<\/p>\n<\/div><\/div><\/div><div class=\"fusion-layout-column fusion_builder_column fusion-builder-column-7 fusion_builder_column_1_2 1_2 fusion-flex-column\" style=\"--awb-bg-size:cover;--awb-width-large:50%;--awb-margin-top-large:0px;--awb-spacing-right-large:3.84%;--awb-margin-bottom-large:20px;--awb-spacing-left-large:3.84%;--awb-width-medium:50%;--awb-order-medium:0;--awb-spacing-right-medium:3.84%;--awb-spacing-left-medium:3.84%;--awb-width-small:100%;--awb-order-small:0;--awb-spacing-right-small:1.92%;--awb-spacing-left-small:1.92%;\"><div class=\"fusion-column-wrapper fusion-column-has-shadow fusion-flex-justify-content-flex-start fusion-content-layout-column\"><div class=\"fusion-text fusion-text-8 fusion-text-no-margin\" style=\"--awb-margin-top:20px;--awb-margin-bottom:20px;\"><p>Vi st\u00e5r naturligvis til r\u00e5dighed for at hj\u00e6lpe dig med at detaljere og konfigurere dit glasgel\u00e6nder. Vi fremstiller og leverer (komponenterne til) dit glasgel\u00e6nder og kan pr\u00e6fabrikere og installere det helt tilpasset dit projekt.<\/p>\n<p>SPARQ's glasgel\u00e6ndersystemer er designet til h\u00f8j styrke og stivhed, og den anvendte glastykkelse er st\u00f8rre, end du er vant til. Det betyder, at vores systemer p\u00e5 den ene side kan h\u00e5ndtere st\u00f8rre vindbelastninger. P\u00e5 den anden side giver det arkitekten st\u00f8rre designfrihed og mulighed for at g\u00f8re komplekse detaljer teknisk gennemf\u00f8rlige.<\/p>\n<\/div><\/div><\/div><\/div><\/div><\/div><div class=\"fusion-fullwidth fullwidth-box fusion-builder-row-4 fusion-flex-container has-pattern-background has-mask-background hundred-percent-fullwidth non-hundred-percent-height-scrolling\" style=\"--awb-border-radius-top-left:0px;--awb-border-radius-top-right:0px;--awb-border-radius-bottom-right:0px;--awb-border-radius-bottom-left:0px;--awb-padding-top:0px;--awb-padding-right:0px;--awb-padding-bottom:0px;--awb-padding-left:0px;--awb-margin-top:0px;--awb-margin-bottom:0px;--awb-flex-wrap:wrap;\" ><div class=\"fusion-builder-row fusion-row fusion-flex-align-items-flex-start fusion-flex-content-wrap\" style=\"width:104% !important;max-width:104% !important;margin-left: calc(-4% \/ 2 );margin-right: calc(-4% \/ 2 );\"><div class=\"fusion-layout-column fusion_builder_column fusion-builder-column-8 fusion_builder_column_1_2 1_2 fusion-flex-column fusion-no-small-visibility\" style=\"--awb-padding-right:30px;--awb-padding-left:30px;--awb-bg-color:var(--awb-color3);--awb-bg-color-hover:var(--awb-color3);--awb-bg-size:cover;--awb-width-large:50%;--awb-margin-top-large:0px;--awb-spacing-right-large:3.84%;--awb-margin-bottom-large:0px;--awb-spacing-left-large:3.84%;--awb-width-medium:50%;--awb-order-medium:0;--awb-spacing-right-medium:3.84%;--awb-spacing-left-medium:3.84%;--awb-width-small:100%;--awb-order-small:0;--awb-spacing-right-small:1.92%;--awb-spacing-left-small:1.92%;\"><div class=\"fusion-column-wrapper fusion-column-has-shadow fusion-flex-justify-content-flex-end fusion-content-layout-row\"><div class=\"fusion-text fusion-text-9 fusion-text-no-margin\" style=\"--awb-font-size:25px;--awb-text-color:var(--awb-color1);--awb-margin-top:5px;--awb-margin-right:0px;--awb-margin-bottom:0px;--awb-margin-left:0px;\"><p>...SE L\u00c6NGERE...<\/p>\n<\/div><\/div><\/div><\/div><\/div><div class=\"fusion-fullwidth fullwidth-box fusion-builder-row-5 fusion-flex-container has-pattern-background has-mask-background hundred-percent-fullwidth non-hundred-percent-height-scrolling\" style=\"--awb-border-radius-top-left:0px;--awb-border-radius-top-right:0px;--awb-border-radius-bottom-right:0px;--awb-border-radius-bottom-left:0px;--awb-padding-top:0px;--awb-margin-top:-100px;--awb-flex-wrap:wrap;\" ><div class=\"fusion-builder-row fusion-row fusion-flex-align-items-flex-start fusion-flex-justify-content-flex-end fusion-flex-content-wrap\" style=\"width:104% !important;max-width:104% !important;margin-left: calc(-4% \/ 2 );margin-right: calc(-4% \/ 2 );\"><div class=\"fusion-layout-column fusion_builder_column fusion-builder-column-9 fusion_builder_column_1_3 1_3 fusion-flex-column\" style=\"--awb-bg-size:cover;--awb-width-large:33.333333333333%;--awb-margin-top-large:0px;--awb-spacing-right-large:5.76%;--awb-margin-bottom-large:0px;--awb-spacing-left-large:5.76%;--awb-width-medium:33.333333333333%;--awb-order-medium:0;--awb-spacing-right-medium:5.76%;--awb-spacing-left-medium:5.76%;--awb-width-small:100%;--awb-order-small:0;--awb-spacing-right-small:1.92%;--awb-spacing-left-small:1.92%;\"><div class=\"fusion-column-wrapper fusion-column-has-shadow fusion-flex-justify-content-flex-end fusion-content-layout-row\"><div class=\"fusion-text fusion-text-10\"><p><img decoding=\"async\" class=\"lazyload alignnone wp-image-187\" src=\"data:image\/svg+xml,%3Csvg%20xmlns%3D%27http%3A%2F%2Fwww.w3.org%2F2000%2Fsvg%27%20width%3D%27204%27%20height%3D%27206%27%20viewBox%3D%270%200%20204%20206%27%3E%3Crect%20width%3D%27204%27%20height%3D%27206%27%20fill-opacity%3D%220%22%2F%3E%3C%2Fsvg%3E\" data-orig-src=\"\/wp-content\/uploads\/2024\/04\/Patent.svg\" alt=\"SPARQ-gel\u00e6ndere fuldglasgel\u00e6ndere projektsupport produkter ingeni\u00f8rlogistik\" width=\"204\" height=\"206\" \/><\/p>\n<\/div><\/div><\/div><\/div><\/div><div class=\"fusion-fullwidth fullwidth-box fusion-builder-row-6 fusion-flex-container has-pattern-background has-mask-background nonhundred-percent-fullwidth non-hundred-percent-height-scrolling\" style=\"--awb-border-radius-top-left:0px;--awb-border-radius-top-right:0px;--awb-border-radius-bottom-right:0px;--awb-border-radius-bottom-left:0px;--awb-padding-top:100px;--awb-padding-bottom:100px;--awb-margin-top:-140px;--awb-background-color:var(--awb-color3);--awb-flex-wrap:wrap;\" ><div class=\"fusion-builder-row fusion-row fusion-flex-align-items-flex-start fusion-flex-content-wrap\" style=\"max-width:1248px;margin-left: calc(-4% \/ 2 );margin-right: calc(-4% \/ 2 );\"><div class=\"fusion-layout-column fusion_builder_column fusion-builder-column-10 fusion_builder_column_3_5 3_5 fusion-flex-column\" style=\"--awb-bg-size:cover;--awb-width-large:60%;--awb-margin-top-large:0px;--awb-spacing-right-large:3.2%;--awb-margin-bottom-large:0px;--awb-spacing-left-large:3.2%;--awb-width-medium:60%;--awb-order-medium:0;--awb-spacing-right-medium:3.2%;--awb-spacing-left-medium:3.2%;--awb-width-small:100%;--awb-order-small:0;--awb-spacing-right-small:1.92%;--awb-spacing-left-small:1.92%;\"><div class=\"fusion-column-wrapper fusion-column-has-shadow fusion-flex-justify-content-flex-start fusion-content-layout-column\"><div class=\"fusion-text fusion-text-11\"><p><span style=\"font-family: SPARQ bold;\">Specialiseret r\u00e5dgivning<\/span><br \/>\nHar du brug for r\u00e5d og st\u00f8tte? Vores specialister st\u00e5r til din r\u00e5dighed. Du er velkommen til at <a href=\"https:\/\/www.sparqbalustrades.nl\/da\/kontakt\/\">kontakt<\/a> med os.<\/p>\n<p><span style=\"font-family: SPARQ bold;\">Specialmonteret<\/span><br \/>\nVi kan levere til dig, som du \u00f8nsker. Fra <a href=\"https:\/\/www.sparqbalustrades.nl\/da\/katalog\/\">separate profiler<\/a> for at fuldf\u00f8re fra <a href=\"https:\/\/www.sparqbalustrades.nl\/da\/projektstotte\/\">Teknik<\/a> til montering og <a href=\"https:\/\/www.sparqbalustrades.nl\/da\/projektstotte\/\">Projektst\u00f8tte<\/a>.<\/p>\n<p><span style=\"font-family: SPARQ bold;\">Cirkul\u00e6r<\/span><br \/>\nBaseret p\u00e5 ekstern forskning kan vores systemer klassificeres som fuldt cirkul\u00e6re. Skyggeomkostningerne minimeres s\u00e5ledes, og vi kan forsyne vores balustrader med et materialepas.<\/p>\n<\/div><\/div><\/div><div class=\"fusion-layout-column fusion_builder_column fusion-builder-column-11 fusion_builder_column_1_3 1_3 fusion-flex-column\" style=\"--awb-bg-size:cover;--awb-width-large:33.333333333333%;--awb-margin-top-large:0px;--awb-spacing-right-large:5.76%;--awb-margin-bottom-large:0px;--awb-spacing-left-large:5.76%;--awb-width-medium:33.333333333333%;--awb-order-medium:0;--awb-spacing-right-medium:5.76%;--awb-spacing-left-medium:5.76%;--awb-width-small:100%;--awb-order-small:0;--awb-spacing-right-small:1.92%;--awb-spacing-left-small:1.92%;\"><div class=\"fusion-column-wrapper fusion-column-has-shadow fusion-flex-justify-content-flex-start fusion-content-layout-column\"><div class=\"fusion-text fusion-text-12\"><p><span style=\"font-family: SPARQ bold;\">Lidt anderledes<\/span><br \/>\nSPARQ Balustrades' produkter er udviklet af projektspecialister. Masser af fokus p\u00e5 at lave (store) <a href=\"https:\/\/www.sparqbalustrades.nl\/da\/projekter\/\">projekter<\/a> til at udf\u00f8re.<\/p>\n<p><span style=\"font-family: SPARQ bold;\">Patenteret<\/span><br \/>\nVores produkters unikke og innovative karakter er blevet tildelt et patent.<\/p>\n<\/div><\/div><\/div><\/div><\/div><div class=\"fusion-fullwidth fullwidth-box fusion-builder-row-7 fusion-flex-container has-pattern-background has-mask-background nonhundred-percent-fullwidth non-hundred-percent-height-scrolling\" style=\"--awb-border-radius-top-left:0px;--awb-border-radius-top-right:0px;--awb-border-radius-bottom-right:0px;--awb-border-radius-bottom-left:0px;--awb-padding-top:100px;--awb-padding-bottom:100px;--awb-flex-wrap:wrap;\" ><div class=\"fusion-builder-row fusion-row fusion-flex-align-items-flex-start fusion-flex-content-wrap\" style=\"max-width:1248px;margin-left: calc(-4% \/ 2 );margin-right: calc(-4% \/ 2 );\"><div class=\"fusion-layout-column fusion_builder_column fusion-builder-column-12 fusion_builder_column_1_1 1_1 fusion-flex-column\" style=\"--awb-bg-size:cover;--awb-width-large:100%;--awb-margin-top-large:0px;--awb-spacing-right-large:1.92%;--awb-margin-bottom-large:0px;--awb-spacing-left-large:1.92%;--awb-width-medium:100%;--awb-order-medium:0;--awb-spacing-right-medium:1.92%;--awb-spacing-left-medium:1.92%;--awb-width-small:100%;--awb-order-small:0;--awb-spacing-right-small:1.92%;--awb-spacing-left-small:1.92%;\"><div class=\"fusion-column-wrapper fusion-column-has-shadow fusion-flex-justify-content-flex-start fusion-content-layout-column\"><div class=\"fusion-text fusion-text-13\"><h2>Se vores arbejde<\/h2>\n<\/div><div class=\"fusion-recent-works fusion-portfolio-element fusion-portfolio fusion-portfolio-1 fusion-portfolio-grid fusion-portfolio-paging-pagination fusion-portfolio-four fusion-portfolio-no_text\" style=\"margin-top:0px;margin-right:0px;margin-bottom:0px;margin-left:0px;\" data-id=\"-rw-1\" data-columns=\"four\"><style type=\"text\/css\">.fusion-portfolio-1 .fusion-portfolio-wrapper .fusion-col-spacing{padding:0px;}<\/style><div class=\"fusion-portfolio-wrapper\" id=\"fusion-portfolio-1\" data-picturesize=\"auto\" data-pages=\"4\" style=\"margin:-0px;\"><article id=\"portfolio-1-post-2653\" class=\"fusion-portfolio-post glasbalustrades nederland woningen fusion-col-spacing post-2653\"><div class=\"fusion-portfolio-content-wrapper\" style=\"border:none;\"><span class=\"entry-title rich-snippet-hidden\">Nathaliegang - Zoetermeer<\/span><div  class=\"fusion-image-wrapper\" aria-haspopup=\"true\">\n\t\t\t\t\t\t\t<a href=\"https:\/\/www.sparqbalustrades.nl\/da\/opgeleverde-projecten\/nathaliegang-zoetermeer\/\" aria-label=\"Nathaliegang - Zoetermeer\">\n\t\t\t\t\t\t\t<img decoding=\"async\" width=\"1920\" height=\"1080\" src=\"https:\/\/www.sparqbalustrades.nl\/wp-content\/uploads\/2025\/10\/VAN02130.webp\" class=\"attachment-full size-full lazyload wp-post-image\" alt=\"Udend\u00f8rs glasgel\u00e6nder med aluminiumsprofil\" srcset=\"data:image\/svg+xml,%3Csvg%20xmlns%3D%27http%3A%2F%2Fwww.w3.org%2F2000%2Fsvg%27%20width%3D%271920%27%20height%3D%271080%27%20viewBox%3D%270%200%201920%201080%27%3E%3Crect%20width%3D%271920%27%20height%3D%271080%27%20fill-opacity%3D%220%22%2F%3E%3C%2Fsvg%3E\" data-orig-src=\"https:\/\/www.sparqbalustrades.nl\/wp-content\/uploads\/2025\/10\/VAN02130.webp\" data-srcset=\"https:\/\/www.sparqbalustrades.nl\/wp-content\/uploads\/2025\/10\/VAN02130-200x113.webp 200w, https:\/\/www.sparqbalustrades.nl\/wp-content\/uploads\/2025\/10\/VAN02130-400x225.webp 400w, https:\/\/www.sparqbalustrades.nl\/wp-content\/uploads\/2025\/10\/VAN02130-600x338.webp 600w, https:\/\/www.sparqbalustrades.nl\/wp-content\/uploads\/2025\/10\/VAN02130-800x450.webp 800w, https:\/\/www.sparqbalustrades.nl\/wp-content\/uploads\/2025\/10\/VAN02130-1200x675.webp 1200w, https:\/\/www.sparqbalustrades.nl\/wp-content\/uploads\/2025\/10\/VAN02130.webp 1920w\" data-sizes=\"auto\" \/>\t\t\t<\/a>\n\t\t\t\t\t\t\t<\/div>\n<\/div><\/article><article id=\"portfolio-1-post-2585\" class=\"fusion-portfolio-post glasbalustrades glasbalustrades-gebogen nederland utiliteitsbouw fusion-col-spacing post-2585\"><div class=\"fusion-portfolio-content-wrapper\" style=\"border:none;\"><span class=\"entry-title rich-snippet-hidden\">Nybygget kontor - Bergambacht<\/span><div  class=\"fusion-image-wrapper\" aria-haspopup=\"true\">\n\t\t\t\t\t\t\t<a href=\"https:\/\/www.sparqbalustrades.nl\/da\/opgeleverde-projecten\/nieuwbouw-kantoor-bergambacht\/\" aria-label=\"Nybygget kontor - Bergambacht\">\n\t\t\t\t\t\t\t<img decoding=\"async\" width=\"1920\" height=\"1080\" src=\"https:\/\/www.sparqbalustrades.nl\/wp-content\/uploads\/2025\/09\/VAN02124.webp\" class=\"attachment-full size-full lazyload wp-post-image\" alt=\"Glasgel\u00e6nder med aluminiumsprofil til indend\u00f8rs brug\" srcset=\"data:image\/svg+xml,%3Csvg%20xmlns%3D%27http%3A%2F%2Fwww.w3.org%2F2000%2Fsvg%27%20width%3D%271920%27%20height%3D%271080%27%20viewBox%3D%270%200%201920%201080%27%3E%3Crect%20width%3D%271920%27%20height%3D%271080%27%20fill-opacity%3D%220%22%2F%3E%3C%2Fsvg%3E\" data-orig-src=\"https:\/\/www.sparqbalustrades.nl\/wp-content\/uploads\/2025\/09\/VAN02124.webp\" data-srcset=\"https:\/\/www.sparqbalustrades.nl\/wp-content\/uploads\/2025\/09\/VAN02124-200x113.webp 200w, https:\/\/www.sparqbalustrades.nl\/wp-content\/uploads\/2025\/09\/VAN02124-400x225.webp 400w, https:\/\/www.sparqbalustrades.nl\/wp-content\/uploads\/2025\/09\/VAN02124-600x338.webp 600w, https:\/\/www.sparqbalustrades.nl\/wp-content\/uploads\/2025\/09\/VAN02124-800x450.webp 800w, https:\/\/www.sparqbalustrades.nl\/wp-content\/uploads\/2025\/09\/VAN02124-1200x675.webp 1200w, https:\/\/www.sparqbalustrades.nl\/wp-content\/uploads\/2025\/09\/VAN02124.webp 1920w\" data-sizes=\"auto\" \/>\t\t\t<\/a>\n\t\t\t\t\t\t\t<\/div>\n<\/div><\/article><article id=\"portfolio-1-post-2565\" class=\"fusion-portfolio-post glasbalustrades nederland utiliteitsbouw woningen fusion-col-spacing post-2565\"><div class=\"fusion-portfolio-content-wrapper\" style=\"border:none;\"><span class=\"entry-title rich-snippet-hidden\">Lys p\u00e5 mere - Opmeer<\/span><div  class=\"fusion-image-wrapper\" aria-haspopup=\"true\">\n\t\t\t\t\t\t\t<a href=\"https:\/\/www.sparqbalustrades.nl\/da\/opgeleverde-projecten\/licht-op-meer-opmeer\/\" aria-label=\"Lys p\u00e5 mere - Opmeer\">\n\t\t\t\t\t\t\t<img decoding=\"async\" width=\"1920\" height=\"1080\" src=\"https:\/\/www.sparqbalustrades.nl\/wp-content\/uploads\/2025\/08\/VAN01532.webp\" class=\"attachment-full size-full lazyload wp-post-image\" alt=\"SPARQ-gel\u00e6ndere glas fuldglas aluminiumsprofiler drop-down blokke\" srcset=\"data:image\/svg+xml,%3Csvg%20xmlns%3D%27http%3A%2F%2Fwww.w3.org%2F2000%2Fsvg%27%20width%3D%271920%27%20height%3D%271080%27%20viewBox%3D%270%200%201920%201080%27%3E%3Crect%20width%3D%271920%27%20height%3D%271080%27%20fill-opacity%3D%220%22%2F%3E%3C%2Fsvg%3E\" data-orig-src=\"https:\/\/www.sparqbalustrades.nl\/wp-content\/uploads\/2025\/08\/VAN01532.webp\" data-srcset=\"https:\/\/www.sparqbalustrades.nl\/wp-content\/uploads\/2025\/08\/VAN01532-200x113.webp 200w, https:\/\/www.sparqbalustrades.nl\/wp-content\/uploads\/2025\/08\/VAN01532-400x225.webp 400w, https:\/\/www.sparqbalustrades.nl\/wp-content\/uploads\/2025\/08\/VAN01532-600x338.webp 600w, https:\/\/www.sparqbalustrades.nl\/wp-content\/uploads\/2025\/08\/VAN01532-800x450.webp 800w, https:\/\/www.sparqbalustrades.nl\/wp-content\/uploads\/2025\/08\/VAN01532-1200x675.webp 1200w, https:\/\/www.sparqbalustrades.nl\/wp-content\/uploads\/2025\/08\/VAN01532.webp 1920w\" data-sizes=\"auto\" \/>\t\t\t<\/a>\n\t\t\t\t\t\t\t<\/div>\n<\/div><\/article><article id=\"portfolio-1-post-2555\" class=\"fusion-portfolio-post doorvalschermen nederland woningen fusion-col-spacing post-2555\"><div class=\"fusion-portfolio-content-wrapper\" style=\"border:none;\"><span class=\"entry-title rich-snippet-hidden\">Oosterzijderpark - Zaandam<\/span><div  class=\"fusion-image-wrapper\" aria-haspopup=\"true\">\n\t\t\t\t\t\t\t<a href=\"https:\/\/www.sparqbalustrades.nl\/da\/opgeleverde-projecten\/oosterzijderpark-zaandam\/\" aria-label=\"Oosterzijderpark - Zaandam\">\n\t\t\t\t\t\t\t<img decoding=\"async\" width=\"1920\" height=\"1080\" src=\"https:\/\/www.sparqbalustrades.nl\/wp-content\/uploads\/2025\/08\/VAN01509.webp\" class=\"attachment-full size-full lazyload wp-post-image\" alt=\"SPARQ-gel\u00e6ndere glas fuldglas aluminiumsprofiler drop-down blokke\" srcset=\"data:image\/svg+xml,%3Csvg%20xmlns%3D%27http%3A%2F%2Fwww.w3.org%2F2000%2Fsvg%27%20width%3D%271920%27%20height%3D%271080%27%20viewBox%3D%270%200%201920%201080%27%3E%3Crect%20width%3D%271920%27%20height%3D%271080%27%20fill-opacity%3D%220%22%2F%3E%3C%2Fsvg%3E\" data-orig-src=\"https:\/\/www.sparqbalustrades.nl\/wp-content\/uploads\/2025\/08\/VAN01509.webp\" data-srcset=\"https:\/\/www.sparqbalustrades.nl\/wp-content\/uploads\/2025\/08\/VAN01509-200x113.webp 200w, https:\/\/www.sparqbalustrades.nl\/wp-content\/uploads\/2025\/08\/VAN01509-400x225.webp 400w, https:\/\/www.sparqbalustrades.nl\/wp-content\/uploads\/2025\/08\/VAN01509-600x338.webp 600w, https:\/\/www.sparqbalustrades.nl\/wp-content\/uploads\/2025\/08\/VAN01509-800x450.webp 800w, https:\/\/www.sparqbalustrades.nl\/wp-content\/uploads\/2025\/08\/VAN01509-1200x675.webp 1200w, https:\/\/www.sparqbalustrades.nl\/wp-content\/uploads\/2025\/08\/VAN01509.webp 1920w\" data-sizes=\"auto\" \/>\t\t\t<\/a>\n\t\t\t\t\t\t\t<\/div>\n<\/div><\/article><article id=\"portfolio-1-post-2547\" class=\"fusion-portfolio-post doorvalschermen glasbalustrades nederland woningen fusion-col-spacing post-2547\"><div class=\"fusion-portfolio-content-wrapper\" style=\"border:none;\"><span class=\"entry-title rich-snippet-hidden\">Kroonzicht - Nieuw Vennep<\/span><div  class=\"fusion-image-wrapper\" aria-haspopup=\"true\">\n\t\t\t\t\t\t\t<a href=\"https:\/\/www.sparqbalustrades.nl\/da\/opgeleverde-projecten\/kroonzicht-nieuw-vennep\/\" aria-label=\"Kroonzicht - Nieuw Vennep\">\n\t\t\t\t\t\t\t<img decoding=\"async\" width=\"1920\" height=\"1080\" src=\"https:\/\/www.sparqbalustrades.nl\/wp-content\/uploads\/2025\/08\/VAN01484.webp\" class=\"attachment-full size-full lazyload wp-post-image\" alt=\"SPARQ-gel\u00e6ndere glas fuldglas aluminiumsprofiler drop-down blokke\" srcset=\"data:image\/svg+xml,%3Csvg%20xmlns%3D%27http%3A%2F%2Fwww.w3.org%2F2000%2Fsvg%27%20width%3D%271920%27%20height%3D%271080%27%20viewBox%3D%270%200%201920%201080%27%3E%3Crect%20width%3D%271920%27%20height%3D%271080%27%20fill-opacity%3D%220%22%2F%3E%3C%2Fsvg%3E\" data-orig-src=\"https:\/\/www.sparqbalustrades.nl\/wp-content\/uploads\/2025\/08\/VAN01484.webp\" data-srcset=\"https:\/\/www.sparqbalustrades.nl\/wp-content\/uploads\/2025\/08\/VAN01484-200x113.webp 200w, https:\/\/www.sparqbalustrades.nl\/wp-content\/uploads\/2025\/08\/VAN01484-400x225.webp 400w, https:\/\/www.sparqbalustrades.nl\/wp-content\/uploads\/2025\/08\/VAN01484-600x338.webp 600w, https:\/\/www.sparqbalustrades.nl\/wp-content\/uploads\/2025\/08\/VAN01484-800x450.webp 800w, https:\/\/www.sparqbalustrades.nl\/wp-content\/uploads\/2025\/08\/VAN01484-1200x675.webp 1200w, https:\/\/www.sparqbalustrades.nl\/wp-content\/uploads\/2025\/08\/VAN01484.webp 1920w\" data-sizes=\"auto\" \/>\t\t\t<\/a>\n\t\t\t\t\t\t\t<\/div>\n<\/div><\/article><article id=\"portfolio-1-post-2288\" class=\"fusion-portfolio-post glasbalustrades nederland utiliteitsbouw fusion-col-spacing post-2288\"><div class=\"fusion-portfolio-content-wrapper\" style=\"border:none;\"><span class=\"entry-title rich-snippet-hidden\">Gorlaeus-bygningen - videnskabelig campus<\/span><div  class=\"fusion-image-wrapper\" aria-haspopup=\"true\">\n\t\t\t\t\t\t\t<a href=\"https:\/\/www.sparqbalustrades.nl\/da\/opgeleverde-projecten\/gorlaeus-gebouw-science-campus\/\" aria-label=\"Gorlaeus-bygningen - videnskabelig campus\">\n\t\t\t\t\t\t\t<img decoding=\"async\" width=\"1920\" height=\"1080\" src=\"https:\/\/www.sparqbalustrades.nl\/wp-content\/uploads\/2025\/06\/hm_gorlaeus_univ_leiden_hr_30.webp\" class=\"attachment-full size-full lazyload wp-post-image\" alt=\"\" srcset=\"data:image\/svg+xml,%3Csvg%20xmlns%3D%27http%3A%2F%2Fwww.w3.org%2F2000%2Fsvg%27%20width%3D%271920%27%20height%3D%271080%27%20viewBox%3D%270%200%201920%201080%27%3E%3Crect%20width%3D%271920%27%20height%3D%271080%27%20fill-opacity%3D%220%22%2F%3E%3C%2Fsvg%3E\" data-orig-src=\"https:\/\/www.sparqbalustrades.nl\/wp-content\/uploads\/2025\/06\/hm_gorlaeus_univ_leiden_hr_30.webp\" data-srcset=\"https:\/\/www.sparqbalustrades.nl\/wp-content\/uploads\/2025\/06\/hm_gorlaeus_univ_leiden_hr_30-200x113.webp 200w, https:\/\/www.sparqbalustrades.nl\/wp-content\/uploads\/2025\/06\/hm_gorlaeus_univ_leiden_hr_30-400x225.webp 400w, https:\/\/www.sparqbalustrades.nl\/wp-content\/uploads\/2025\/06\/hm_gorlaeus_univ_leiden_hr_30-600x338.webp 600w, https:\/\/www.sparqbalustrades.nl\/wp-content\/uploads\/2025\/06\/hm_gorlaeus_univ_leiden_hr_30-800x450.webp 800w, https:\/\/www.sparqbalustrades.nl\/wp-content\/uploads\/2025\/06\/hm_gorlaeus_univ_leiden_hr_30-1200x675.webp 1200w, https:\/\/www.sparqbalustrades.nl\/wp-content\/uploads\/2025\/06\/hm_gorlaeus_univ_leiden_hr_30.webp 1920w\" data-sizes=\"auto\" \/>\t\t\t<\/a>\n\t\t\t\t\t\t\t<\/div>\n<\/div><\/article><article id=\"portfolio-1-post-2219\" class=\"fusion-portfolio-post glasbalustrades-gebogen nederland trappen utiliteitsbouw fusion-col-spacing post-2219\"><div class=\"fusion-portfolio-content-wrapper\" style=\"border:none;\"><span class=\"entry-title rich-snippet-hidden\">Bejo Zaden Warmenhuizen<\/span><div  class=\"fusion-image-wrapper\" aria-haspopup=\"true\">\n\t\t\t\t\t\t\t<a href=\"https:\/\/www.sparqbalustrades.nl\/da\/opgeleverde-projecten\/bejo-zaden-warmenhuizen\/\" aria-label=\"Bejo Zaden Warmenhuizen\">\n\t\t\t\t\t\t\t<img decoding=\"async\" width=\"1920\" height=\"1080\" src=\"https:\/\/www.sparqbalustrades.nl\/wp-content\/uploads\/2025\/05\/Bejo-4.webp\" class=\"attachment-full size-full lazyload wp-post-image\" alt=\"Fuld glasbalustrade i moderne kontorbygning\" srcset=\"data:image\/svg+xml,%3Csvg%20xmlns%3D%27http%3A%2F%2Fwww.w3.org%2F2000%2Fsvg%27%20width%3D%271920%27%20height%3D%271080%27%20viewBox%3D%270%200%201920%201080%27%3E%3Crect%20width%3D%271920%27%20height%3D%271080%27%20fill-opacity%3D%220%22%2F%3E%3C%2Fsvg%3E\" data-orig-src=\"https:\/\/www.sparqbalustrades.nl\/wp-content\/uploads\/2025\/05\/Bejo-4.webp\" data-srcset=\"https:\/\/www.sparqbalustrades.nl\/wp-content\/uploads\/2025\/05\/Bejo-4-200x113.webp 200w, https:\/\/www.sparqbalustrades.nl\/wp-content\/uploads\/2025\/05\/Bejo-4-400x225.webp 400w, https:\/\/www.sparqbalustrades.nl\/wp-content\/uploads\/2025\/05\/Bejo-4-600x338.webp 600w, https:\/\/www.sparqbalustrades.nl\/wp-content\/uploads\/2025\/05\/Bejo-4-800x450.webp 800w, https:\/\/www.sparqbalustrades.nl\/wp-content\/uploads\/2025\/05\/Bejo-4-1200x675.webp 1200w, https:\/\/www.sparqbalustrades.nl\/wp-content\/uploads\/2025\/05\/Bejo-4.webp 1920w\" data-sizes=\"auto\" \/>\t\t\t<\/a>\n\t\t\t\t\t\t\t<\/div>\n<\/div><\/article><article id=\"portfolio-1-post-2191\" class=\"fusion-portfolio-post glasbalustrades nederland trappen woningen fusion-col-spacing post-2191\"><div class=\"fusion-portfolio-content-wrapper\" style=\"border:none;\"><span class=\"entry-title rich-snippet-hidden\">Lejligheder Arnhem Hulkensteinseweg<\/span><div  class=\"fusion-image-wrapper\" aria-haspopup=\"true\">\n\t\t\t\t\t\t\t<a href=\"https:\/\/www.sparqbalustrades.nl\/da\/opgeleverde-projecten\/appartementen-arnhem-hulkensteinseweg\/\" aria-label=\"Lejligheder Arnhem Hulkensteinseweg\">\n\t\t\t\t\t\t\t<img decoding=\"async\" width=\"1920\" height=\"1080\" src=\"https:\/\/www.sparqbalustrades.nl\/wp-content\/uploads\/2025\/05\/VAN01183.webp\" class=\"attachment-full size-full lazyload wp-post-image\" alt=\"Fuld glasbalustrade p\u00e5 boligblok\" srcset=\"data:image\/svg+xml,%3Csvg%20xmlns%3D%27http%3A%2F%2Fwww.w3.org%2F2000%2Fsvg%27%20width%3D%271920%27%20height%3D%271080%27%20viewBox%3D%270%200%201920%201080%27%3E%3Crect%20width%3D%271920%27%20height%3D%271080%27%20fill-opacity%3D%220%22%2F%3E%3C%2Fsvg%3E\" data-orig-src=\"https:\/\/www.sparqbalustrades.nl\/wp-content\/uploads\/2025\/05\/VAN01183.webp\" data-srcset=\"https:\/\/www.sparqbalustrades.nl\/wp-content\/uploads\/2025\/05\/VAN01183-200x113.webp 200w, https:\/\/www.sparqbalustrades.nl\/wp-content\/uploads\/2025\/05\/VAN01183-400x225.webp 400w, https:\/\/www.sparqbalustrades.nl\/wp-content\/uploads\/2025\/05\/VAN01183-600x338.webp 600w, https:\/\/www.sparqbalustrades.nl\/wp-content\/uploads\/2025\/05\/VAN01183-800x450.webp 800w, https:\/\/www.sparqbalustrades.nl\/wp-content\/uploads\/2025\/05\/VAN01183-1200x675.webp 1200w, https:\/\/www.sparqbalustrades.nl\/wp-content\/uploads\/2025\/05\/VAN01183.webp 1920w\" data-sizes=\"auto\" \/>\t\t\t<\/a>\n\t\t\t\t\t\t\t<\/div>\n<\/div><\/article><article id=\"portfolio-1-post-2190\" class=\"fusion-portfolio-post glasbalustrades nederland woningen fusion-col-spacing post-2190\"><div class=\"fusion-portfolio-content-wrapper\" style=\"border:none;\"><span class=\"entry-title rich-snippet-hidden\">Park Nova Deventer<\/span><div  class=\"fusion-image-wrapper\" aria-haspopup=\"true\">\n\t\t\t\t\t\t\t<a href=\"https:\/\/www.sparqbalustrades.nl\/da\/opgeleverde-projecten\/park-nova-deventer\/\" aria-label=\"Park Nova Deventer\">\n\t\t\t\t\t\t\t<img decoding=\"async\" width=\"1920\" height=\"1080\" src=\"https:\/\/www.sparqbalustrades.nl\/wp-content\/uploads\/2025\/05\/VAN01197.webp\" class=\"attachment-full size-full lazyload wp-post-image\" alt=\"Fuld glasbalustrade p\u00e5 boligblok\" srcset=\"data:image\/svg+xml,%3Csvg%20xmlns%3D%27http%3A%2F%2Fwww.w3.org%2F2000%2Fsvg%27%20width%3D%271920%27%20height%3D%271080%27%20viewBox%3D%270%200%201920%201080%27%3E%3Crect%20width%3D%271920%27%20height%3D%271080%27%20fill-opacity%3D%220%22%2F%3E%3C%2Fsvg%3E\" data-orig-src=\"https:\/\/www.sparqbalustrades.nl\/wp-content\/uploads\/2025\/05\/VAN01197.webp\" data-srcset=\"https:\/\/www.sparqbalustrades.nl\/wp-content\/uploads\/2025\/05\/VAN01197-200x113.webp 200w, https:\/\/www.sparqbalustrades.nl\/wp-content\/uploads\/2025\/05\/VAN01197-400x225.webp 400w, https:\/\/www.sparqbalustrades.nl\/wp-content\/uploads\/2025\/05\/VAN01197-600x338.webp 600w, https:\/\/www.sparqbalustrades.nl\/wp-content\/uploads\/2025\/05\/VAN01197-800x450.webp 800w, https:\/\/www.sparqbalustrades.nl\/wp-content\/uploads\/2025\/05\/VAN01197-1200x675.webp 1200w, https:\/\/www.sparqbalustrades.nl\/wp-content\/uploads\/2025\/05\/VAN01197.webp 1920w\" data-sizes=\"auto\" \/>\t\t\t<\/a>\n\t\t\t\t\t\t\t<\/div>\n<\/div><\/article><article id=\"portfolio-1-post-2177\" class=\"fusion-portfolio-post doorvalschermen nederland woningen fusion-col-spacing post-2177\"><div class=\"fusion-portfolio-content-wrapper\" style=\"border:none;\"><span class=\"entry-title rich-snippet-hidden\">Gennemfaldssk\u00e6rme lejlighedskompleks Enschede<\/span><div  class=\"fusion-image-wrapper\" aria-haspopup=\"true\">\n\t\t\t\t\t\t\t<a href=\"https:\/\/www.sparqbalustrades.nl\/da\/opgeleverde-projecten\/doorvalschermen-appartementencomplex-enschede\/\" aria-label=\"Gennemfaldssk\u00e6rme lejlighedskompleks Enschede\">\n\t\t\t\t\t\t\t<img decoding=\"async\" width=\"1920\" height=\"1080\" src=\"https:\/\/www.sparqbalustrades.nl\/wp-content\/uploads\/2025\/05\/VAN01227.webp\" class=\"attachment-full size-full lazyload wp-post-image\" alt=\"Gennemfaldssk\u00e6rme lejlighedskompleks Enschede\" srcset=\"data:image\/svg+xml,%3Csvg%20xmlns%3D%27http%3A%2F%2Fwww.w3.org%2F2000%2Fsvg%27%20width%3D%271920%27%20height%3D%271080%27%20viewBox%3D%270%200%201920%201080%27%3E%3Crect%20width%3D%271920%27%20height%3D%271080%27%20fill-opacity%3D%220%22%2F%3E%3C%2Fsvg%3E\" data-orig-src=\"https:\/\/www.sparqbalustrades.nl\/wp-content\/uploads\/2025\/05\/VAN01227.webp\" data-srcset=\"https:\/\/www.sparqbalustrades.nl\/wp-content\/uploads\/2025\/05\/VAN01227-200x113.webp 200w, https:\/\/www.sparqbalustrades.nl\/wp-content\/uploads\/2025\/05\/VAN01227-400x225.webp 400w, https:\/\/www.sparqbalustrades.nl\/wp-content\/uploads\/2025\/05\/VAN01227-600x338.webp 600w, https:\/\/www.sparqbalustrades.nl\/wp-content\/uploads\/2025\/05\/VAN01227-800x450.webp 800w, https:\/\/www.sparqbalustrades.nl\/wp-content\/uploads\/2025\/05\/VAN01227-1200x675.webp 1200w, https:\/\/www.sparqbalustrades.nl\/wp-content\/uploads\/2025\/05\/VAN01227.webp 1920w\" data-sizes=\"auto\" \/>\t\t\t<\/a>\n\t\t\t\t\t\t\t<\/div>\n<\/div><\/article><article id=\"portfolio-1-post-2162\" class=\"fusion-portfolio-post glasbalustrades nederland utiliteitsbouw fusion-col-spacing post-2162\"><div class=\"fusion-portfolio-content-wrapper\" style=\"border:none;\"><span class=\"entry-title rich-snippet-hidden\">SV Parkhout Nieuwegein<\/span><div  class=\"fusion-image-wrapper\" aria-haspopup=\"true\">\n\t\t\t\t\t\t\t<a href=\"https:\/\/www.sparqbalustrades.nl\/da\/opgeleverde-projecten\/sv-parkhout-nieuwegein\/\" aria-label=\"SV Parkhout Nieuwegein\">\n\t\t\t\t\t\t\t<img decoding=\"async\" width=\"1920\" height=\"1080\" src=\"https:\/\/www.sparqbalustrades.nl\/wp-content\/uploads\/2025\/05\/VAN01117.webp\" class=\"attachment-full size-full lazyload wp-post-image\" alt=\"Fuld glasbalustrade SV Parkhout Nieuwegein\" srcset=\"data:image\/svg+xml,%3Csvg%20xmlns%3D%27http%3A%2F%2Fwww.w3.org%2F2000%2Fsvg%27%20width%3D%271920%27%20height%3D%271080%27%20viewBox%3D%270%200%201920%201080%27%3E%3Crect%20width%3D%271920%27%20height%3D%271080%27%20fill-opacity%3D%220%22%2F%3E%3C%2Fsvg%3E\" data-orig-src=\"https:\/\/www.sparqbalustrades.nl\/wp-content\/uploads\/2025\/05\/VAN01117.webp\" data-srcset=\"https:\/\/www.sparqbalustrades.nl\/wp-content\/uploads\/2025\/05\/VAN01117-200x113.webp 200w, https:\/\/www.sparqbalustrades.nl\/wp-content\/uploads\/2025\/05\/VAN01117-400x225.webp 400w, https:\/\/www.sparqbalustrades.nl\/wp-content\/uploads\/2025\/05\/VAN01117-600x338.webp 600w, https:\/\/www.sparqbalustrades.nl\/wp-content\/uploads\/2025\/05\/VAN01117-800x450.webp 800w, https:\/\/www.sparqbalustrades.nl\/wp-content\/uploads\/2025\/05\/VAN01117-1200x675.webp 1200w, https:\/\/www.sparqbalustrades.nl\/wp-content\/uploads\/2025\/05\/VAN01117.webp 1920w\" data-sizes=\"auto\" \/>\t\t\t<\/a>\n\t\t\t\t\t\t\t<\/div>\n<\/div><\/article><article id=\"portfolio-1-post-2144\" class=\"fusion-portfolio-post glasbalustrades nederland trappen utiliteitsbouw fusion-col-spacing post-2144\"><div class=\"fusion-portfolio-content-wrapper\" style=\"border:none;\"><span class=\"entry-title rich-snippet-hidden\">Romein-gruppen Veendam<\/span><div  class=\"fusion-image-wrapper\" aria-haspopup=\"true\">\n\t\t\t\t\t\t\t<a href=\"https:\/\/www.sparqbalustrades.nl\/da\/opgeleverde-projecten\/de-romein-groep-veendam\/\" aria-label=\"Romein-gruppen Veendam\">\n\t\t\t\t\t\t\t<img decoding=\"async\" width=\"1920\" height=\"1080\" src=\"https:\/\/www.sparqbalustrades.nl\/wp-content\/uploads\/2025\/05\/VAN00572.webp\" class=\"attachment-full size-full lazyload wp-post-image\" alt=\"fuld glasbalustrade kontorbygning\" srcset=\"data:image\/svg+xml,%3Csvg%20xmlns%3D%27http%3A%2F%2Fwww.w3.org%2F2000%2Fsvg%27%20width%3D%271920%27%20height%3D%271080%27%20viewBox%3D%270%200%201920%201080%27%3E%3Crect%20width%3D%271920%27%20height%3D%271080%27%20fill-opacity%3D%220%22%2F%3E%3C%2Fsvg%3E\" data-orig-src=\"https:\/\/www.sparqbalustrades.nl\/wp-content\/uploads\/2025\/05\/VAN00572.webp\" data-srcset=\"https:\/\/www.sparqbalustrades.nl\/wp-content\/uploads\/2025\/05\/VAN00572-200x113.webp 200w, https:\/\/www.sparqbalustrades.nl\/wp-content\/uploads\/2025\/05\/VAN00572-400x225.webp 400w, https:\/\/www.sparqbalustrades.nl\/wp-content\/uploads\/2025\/05\/VAN00572-600x338.webp 600w, https:\/\/www.sparqbalustrades.nl\/wp-content\/uploads\/2025\/05\/VAN00572-800x450.webp 800w, https:\/\/www.sparqbalustrades.nl\/wp-content\/uploads\/2025\/05\/VAN00572-1200x675.webp 1200w, https:\/\/www.sparqbalustrades.nl\/wp-content\/uploads\/2025\/05\/VAN00572.webp 1920w\" data-sizes=\"auto\" \/>\t\t\t<\/a>\n\t\t\t\t\t\t\t<\/div>\n<\/div><\/article><\/div><div class=\"pagination clearfix\"><span class=\"current\">1<\/span><a href=\"https:\/\/www.sparqbalustrades.nl\/da\/wp-json\/wp\/v2\/pages\/234\/page\/2\/\" class=\"inactive\">2<\/a><a class=\"pagination-next\" rel=\"next\" href=\"https:\/\/www.sparqbalustrades.nl\/da\/wp-json\/wp\/v2\/pages\/234\/page\/2\/\"><span class=\"page-text\">N\u00e6ste<\/span><span class=\"page-next\"><\/span><\/a><\/div><div class=\"fusion-clearfix\"><\/div><\/div><\/div><\/div><\/div><\/div><div class=\"fusion-fullwidth fullwidth-box fusion-builder-row-8 fusion-flex-container has-pattern-background has-mask-background fusion-parallax-none nonhundred-percent-fullwidth non-hundred-percent-height-scrolling lazyload\" style=\"--awb-border-radius-top-left:0px;--awb-border-radius-top-right:0px;--awb-border-radius-bottom-right:0px;--awb-border-radius-bottom-left:0px;--awb-padding-top:80px;--awb-padding-bottom:80px;--awb-background-size:cover;--awb-flex-wrap:wrap;\" data-bg=\"\/wp-content\/uploads\/2024\/05\/abstractatomlinegreenbg.svg\" ><div class=\"fusion-builder-row fusion-row fusion-flex-align-items-flex-start fusion-flex-content-wrap\" style=\"max-width:1248px;margin-left: calc(-4% \/ 2 );margin-right: calc(-4% \/ 2 );\"><div class=\"fusion-layout-column fusion_builder_column fusion-builder-column-13 fusion_builder_column_1_1 1_1 fusion-flex-column\" style=\"--awb-bg-size:cover;--awb-width-large:100%;--awb-margin-top-large:0px;--awb-spacing-right-large:1.92%;--awb-margin-bottom-large:0px;--awb-spacing-left-large:1.92%;--awb-width-medium:100%;--awb-order-medium:0;--awb-spacing-right-medium:1.92%;--awb-spacing-left-medium:1.92%;--awb-width-small:100%;--awb-order-small:0;--awb-spacing-right-small:1.92%;--awb-spacing-left-small:1.92%;\"><div class=\"fusion-column-wrapper fusion-column-has-shadow fusion-flex-justify-content-flex-start fusion-content-layout-column\"><div class=\"fusion-text fusion-text-14 CTAblok-groen\" style=\"--awb-font-size:25px;--awb-text-color:var(--awb-color1);\"><h2 style=\"text-align: center;\">Anmod om dit gratis tilbud!<\/h2>\n<p style=\"text-align: center;\">Leder du efter et stilfuldt og sikkert glasgel\u00e6nder til din altan, terrasse eller trappe?<br \/>\nF\u00e5 et gratis, skr\u00e6ddersyet tilbud nu.<\/p>\n<\/div><div style=\"text-align:center;\"><a class=\"fusion-button button-flat fusion-button-default-size button-default fusion-button-default button-3 fusion-button-default-span fusion-button-default-type\" target=\"_self\" data-hover=\"bg_slide_right\" href=\"#offerteaanvragen\"><span class=\"fusion-button-text awb-button__text awb-button__text--default\">ANMOD OM ET TILBUD<\/span><i class=\"fa-angle-right fas awb-button__icon awb-button__icon--default button-icon-right\" aria-hidden=\"true\"><\/i><\/a><\/div><\/div><\/div><\/div><\/div><div id=\"5zekerheden\" class=\"fusion-container-anchor\"><div class=\"fusion-fullwidth fullwidth-box fusion-builder-row-9 fusion-flex-container has-pattern-background has-mask-background nonhundred-percent-fullwidth non-hundred-percent-height-scrolling\" style=\"--awb-border-radius-top-left:0px;--awb-border-radius-top-right:0px;--awb-border-radius-bottom-right:0px;--awb-border-radius-bottom-left:0px;--awb-padding-top:80px;--awb-padding-bottom:0px;--awb-padding-right-small:50px;--awb-padding-left-small:50px;--awb-background-color:var(--awb-color1);--awb-flex-wrap:wrap;\" ><div class=\"awb-background-mask\" style=\"background-image:  url();opacity: 0.04 ;transform: scale(1, 1);mix-blend-mode:normal;\"><\/div><div class=\"fusion-builder-row fusion-row fusion-flex-align-items-flex-start fusion-flex-content-wrap\" style=\"max-width:1248px;margin-left: calc(-4% \/ 2 );margin-right: calc(-4% \/ 2 );\"><div class=\"fusion-layout-column fusion_builder_column fusion-builder-column-14 fusion_builder_column_1_1 1_1 fusion-flex-column\" style=\"--awb-bg-size:cover;--awb-width-large:100%;--awb-margin-top-large:0px;--awb-spacing-right-large:1.92%;--awb-margin-bottom-large:30px;--awb-spacing-left-large:1.92%;--awb-width-medium:100%;--awb-order-medium:0;--awb-spacing-right-medium:1.92%;--awb-spacing-left-medium:1.92%;--awb-width-small:100%;--awb-order-small:0;--awb-spacing-right-small:1.92%;--awb-spacing-left-small:1.92%;\"><div class=\"fusion-column-wrapper fusion-column-has-shadow fusion-flex-justify-content-flex-start fusion-content-layout-column\"><div class=\"fusion-text fusion-text-15\"><h2>De 5 garantier for SPARQ glasgel\u00e6ndere<\/h2>\n<\/div><\/div><\/div><div class=\"fusion-layout-column fusion_builder_column fusion-builder-column-15 fusion_builder_column_1_5 1_5 fusion-flex-column\" style=\"--awb-bg-size:cover;--awb-width-large:20%;--awb-margin-top-large:25px;--awb-spacing-right-large:9.6%;--awb-margin-bottom-large:40px;--awb-spacing-left-large:9.6%;--awb-width-medium:20%;--awb-order-medium:0;--awb-spacing-right-medium:9.6%;--awb-spacing-left-medium:9.6%;--awb-width-small:100%;--awb-order-small:0;--awb-spacing-right-small:1.92%;--awb-spacing-left-small:1.92%;\"><div class=\"fusion-column-wrapper fusion-column-has-shadow fusion-flex-justify-content-flex-start fusion-content-layout-column\"><div class=\"fusion-text fusion-text-16 fusion-text-no-margin zekerheden-cijfer\" style=\"--awb-font-size:80px;--awb-line-height:0;--awb-text-color:var(--awb-color3);--awb-margin-top:0px;--awb-margin-right:0px;--awb-margin-bottom:0px;--awb-margin-left:-20px;--awb-text-font-family:&quot;SPARQ Bold&quot;;--awb-text-font-style:normal;--awb-text-font-weight:400;\"><p>01<\/p>\n<\/div><div class=\"fusion-text fusion-text-17 fusion-text-no-margin zekerheden-titel\" style=\"--awb-font-size:20px;--awb-line-height:1em;--awb-margin-top:0px;--awb-margin-right:0px;--awb-margin-bottom:20px;--awb-margin-left:0px;\"><p>B\u00e6redygtig &amp;<br \/>\ngenanvendelig<\/p>\n<\/div><div class=\"fusion-text fusion-text-18\"><p>Cradle-to-cradle betyder, at vores gel\u00e6ndere er fuldt genanvendelige, og at affald fra et produkt er r\u00e5materiale til det n\u00e6ste. Det fremmer b\u00e6redygtighed gennem genbrug og minimerer milj\u00f8skader.<\/p>\n<\/div><\/div><\/div><div class=\"fusion-layout-column fusion_builder_column fusion-builder-column-16 fusion_builder_column_1_5 1_5 fusion-flex-column\" style=\"--awb-bg-size:cover;--awb-width-large:20%;--awb-margin-top-large:25px;--awb-spacing-right-large:9.6%;--awb-margin-bottom-large:40px;--awb-spacing-left-large:9.6%;--awb-width-medium:20%;--awb-order-medium:0;--awb-spacing-right-medium:9.6%;--awb-spacing-left-medium:9.6%;--awb-width-small:100%;--awb-order-small:0;--awb-spacing-right-small:1.92%;--awb-spacing-left-small:1.92%;\"><div class=\"fusion-column-wrapper fusion-column-has-shadow fusion-flex-justify-content-flex-start fusion-content-layout-column\"><div class=\"fusion-text fusion-text-19 fusion-text-no-margin zekerheden-cijfer\" style=\"--awb-font-size:80px;--awb-line-height:0;--awb-text-color:var(--awb-color3);--awb-margin-top:0px;--awb-margin-right:0px;--awb-margin-bottom:0px;--awb-margin-left:-20px;--awb-text-font-family:&quot;SPARQ Bold&quot;;--awb-text-font-style:normal;--awb-text-font-weight:400;\"><p>02<\/p>\n<\/div><div class=\"fusion-text fusion-text-20 fusion-text-no-margin zekerheden-titel\" style=\"--awb-font-size:20px;--awb-line-height:1em;--awb-margin-top:0px;--awb-margin-right:0px;--awb-margin-bottom:20px;--awb-margin-left:0px;\"><p>Sikker, funktionel<br \/>\n&amp; \u00e6stetik<\/p>\n<\/div><div class=\"fusion-text fusion-text-21\"><p>SPARQ Balustrades' l\u00f8sninger g\u00e5r ud over at montere funktionel, sikker faldsikring. \u00c6stetik vejer lige s\u00e5 meget som sikkerhed for os.<\/p>\n<\/div><\/div><\/div><div class=\"fusion-layout-column fusion_builder_column fusion-builder-column-17 fusion_builder_column_1_5 1_5 fusion-flex-column\" style=\"--awb-bg-size:cover;--awb-width-large:20%;--awb-margin-top-large:25px;--awb-spacing-right-large:9.6%;--awb-margin-bottom-large:40px;--awb-spacing-left-large:9.6%;--awb-width-medium:20%;--awb-order-medium:0;--awb-spacing-right-medium:9.6%;--awb-spacing-left-medium:9.6%;--awb-width-small:100%;--awb-order-small:0;--awb-spacing-right-small:1.92%;--awb-spacing-left-small:1.92%;\"><div class=\"fusion-column-wrapper fusion-column-has-shadow fusion-flex-justify-content-flex-start fusion-content-layout-column\"><div class=\"fusion-text fusion-text-22 fusion-text-no-margin zekerheden-cijfer\" style=\"--awb-font-size:80px;--awb-line-height:0;--awb-text-color:var(--awb-color3);--awb-margin-top:-5px;--awb-margin-right:0px;--awb-margin-bottom:0px;--awb-margin-left:-20px;--awb-text-font-family:&quot;SPARQ Bold&quot;;--awb-text-font-style:normal;--awb-text-font-weight:400;\"><p>03<\/p>\n<\/div><div class=\"fusion-text fusion-text-23 fusion-text-no-margin zekerheden-titel\" style=\"--awb-font-size:20px;--awb-line-height:1em;--awb-margin-top:0px;--awb-margin-right:0px;--awb-margin-bottom:20px;--awb-margin-left:0px;\"><p>H\u00f8j kvalitet<br \/>\nmaterialer<\/p>\n<\/div><div class=\"fusion-text fusion-text-24\"><p>En smuk bygning fortjener en smuk balustrade. Vores m\u00e5l er, at du skal kunne realisere de smukkeste bygninger, blandt andet takket v\u00e6re kvalitetsl\u00f8sninger fra SPARQ Balustrades.<\/p>\n<\/div><\/div><\/div><div class=\"fusion-layout-column fusion_builder_column fusion-builder-column-18 fusion_builder_column_1_5 1_5 fusion-flex-column\" style=\"--awb-bg-size:cover;--awb-width-large:20%;--awb-margin-top-large:25px;--awb-spacing-right-large:9.6%;--awb-margin-bottom-large:40px;--awb-spacing-left-large:9.6%;--awb-width-medium:20%;--awb-order-medium:0;--awb-spacing-right-medium:9.6%;--awb-spacing-left-medium:9.6%;--awb-width-small:100%;--awb-order-small:0;--awb-spacing-right-small:1.92%;--awb-spacing-left-small:1.92%;\"><div class=\"fusion-column-wrapper fusion-column-has-shadow fusion-flex-justify-content-flex-start fusion-content-layout-column\"><div class=\"fusion-text fusion-text-25 fusion-text-no-margin zekerheden-cijfer\" style=\"--awb-font-size:80px;--awb-line-height:0;--awb-text-color:var(--awb-color3);--awb-margin-top:0px;--awb-margin-right:0px;--awb-margin-bottom:0px;--awb-margin-left:-20px;--awb-text-font-family:&quot;SPARQ Bold&quot;;--awb-text-font-style:normal;--awb-text-font-weight:400;\"><p>04<\/p>\n<\/div><div class=\"fusion-text fusion-text-26 fusion-text-no-margin zekerheden-titel\" style=\"--awb-font-size:20px;--awb-line-height:1em;--awb-margin-top:0px;--awb-margin-right:0px;--awb-margin-bottom:20px;--awb-margin-left:0px;\"><p>Fuld<br \/>\ncertificeret<\/p>\n<\/div><div class=\"fusion-text fusion-text-27\"><p>SPARQ Balustrades er fuldt certificeret. Alle vores gel\u00e6ndere overholder NEN-standarderne. Derudover opfylder vi de kriterier, der er fastsat af de forskellige europ\u00e6iske lande.<\/p>\n<\/div><\/div><\/div><div class=\"fusion-layout-column fusion_builder_column fusion-builder-column-19 fusion_builder_column_1_5 1_5 fusion-flex-column\" style=\"--awb-bg-size:cover;--awb-width-large:20%;--awb-margin-top-large:25px;--awb-spacing-right-large:9.6%;--awb-margin-bottom-large:40px;--awb-spacing-left-large:9.6%;--awb-width-medium:20%;--awb-order-medium:0;--awb-spacing-right-medium:9.6%;--awb-spacing-left-medium:9.6%;--awb-width-small:100%;--awb-order-small:0;--awb-spacing-right-small:1.92%;--awb-spacing-left-small:1.92%;\"><div class=\"fusion-column-wrapper fusion-column-has-shadow fusion-flex-justify-content-flex-start fusion-content-layout-column\"><div class=\"fusion-text fusion-text-28 fusion-text-no-margin zekerheden-cijfer\" style=\"--awb-font-size:80px;--awb-line-height:0;--awb-text-color:var(--awb-color3);--awb-margin-top:0px;--awb-margin-right:0px;--awb-margin-bottom:0px;--awb-margin-left:-20px;--awb-text-font-family:&quot;SPARQ Bold&quot;;--awb-text-font-style:normal;--awb-text-font-weight:400;\"><p>05<\/p>\n<\/div><div class=\"fusion-text fusion-text-29 fusion-text-no-margin zekerheden-titel\" style=\"--awb-font-size:20px;--awb-line-height:1em;--awb-margin-top:0px;--awb-margin-right:0px;--awb-margin-bottom:20px;--awb-margin-left:0px;\"><p>Rummelig<br \/>\nlagre<\/p>\n<\/div><div class=\"fusion-text fusion-text-30\"><p>Takket v\u00e6re et produktlager p\u00e5 mindst 5.000 meter kan vi hurtigt komme i gang med dit projekt.<\/p>\n<\/div><\/div><\/div><\/div><\/div><\/div>\n<\/p>","protected":false},"excerpt":{"rendered":"","protected":false},"author":1,"featured_media":0,"parent":0,"menu_order":7,"comment_status":"closed","ping_status":"closed","template":"100-width.php","meta":{"footnotes":""},"class_list":["post-234","page","type-page","status-publish","hentry"],"yoast_head":"<!-- This site is optimized with the Yoast SEO plugin v27.2 - https:\/\/yoast.com\/product\/yoast-seo-wordpress\/ -->\n<title>SPARQ Balustrades | Expert in Volglasbalustrades | Look further<\/title>\n<meta name=\"description\" content=\"SPARQ balustrades biedt duurzame, innovatieve volglasbalustrades op maat met hoge sterkte en ontwerpvrijheid. Projectondersteuning &amp; advies!\" \/>\n<meta name=\"robots\" content=\"index, follow, max-snippet:-1, max-image-preview:large, max-video-preview:-1\" \/>\n<link rel=\"canonical\" href=\"https:\/\/www.sparqbalustrades.nl\/da\/\" \/>\n<meta property=\"og:locale\" content=\"da_DK\" \/>\n<meta property=\"og:type\" content=\"article\" \/>\n<meta property=\"og:title\" content=\"SPARQ Balustrades | Expert in Volglasbalustrades | Look further\" \/>\n<meta property=\"og:description\" content=\"SPARQ balustrades biedt duurzame, innovatieve volglasbalustrades op maat met hoge sterkte en ontwerpvrijheid. Projectondersteuning &amp; advies!\" \/>\n<meta property=\"og:url\" content=\"https:\/\/www.sparqbalustrades.nl\/da\/\" \/>\n<meta property=\"og:site_name\" content=\"SPARQ Balustrades\" \/>\n<meta property=\"article:publisher\" content=\"https:\/\/www.facebook.com\/profile.php?id=100047334683162\" \/>\n<meta property=\"article:modified_time\" content=\"2025-10-14T12:32:44+00:00\" \/>\n<meta property=\"og:image\" content=\"https:\/\/www.sparqbalustrades.nl\/wp-content\/uploads\/2024\/08\/team2024.webp\" \/>\n\t<meta property=\"og:image:width\" content=\"1920\" \/>\n\t<meta property=\"og:image:height\" content=\"1080\" \/>\n\t<meta property=\"og:image:type\" content=\"image\/webp\" \/>\n<meta name=\"twitter:card\" content=\"summary_large_image\" \/>\n<meta name=\"twitter:label1\" content=\"Estimeret l\u00e6setid\" \/>\n\t<meta name=\"twitter:data1\" content=\"6 minutter\" \/>\n<script type=\"application\/ld+json\" class=\"yoast-schema-graph\">{\"@context\":\"https:\/\/schema.org\",\"@graph\":[{\"@type\":\"WebPage\",\"@id\":\"https:\/\/www.sparqbalustrades.nl\/\",\"url\":\"https:\/\/www.sparqbalustrades.nl\/\",\"name\":\"SPARQ Balustrades | Expert in Volglasbalustrades | Look further\",\"isPartOf\":{\"@id\":\"https:\/\/www.sparqbalustrades.nl\/#website\"},\"datePublished\":\"2024-04-16T12:32:55+00:00\",\"dateModified\":\"2025-10-14T12:32:44+00:00\",\"description\":\"SPARQ balustrades biedt duurzame, innovatieve volglasbalustrades op maat met hoge sterkte en ontwerpvrijheid. Projectondersteuning & advies!\",\"breadcrumb\":{\"@id\":\"https:\/\/www.sparqbalustrades.nl\/#breadcrumb\"},\"inLanguage\":\"da-DK\",\"potentialAction\":[{\"@type\":\"ReadAction\",\"target\":[\"https:\/\/www.sparqbalustrades.nl\/\"]}]},{\"@type\":\"BreadcrumbList\",\"@id\":\"https:\/\/www.sparqbalustrades.nl\/#breadcrumb\",\"itemListElement\":[{\"@type\":\"ListItem\",\"position\":1,\"name\":\"Home\",\"item\":\"https:\/\/www.sparqbalustrades.nl\/\"},{\"@type\":\"ListItem\",\"position\":2,\"name\":\"Glasbalustrades\"}]},{\"@type\":\"WebSite\",\"@id\":\"https:\/\/www.sparqbalustrades.nl\/#website\",\"url\":\"https:\/\/www.sparqbalustrades.nl\/\",\"name\":\"SPARQ Balustrades\",\"description\":\"Look Further\",\"publisher\":{\"@id\":\"https:\/\/www.sparqbalustrades.nl\/#organization\"},\"alternateName\":\"De specialist in volglasbalustrades\",\"potentialAction\":[{\"@type\":\"SearchAction\",\"target\":{\"@type\":\"EntryPoint\",\"urlTemplate\":\"https:\/\/www.sparqbalustrades.nl\/?s={search_term_string}\"},\"query-input\":{\"@type\":\"PropertyValueSpecification\",\"valueRequired\":true,\"valueName\":\"search_term_string\"}}],\"inLanguage\":\"da-DK\"},{\"@type\":\"Organization\",\"@id\":\"https:\/\/www.sparqbalustrades.nl\/#organization\",\"name\":\"SPARQ Balustrades\",\"alternateName\":\"SPARQ Volglasbalustrades\",\"url\":\"https:\/\/www.sparqbalustrades.nl\/\",\"logo\":{\"@type\":\"ImageObject\",\"inLanguage\":\"da-DK\",\"@id\":\"https:\/\/www.sparqbalustrades.nl\/#\/schema\/logo\/image\/\",\"url\":\"https:\/\/www.sparqbalustrades.nl\/wp-content\/uploads\/2024\/08\/team2024.webp\",\"contentUrl\":\"https:\/\/www.sparqbalustrades.nl\/wp-content\/uploads\/2024\/08\/team2024.webp\",\"width\":1920,\"height\":1080,\"caption\":\"SPARQ Balustrades\"},\"image\":{\"@id\":\"https:\/\/www.sparqbalustrades.nl\/#\/schema\/logo\/image\/\"},\"sameAs\":[\"https:\/\/www.facebook.com\/profile.php?id=100047334683162\",\"https:\/\/www.instagram.com\/sparqbalustrades\/\",\"https:\/\/nl.pinterest.com\/sparq_balustrades\/\",\"https:\/\/www.youtube.com\/channel\/UCJX3WLp4-Tp8NXgbXmxz_2g\",\"https:\/\/www.linkedin.com\/company\/sparq-balustrades\/\"]}]}<\/script>\n<!-- \/ Yoast SEO plugin. -->","yoast_head_json":{"title":"SPARQ Balustrades | Ekspert i fuldglasbalustrader | Se l\u00e6ngere","description":"SPARQ balustrader tilbyder holdbare, innovative, skr\u00e6ddersyede fuldglasbalustrader med h\u00f8j styrke og designfrihed. Projektst\u00f8tte og r\u00e5dgivning!","robots":{"index":"index","follow":"follow","max-snippet":"max-snippet:-1","max-image-preview":"max-image-preview:large","max-video-preview":"max-video-preview:-1"},"canonical":"https:\/\/www.sparqbalustrades.nl\/da\/","og_locale":"da_DK","og_type":"article","og_title":"SPARQ Balustrades | Expert in Volglasbalustrades | Look further","og_description":"SPARQ balustrades biedt duurzame, innovatieve volglasbalustrades op maat met hoge sterkte en ontwerpvrijheid. Projectondersteuning & advies!","og_url":"https:\/\/www.sparqbalustrades.nl\/da\/","og_site_name":"SPARQ Balustrades","article_publisher":"https:\/\/www.facebook.com\/profile.php?id=100047334683162","article_modified_time":"2025-10-14T12:32:44+00:00","og_image":[{"width":1920,"height":1080,"url":"https:\/\/www.sparqbalustrades.nl\/wp-content\/uploads\/2024\/08\/team2024.webp","type":"image\/webp"}],"twitter_card":"summary_large_image","twitter_misc":{"Estimeret l\u00e6setid":"6 minutter"},"schema":{"@context":"https:\/\/schema.org","@graph":[{"@type":"WebPage","@id":"https:\/\/www.sparqbalustrades.nl\/","url":"https:\/\/www.sparqbalustrades.nl\/","name":"SPARQ Balustrades | Ekspert i fuldglasbalustrader | Se l\u00e6ngere","isPartOf":{"@id":"https:\/\/www.sparqbalustrades.nl\/#website"},"datePublished":"2024-04-16T12:32:55+00:00","dateModified":"2025-10-14T12:32:44+00:00","description":"SPARQ balustrader tilbyder holdbare, innovative, skr\u00e6ddersyede fuldglasbalustrader med h\u00f8j styrke og designfrihed. Projektst\u00f8tte og r\u00e5dgivning!","breadcrumb":{"@id":"https:\/\/www.sparqbalustrades.nl\/#breadcrumb"},"inLanguage":"da-DK","potentialAction":[{"@type":"ReadAction","target":["https:\/\/www.sparqbalustrades.nl\/"]}]},{"@type":"BreadcrumbList","@id":"https:\/\/www.sparqbalustrades.nl\/#breadcrumb","itemListElement":[{"@type":"ListItem","position":1,"name":"Home","item":"https:\/\/www.sparqbalustrades.nl\/"},{"@type":"ListItem","position":2,"name":"Glasbalustrades"}]},{"@type":"WebSite","@id":"https:\/\/www.sparqbalustrades.nl\/#website","url":"https:\/\/www.sparqbalustrades.nl\/","name":"SPARQ Gel\u00e6ndere","description":"Se l\u00e6ngere frem","publisher":{"@id":"https:\/\/www.sparqbalustrades.nl\/#organization"},"alternateName":"De specialist in volglasbalustrades","potentialAction":[{"@type":"SearchAction","target":{"@type":"EntryPoint","urlTemplate":"https:\/\/www.sparqbalustrades.nl\/?s={search_term_string}"},"query-input":{"@type":"PropertyValueSpecification","valueRequired":true,"valueName":"search_term_string"}}],"inLanguage":"da-DK"},{"@type":"Organization","@id":"https:\/\/www.sparqbalustrades.nl\/#organization","name":"SPARQ Gel\u00e6ndere","alternateName":"SPARQ Volglasbalustrades","url":"https:\/\/www.sparqbalustrades.nl\/","logo":{"@type":"ImageObject","inLanguage":"da-DK","@id":"https:\/\/www.sparqbalustrades.nl\/#\/schema\/logo\/image\/","url":"https:\/\/www.sparqbalustrades.nl\/wp-content\/uploads\/2024\/08\/team2024.webp","contentUrl":"https:\/\/www.sparqbalustrades.nl\/wp-content\/uploads\/2024\/08\/team2024.webp","width":1920,"height":1080,"caption":"SPARQ Balustrades"},"image":{"@id":"https:\/\/www.sparqbalustrades.nl\/#\/schema\/logo\/image\/"},"sameAs":["https:\/\/www.facebook.com\/profile.php?id=100047334683162","https:\/\/www.instagram.com\/sparqbalustrades\/","https:\/\/nl.pinterest.com\/sparq_balustrades\/","https:\/\/www.youtube.com\/channel\/UCJX3WLp4-Tp8NXgbXmxz_2g","https:\/\/www.linkedin.com\/company\/sparq-balustrades\/"]}]}},"_links":{"self":[{"href":"https:\/\/www.sparqbalustrades.nl\/da\/wp-json\/wp\/v2\/pages\/234","targetHints":{"allow":["GET"]}}],"collection":[{"href":"https:\/\/www.sparqbalustrades.nl\/da\/wp-json\/wp\/v2\/pages"}],"about":[{"href":"https:\/\/www.sparqbalustrades.nl\/da\/wp-json\/wp\/v2\/types\/page"}],"author":[{"embeddable":true,"href":"https:\/\/www.sparqbalustrades.nl\/da\/wp-json\/wp\/v2\/users\/1"}],"replies":[{"embeddable":true,"href":"https:\/\/www.sparqbalustrades.nl\/da\/wp-json\/wp\/v2\/comments?post=234"}],"version-history":[{"count":4,"href":"https:\/\/www.sparqbalustrades.nl\/da\/wp-json\/wp\/v2\/pages\/234\/revisions"}],"predecessor-version":[{"id":2685,"href":"https:\/\/www.sparqbalustrades.nl\/da\/wp-json\/wp\/v2\/pages\/234\/revisions\/2685"}],"wp:attachment":[{"href":"https:\/\/www.sparqbalustrades.nl\/da\/wp-json\/wp\/v2\/media?parent=234"}],"curies":[{"name":"wp","href":"https:\/\/api.w.org\/{rel}","templated":true}]}}