{"id":2145,"date":"2025-05-13T09:35:46","date_gmt":"2025-05-13T09:35:46","guid":{"rendered":"https:\/\/www.sparqbalustrades.nl\/?post_type=avada_portfolio&#038;p=2145"},"modified":"2025-11-11T13:24:36","modified_gmt":"2025-11-11T13:24:36","slug":"wohnkomplex-ureterp","status":"publish","type":"avada_portfolio","link":"https:\/\/www.sparqbalustrades.nl\/de\/opgeleverde-projecten\/appartementen-complex-ureterp\/","title":{"rendered":"Wohnkomplex Ureterp"},"content":{"rendered":"<p><div class=\"fusion-fullwidth fullwidth-box fusion-builder-row-1 fusion-flex-container has-pattern-background has-mask-background hundred-percent-fullwidth non-hundred-percent-height-scrolling full-width-right\" style=\"--awb-border-radius-top-left:0px;--awb-border-radius-top-right:0px;--awb-border-radius-bottom-right:0px;--awb-border-radius-bottom-left:0px;--awb-padding-top:0px;--awb-padding-right:0px;--awb-padding-bottom:0px;--awb-padding-left:0px;--awb-min-height:750px;--awb-min-height-small:500px;--awb-flex-wrap:wrap;\" ><div class=\"awb-background-slider\" data-type=\"container\" data-loop=\"yes\" data-animation=\"fade\" data-slideshow-speed=\"5000\" data-animation-speed=\"800\" data-direction=\"up\" style=\"--awb-image-position:50% 50%;\"><div class=\"swiper-wrapper\"><div class=\"swiper-slide\"><img decoding=\"async\" width=\"1920\" height=\"1080\" src=\"https:\/\/www.sparqbalustrades.nl\/wp-content\/uploads\/2025\/05\/VAN00478.webp\" class=\"awb-background-slider__image lazyload\" alt=\"Vollglasgel\u00e4nder Wohnkomplex\" srcset=\"data:image\/svg+xml,%3Csvg%20xmlns%3D%27http%3A%2F%2Fwww.w3.org%2F2000%2Fsvg%27%20width%3D%271920%27%20height%3D%271080%27%20viewBox%3D%270%200%201920%201080%27%3E%3Crect%20width%3D%271920%27%20height%3D%271080%27%20fill-opacity%3D%220%22%2F%3E%3C%2Fsvg%3E\" data-orig-src=\"https:\/\/www.sparqbalustrades.nl\/wp-content\/uploads\/2025\/05\/VAN00478.webp\" data-srcset=\"https:\/\/www.sparqbalustrades.nl\/wp-content\/uploads\/2025\/05\/VAN00478-18x10.webp 18w, https:\/\/www.sparqbalustrades.nl\/wp-content\/uploads\/2025\/05\/VAN00478-200x113.webp 200w, https:\/\/www.sparqbalustrades.nl\/wp-content\/uploads\/2025\/05\/VAN00478-300x169.webp 300w, https:\/\/www.sparqbalustrades.nl\/wp-content\/uploads\/2025\/05\/VAN00478-400x225.webp 400w, https:\/\/www.sparqbalustrades.nl\/wp-content\/uploads\/2025\/05\/VAN00478-600x338.webp 600w, https:\/\/www.sparqbalustrades.nl\/wp-content\/uploads\/2025\/05\/VAN00478-768x432.webp 768w, https:\/\/www.sparqbalustrades.nl\/wp-content\/uploads\/2025\/05\/VAN00478-800x450.webp 800w, https:\/\/www.sparqbalustrades.nl\/wp-content\/uploads\/2025\/05\/VAN00478-1024x576.webp 1024w, https:\/\/www.sparqbalustrades.nl\/wp-content\/uploads\/2025\/05\/VAN00478-1200x675.webp 1200w, https:\/\/www.sparqbalustrades.nl\/wp-content\/uploads\/2025\/05\/VAN00478-1536x864.webp 1536w, https:\/\/www.sparqbalustrades.nl\/wp-content\/uploads\/2025\/05\/VAN00478.webp 1920w\" data-sizes=\"auto\" \/><\/div><div class=\"swiper-slide\"><img decoding=\"async\" width=\"1920\" height=\"1080\" src=\"https:\/\/www.sparqbalustrades.nl\/wp-content\/uploads\/2025\/05\/VAN00487.webp\" class=\"awb-background-slider__image lazyload\" alt=\"Vollglasgel\u00e4nder Wohnkomplex\" srcset=\"data:image\/svg+xml,%3Csvg%20xmlns%3D%27http%3A%2F%2Fwww.w3.org%2F2000%2Fsvg%27%20width%3D%271920%27%20height%3D%271080%27%20viewBox%3D%270%200%201920%201080%27%3E%3Crect%20width%3D%271920%27%20height%3D%271080%27%20fill-opacity%3D%220%22%2F%3E%3C%2Fsvg%3E\" data-orig-src=\"https:\/\/www.sparqbalustrades.nl\/wp-content\/uploads\/2025\/05\/VAN00487.webp\" data-srcset=\"https:\/\/www.sparqbalustrades.nl\/wp-content\/uploads\/2025\/05\/VAN00487-18x10.webp 18w, https:\/\/www.sparqbalustrades.nl\/wp-content\/uploads\/2025\/05\/VAN00487-200x113.webp 200w, https:\/\/www.sparqbalustrades.nl\/wp-content\/uploads\/2025\/05\/VAN00487-300x169.webp 300w, https:\/\/www.sparqbalustrades.nl\/wp-content\/uploads\/2025\/05\/VAN00487-400x225.webp 400w, https:\/\/www.sparqbalustrades.nl\/wp-content\/uploads\/2025\/05\/VAN00487-600x338.webp 600w, https:\/\/www.sparqbalustrades.nl\/wp-content\/uploads\/2025\/05\/VAN00487-768x432.webp 768w, https:\/\/www.sparqbalustrades.nl\/wp-content\/uploads\/2025\/05\/VAN00487-800x450.webp 800w, https:\/\/www.sparqbalustrades.nl\/wp-content\/uploads\/2025\/05\/VAN00487-1024x576.webp 1024w, https:\/\/www.sparqbalustrades.nl\/wp-content\/uploads\/2025\/05\/VAN00487-1200x675.webp 1200w, https:\/\/www.sparqbalustrades.nl\/wp-content\/uploads\/2025\/05\/VAN00487-1536x864.webp 1536w, https:\/\/www.sparqbalustrades.nl\/wp-content\/uploads\/2025\/05\/VAN00487.webp 1920w\" data-sizes=\"auto\" \/><\/div><div class=\"swiper-slide\"><img decoding=\"async\" width=\"1920\" height=\"1080\" src=\"https:\/\/www.sparqbalustrades.nl\/wp-content\/uploads\/2025\/05\/VAN00479.webp\" class=\"awb-background-slider__image lazyload\" alt=\"Vollglasgel\u00e4nder Wohnkomplex\" srcset=\"data:image\/svg+xml,%3Csvg%20xmlns%3D%27http%3A%2F%2Fwww.w3.org%2F2000%2Fsvg%27%20width%3D%271920%27%20height%3D%271080%27%20viewBox%3D%270%200%201920%201080%27%3E%3Crect%20width%3D%271920%27%20height%3D%271080%27%20fill-opacity%3D%220%22%2F%3E%3C%2Fsvg%3E\" data-orig-src=\"https:\/\/www.sparqbalustrades.nl\/wp-content\/uploads\/2025\/05\/VAN00479.webp\" data-srcset=\"https:\/\/www.sparqbalustrades.nl\/wp-content\/uploads\/2025\/05\/VAN00479-18x10.webp 18w, https:\/\/www.sparqbalustrades.nl\/wp-content\/uploads\/2025\/05\/VAN00479-200x113.webp 200w, https:\/\/www.sparqbalustrades.nl\/wp-content\/uploads\/2025\/05\/VAN00479-300x169.webp 300w, https:\/\/www.sparqbalustrades.nl\/wp-content\/uploads\/2025\/05\/VAN00479-400x225.webp 400w, https:\/\/www.sparqbalustrades.nl\/wp-content\/uploads\/2025\/05\/VAN00479-600x338.webp 600w, https:\/\/www.sparqbalustrades.nl\/wp-content\/uploads\/2025\/05\/VAN00479-768x432.webp 768w, https:\/\/www.sparqbalustrades.nl\/wp-content\/uploads\/2025\/05\/VAN00479-800x450.webp 800w, https:\/\/www.sparqbalustrades.nl\/wp-content\/uploads\/2025\/05\/VAN00479-1024x576.webp 1024w, https:\/\/www.sparqbalustrades.nl\/wp-content\/uploads\/2025\/05\/VAN00479-1200x675.webp 1200w, https:\/\/www.sparqbalustrades.nl\/wp-content\/uploads\/2025\/05\/VAN00479-1536x864.webp 1536w, https:\/\/www.sparqbalustrades.nl\/wp-content\/uploads\/2025\/05\/VAN00479.webp 1920w\" data-sizes=\"auto\" \/><\/div><\/div><\/div><div class=\"fusion-builder-row fusion-row fusion-flex-align-items-flex-end fusion-flex-justify-content-flex-end fusion-flex-content-wrap\" style=\"width:104% !important;max-width:104% !important;margin-left: calc(-4% \/ 2 );margin-right: calc(-4% \/ 2 );\"><div class=\"fusion-layout-column fusion_builder_column fusion-builder-column-0 fusion_builder_column_3_4 3_4 fusion-flex-column\" style=\"--awb-bg-image:linear-gradient(180deg, var(--awb-color4) 0%,var(--awb-color4) 100%);--awb-bg-size:cover;--awb-width-large:75%;--awb-margin-top-large:0px;--awb-spacing-right-large:0%;--awb-margin-bottom-large:0px;--awb-spacing-left-large:2.56%;--awb-width-medium:75%;--awb-order-medium:0;--awb-spacing-right-medium:0%;--awb-spacing-left-medium:2.56%;--awb-width-small:100%;--awb-order-small:0;--awb-spacing-right-small:1.92%;--awb-spacing-left-small:1.92%;\"><div class=\"fusion-column-wrapper fusion-column-has-shadow fusion-flex-justify-content-flex-start fusion-content-layout-row\"><div class=\"fusion-text fusion-text-1 fusion-text-no-margin subpaginaheader\" style=\"--awb-margin-top:0px;--awb-margin-right:20px;--awb-margin-bottom:0px;--awb-margin-left:20px;\"><h1>Wohnungen Ureterp<\/h1>\n<\/div><\/div><\/div><\/div><\/div><div class=\"fusion-fullwidth fullwidth-box fusion-builder-row-2 fusion-flex-container has-pattern-background has-mask-background nonhundred-percent-fullwidth non-hundred-percent-height-scrolling\" style=\"--awb-border-radius-top-left:0px;--awb-border-radius-top-right:0px;--awb-border-radius-bottom-right:0px;--awb-border-radius-bottom-left:0px;--awb-padding-top:100px;--awb-padding-bottom:80px;--awb-flex-wrap:wrap;\" ><div class=\"fusion-builder-row fusion-row fusion-flex-align-items-flex-start fusion-flex-content-wrap\" style=\"max-width:1248px;margin-left: calc(-4% \/ 2 );margin-right: calc(-4% \/ 2 );\"><div class=\"fusion-layout-column fusion_builder_column fusion-builder-column-1 fusion_builder_column_1_2 1_2 fusion-flex-column\" style=\"--awb-bg-size:cover;--awb-width-large:50%;--awb-margin-top-large:0px;--awb-spacing-right-large:3.84%;--awb-margin-bottom-large:20px;--awb-spacing-left-large:3.84%;--awb-width-medium:50%;--awb-order-medium:0;--awb-spacing-right-medium:3.84%;--awb-spacing-left-medium:3.84%;--awb-width-small:100%;--awb-order-small:0;--awb-spacing-right-small:1.92%;--awb-spacing-left-small:1.92%;\"><div class=\"fusion-column-wrapper fusion-column-has-shadow fusion-flex-justify-content-flex-start fusion-content-layout-column\"><div class=\"fusion-text fusion-text-2\"><h2>Beschreibung des Projekts<\/h2>\n<p>Im Auftrag von Bouwbedrijf Fokko Reitsma haben wir in Zusammenarbeit mit Studio JK die Br\u00fcstungen f\u00fcr diesen stilvollen Wohnkomplex in Ureterp realisiert. Sowohl die Balkone als auch die geschosshohen franz\u00f6sischen Balkone wurden mit unseren Systemen U-Line Top und J-Line ausgestattet. Ein gelungenes Projekt, das Transparenz und Sicherheit perfekt verbindet.<\/p>\n<\/div><\/div><\/div><div class=\"fusion-layout-column fusion_builder_column fusion-builder-column-2 fusion_builder_column_1_2 1_2 fusion-flex-column\" style=\"--awb-bg-size:cover;--awb-width-large:50%;--awb-margin-top-large:0px;--awb-spacing-right-large:3.84%;--awb-margin-bottom-large:20px;--awb-spacing-left-large:3.84%;--awb-width-medium:50%;--awb-order-medium:0;--awb-spacing-right-medium:3.84%;--awb-spacing-left-medium:3.84%;--awb-width-small:100%;--awb-order-small:0;--awb-spacing-right-small:1.92%;--awb-spacing-left-small:1.92%;\"><div class=\"fusion-column-wrapper fusion-column-has-shadow fusion-flex-justify-content-flex-start fusion-content-layout-column\"><div class=\"fusion-text fusion-text-3\"><h2 class=\"fusion-responsive-typography-calculated\" style=\"--fontsize: 24; line-height: 1.2;\" data-fontsize=\"24\" data-lineheight=\"28.8px\">Details zum Projekt<\/h2>\n<p>\ud83d\udccd Ort: Ureterp<br \/>\n\ud83c\udfd7 Auftraggeber: Bauunternehmen Fokko Reitsma<br \/>\n\ud83d\udcd0 Architekt: Studio JK<br \/>\n\ud83d\udee0 Angewandte Balustraden: U-Line Top und J-Line<\/p>\n<\/div><\/div><\/div><\/div><\/div><div class=\"fusion-fullwidth fullwidth-box fusion-builder-row-3 fusion-flex-container has-pattern-background has-mask-background fusion-parallax-none nonhundred-percent-fullwidth non-hundred-percent-height-scrolling lazyload\" style=\"--awb-border-radius-top-left:0px;--awb-border-radius-top-right:0px;--awb-border-radius-bottom-right:0px;--awb-border-radius-bottom-left:0px;--awb-padding-top:80px;--awb-padding-bottom:80px;--awb-background-size:cover;--awb-flex-wrap:wrap;\" data-bg=\"\/wp-content\/uploads\/2024\/05\/abstractatomlinegreenbg.svg\" ><div class=\"fusion-builder-row fusion-row fusion-flex-align-items-flex-start fusion-flex-content-wrap\" style=\"max-width:1248px;margin-left: calc(-4% \/ 2 );margin-right: calc(-4% \/ 2 );\"><div class=\"fusion-layout-column fusion_builder_column fusion-builder-column-3 fusion_builder_column_1_1 1_1 fusion-flex-column\" style=\"--awb-bg-size:cover;--awb-width-large:100%;--awb-margin-top-large:0px;--awb-spacing-right-large:1.92%;--awb-margin-bottom-large:0px;--awb-spacing-left-large:1.92%;--awb-width-medium:100%;--awb-order-medium:0;--awb-spacing-right-medium:1.92%;--awb-spacing-left-medium:1.92%;--awb-width-small:100%;--awb-order-small:0;--awb-spacing-right-small:1.92%;--awb-spacing-left-small:1.92%;\"><div class=\"fusion-column-wrapper fusion-column-has-shadow fusion-flex-justify-content-flex-start fusion-content-layout-column\"><div class=\"fusion-text fusion-text-4 CTAblok-groen\" style=\"--awb-font-size:25px;--awb-text-color:var(--awb-color1);\"><h2 style=\"text-align: center;\">Nehmen Sie Kontakt mit uns auf!<\/h2>\n<p style=\"text-align: center;\">Interessieren Sie sich f\u00fcr unsere Glasbalustradenl\u00f6sungen? Kontaktieren Sie unsere Spezialisten f\u00fcr Beratung und Unterst\u00fctzung.<\/p>\n<\/div><div style=\"text-align:center;\"><a class=\"fusion-button button-flat fusion-button-default-size button-default fusion-button-default button-1 fusion-button-default-span fusion-button-default-type\" target=\"_self\" data-hover=\"bg_slide_right\" href=\"\/de\/kontakt\/\"><span class=\"fusion-button-text awb-button__text awb-button__text--default\">KONTAKTIEREN SIE UNS<\/span><i class=\"fa-angle-right fas awb-button__icon awb-button__icon--default button-icon-right\" aria-hidden=\"true\"><\/i><\/a><\/div><\/div><\/div><\/div><\/div>\n<div id=\"5zekerheden\" class=\"fusion-container-anchor\"><div class=\"fusion-fullwidth fullwidth-box fusion-builder-row-4 fusion-flex-container has-pattern-background has-mask-background nonhundred-percent-fullwidth non-hundred-percent-height-scrolling\" style=\"--awb-border-radius-top-left:0px;--awb-border-radius-top-right:0px;--awb-border-radius-bottom-right:0px;--awb-border-radius-bottom-left:0px;--awb-padding-top:80px;--awb-padding-bottom:0px;--awb-padding-right-small:50px;--awb-padding-left-small:50px;--awb-background-color:var(--awb-color1);--awb-flex-wrap:wrap;\" ><div class=\"awb-background-mask\" style=\"background-image:  url();opacity: 0.04 ;transform: scale(1, 1);mix-blend-mode:normal;\"><\/div><div class=\"fusion-builder-row fusion-row fusion-flex-align-items-flex-start fusion-flex-content-wrap\" style=\"max-width:1248px;margin-left: calc(-4% \/ 2 );margin-right: calc(-4% \/ 2 );\"><div class=\"fusion-layout-column fusion_builder_column fusion-builder-column-4 fusion_builder_column_1_1 1_1 fusion-flex-column\" style=\"--awb-bg-size:cover;--awb-width-large:100%;--awb-margin-top-large:0px;--awb-spacing-right-large:1.92%;--awb-margin-bottom-large:30px;--awb-spacing-left-large:1.92%;--awb-width-medium:100%;--awb-order-medium:0;--awb-spacing-right-medium:1.92%;--awb-spacing-left-medium:1.92%;--awb-width-small:100%;--awb-order-small:0;--awb-spacing-right-small:1.92%;--awb-spacing-left-small:1.92%;\"><div class=\"fusion-column-wrapper fusion-column-has-shadow fusion-flex-justify-content-flex-start fusion-content-layout-column\"><div class=\"fusion-text fusion-text-5\"><h2>Die 5 Gewissheiten der SPARQ-Glasbalustraden<\/h2>\n<\/div><\/div><\/div><div class=\"fusion-layout-column fusion_builder_column fusion-builder-column-5 fusion_builder_column_1_5 1_5 fusion-flex-column\" style=\"--awb-bg-size:cover;--awb-width-large:20%;--awb-margin-top-large:25px;--awb-spacing-right-large:9.6%;--awb-margin-bottom-large:40px;--awb-spacing-left-large:9.6%;--awb-width-medium:20%;--awb-order-medium:0;--awb-spacing-right-medium:9.6%;--awb-spacing-left-medium:9.6%;--awb-width-small:100%;--awb-order-small:0;--awb-spacing-right-small:1.92%;--awb-spacing-left-small:1.92%;\"><div class=\"fusion-column-wrapper fusion-column-has-shadow fusion-flex-justify-content-flex-start fusion-content-layout-column\"><div class=\"fusion-text fusion-text-6 fusion-text-no-margin zekerheden-cijfer\" style=\"--awb-font-size:80px;--awb-line-height:0;--awb-text-color:var(--awb-color3);--awb-margin-top:0px;--awb-margin-right:0px;--awb-margin-bottom:0px;--awb-margin-left:-20px;--awb-text-font-family:&quot;SPARQ Bold&quot;;--awb-text-font-style:normal;--awb-text-font-weight:400;\"><p>01<\/p>\n<\/div><div class=\"fusion-text fusion-text-7 fusion-text-no-margin zekerheden-titel\" style=\"--awb-font-size:20px;--awb-line-height:1em;--awb-margin-top:0px;--awb-margin-right:0px;--awb-margin-bottom:20px;--awb-margin-left:0px;\"><p>Nachhaltig &amp;<br \/>\nwiederverwendbar<\/p>\n<\/div><div class=\"fusion-text fusion-text-8\"><p>Cradle-to-Cradle bedeutet, dass unsere Gel\u00e4nder vollst\u00e4ndig recycelbar sind, wobei die Abf\u00e4lle eines Produkts als Rohstoff f\u00fcr das n\u00e4chste dienen. Dies f\u00f6rdert die Nachhaltigkeit durch Wiederverwendung und minimiert die Umweltbelastung.<\/p>\n<\/div><\/div><\/div><div class=\"fusion-layout-column fusion_builder_column fusion-builder-column-6 fusion_builder_column_1_5 1_5 fusion-flex-column\" style=\"--awb-bg-size:cover;--awb-width-large:20%;--awb-margin-top-large:25px;--awb-spacing-right-large:9.6%;--awb-margin-bottom-large:40px;--awb-spacing-left-large:9.6%;--awb-width-medium:20%;--awb-order-medium:0;--awb-spacing-right-medium:9.6%;--awb-spacing-left-medium:9.6%;--awb-width-small:100%;--awb-order-small:0;--awb-spacing-right-small:1.92%;--awb-spacing-left-small:1.92%;\"><div class=\"fusion-column-wrapper fusion-column-has-shadow fusion-flex-justify-content-flex-start fusion-content-layout-column\"><div class=\"fusion-text fusion-text-9 fusion-text-no-margin zekerheden-cijfer\" style=\"--awb-font-size:80px;--awb-line-height:0;--awb-text-color:var(--awb-color3);--awb-margin-top:0px;--awb-margin-right:0px;--awb-margin-bottom:0px;--awb-margin-left:-20px;--awb-text-font-family:&quot;SPARQ Bold&quot;;--awb-text-font-style:normal;--awb-text-font-weight:400;\"><p>02<\/p>\n<\/div><div class=\"fusion-text fusion-text-10 fusion-text-no-margin zekerheden-titel\" style=\"--awb-font-size:20px;--awb-line-height:1em;--awb-margin-top:0px;--awb-margin-right:0px;--awb-margin-bottom:20px;--awb-margin-left:0px;\"><p>Sicher, funktionell<br \/>\n&amp; \u00c4sthetik<\/p>\n<\/div><div class=\"fusion-text fusion-text-11\"><p>Die L\u00f6sungen von SPARQ Balustrades gehen \u00fcber eine funktionale und sichere Absturzsicherung hinaus. \u00c4sthetik wiegt f\u00fcr uns genauso viel wie Sicherheit.<\/p>\n<\/div><\/div><\/div><div class=\"fusion-layout-column fusion_builder_column fusion-builder-column-7 fusion_builder_column_1_5 1_5 fusion-flex-column\" style=\"--awb-bg-size:cover;--awb-width-large:20%;--awb-margin-top-large:25px;--awb-spacing-right-large:9.6%;--awb-margin-bottom-large:40px;--awb-spacing-left-large:9.6%;--awb-width-medium:20%;--awb-order-medium:0;--awb-spacing-right-medium:9.6%;--awb-spacing-left-medium:9.6%;--awb-width-small:100%;--awb-order-small:0;--awb-spacing-right-small:1.92%;--awb-spacing-left-small:1.92%;\"><div class=\"fusion-column-wrapper fusion-column-has-shadow fusion-flex-justify-content-flex-start fusion-content-layout-column\"><div class=\"fusion-text fusion-text-12 fusion-text-no-margin zekerheden-cijfer\" style=\"--awb-font-size:80px;--awb-line-height:0;--awb-text-color:var(--awb-color3);--awb-margin-top:-5px;--awb-margin-right:0px;--awb-margin-bottom:0px;--awb-margin-left:-20px;--awb-text-font-family:&quot;SPARQ Bold&quot;;--awb-text-font-style:normal;--awb-text-font-weight:400;\"><p>03<\/p>\n<\/div><div class=\"fusion-text fusion-text-13 fusion-text-no-margin zekerheden-titel\" style=\"--awb-font-size:20px;--awb-line-height:1em;--awb-margin-top:0px;--awb-margin-right:0px;--awb-margin-bottom:20px;--awb-margin-left:0px;\"><p>Hochwertige Qualit\u00e4t<br \/>\nMaterialien<\/p>\n<\/div><div class=\"fusion-text fusion-text-14\"><p>Ein sch\u00f6nes Geb\u00e4ude verdient eine sch\u00f6ne Balustrade. Unser Ziel ist es, dass Sie die sch\u00f6nsten Geb\u00e4ude auch dank der Qualit\u00e4tsl\u00f6sungen von SPARQ Balustraden realisieren k\u00f6nnen.<\/p>\n<\/div><\/div><\/div><div class=\"fusion-layout-column fusion_builder_column fusion-builder-column-8 fusion_builder_column_1_5 1_5 fusion-flex-column\" style=\"--awb-bg-size:cover;--awb-width-large:20%;--awb-margin-top-large:25px;--awb-spacing-right-large:9.6%;--awb-margin-bottom-large:40px;--awb-spacing-left-large:9.6%;--awb-width-medium:20%;--awb-order-medium:0;--awb-spacing-right-medium:9.6%;--awb-spacing-left-medium:9.6%;--awb-width-small:100%;--awb-order-small:0;--awb-spacing-right-small:1.92%;--awb-spacing-left-small:1.92%;\"><div class=\"fusion-column-wrapper fusion-column-has-shadow fusion-flex-justify-content-flex-start fusion-content-layout-column\"><div class=\"fusion-text fusion-text-15 fusion-text-no-margin zekerheden-cijfer\" style=\"--awb-font-size:80px;--awb-line-height:0;--awb-text-color:var(--awb-color3);--awb-margin-top:0px;--awb-margin-right:0px;--awb-margin-bottom:0px;--awb-margin-left:-20px;--awb-text-font-family:&quot;SPARQ Bold&quot;;--awb-text-font-style:normal;--awb-text-font-weight:400;\"><p>04<\/p>\n<\/div><div class=\"fusion-text fusion-text-16 fusion-text-no-margin zekerheden-titel\" style=\"--awb-font-size:20px;--awb-line-height:1em;--awb-margin-top:0px;--awb-margin-right:0px;--awb-margin-bottom:20px;--awb-margin-left:0px;\"><p>Vollst\u00e4ndig<br \/>\nzertifiziert<\/p>\n<\/div><div class=\"fusion-text fusion-text-17\"><p>SPARQ Balustrades ist vollst\u00e4ndig zertifiziert. Alle unsere Balustraden entsprechen den NEN-Normen. Dar\u00fcber hinaus erf\u00fcllen wir die Kriterien der verschiedenen europ\u00e4ischen L\u00e4nder.<\/p>\n<\/div><\/div><\/div><div class=\"fusion-layout-column fusion_builder_column fusion-builder-column-9 fusion_builder_column_1_5 1_5 fusion-flex-column\" style=\"--awb-bg-size:cover;--awb-width-large:20%;--awb-margin-top-large:25px;--awb-spacing-right-large:9.6%;--awb-margin-bottom-large:40px;--awb-spacing-left-large:9.6%;--awb-width-medium:20%;--awb-order-medium:0;--awb-spacing-right-medium:9.6%;--awb-spacing-left-medium:9.6%;--awb-width-small:100%;--awb-order-small:0;--awb-spacing-right-small:1.92%;--awb-spacing-left-small:1.92%;\"><div class=\"fusion-column-wrapper fusion-column-has-shadow fusion-flex-justify-content-flex-start fusion-content-layout-column\"><div class=\"fusion-text fusion-text-18 fusion-text-no-margin zekerheden-cijfer\" style=\"--awb-font-size:80px;--awb-line-height:0;--awb-text-color:var(--awb-color3);--awb-margin-top:0px;--awb-margin-right:0px;--awb-margin-bottom:0px;--awb-margin-left:-20px;--awb-text-font-family:&quot;SPARQ Bold&quot;;--awb-text-font-style:normal;--awb-text-font-weight:400;\"><p>05<\/p>\n<\/div><div class=\"fusion-text fusion-text-19 fusion-text-no-margin zekerheden-titel\" style=\"--awb-font-size:20px;--awb-line-height:1em;--awb-margin-top:0px;--awb-margin-right:0px;--awb-margin-bottom:20px;--awb-margin-left:0px;\"><p>Ger\u00e4umig<br \/>\nAktien<\/p>\n<\/div><div class=\"fusion-text fusion-text-20\"><p>Dank eines Produktlagers von mindestens 5.000 Metern k\u00f6nnen wir Ihr Projekt schnell in Angriff nehmen.<\/p>\n<\/div><\/div><\/div><\/div><\/div><\/div>\n<\/p>","protected":false},"excerpt":{"rendered":"<h3>Wohnung Komplex Uretrep<\/h3>\n<p>Im Auftrag von Bouwbedrijf Fokko Reitsma haben wir in Zusammenarbeit mit Studio JK die Br\u00fcstungen f\u00fcr diesen stilvollen Wohnkomplex in Ureterp realisiert. Sowohl die Balkone als auch die geschosshohen franz\u00f6sischen Balkone wurden mit unseren Systemen U-Line Top und J-Line ausgestattet.<\/p>\n<p style=\"text-align: right\"><a href=\"https:\/\/www.sparqbalustrades.nl\/de\/abgeschlossene-projekte\/wohnkomplex-ureterp\/\">Mehr lesen<\/a><\/p>","protected":false},"author":2,"featured_media":2124,"menu_order":0,"comment_status":"closed","ping_status":"closed","template":"","format":"standard","meta":{"footnotes":""},"portfolio_category":[50,47,45],"portfolio_skills":[],"portfolio_tags":[],"class_list":["post-2145","avada_portfolio","type-avada_portfolio","status-publish","format-standard","has-post-thumbnail","hentry","portfolio_category-glasbalustrades","portfolio_category-nederland","portfolio_category-woningen"],"yoast_head":"<!-- This site is optimized with the Yoast SEO plugin v27.2 - https:\/\/yoast.com\/product\/yoast-seo-wordpress\/ -->\n<title>SPARQ balustrades | Project: Appartementen complex Ureterp<\/title>\n<meta name=\"description\" content=\"Bekijk wat we gerealiseerd hebben voor het project: Appartementen complex Ureterp\" \/>\n<meta name=\"robots\" content=\"index, follow, max-snippet:-1, max-image-preview:large, max-video-preview:-1\" \/>\n<link rel=\"canonical\" href=\"https:\/\/www.sparqbalustrades.nl\/de\/abgeschlossene-projekte\/wohnkomplex-ureterp\/\" \/>\n<meta property=\"og:locale\" content=\"de_DE\" \/>\n<meta property=\"og:type\" content=\"article\" \/>\n<meta property=\"og:title\" content=\"SPARQ balustrades | Project: Appartementen complex Ureterp\" \/>\n<meta property=\"og:description\" content=\"Bekijk wat we gerealiseerd hebben voor het project: Appartementen complex Ureterp\" \/>\n<meta property=\"og:url\" content=\"https:\/\/www.sparqbalustrades.nl\/de\/abgeschlossene-projekte\/wohnkomplex-ureterp\/\" \/>\n<meta property=\"og:site_name\" content=\"SPARQ Balustrades\" \/>\n<meta property=\"article:publisher\" content=\"https:\/\/www.facebook.com\/profile.php?id=100047334683162\" \/>\n<meta property=\"article:modified_time\" content=\"2025-11-11T13:24:36+00:00\" \/>\n<meta property=\"og:image\" content=\"https:\/\/www.sparqbalustrades.nl\/wp-content\/uploads\/2025\/05\/VAN00478.webp\" \/>\n\t<meta property=\"og:image:width\" content=\"1920\" \/>\n\t<meta property=\"og:image:height\" content=\"1080\" \/>\n\t<meta property=\"og:image:type\" content=\"image\/webp\" \/>\n<meta name=\"twitter:card\" content=\"summary_large_image\" \/>\n<meta name=\"twitter:label1\" content=\"Gesch\u00e4tzte Lesezeit\" \/>\n\t<meta name=\"twitter:data1\" content=\"2\u00a0Minuten\" \/>\n<script type=\"application\/ld+json\" class=\"yoast-schema-graph\">{\"@context\":\"https:\/\/schema.org\",\"@graph\":[{\"@type\":\"WebPage\",\"@id\":\"https:\/\/www.sparqbalustrades.nl\/opgeleverde-projecten\/appartementen-complex-ureterp\/\",\"url\":\"https:\/\/www.sparqbalustrades.nl\/opgeleverde-projecten\/appartementen-complex-ureterp\/\",\"name\":\"SPARQ balustrades | Project: Appartementen complex Ureterp\",\"isPartOf\":{\"@id\":\"https:\/\/www.sparqbalustrades.nl\/#website\"},\"primaryImageOfPage\":{\"@id\":\"https:\/\/www.sparqbalustrades.nl\/opgeleverde-projecten\/appartementen-complex-ureterp\/#primaryimage\"},\"image\":{\"@id\":\"https:\/\/www.sparqbalustrades.nl\/opgeleverde-projecten\/appartementen-complex-ureterp\/#primaryimage\"},\"thumbnailUrl\":\"https:\/\/www.sparqbalustrades.nl\/wp-content\/uploads\/2025\/05\/VAN00478.webp\",\"datePublished\":\"2025-05-13T09:35:46+00:00\",\"dateModified\":\"2025-11-11T13:24:36+00:00\",\"description\":\"Bekijk wat we gerealiseerd hebben voor het project: Appartementen complex Ureterp\",\"breadcrumb\":{\"@id\":\"https:\/\/www.sparqbalustrades.nl\/opgeleverde-projecten\/appartementen-complex-ureterp\/#breadcrumb\"},\"inLanguage\":\"de\",\"potentialAction\":[{\"@type\":\"ReadAction\",\"target\":[\"https:\/\/www.sparqbalustrades.nl\/opgeleverde-projecten\/appartementen-complex-ureterp\/\"]}]},{\"@type\":\"ImageObject\",\"inLanguage\":\"de\",\"@id\":\"https:\/\/www.sparqbalustrades.nl\/opgeleverde-projecten\/appartementen-complex-ureterp\/#primaryimage\",\"url\":\"https:\/\/www.sparqbalustrades.nl\/wp-content\/uploads\/2025\/05\/VAN00478.webp\",\"contentUrl\":\"https:\/\/www.sparqbalustrades.nl\/wp-content\/uploads\/2025\/05\/VAN00478.webp\",\"width\":1920,\"height\":1080,\"caption\":\"volglas balustrades appartementencomplex\"},{\"@type\":\"BreadcrumbList\",\"@id\":\"https:\/\/www.sparqbalustrades.nl\/opgeleverde-projecten\/appartementen-complex-ureterp\/#breadcrumb\",\"itemListElement\":[{\"@type\":\"ListItem\",\"position\":1,\"name\":\"Home\",\"item\":\"https:\/\/www.sparqbalustrades.nl\/\"},{\"@type\":\"ListItem\",\"position\":2,\"name\":\"Portfolio\",\"item\":\"https:\/\/www.sparqbalustrades.nl\/opgeleverde-projecten\/\"},{\"@type\":\"ListItem\",\"position\":3,\"name\":\"Appartementen complex Ureterp\"}]},{\"@type\":\"WebSite\",\"@id\":\"https:\/\/www.sparqbalustrades.nl\/#website\",\"url\":\"https:\/\/www.sparqbalustrades.nl\/\",\"name\":\"SPARQ Balustrades\",\"description\":\"Look Further\",\"publisher\":{\"@id\":\"https:\/\/www.sparqbalustrades.nl\/#organization\"},\"alternateName\":\"De specialist in volglasbalustrades\",\"potentialAction\":[{\"@type\":\"SearchAction\",\"target\":{\"@type\":\"EntryPoint\",\"urlTemplate\":\"https:\/\/www.sparqbalustrades.nl\/?s={search_term_string}\"},\"query-input\":{\"@type\":\"PropertyValueSpecification\",\"valueRequired\":true,\"valueName\":\"search_term_string\"}}],\"inLanguage\":\"de\"},{\"@type\":\"Organization\",\"@id\":\"https:\/\/www.sparqbalustrades.nl\/#organization\",\"name\":\"SPARQ Balustrades\",\"alternateName\":\"SPARQ Volglasbalustrades\",\"url\":\"https:\/\/www.sparqbalustrades.nl\/\",\"logo\":{\"@type\":\"ImageObject\",\"inLanguage\":\"de\",\"@id\":\"https:\/\/www.sparqbalustrades.nl\/#\/schema\/logo\/image\/\",\"url\":\"https:\/\/www.sparqbalustrades.nl\/wp-content\/uploads\/2024\/08\/team2024.webp\",\"contentUrl\":\"https:\/\/www.sparqbalustrades.nl\/wp-content\/uploads\/2024\/08\/team2024.webp\",\"width\":1920,\"height\":1080,\"caption\":\"SPARQ Balustrades\"},\"image\":{\"@id\":\"https:\/\/www.sparqbalustrades.nl\/#\/schema\/logo\/image\/\"},\"sameAs\":[\"https:\/\/www.facebook.com\/profile.php?id=100047334683162\",\"https:\/\/www.instagram.com\/sparqbalustrades\/\",\"https:\/\/nl.pinterest.com\/sparq_balustrades\/\",\"https:\/\/www.youtube.com\/channel\/UCJX3WLp4-Tp8NXgbXmxz_2g\",\"https:\/\/www.linkedin.com\/company\/sparq-balustrades\/\"]}]}<\/script>\n<!-- \/ Yoast SEO plugin. -->","yoast_head_json":{"title":"SPARQ-Gel\u00e4nder | Projekt: Wohnanlage Ureterp","description":"Sehen Sie, was wir f\u00fcr das Projekt gemacht haben: Wohnkomplex Ureterp","robots":{"index":"index","follow":"follow","max-snippet":"max-snippet:-1","max-image-preview":"max-image-preview:large","max-video-preview":"max-video-preview:-1"},"canonical":"https:\/\/www.sparqbalustrades.nl\/de\/abgeschlossene-projekte\/wohnkomplex-ureterp\/","og_locale":"de_DE","og_type":"article","og_title":"SPARQ balustrades | Project: Appartementen complex Ureterp","og_description":"Bekijk wat we gerealiseerd hebben voor het project: Appartementen complex Ureterp","og_url":"https:\/\/www.sparqbalustrades.nl\/de\/abgeschlossene-projekte\/wohnkomplex-ureterp\/","og_site_name":"SPARQ Balustrades","article_publisher":"https:\/\/www.facebook.com\/profile.php?id=100047334683162","article_modified_time":"2025-11-11T13:24:36+00:00","og_image":[{"width":1920,"height":1080,"url":"https:\/\/www.sparqbalustrades.nl\/wp-content\/uploads\/2025\/05\/VAN00478.webp","type":"image\/webp"}],"twitter_card":"summary_large_image","twitter_misc":{"Gesch\u00e4tzte Lesezeit":"2\u00a0Minuten"},"schema":{"@context":"https:\/\/schema.org","@graph":[{"@type":"WebPage","@id":"https:\/\/www.sparqbalustrades.nl\/opgeleverde-projecten\/appartementen-complex-ureterp\/","url":"https:\/\/www.sparqbalustrades.nl\/opgeleverde-projecten\/appartementen-complex-ureterp\/","name":"SPARQ-Gel\u00e4nder | Projekt: Wohnanlage Ureterp","isPartOf":{"@id":"https:\/\/www.sparqbalustrades.nl\/#website"},"primaryImageOfPage":{"@id":"https:\/\/www.sparqbalustrades.nl\/opgeleverde-projecten\/appartementen-complex-ureterp\/#primaryimage"},"image":{"@id":"https:\/\/www.sparqbalustrades.nl\/opgeleverde-projecten\/appartementen-complex-ureterp\/#primaryimage"},"thumbnailUrl":"https:\/\/www.sparqbalustrades.nl\/wp-content\/uploads\/2025\/05\/VAN00478.webp","datePublished":"2025-05-13T09:35:46+00:00","dateModified":"2025-11-11T13:24:36+00:00","description":"Sehen Sie, was wir f\u00fcr das Projekt gemacht haben: Wohnkomplex Ureterp","breadcrumb":{"@id":"https:\/\/www.sparqbalustrades.nl\/opgeleverde-projecten\/appartementen-complex-ureterp\/#breadcrumb"},"inLanguage":"de","potentialAction":[{"@type":"ReadAction","target":["https:\/\/www.sparqbalustrades.nl\/opgeleverde-projecten\/appartementen-complex-ureterp\/"]}]},{"@type":"ImageObject","inLanguage":"de","@id":"https:\/\/www.sparqbalustrades.nl\/opgeleverde-projecten\/appartementen-complex-ureterp\/#primaryimage","url":"https:\/\/www.sparqbalustrades.nl\/wp-content\/uploads\/2025\/05\/VAN00478.webp","contentUrl":"https:\/\/www.sparqbalustrades.nl\/wp-content\/uploads\/2025\/05\/VAN00478.webp","width":1920,"height":1080,"caption":"volglas balustrades appartementencomplex"},{"@type":"BreadcrumbList","@id":"https:\/\/www.sparqbalustrades.nl\/opgeleverde-projecten\/appartementen-complex-ureterp\/#breadcrumb","itemListElement":[{"@type":"ListItem","position":1,"name":"Home","item":"https:\/\/www.sparqbalustrades.nl\/"},{"@type":"ListItem","position":2,"name":"Portfolio","item":"https:\/\/www.sparqbalustrades.nl\/opgeleverde-projecten\/"},{"@type":"ListItem","position":3,"name":"Appartementen complex Ureterp"}]},{"@type":"WebSite","@id":"https:\/\/www.sparqbalustrades.nl\/#website","url":"https:\/\/www.sparqbalustrades.nl\/","name":"SPARQ Balustraden","description":"Weiter schauen","publisher":{"@id":"https:\/\/www.sparqbalustrades.nl\/#organization"},"alternateName":"De specialist in volglasbalustrades","potentialAction":[{"@type":"SearchAction","target":{"@type":"EntryPoint","urlTemplate":"https:\/\/www.sparqbalustrades.nl\/?s={search_term_string}"},"query-input":{"@type":"PropertyValueSpecification","valueRequired":true,"valueName":"search_term_string"}}],"inLanguage":"de"},{"@type":"Organization","@id":"https:\/\/www.sparqbalustrades.nl\/#organization","name":"SPARQ Balustraden","alternateName":"SPARQ Volglasbalustrades","url":"https:\/\/www.sparqbalustrades.nl\/","logo":{"@type":"ImageObject","inLanguage":"de","@id":"https:\/\/www.sparqbalustrades.nl\/#\/schema\/logo\/image\/","url":"https:\/\/www.sparqbalustrades.nl\/wp-content\/uploads\/2024\/08\/team2024.webp","contentUrl":"https:\/\/www.sparqbalustrades.nl\/wp-content\/uploads\/2024\/08\/team2024.webp","width":1920,"height":1080,"caption":"SPARQ Balustrades"},"image":{"@id":"https:\/\/www.sparqbalustrades.nl\/#\/schema\/logo\/image\/"},"sameAs":["https:\/\/www.facebook.com\/profile.php?id=100047334683162","https:\/\/www.instagram.com\/sparqbalustrades\/","https:\/\/nl.pinterest.com\/sparq_balustrades\/","https:\/\/www.youtube.com\/channel\/UCJX3WLp4-Tp8NXgbXmxz_2g","https:\/\/www.linkedin.com\/company\/sparq-balustrades\/"]}]}},"_links":{"self":[{"href":"https:\/\/www.sparqbalustrades.nl\/de\/wp-json\/wp\/v2\/avada_portfolio\/2145","targetHints":{"allow":["GET"]}}],"collection":[{"href":"https:\/\/www.sparqbalustrades.nl\/de\/wp-json\/wp\/v2\/avada_portfolio"}],"about":[{"href":"https:\/\/www.sparqbalustrades.nl\/de\/wp-json\/wp\/v2\/types\/avada_portfolio"}],"author":[{"embeddable":true,"href":"https:\/\/www.sparqbalustrades.nl\/de\/wp-json\/wp\/v2\/users\/2"}],"replies":[{"embeddable":true,"href":"https:\/\/www.sparqbalustrades.nl\/de\/wp-json\/wp\/v2\/comments?post=2145"}],"version-history":[{"count":3,"href":"https:\/\/www.sparqbalustrades.nl\/de\/wp-json\/wp\/v2\/avada_portfolio\/2145\/revisions"}],"predecessor-version":[{"id":2712,"href":"https:\/\/www.sparqbalustrades.nl\/de\/wp-json\/wp\/v2\/avada_portfolio\/2145\/revisions\/2712"}],"wp:featuredmedia":[{"embeddable":true,"href":"https:\/\/www.sparqbalustrades.nl\/de\/wp-json\/wp\/v2\/media\/2124"}],"wp:attachment":[{"href":"https:\/\/www.sparqbalustrades.nl\/de\/wp-json\/wp\/v2\/media?parent=2145"}],"wp:term":[{"taxonomy":"portfolio_category","embeddable":true,"href":"https:\/\/www.sparqbalustrades.nl\/de\/wp-json\/wp\/v2\/portfolio_category?post=2145"},{"taxonomy":"portfolio_skills","embeddable":true,"href":"https:\/\/www.sparqbalustrades.nl\/de\/wp-json\/wp\/v2\/portfolio_skills?post=2145"},{"taxonomy":"portfolio_tags","embeddable":true,"href":"https:\/\/www.sparqbalustrades.nl\/de\/wp-json\/wp\/v2\/portfolio_tags?post=2145"}],"curies":[{"name":"wp","href":"https:\/\/api.w.org\/{rel}","templated":true}]}}