{"id":234,"date":"2024-04-16T12:32:55","date_gmt":"2024-04-16T12:32:55","guid":{"rendered":"https:\/\/www.sparqbalustrades.nl\/?page_id=234"},"modified":"2025-10-14T12:32:44","modified_gmt":"2025-10-14T12:32:44","slug":"glasbalustraden","status":"publish","type":"page","link":"https:\/\/www.sparqbalustrades.nl\/de\/","title":{"rendered":"Glasbalustraden"},"content":{"rendered":"<p><div class=\"fusion-fullwidth fullwidth-box fusion-builder-row-1 fusion-flex-container video-background has-pattern-background has-mask-background nonhundred-percent-fullwidth non-hundred-percent-height-scrolling\" style=\"--awb-border-radius-top-left:0px;--awb-border-radius-top-right:0px;--awb-border-radius-bottom-right:0px;--awb-border-radius-bottom-left:0px;--awb-padding-top:150px;--awb-padding-right:0px;--awb-padding-bottom:90px;--awb-padding-left:0px;--awb-margin-top:0px;--awb-margin-bottom:0px;--awb-min-height:700px;--awb-background-image:linear-gradient(180deg, rgba(0,0,0,0.2) 0%,rgba(0,0,0,0.5) 100%);--awb-flex-wrap:wrap;\" ><div class=\"fullwidth-video\"><video preload=\"auto\" autoplay playsinline loop muted><source src=\"https:\/\/www.sparqbalustrades.nl\/wp-content\/uploads\/2025\/02\/webvideo-montage-de-welle-optimized-for-web.mp4\" type=\"video\/mp4\"><\/video><\/div><div class=\"fullwidth-overlay\" style=\"background-image: linear-gradient(180deg, rgba(0,0,0,0.2) 0%,rgba(0,0,0,0.5) 100%);\"><\/div><div class=\"fusion-builder-row fusion-row fusion-flex-align-items-center fusion-flex-content-wrap\" style=\"max-width:1248px;margin-left: calc(-4% \/ 2 );margin-right: calc(-4% \/ 2 );\"><div class=\"fusion-layout-column fusion_builder_column fusion-builder-column-0 fusion_builder_column_1_2 1_2 fusion-flex-column\" style=\"--awb-padding-right-small:30px;--awb-padding-left-small:30px;--awb-bg-size:cover;--awb-border-color:var(--awb-color3);--awb-border-style:solid;--awb-width-large:50%;--awb-margin-top-large:0px;--awb-spacing-right-large:3.84%;--awb-margin-bottom-large:0px;--awb-spacing-left-large:3.84%;--awb-width-medium:50%;--awb-order-medium:0;--awb-spacing-right-medium:3.84%;--awb-spacing-left-medium:3.84%;--awb-width-small:100%;--awb-order-small:0;--awb-spacing-right-small:1.92%;--awb-spacing-left-small:1.92%;\"><div class=\"fusion-column-wrapper fusion-column-has-shadow fusion-flex-justify-content-flex-start fusion-content-layout-row\"><div class=\"fusion-title title fusion-title-1 fusion-sep-none fusion-title-text fusion-title-size-one\" style=\"--awb-text-color:var(--awb-color1);--awb-margin-top-small:10px;--awb-margin-right-small:0px;--awb-margin-bottom-small:10px;--awb-margin-left-small:0px;--awb-font-size:60px;\"><h1 class=\"fusion-title-heading title-heading-left\" style=\"margin:0;font-size:1em;\">SPARQ, der Experte f\u00fcr Ganzglasgel\u00e4nder<\/h1><\/div><div class=\"fusion-text fusion-text-1 fusion-text-no-margin\" style=\"--awb-font-size:25px;--awb-text-color:var(--awb-color1);--awb-margin-top:0px;--awb-margin-right:0px;--awb-margin-bottom:1em;--awb-margin-left:0px;\"><p>Ein Partner f\u00fcr Beratung, Engineering, Produktion, Logistik und Montage von Glasbalustraden.<\/p>\n<\/div><div ><a class=\"fusion-button button-flat fusion-button-default-size button-default fusion-button-default button-1 fusion-button-default-span fusion-button-default-type\" style=\"--button_margin-right:20px;\" target=\"_self\" href=\"https:\/\/www.sparqbalustrades.nl\/de\/katalog\/\"><span class=\"fusion-button-text awb-button__text awb-button__text--default\">Unsere Produkte ansehen<\/span><\/a><\/div><div ><a class=\"fusion-button button-flat fusion-button-default-size button-default fusion-button-default button-2 fusion-button-default-span fusion-button-default-type\" style=\"--button_margin-right:20px;\" target=\"_self\" href=\"https:\/\/www.sparqbalustrades.nl\/de\/projekte\/\"><span class=\"fusion-button-text awb-button__text awb-button__text--default\">Unsere Arbeit ansehen<\/span><\/a><\/div><div class=\"fusion-text fusion-text-2 fusion-text-no-margin\" style=\"--awb-font-size:16px;--awb-text-color:#ffffff;--awb-margin-top:50px;--awb-margin-right:0px;--awb-margin-bottom:0px;--awb-margin-left:0px;\"><p style=\"text-align: right;\"><span style=\"font-family: SPARQ Bold;\">SPARQ-GEL\u00c4NDER.<\/span> sehen Sie weiter.<\/p>\n<\/div><\/div><\/div><\/div><\/div><div class=\"fusion-fullwidth fullwidth-box fusion-builder-row-2 fusion-flex-container has-pattern-background has-mask-background hundred-percent-fullwidth non-hundred-percent-height-scrolling\" style=\"--awb-border-radius-top-left:0px;--awb-border-radius-top-right:0px;--awb-border-radius-bottom-right:0px;--awb-border-radius-bottom-left:0px;--awb-padding-top:0px;--awb-padding-right:0px;--awb-padding-bottom:0px;--awb-padding-left:0px;--awb-margin-top:-80px;--awb-background-color:var(--awb-color5);--awb-flex-wrap:wrap;\" ><div class=\"fusion-builder-row fusion-row fusion-flex-align-items-flex-end fusion-flex-justify-content-flex-end fusion-flex-content-wrap\" style=\"width:calc( 100% + 0px ) !important;max-width:calc( 100% + 0px ) !important;margin-left: calc(-0px \/ 2 );margin-right: calc(-0px \/ 2 );\"><div class=\"fusion-layout-column fusion_builder_column fusion-builder-column-1 fusion-flex-column\" style=\"--awb-padding-top:30px;--awb-padding-right:10px;--awb-padding-bottom:30px;--awb-padding-left:10px;--awb-bg-color:var(--awb-color3);--awb-bg-color-hover:var(--awb-color3);--awb-bg-size:cover;--awb-transform:scaleX(1.00) scaleY(1.00);--awb-transform-hover:scaleX(1.03) scaleY(1.05);--awb-width-large:16%;--awb-margin-top-large:0px;--awb-spacing-right-large:0px;--awb-margin-bottom-large:0px;--awb-spacing-left-large:0px;--awb-width-medium:16%;--awb-order-medium:0;--awb-spacing-right-medium:0px;--awb-spacing-left-medium:0px;--awb-width-small:50%;--awb-order-small:1;--awb-spacing-right-small:0px;--awb-spacing-left-small:0px;\"><div class=\"fusion-column-wrapper fusion-column-has-shadow fusion-flex-justify-content-center fusion-content-layout-row fusion-flex-align-items-center\"><div class=\"fusion-text fusion-text-3 fusion-text-no-margin\" style=\"--awb-font-size:15px;--awb-text-color:var(--awb-color7);--awb-margin-top:5px;--awb-margin-right:10px;--awb-margin-bottom:0px;--awb-margin-left:10px;--awb-text-font-family:&quot;SPARQ Regular&quot;;--awb-text-font-style:normal;--awb-text-font-weight:400;\"><p><span style=\"color: #1d1d1b;\"><a style=\"color: #1d1d1b;\" href=\"https:\/\/www.sparqbalustrades.nl\/de\/sparq-gelander-fur-bautrager\/\">Projektentwicklung<\/a><\/span><\/p>\n<\/div><a class=\"fb-icon-element-1 fb-icon-element fontawesome-icon fa-angle-right fas circle-yes fusion-text-flow fusion-link\" style=\"--awb-iconcolor:var(--awb-color7);--awb-circlecolor:var(--awb-color2);--awb-circlecolor-hover:var(--awb-color5);--awb-circlebordercolor-hover:var(--awb-color8);--awb-circlebordersize:0px;--awb-font-size:17.6px;--awb-width:35.2px;--awb-height:35.2px;--awb-line-height:35.2px;--awb-margin-top:0px;--awb-margin-right:0px;--awb-margin-bottom:0px;--awb-margin-left:0px;\" href=\"https:\/\/www.sparqbalustrades.nl\/de\/sparq-gelander-fur-bautrager\/\" target=\"_self\" aria-label=\"Link zu https:\/\/www.sparqbalustrades.nl\/sparq-balustrades-voor-projectontwikkelaars\/\"><\/a><\/div><\/div><div class=\"fusion-layout-column fusion_builder_column fusion-builder-column-2 fusion-flex-column\" style=\"--awb-padding-top:30px;--awb-padding-right:10px;--awb-padding-bottom:30px;--awb-padding-left:10px;--awb-bg-color:var(--awb-color3);--awb-bg-color-hover:var(--awb-color3);--awb-bg-size:cover;--awb-transform:scaleX(1) scaleY(1);--awb-transform-hover:scaleX(1.03) scaleY(1.01);--awb-width-large:14%;--awb-margin-top-large:0px;--awb-spacing-right-large:0px;--awb-margin-bottom-large:0px;--awb-spacing-left-large:0px;--awb-width-medium:14%;--awb-order-medium:0;--awb-spacing-right-medium:0px;--awb-spacing-left-medium:0px;--awb-width-small:50%;--awb-order-small:2;--awb-spacing-right-small:0px;--awb-spacing-left-small:0px;\"><div class=\"fusion-column-wrapper fusion-column-has-shadow fusion-flex-justify-content-center fusion-content-layout-row fusion-flex-align-items-center\"><div class=\"fusion-text fusion-text-4 fusion-text-no-margin\" style=\"--awb-font-size:15px;--awb-text-color:var(--awb-color7);--awb-margin-top:5px;--awb-margin-right:10px;--awb-margin-bottom:0px;--awb-margin-left:10px;--awb-text-font-family:&quot;SPARQ Regular&quot;;--awb-text-font-style:normal;--awb-text-font-weight:400;\"><p><a href=\"https:\/\/www.sparqbalustrades.nl\/de\/sparq-gelander-fur-bauunternehmen\/\"><span style=\"color: #1d1d1b;\">Bauunternehmen<\/span><\/a><\/p>\n<\/div><a class=\"fb-icon-element-2 fb-icon-element fontawesome-icon fa-angle-right fas circle-yes fusion-text-flow fusion-link\" style=\"--awb-iconcolor:var(--awb-color7);--awb-circlecolor:var(--awb-color2);--awb-circlecolor-hover:var(--awb-color5);--awb-circlebordercolor-hover:var(--awb-color8);--awb-circlebordersize:0px;--awb-font-size:17.6px;--awb-width:35.2px;--awb-height:35.2px;--awb-line-height:35.2px;--awb-margin-top:0px;--awb-margin-right:0px;--awb-margin-bottom:0px;--awb-margin-left:0px;\" href=\"https:\/\/www.sparqbalustrades.nl\/de\/sparq-gelander-fur-bauunternehmen\/\" target=\"_self\" aria-label=\"Link zu https:\/\/www.sparqbalustrades.nl\/sparq-balustrades-voor-bouwbedrijven\/\"><\/a><\/div><\/div><div class=\"fusion-layout-column fusion_builder_column fusion-builder-column-3 fusion-flex-column\" style=\"--awb-padding-top:30px;--awb-padding-right:10px;--awb-padding-bottom:30px;--awb-padding-left:10px;--awb-bg-color:var(--awb-color3);--awb-bg-color-hover:var(--awb-color3);--awb-bg-size:cover;--awb-transform:scaleX(1) scaleY(1);--awb-transform-hover:scaleX(1.03) scaleY(1.01);--awb-width-large:13%;--awb-margin-top-large:0px;--awb-spacing-right-large:0px;--awb-margin-bottom-large:0px;--awb-spacing-left-large:0px;--awb-width-medium:13%;--awb-order-medium:0;--awb-spacing-right-medium:0px;--awb-spacing-left-medium:0px;--awb-width-small:50%;--awb-order-small:0;--awb-spacing-right-small:0px;--awb-spacing-left-small:0px;\"><div class=\"fusion-column-wrapper fusion-column-has-shadow fusion-flex-justify-content-center fusion-content-layout-row fusion-flex-align-items-center\"><div class=\"fusion-text fusion-text-5 fusion-text-no-margin\" style=\"--awb-font-size:15px;--awb-text-color:var(--awb-color7);--awb-margin-top:5px;--awb-margin-right:10px;--awb-margin-bottom:0px;--awb-margin-left:10px;--awb-text-font-family:&quot;SPARQ Regular&quot;;--awb-text-font-style:normal;--awb-text-font-weight:400;\"><p><span style=\"color: #1d1d1b;\"><a style=\"color: #1d1d1b;\" href=\"https:\/\/www.sparqbalustrades.nl\/de\/sparq-gelander-fur-architekten\/\">Architekten<\/a><\/span><\/p>\n<\/div><a class=\"fb-icon-element-3 fb-icon-element fontawesome-icon fa-angle-right fas circle-yes fusion-text-flow fusion-link\" style=\"--awb-iconcolor:var(--awb-color7);--awb-circlecolor:var(--awb-color2);--awb-circlecolor-hover:var(--awb-color5);--awb-circlebordercolor-hover:var(--awb-color8);--awb-circlebordersize:0px;--awb-font-size:17.6px;--awb-width:35.2px;--awb-height:35.2px;--awb-line-height:35.2px;--awb-margin-top:0px;--awb-margin-right:0px;--awb-margin-bottom:0px;--awb-margin-left:0px;\" href=\"https:\/\/www.sparqbalustrades.nl\/de\/sparq-gelander-fur-architekten\/\" target=\"_self\" aria-label=\"Link zu https:\/\/www.sparqbalustrades.nl\/sparq-balustrades-voor-architecten\/\"><\/a><\/div><\/div><div class=\"fusion-layout-column fusion_builder_column fusion-builder-column-4 fusion-flex-column\" style=\"--awb-padding-top:30px;--awb-padding-right:10px;--awb-padding-bottom:30px;--awb-padding-left:10px;--awb-bg-color:var(--awb-color3);--awb-bg-color-hover:var(--awb-color3);--awb-bg-size:cover;--awb-transform:scaleX(1) scaleY(1);--awb-transform-hover:scaleX(1.03) scaleY(1.03);--awb-width-large:13%;--awb-margin-top-large:0px;--awb-spacing-right-large:0px;--awb-margin-bottom-large:0px;--awb-spacing-left-large:0px;--awb-width-medium:13%;--awb-order-medium:0;--awb-spacing-right-medium:0px;--awb-spacing-left-medium:0px;--awb-width-small:50%;--awb-order-small:3;--awb-spacing-right-small:0px;--awb-spacing-left-small:0px;\"><div class=\"fusion-column-wrapper fusion-column-has-shadow fusion-flex-justify-content-center fusion-content-layout-row fusion-flex-align-items-center\"><div class=\"fusion-text fusion-text-6 fusion-text-no-margin\" style=\"--awb-font-size:15px;--awb-text-color:var(--awb-color7);--awb-margin-top:5px;--awb-margin-right:10px;--awb-margin-bottom:0px;--awb-margin-left:10px;--awb-text-font-family:&quot;SPARQ Bold&quot;;--awb-text-font-style:normal;--awb-text-font-weight:400;\"><p><a href=\"https:\/\/www.sparqbalustrades.nl\/de\/ausschreibung\/\"><span style=\"color: #1d1d1b;\">Tender<\/span><\/a><\/p>\n<\/div><a class=\"fb-icon-element-4 fb-icon-element fontawesome-icon fa-angle-right fas circle-yes fusion-text-flow fusion-link\" style=\"--awb-iconcolor:var(--awb-color7);--awb-circlecolor:var(--awb-color2);--awb-circlecolor-hover:var(--awb-color5);--awb-circlebordercolor-hover:var(--awb-color8);--awb-circlebordersize:0px;--awb-font-size:17.6px;--awb-width:35.2px;--awb-height:35.2px;--awb-line-height:35.2px;--awb-margin-top:0px;--awb-margin-right:0px;--awb-margin-bottom:0px;--awb-margin-left:0px;\" href=\"https:\/\/www.sparqbalustrades.nl\/de\/ausschreibung\/\" target=\"_self\" aria-label=\"Link zu https:\/\/www.sparqbalustrades.nl\/aanbesteden\/\"><\/a><\/div><\/div><\/div><\/div><div id=\"25jaarervaring\" class=\"fusion-container-anchor\"><div class=\"fusion-fullwidth fullwidth-box fusion-builder-row-3 fusion-flex-container has-pattern-background has-mask-background nonhundred-percent-fullwidth non-hundred-percent-height-scrolling\" style=\"--awb-border-radius-top-left:0px;--awb-border-radius-top-right:0px;--awb-border-radius-bottom-right:0px;--awb-border-radius-bottom-left:0px;--awb-padding-top:100px;--awb-padding-bottom:100px;--awb-flex-wrap:wrap;\" ><div class=\"fusion-builder-row fusion-row fusion-flex-align-items-flex-start fusion-flex-content-wrap\" style=\"max-width:1248px;margin-left: calc(-4% \/ 2 );margin-right: calc(-4% \/ 2 );\"><div class=\"fusion-layout-column fusion_builder_column fusion-builder-column-5 fusion_builder_column_1_1 1_1 fusion-flex-column\" style=\"--awb-bg-size:cover;--awb-width-large:100%;--awb-margin-top-large:0px;--awb-spacing-right-large:1.92%;--awb-margin-bottom-large:0px;--awb-spacing-left-large:1.92%;--awb-width-medium:100%;--awb-order-medium:0;--awb-spacing-right-medium:1.92%;--awb-spacing-left-medium:1.92%;--awb-width-small:100%;--awb-order-small:0;--awb-spacing-right-small:1.92%;--awb-spacing-left-small:1.92%;\"><div class=\"fusion-column-wrapper fusion-column-has-shadow fusion-flex-justify-content-flex-start fusion-content-layout-column\"><div class=\"fusion-title title fusion-title-2 fusion-sep-none fusion-title-text fusion-title-size-two\" style=\"--awb-margin-top-small:10px;--awb-margin-right-small:0px;--awb-margin-bottom-small:10px;--awb-margin-left-small:0px;--awb-font-size:30px;\"><h2 class=\"fusion-title-heading title-heading-left\" style=\"margin:0;font-size:1em;\">25 Jahre Erfahrung mit Glasbalustraden<\/h2><\/div><\/div><\/div><div class=\"fusion-layout-column fusion_builder_column fusion-builder-column-6 fusion_builder_column_1_2 1_2 fusion-flex-column\" style=\"--awb-bg-size:cover;--awb-width-large:50%;--awb-margin-top-large:0px;--awb-spacing-right-large:3.84%;--awb-margin-bottom-large:20px;--awb-spacing-left-large:3.84%;--awb-width-medium:50%;--awb-order-medium:0;--awb-spacing-right-medium:3.84%;--awb-spacing-left-medium:3.84%;--awb-width-small:100%;--awb-order-small:0;--awb-spacing-right-small:1.92%;--awb-spacing-left-small:1.92%;\"><div class=\"fusion-column-wrapper fusion-column-has-shadow fusion-flex-justify-content-flex-start fusion-content-layout-column\"><div class=\"fusion-text fusion-text-7 fusion-text-no-margin\" style=\"--awb-margin-top:20px;--awb-margin-bottom:20px;\"><p>SPARQ ist der Spezialist f\u00fcr Design und Ausf\u00fchrung, wenn es um (balusterlose) Ganzglasbalustraden geht. Spitzenqualit\u00e4t, Innovation, Langlebigkeit und \u00c4sthetik sind das Herzst\u00fcck von SPARQ Balustraden.<\/p>\n<p>Durch fast 25 Jahre Erfahrung und die Realisierung einer Vielzahl von <a href=\"https:\/\/www.sparqbalustrades.nl\/de\/projekte\/\">Projekte<\/a> wir wissen, wie die <a href=\"https:\/\/www.sparqbalustrades.nl\/de\/katalog\/\">Systeme<\/a> werden in der Praxis angewendet. Dank unseres praktischen Wissens schaffen wir Innovationen, die in jeder Situation zu mehr Geschwindigkeit, Effizienz und Benutzerfreundlichkeit f\u00fchren. Dieses Wissen ist verf\u00fcgbar \u00fcber die <a href=\"https:\/\/www.sparqbalustrades.nl\/de\/katalog\/\">Produkte<\/a> von SPARQ frei verf\u00fcgbar, um sie auch in Ihren Projekten einzusetzen.<\/p>\n<\/div><\/div><\/div><div class=\"fusion-layout-column fusion_builder_column fusion-builder-column-7 fusion_builder_column_1_2 1_2 fusion-flex-column\" style=\"--awb-bg-size:cover;--awb-width-large:50%;--awb-margin-top-large:0px;--awb-spacing-right-large:3.84%;--awb-margin-bottom-large:20px;--awb-spacing-left-large:3.84%;--awb-width-medium:50%;--awb-order-medium:0;--awb-spacing-right-medium:3.84%;--awb-spacing-left-medium:3.84%;--awb-width-small:100%;--awb-order-small:0;--awb-spacing-right-small:1.92%;--awb-spacing-left-small:1.92%;\"><div class=\"fusion-column-wrapper fusion-column-has-shadow fusion-flex-justify-content-flex-start fusion-content-layout-column\"><div class=\"fusion-text fusion-text-8 fusion-text-no-margin\" style=\"--awb-margin-top:20px;--awb-margin-bottom:20px;\"><p>Selbstverst\u00e4ndlich stehen wir Ihnen bei der Planung und Gestaltung Ihres Glasgel\u00e4nders zur Seite. Wir fertigen und liefern die (Komponenten f\u00fcr) Ihr Glasgel\u00e4nder und k\u00f6nnen es ganz individuell f\u00fcr Ihr Projekt vorkonfektionieren und montieren.<\/p>\n<p>Die Glasbalustradensysteme von SPARQ sind auf hohe Festigkeit und Steifigkeit ausgelegt, und die verwendbare Glasdicke ist gr\u00f6\u00dfer als Sie es gewohnt sind. Infolgedessen k\u00f6nnen unsere Systeme einerseits h\u00f6here Windlasten bew\u00e4ltigen. Andererseits bietet dies dem Architekten eine gr\u00f6\u00dfere Gestaltungsfreiheit und die M\u00f6glichkeit, komplexe Details technisch zu verwirklichen.<\/p>\n<\/div><\/div><\/div><\/div><\/div><\/div><div class=\"fusion-fullwidth fullwidth-box fusion-builder-row-4 fusion-flex-container has-pattern-background has-mask-background hundred-percent-fullwidth non-hundred-percent-height-scrolling\" style=\"--awb-border-radius-top-left:0px;--awb-border-radius-top-right:0px;--awb-border-radius-bottom-right:0px;--awb-border-radius-bottom-left:0px;--awb-padding-top:0px;--awb-padding-right:0px;--awb-padding-bottom:0px;--awb-padding-left:0px;--awb-margin-top:0px;--awb-margin-bottom:0px;--awb-flex-wrap:wrap;\" ><div class=\"fusion-builder-row fusion-row fusion-flex-align-items-flex-start fusion-flex-content-wrap\" style=\"width:104% !important;max-width:104% !important;margin-left: calc(-4% \/ 2 );margin-right: calc(-4% \/ 2 );\"><div class=\"fusion-layout-column fusion_builder_column fusion-builder-column-8 fusion_builder_column_1_2 1_2 fusion-flex-column fusion-no-small-visibility\" style=\"--awb-padding-right:30px;--awb-padding-left:30px;--awb-bg-color:var(--awb-color3);--awb-bg-color-hover:var(--awb-color3);--awb-bg-size:cover;--awb-width-large:50%;--awb-margin-top-large:0px;--awb-spacing-right-large:3.84%;--awb-margin-bottom-large:0px;--awb-spacing-left-large:3.84%;--awb-width-medium:50%;--awb-order-medium:0;--awb-spacing-right-medium:3.84%;--awb-spacing-left-medium:3.84%;--awb-width-small:100%;--awb-order-small:0;--awb-spacing-right-small:1.92%;--awb-spacing-left-small:1.92%;\"><div class=\"fusion-column-wrapper fusion-column-has-shadow fusion-flex-justify-content-flex-end fusion-content-layout-row\"><div class=\"fusion-text fusion-text-9 fusion-text-no-margin\" style=\"--awb-font-size:25px;--awb-text-color:var(--awb-color1);--awb-margin-top:5px;--awb-margin-right:0px;--awb-margin-bottom:0px;--awb-margin-left:0px;\"><p>WEITER SUCHEN...<\/p>\n<\/div><\/div><\/div><\/div><\/div><div class=\"fusion-fullwidth fullwidth-box fusion-builder-row-5 fusion-flex-container has-pattern-background has-mask-background hundred-percent-fullwidth non-hundred-percent-height-scrolling\" style=\"--awb-border-radius-top-left:0px;--awb-border-radius-top-right:0px;--awb-border-radius-bottom-right:0px;--awb-border-radius-bottom-left:0px;--awb-padding-top:0px;--awb-margin-top:-100px;--awb-flex-wrap:wrap;\" ><div class=\"fusion-builder-row fusion-row fusion-flex-align-items-flex-start fusion-flex-justify-content-flex-end fusion-flex-content-wrap\" style=\"width:104% !important;max-width:104% !important;margin-left: calc(-4% \/ 2 );margin-right: calc(-4% \/ 2 );\"><div class=\"fusion-layout-column fusion_builder_column fusion-builder-column-9 fusion_builder_column_1_3 1_3 fusion-flex-column\" style=\"--awb-bg-size:cover;--awb-width-large:33.333333333333%;--awb-margin-top-large:0px;--awb-spacing-right-large:5.76%;--awb-margin-bottom-large:0px;--awb-spacing-left-large:5.76%;--awb-width-medium:33.333333333333%;--awb-order-medium:0;--awb-spacing-right-medium:5.76%;--awb-spacing-left-medium:5.76%;--awb-width-small:100%;--awb-order-small:0;--awb-spacing-right-small:1.92%;--awb-spacing-left-small:1.92%;\"><div class=\"fusion-column-wrapper fusion-column-has-shadow fusion-flex-justify-content-flex-end fusion-content-layout-row\"><div class=\"fusion-text fusion-text-10\"><p><img decoding=\"async\" class=\"lazyload alignnone wp-image-187\" src=\"data:image\/svg+xml,%3Csvg%20xmlns%3D%27http%3A%2F%2Fwww.w3.org%2F2000%2Fsvg%27%20width%3D%27204%27%20height%3D%27206%27%20viewBox%3D%270%200%20204%20206%27%3E%3Crect%20width%3D%27204%27%20height%3D%27206%27%20fill-opacity%3D%220%22%2F%3E%3C%2Fsvg%3E\" data-orig-src=\"\/wp-content\/uploads\/2024\/04\/Patent.svg\" alt=\"SPARQ Balustraden Vollglasbalustraden Projektunterst\u00fctzung Produkte Engineering Logistik\" width=\"204\" height=\"206\" \/><\/p>\n<\/div><\/div><\/div><\/div><\/div><div class=\"fusion-fullwidth fullwidth-box fusion-builder-row-6 fusion-flex-container has-pattern-background has-mask-background nonhundred-percent-fullwidth non-hundred-percent-height-scrolling\" style=\"--awb-border-radius-top-left:0px;--awb-border-radius-top-right:0px;--awb-border-radius-bottom-right:0px;--awb-border-radius-bottom-left:0px;--awb-padding-top:100px;--awb-padding-bottom:100px;--awb-margin-top:-140px;--awb-background-color:var(--awb-color3);--awb-flex-wrap:wrap;\" ><div class=\"fusion-builder-row fusion-row fusion-flex-align-items-flex-start fusion-flex-content-wrap\" style=\"max-width:1248px;margin-left: calc(-4% \/ 2 );margin-right: calc(-4% \/ 2 );\"><div class=\"fusion-layout-column fusion_builder_column fusion-builder-column-10 fusion_builder_column_3_5 3_5 fusion-flex-column\" style=\"--awb-bg-size:cover;--awb-width-large:60%;--awb-margin-top-large:0px;--awb-spacing-right-large:3.2%;--awb-margin-bottom-large:0px;--awb-spacing-left-large:3.2%;--awb-width-medium:60%;--awb-order-medium:0;--awb-spacing-right-medium:3.2%;--awb-spacing-left-medium:3.2%;--awb-width-small:100%;--awb-order-small:0;--awb-spacing-right-small:1.92%;--awb-spacing-left-small:1.92%;\"><div class=\"fusion-column-wrapper fusion-column-has-shadow fusion-flex-justify-content-flex-start fusion-content-layout-column\"><div class=\"fusion-text fusion-text-11\"><p><span style=\"font-family: SPARQ bold;\">Fachliche Beratung<\/span><br \/>\nSie suchen Rat und Unterst\u00fctzung? Unsere Spezialisten stehen Ihnen zur Verf\u00fcgung. Z\u00f6gern Sie nicht <a href=\"https:\/\/www.sparqbalustrades.nl\/de\/kontakt\/\">Kontakt<\/a> mit uns.<\/p>\n<p><span style=\"font-family: SPARQ bold;\">Kundenspezifisch montierte<\/span><br \/>\nWir k\u00f6nnen Sie nach Ihren W\u00fcnschen beliefern. Von <a href=\"https:\/\/www.sparqbalustrades.nl\/de\/katalog\/\">verschiedene Profile<\/a> zu vervollst\u00e4ndigen von <a href=\"https:\/\/www.sparqbalustrades.nl\/de\/projektunterstutzung\/\">Technik<\/a> zur Montage und <a href=\"https:\/\/www.sparqbalustrades.nl\/de\/projektunterstutzung\/\">Projektunterst\u00fctzung<\/a>.<\/p>\n<p><span style=\"font-family: SPARQ bold;\">Rundschreiben<\/span><br \/>\nAuf der Grundlage von extern durchgef\u00fchrten Untersuchungen k\u00f6nnen unsere Systeme als vollst\u00e4ndig rund eingestuft werden. Dadurch werden die Beschattungskosten minimiert und wir k\u00f6nnen unsere Balustraden mit einem Materialpass versehen.<\/p>\n<\/div><\/div><\/div><div class=\"fusion-layout-column fusion_builder_column fusion-builder-column-11 fusion_builder_column_1_3 1_3 fusion-flex-column\" style=\"--awb-bg-size:cover;--awb-width-large:33.333333333333%;--awb-margin-top-large:0px;--awb-spacing-right-large:5.76%;--awb-margin-bottom-large:0px;--awb-spacing-left-large:5.76%;--awb-width-medium:33.333333333333%;--awb-order-medium:0;--awb-spacing-right-medium:5.76%;--awb-spacing-left-medium:5.76%;--awb-width-small:100%;--awb-order-small:0;--awb-spacing-right-small:1.92%;--awb-spacing-left-small:1.92%;\"><div class=\"fusion-column-wrapper fusion-column-has-shadow fusion-flex-justify-content-flex-start fusion-content-layout-column\"><div class=\"fusion-text fusion-text-12\"><p><span style=\"font-family: SPARQ bold;\">Etwas anders<\/span><br \/>\nDie Produkte von SPARQ Balustraden werden von Projektspezialisten entwickelt. Vieles konzentriert sich auf die Herstellung von (gro\u00dfen) <a href=\"https:\/\/www.sparqbalustrades.nl\/de\/projekte\/\">Projekte<\/a> zu implementieren.<\/p>\n<p><span style=\"font-family: SPARQ bold;\">Patentiert<\/span><br \/>\nDer einzigartige und innovative Charakter unserer Produkte wurde mit einem Patent ausgezeichnet.<\/p>\n<\/div><\/div><\/div><\/div><\/div><div class=\"fusion-fullwidth fullwidth-box fusion-builder-row-7 fusion-flex-container has-pattern-background has-mask-background nonhundred-percent-fullwidth non-hundred-percent-height-scrolling\" style=\"--awb-border-radius-top-left:0px;--awb-border-radius-top-right:0px;--awb-border-radius-bottom-right:0px;--awb-border-radius-bottom-left:0px;--awb-padding-top:100px;--awb-padding-bottom:100px;--awb-flex-wrap:wrap;\" ><div class=\"fusion-builder-row fusion-row fusion-flex-align-items-flex-start fusion-flex-content-wrap\" style=\"max-width:1248px;margin-left: calc(-4% \/ 2 );margin-right: calc(-4% \/ 2 );\"><div class=\"fusion-layout-column fusion_builder_column fusion-builder-column-12 fusion_builder_column_1_1 1_1 fusion-flex-column\" style=\"--awb-bg-size:cover;--awb-width-large:100%;--awb-margin-top-large:0px;--awb-spacing-right-large:1.92%;--awb-margin-bottom-large:0px;--awb-spacing-left-large:1.92%;--awb-width-medium:100%;--awb-order-medium:0;--awb-spacing-right-medium:1.92%;--awb-spacing-left-medium:1.92%;--awb-width-small:100%;--awb-order-small:0;--awb-spacing-right-small:1.92%;--awb-spacing-left-small:1.92%;\"><div class=\"fusion-column-wrapper fusion-column-has-shadow fusion-flex-justify-content-flex-start fusion-content-layout-column\"><div class=\"fusion-text fusion-text-13\"><h2>Unsere Arbeit ansehen<\/h2>\n<\/div><div class=\"fusion-recent-works fusion-portfolio-element fusion-portfolio fusion-portfolio-1 fusion-portfolio-grid fusion-portfolio-paging-pagination fusion-portfolio-four fusion-portfolio-no_text\" style=\"margin-top:0px;margin-right:0px;margin-bottom:0px;margin-left:0px;\" data-id=\"-rw-1\" data-columns=\"four\"><style type=\"text\/css\">.fusion-portfolio-1 .fusion-portfolio-wrapper .fusion-col-spacing{padding:0px;}<\/style><div class=\"fusion-portfolio-wrapper\" id=\"fusion-portfolio-1\" data-picturesize=\"auto\" data-pages=\"4\" style=\"margin:-0px;\"><article id=\"portfolio-1-post-2653\" class=\"fusion-portfolio-post glasbalustrades nederland woningen fusion-col-spacing post-2653\"><div class=\"fusion-portfolio-content-wrapper\" style=\"border:none;\"><span class=\"entry-title rich-snippet-hidden\">Nathaliegang - Zoetermeer<\/span><div  class=\"fusion-image-wrapper\" aria-haspopup=\"true\">\n\t\t\t\t\t\t\t<a href=\"https:\/\/www.sparqbalustrades.nl\/de\/opgeleverde-projecten\/nathaliegang-zoetermeer\/\" aria-label=\"Nathaliegang - Zoetermeer\">\n\t\t\t\t\t\t\t<img decoding=\"async\" width=\"1920\" height=\"1080\" src=\"https:\/\/www.sparqbalustrades.nl\/wp-content\/uploads\/2025\/10\/VAN02130.webp\" class=\"attachment-full size-full lazyload wp-post-image\" alt=\"Au\u00dfengel\u00e4nder aus Glas mit Aluminiumprofil\" srcset=\"data:image\/svg+xml,%3Csvg%20xmlns%3D%27http%3A%2F%2Fwww.w3.org%2F2000%2Fsvg%27%20width%3D%271920%27%20height%3D%271080%27%20viewBox%3D%270%200%201920%201080%27%3E%3Crect%20width%3D%271920%27%20height%3D%271080%27%20fill-opacity%3D%220%22%2F%3E%3C%2Fsvg%3E\" data-orig-src=\"https:\/\/www.sparqbalustrades.nl\/wp-content\/uploads\/2025\/10\/VAN02130.webp\" data-srcset=\"https:\/\/www.sparqbalustrades.nl\/wp-content\/uploads\/2025\/10\/VAN02130-200x113.webp 200w, https:\/\/www.sparqbalustrades.nl\/wp-content\/uploads\/2025\/10\/VAN02130-400x225.webp 400w, https:\/\/www.sparqbalustrades.nl\/wp-content\/uploads\/2025\/10\/VAN02130-600x338.webp 600w, https:\/\/www.sparqbalustrades.nl\/wp-content\/uploads\/2025\/10\/VAN02130-800x450.webp 800w, https:\/\/www.sparqbalustrades.nl\/wp-content\/uploads\/2025\/10\/VAN02130-1200x675.webp 1200w, https:\/\/www.sparqbalustrades.nl\/wp-content\/uploads\/2025\/10\/VAN02130.webp 1920w\" data-sizes=\"auto\" \/>\t\t\t<\/a>\n\t\t\t\t\t\t\t<\/div>\n<\/div><\/article><article id=\"portfolio-1-post-2585\" class=\"fusion-portfolio-post glasbalustrades glasbalustrades-gebogen nederland utiliteitsbouw fusion-col-spacing post-2585\"><div class=\"fusion-portfolio-content-wrapper\" style=\"border:none;\"><span class=\"entry-title rich-snippet-hidden\">Neugebautes B\u00fcro - Bergambacht<\/span><div  class=\"fusion-image-wrapper\" aria-haspopup=\"true\">\n\t\t\t\t\t\t\t<a href=\"https:\/\/www.sparqbalustrades.nl\/de\/opgeleverde-projecten\/nieuwbouw-kantoor-bergambacht\/\" aria-label=\"Neugebautes B\u00fcro - Bergambacht\">\n\t\t\t\t\t\t\t<img decoding=\"async\" width=\"1920\" height=\"1080\" src=\"https:\/\/www.sparqbalustrades.nl\/wp-content\/uploads\/2025\/09\/VAN02124.webp\" class=\"attachment-full size-full lazyload wp-post-image\" alt=\"Glasbalustrade mit Aluminiumprofil f\u00fcr den Innenbereich\" srcset=\"data:image\/svg+xml,%3Csvg%20xmlns%3D%27http%3A%2F%2Fwww.w3.org%2F2000%2Fsvg%27%20width%3D%271920%27%20height%3D%271080%27%20viewBox%3D%270%200%201920%201080%27%3E%3Crect%20width%3D%271920%27%20height%3D%271080%27%20fill-opacity%3D%220%22%2F%3E%3C%2Fsvg%3E\" data-orig-src=\"https:\/\/www.sparqbalustrades.nl\/wp-content\/uploads\/2025\/09\/VAN02124.webp\" data-srcset=\"https:\/\/www.sparqbalustrades.nl\/wp-content\/uploads\/2025\/09\/VAN02124-200x113.webp 200w, https:\/\/www.sparqbalustrades.nl\/wp-content\/uploads\/2025\/09\/VAN02124-400x225.webp 400w, https:\/\/www.sparqbalustrades.nl\/wp-content\/uploads\/2025\/09\/VAN02124-600x338.webp 600w, https:\/\/www.sparqbalustrades.nl\/wp-content\/uploads\/2025\/09\/VAN02124-800x450.webp 800w, https:\/\/www.sparqbalustrades.nl\/wp-content\/uploads\/2025\/09\/VAN02124-1200x675.webp 1200w, https:\/\/www.sparqbalustrades.nl\/wp-content\/uploads\/2025\/09\/VAN02124.webp 1920w\" data-sizes=\"auto\" \/>\t\t\t<\/a>\n\t\t\t\t\t\t\t<\/div>\n<\/div><\/article><article id=\"portfolio-1-post-2565\" class=\"fusion-portfolio-post glasbalustrades nederland utiliteitsbouw woningen fusion-col-spacing post-2565\"><div class=\"fusion-portfolio-content-wrapper\" style=\"border:none;\"><span class=\"entry-title rich-snippet-hidden\">Licht auf mehr - Opmeer<\/span><div  class=\"fusion-image-wrapper\" aria-haspopup=\"true\">\n\t\t\t\t\t\t\t<a href=\"https:\/\/www.sparqbalustrades.nl\/de\/opgeleverde-projecten\/licht-op-meer-opmeer\/\" aria-label=\"Licht auf mehr - Opmeer\">\n\t\t\t\t\t\t\t<img decoding=\"async\" width=\"1920\" height=\"1080\" src=\"https:\/\/www.sparqbalustrades.nl\/wp-content\/uploads\/2025\/08\/VAN01532.webp\" class=\"attachment-full size-full lazyload wp-post-image\" alt=\"SPARQ-Gel\u00e4nder Glas-Vollglas-Aluminium-Profile Absenkbl\u00f6cke\" srcset=\"data:image\/svg+xml,%3Csvg%20xmlns%3D%27http%3A%2F%2Fwww.w3.org%2F2000%2Fsvg%27%20width%3D%271920%27%20height%3D%271080%27%20viewBox%3D%270%200%201920%201080%27%3E%3Crect%20width%3D%271920%27%20height%3D%271080%27%20fill-opacity%3D%220%22%2F%3E%3C%2Fsvg%3E\" data-orig-src=\"https:\/\/www.sparqbalustrades.nl\/wp-content\/uploads\/2025\/08\/VAN01532.webp\" data-srcset=\"https:\/\/www.sparqbalustrades.nl\/wp-content\/uploads\/2025\/08\/VAN01532-200x113.webp 200w, https:\/\/www.sparqbalustrades.nl\/wp-content\/uploads\/2025\/08\/VAN01532-400x225.webp 400w, https:\/\/www.sparqbalustrades.nl\/wp-content\/uploads\/2025\/08\/VAN01532-600x338.webp 600w, https:\/\/www.sparqbalustrades.nl\/wp-content\/uploads\/2025\/08\/VAN01532-800x450.webp 800w, https:\/\/www.sparqbalustrades.nl\/wp-content\/uploads\/2025\/08\/VAN01532-1200x675.webp 1200w, https:\/\/www.sparqbalustrades.nl\/wp-content\/uploads\/2025\/08\/VAN01532.webp 1920w\" data-sizes=\"auto\" \/>\t\t\t<\/a>\n\t\t\t\t\t\t\t<\/div>\n<\/div><\/article><article id=\"portfolio-1-post-2555\" class=\"fusion-portfolio-post doorvalschermen nederland woningen fusion-col-spacing post-2555\"><div class=\"fusion-portfolio-content-wrapper\" style=\"border:none;\"><span class=\"entry-title rich-snippet-hidden\">Oosterzijderpark - Zaandam<\/span><div  class=\"fusion-image-wrapper\" aria-haspopup=\"true\">\n\t\t\t\t\t\t\t<a href=\"https:\/\/www.sparqbalustrades.nl\/de\/opgeleverde-projecten\/oosterzijderpark-zaandam\/\" aria-label=\"Oosterzijderpark - Zaandam\">\n\t\t\t\t\t\t\t<img decoding=\"async\" width=\"1920\" height=\"1080\" src=\"https:\/\/www.sparqbalustrades.nl\/wp-content\/uploads\/2025\/08\/VAN01509.webp\" class=\"attachment-full size-full lazyload wp-post-image\" alt=\"SPARQ-Gel\u00e4nder Glas-Vollglas-Aluminium-Profile Absenkbl\u00f6cke\" srcset=\"data:image\/svg+xml,%3Csvg%20xmlns%3D%27http%3A%2F%2Fwww.w3.org%2F2000%2Fsvg%27%20width%3D%271920%27%20height%3D%271080%27%20viewBox%3D%270%200%201920%201080%27%3E%3Crect%20width%3D%271920%27%20height%3D%271080%27%20fill-opacity%3D%220%22%2F%3E%3C%2Fsvg%3E\" data-orig-src=\"https:\/\/www.sparqbalustrades.nl\/wp-content\/uploads\/2025\/08\/VAN01509.webp\" data-srcset=\"https:\/\/www.sparqbalustrades.nl\/wp-content\/uploads\/2025\/08\/VAN01509-200x113.webp 200w, https:\/\/www.sparqbalustrades.nl\/wp-content\/uploads\/2025\/08\/VAN01509-400x225.webp 400w, https:\/\/www.sparqbalustrades.nl\/wp-content\/uploads\/2025\/08\/VAN01509-600x338.webp 600w, https:\/\/www.sparqbalustrades.nl\/wp-content\/uploads\/2025\/08\/VAN01509-800x450.webp 800w, https:\/\/www.sparqbalustrades.nl\/wp-content\/uploads\/2025\/08\/VAN01509-1200x675.webp 1200w, https:\/\/www.sparqbalustrades.nl\/wp-content\/uploads\/2025\/08\/VAN01509.webp 1920w\" data-sizes=\"auto\" \/>\t\t\t<\/a>\n\t\t\t\t\t\t\t<\/div>\n<\/div><\/article><article id=\"portfolio-1-post-2547\" class=\"fusion-portfolio-post doorvalschermen glasbalustrades nederland woningen fusion-col-spacing post-2547\"><div class=\"fusion-portfolio-content-wrapper\" style=\"border:none;\"><span class=\"entry-title rich-snippet-hidden\">Kroonzicht - Nieuw Vennep<\/span><div  class=\"fusion-image-wrapper\" aria-haspopup=\"true\">\n\t\t\t\t\t\t\t<a href=\"https:\/\/www.sparqbalustrades.nl\/de\/opgeleverde-projecten\/kroonzicht-nieuw-vennep\/\" aria-label=\"Kroonzicht - Nieuw Vennep\">\n\t\t\t\t\t\t\t<img decoding=\"async\" width=\"1920\" height=\"1080\" src=\"https:\/\/www.sparqbalustrades.nl\/wp-content\/uploads\/2025\/08\/VAN01484.webp\" class=\"attachment-full size-full lazyload wp-post-image\" alt=\"SPARQ-Gel\u00e4nder Glas-Vollglas-Aluminium-Profile Absenkbl\u00f6cke\" srcset=\"data:image\/svg+xml,%3Csvg%20xmlns%3D%27http%3A%2F%2Fwww.w3.org%2F2000%2Fsvg%27%20width%3D%271920%27%20height%3D%271080%27%20viewBox%3D%270%200%201920%201080%27%3E%3Crect%20width%3D%271920%27%20height%3D%271080%27%20fill-opacity%3D%220%22%2F%3E%3C%2Fsvg%3E\" data-orig-src=\"https:\/\/www.sparqbalustrades.nl\/wp-content\/uploads\/2025\/08\/VAN01484.webp\" data-srcset=\"https:\/\/www.sparqbalustrades.nl\/wp-content\/uploads\/2025\/08\/VAN01484-200x113.webp 200w, https:\/\/www.sparqbalustrades.nl\/wp-content\/uploads\/2025\/08\/VAN01484-400x225.webp 400w, https:\/\/www.sparqbalustrades.nl\/wp-content\/uploads\/2025\/08\/VAN01484-600x338.webp 600w, https:\/\/www.sparqbalustrades.nl\/wp-content\/uploads\/2025\/08\/VAN01484-800x450.webp 800w, https:\/\/www.sparqbalustrades.nl\/wp-content\/uploads\/2025\/08\/VAN01484-1200x675.webp 1200w, https:\/\/www.sparqbalustrades.nl\/wp-content\/uploads\/2025\/08\/VAN01484.webp 1920w\" data-sizes=\"auto\" \/>\t\t\t<\/a>\n\t\t\t\t\t\t\t<\/div>\n<\/div><\/article><article id=\"portfolio-1-post-2288\" class=\"fusion-portfolio-post glasbalustrades nederland utiliteitsbouw fusion-col-spacing post-2288\"><div class=\"fusion-portfolio-content-wrapper\" style=\"border:none;\"><span class=\"entry-title rich-snippet-hidden\">Gorlaeus-Geb\u00e4ude - Wissenschaftscampus<\/span><div  class=\"fusion-image-wrapper\" aria-haspopup=\"true\">\n\t\t\t\t\t\t\t<a href=\"https:\/\/www.sparqbalustrades.nl\/de\/opgeleverde-projecten\/gorlaeus-gebouw-science-campus\/\" aria-label=\"Gorlaeus-Geb\u00e4ude - Wissenschaftscampus\">\n\t\t\t\t\t\t\t<img decoding=\"async\" width=\"1920\" height=\"1080\" src=\"https:\/\/www.sparqbalustrades.nl\/wp-content\/uploads\/2025\/06\/hm_gorlaeus_univ_leiden_hr_30.webp\" class=\"attachment-full size-full lazyload wp-post-image\" alt=\"\" srcset=\"data:image\/svg+xml,%3Csvg%20xmlns%3D%27http%3A%2F%2Fwww.w3.org%2F2000%2Fsvg%27%20width%3D%271920%27%20height%3D%271080%27%20viewBox%3D%270%200%201920%201080%27%3E%3Crect%20width%3D%271920%27%20height%3D%271080%27%20fill-opacity%3D%220%22%2F%3E%3C%2Fsvg%3E\" data-orig-src=\"https:\/\/www.sparqbalustrades.nl\/wp-content\/uploads\/2025\/06\/hm_gorlaeus_univ_leiden_hr_30.webp\" data-srcset=\"https:\/\/www.sparqbalustrades.nl\/wp-content\/uploads\/2025\/06\/hm_gorlaeus_univ_leiden_hr_30-200x113.webp 200w, https:\/\/www.sparqbalustrades.nl\/wp-content\/uploads\/2025\/06\/hm_gorlaeus_univ_leiden_hr_30-400x225.webp 400w, https:\/\/www.sparqbalustrades.nl\/wp-content\/uploads\/2025\/06\/hm_gorlaeus_univ_leiden_hr_30-600x338.webp 600w, https:\/\/www.sparqbalustrades.nl\/wp-content\/uploads\/2025\/06\/hm_gorlaeus_univ_leiden_hr_30-800x450.webp 800w, https:\/\/www.sparqbalustrades.nl\/wp-content\/uploads\/2025\/06\/hm_gorlaeus_univ_leiden_hr_30-1200x675.webp 1200w, https:\/\/www.sparqbalustrades.nl\/wp-content\/uploads\/2025\/06\/hm_gorlaeus_univ_leiden_hr_30.webp 1920w\" data-sizes=\"auto\" \/>\t\t\t<\/a>\n\t\t\t\t\t\t\t<\/div>\n<\/div><\/article><article id=\"portfolio-1-post-2219\" class=\"fusion-portfolio-post glasbalustrades-gebogen nederland trappen utiliteitsbouw fusion-col-spacing post-2219\"><div class=\"fusion-portfolio-content-wrapper\" style=\"border:none;\"><span class=\"entry-title rich-snippet-hidden\">Bejo Zaden Warmenhuizen<\/span><div  class=\"fusion-image-wrapper\" aria-haspopup=\"true\">\n\t\t\t\t\t\t\t<a href=\"https:\/\/www.sparqbalustrades.nl\/de\/opgeleverde-projecten\/bejo-zaden-warmenhuizen\/\" aria-label=\"Bejo Zaden Warmenhuizen\">\n\t\t\t\t\t\t\t<img decoding=\"async\" width=\"1920\" height=\"1080\" src=\"https:\/\/www.sparqbalustrades.nl\/wp-content\/uploads\/2025\/05\/Bejo-4.webp\" class=\"attachment-full size-full lazyload wp-post-image\" alt=\"Vollglasbalustrade in modernem B\u00fcrogeb\u00e4ude\" srcset=\"data:image\/svg+xml,%3Csvg%20xmlns%3D%27http%3A%2F%2Fwww.w3.org%2F2000%2Fsvg%27%20width%3D%271920%27%20height%3D%271080%27%20viewBox%3D%270%200%201920%201080%27%3E%3Crect%20width%3D%271920%27%20height%3D%271080%27%20fill-opacity%3D%220%22%2F%3E%3C%2Fsvg%3E\" data-orig-src=\"https:\/\/www.sparqbalustrades.nl\/wp-content\/uploads\/2025\/05\/Bejo-4.webp\" data-srcset=\"https:\/\/www.sparqbalustrades.nl\/wp-content\/uploads\/2025\/05\/Bejo-4-200x113.webp 200w, https:\/\/www.sparqbalustrades.nl\/wp-content\/uploads\/2025\/05\/Bejo-4-400x225.webp 400w, https:\/\/www.sparqbalustrades.nl\/wp-content\/uploads\/2025\/05\/Bejo-4-600x338.webp 600w, https:\/\/www.sparqbalustrades.nl\/wp-content\/uploads\/2025\/05\/Bejo-4-800x450.webp 800w, https:\/\/www.sparqbalustrades.nl\/wp-content\/uploads\/2025\/05\/Bejo-4-1200x675.webp 1200w, https:\/\/www.sparqbalustrades.nl\/wp-content\/uploads\/2025\/05\/Bejo-4.webp 1920w\" data-sizes=\"auto\" \/>\t\t\t<\/a>\n\t\t\t\t\t\t\t<\/div>\n<\/div><\/article><article id=\"portfolio-1-post-2191\" class=\"fusion-portfolio-post glasbalustrades nederland trappen woningen fusion-col-spacing post-2191\"><div class=\"fusion-portfolio-content-wrapper\" style=\"border:none;\"><span class=\"entry-title rich-snippet-hidden\">Wohnungen Arnheim Hulkensteinseweg<\/span><div  class=\"fusion-image-wrapper\" aria-haspopup=\"true\">\n\t\t\t\t\t\t\t<a href=\"https:\/\/www.sparqbalustrades.nl\/de\/opgeleverde-projecten\/appartementen-arnhem-hulkensteinseweg\/\" aria-label=\"Wohnungen Arnheim Hulkensteinseweg\">\n\t\t\t\t\t\t\t<img decoding=\"async\" width=\"1920\" height=\"1080\" src=\"https:\/\/www.sparqbalustrades.nl\/wp-content\/uploads\/2025\/05\/VAN01183.webp\" class=\"attachment-full size-full lazyload wp-post-image\" alt=\"Vollglasbr\u00fcstung am Wohnblock\" srcset=\"data:image\/svg+xml,%3Csvg%20xmlns%3D%27http%3A%2F%2Fwww.w3.org%2F2000%2Fsvg%27%20width%3D%271920%27%20height%3D%271080%27%20viewBox%3D%270%200%201920%201080%27%3E%3Crect%20width%3D%271920%27%20height%3D%271080%27%20fill-opacity%3D%220%22%2F%3E%3C%2Fsvg%3E\" data-orig-src=\"https:\/\/www.sparqbalustrades.nl\/wp-content\/uploads\/2025\/05\/VAN01183.webp\" data-srcset=\"https:\/\/www.sparqbalustrades.nl\/wp-content\/uploads\/2025\/05\/VAN01183-200x113.webp 200w, https:\/\/www.sparqbalustrades.nl\/wp-content\/uploads\/2025\/05\/VAN01183-400x225.webp 400w, https:\/\/www.sparqbalustrades.nl\/wp-content\/uploads\/2025\/05\/VAN01183-600x338.webp 600w, https:\/\/www.sparqbalustrades.nl\/wp-content\/uploads\/2025\/05\/VAN01183-800x450.webp 800w, https:\/\/www.sparqbalustrades.nl\/wp-content\/uploads\/2025\/05\/VAN01183-1200x675.webp 1200w, https:\/\/www.sparqbalustrades.nl\/wp-content\/uploads\/2025\/05\/VAN01183.webp 1920w\" data-sizes=\"auto\" \/>\t\t\t<\/a>\n\t\t\t\t\t\t\t<\/div>\n<\/div><\/article><article id=\"portfolio-1-post-2190\" class=\"fusion-portfolio-post glasbalustrades nederland woningen fusion-col-spacing post-2190\"><div class=\"fusion-portfolio-content-wrapper\" style=\"border:none;\"><span class=\"entry-title rich-snippet-hidden\">Park Nova Deventer<\/span><div  class=\"fusion-image-wrapper\" aria-haspopup=\"true\">\n\t\t\t\t\t\t\t<a href=\"https:\/\/www.sparqbalustrades.nl\/de\/opgeleverde-projecten\/park-nova-deventer\/\" aria-label=\"Park Nova Deventer\">\n\t\t\t\t\t\t\t<img decoding=\"async\" width=\"1920\" height=\"1080\" src=\"https:\/\/www.sparqbalustrades.nl\/wp-content\/uploads\/2025\/05\/VAN01197.webp\" class=\"attachment-full size-full lazyload wp-post-image\" alt=\"Vollglasbr\u00fcstung am Wohnblock\" srcset=\"data:image\/svg+xml,%3Csvg%20xmlns%3D%27http%3A%2F%2Fwww.w3.org%2F2000%2Fsvg%27%20width%3D%271920%27%20height%3D%271080%27%20viewBox%3D%270%200%201920%201080%27%3E%3Crect%20width%3D%271920%27%20height%3D%271080%27%20fill-opacity%3D%220%22%2F%3E%3C%2Fsvg%3E\" data-orig-src=\"https:\/\/www.sparqbalustrades.nl\/wp-content\/uploads\/2025\/05\/VAN01197.webp\" data-srcset=\"https:\/\/www.sparqbalustrades.nl\/wp-content\/uploads\/2025\/05\/VAN01197-200x113.webp 200w, https:\/\/www.sparqbalustrades.nl\/wp-content\/uploads\/2025\/05\/VAN01197-400x225.webp 400w, https:\/\/www.sparqbalustrades.nl\/wp-content\/uploads\/2025\/05\/VAN01197-600x338.webp 600w, https:\/\/www.sparqbalustrades.nl\/wp-content\/uploads\/2025\/05\/VAN01197-800x450.webp 800w, https:\/\/www.sparqbalustrades.nl\/wp-content\/uploads\/2025\/05\/VAN01197-1200x675.webp 1200w, https:\/\/www.sparqbalustrades.nl\/wp-content\/uploads\/2025\/05\/VAN01197.webp 1920w\" data-sizes=\"auto\" \/>\t\t\t<\/a>\n\t\t\t\t\t\t\t<\/div>\n<\/div><\/article><article id=\"portfolio-1-post-2177\" class=\"fusion-portfolio-post doorvalschermen nederland woningen fusion-col-spacing post-2177\"><div class=\"fusion-portfolio-content-wrapper\" style=\"border:none;\"><span class=\"entry-title rich-snippet-hidden\">Durchsturzsiebe Wohnanlage Enschede<\/span><div  class=\"fusion-image-wrapper\" aria-haspopup=\"true\">\n\t\t\t\t\t\t\t<a href=\"https:\/\/www.sparqbalustrades.nl\/de\/opgeleverde-projecten\/doorvalschermen-appartementencomplex-enschede\/\" aria-label=\"Durchsturzsiebe Wohnanlage Enschede\">\n\t\t\t\t\t\t\t<img decoding=\"async\" width=\"1920\" height=\"1080\" src=\"https:\/\/www.sparqbalustrades.nl\/wp-content\/uploads\/2025\/05\/VAN01227.webp\" class=\"attachment-full size-full lazyload wp-post-image\" alt=\"Durchsturzsiebe Wohnanlage Enschede\" srcset=\"data:image\/svg+xml,%3Csvg%20xmlns%3D%27http%3A%2F%2Fwww.w3.org%2F2000%2Fsvg%27%20width%3D%271920%27%20height%3D%271080%27%20viewBox%3D%270%200%201920%201080%27%3E%3Crect%20width%3D%271920%27%20height%3D%271080%27%20fill-opacity%3D%220%22%2F%3E%3C%2Fsvg%3E\" data-orig-src=\"https:\/\/www.sparqbalustrades.nl\/wp-content\/uploads\/2025\/05\/VAN01227.webp\" data-srcset=\"https:\/\/www.sparqbalustrades.nl\/wp-content\/uploads\/2025\/05\/VAN01227-200x113.webp 200w, https:\/\/www.sparqbalustrades.nl\/wp-content\/uploads\/2025\/05\/VAN01227-400x225.webp 400w, https:\/\/www.sparqbalustrades.nl\/wp-content\/uploads\/2025\/05\/VAN01227-600x338.webp 600w, https:\/\/www.sparqbalustrades.nl\/wp-content\/uploads\/2025\/05\/VAN01227-800x450.webp 800w, https:\/\/www.sparqbalustrades.nl\/wp-content\/uploads\/2025\/05\/VAN01227-1200x675.webp 1200w, https:\/\/www.sparqbalustrades.nl\/wp-content\/uploads\/2025\/05\/VAN01227.webp 1920w\" data-sizes=\"auto\" \/>\t\t\t<\/a>\n\t\t\t\t\t\t\t<\/div>\n<\/div><\/article><article id=\"portfolio-1-post-2162\" class=\"fusion-portfolio-post glasbalustrades nederland utiliteitsbouw fusion-col-spacing post-2162\"><div class=\"fusion-portfolio-content-wrapper\" style=\"border:none;\"><span class=\"entry-title rich-snippet-hidden\">SV Parkhout Nieuwegein<\/span><div  class=\"fusion-image-wrapper\" aria-haspopup=\"true\">\n\t\t\t\t\t\t\t<a href=\"https:\/\/www.sparqbalustrades.nl\/de\/opgeleverde-projecten\/sv-parkhout-nieuwegein\/\" aria-label=\"SV Parkhout Nieuwegein\">\n\t\t\t\t\t\t\t<img decoding=\"async\" width=\"1920\" height=\"1080\" src=\"https:\/\/www.sparqbalustrades.nl\/wp-content\/uploads\/2025\/05\/VAN01117.webp\" class=\"attachment-full size-full lazyload wp-post-image\" alt=\"Ganzglasgel\u00e4nder SV Parkhout Nieuwegein\" srcset=\"data:image\/svg+xml,%3Csvg%20xmlns%3D%27http%3A%2F%2Fwww.w3.org%2F2000%2Fsvg%27%20width%3D%271920%27%20height%3D%271080%27%20viewBox%3D%270%200%201920%201080%27%3E%3Crect%20width%3D%271920%27%20height%3D%271080%27%20fill-opacity%3D%220%22%2F%3E%3C%2Fsvg%3E\" data-orig-src=\"https:\/\/www.sparqbalustrades.nl\/wp-content\/uploads\/2025\/05\/VAN01117.webp\" data-srcset=\"https:\/\/www.sparqbalustrades.nl\/wp-content\/uploads\/2025\/05\/VAN01117-200x113.webp 200w, https:\/\/www.sparqbalustrades.nl\/wp-content\/uploads\/2025\/05\/VAN01117-400x225.webp 400w, https:\/\/www.sparqbalustrades.nl\/wp-content\/uploads\/2025\/05\/VAN01117-600x338.webp 600w, https:\/\/www.sparqbalustrades.nl\/wp-content\/uploads\/2025\/05\/VAN01117-800x450.webp 800w, https:\/\/www.sparqbalustrades.nl\/wp-content\/uploads\/2025\/05\/VAN01117-1200x675.webp 1200w, https:\/\/www.sparqbalustrades.nl\/wp-content\/uploads\/2025\/05\/VAN01117.webp 1920w\" data-sizes=\"auto\" \/>\t\t\t<\/a>\n\t\t\t\t\t\t\t<\/div>\n<\/div><\/article><article id=\"portfolio-1-post-2144\" class=\"fusion-portfolio-post glasbalustrades nederland trappen utiliteitsbouw fusion-col-spacing post-2144\"><div class=\"fusion-portfolio-content-wrapper\" style=\"border:none;\"><span class=\"entry-title rich-snippet-hidden\">Die Romein-Gruppe Veendam<\/span><div  class=\"fusion-image-wrapper\" aria-haspopup=\"true\">\n\t\t\t\t\t\t\t<a href=\"https:\/\/www.sparqbalustrades.nl\/de\/opgeleverde-projecten\/de-romein-groep-veendam\/\" aria-label=\"Die Romein-Gruppe Veendam\">\n\t\t\t\t\t\t\t<img decoding=\"async\" width=\"1920\" height=\"1080\" src=\"https:\/\/www.sparqbalustrades.nl\/wp-content\/uploads\/2025\/05\/VAN00572.webp\" class=\"attachment-full size-full lazyload wp-post-image\" alt=\"Vollglasgel\u00e4nder B\u00fcrogeb\u00e4ude\" srcset=\"data:image\/svg+xml,%3Csvg%20xmlns%3D%27http%3A%2F%2Fwww.w3.org%2F2000%2Fsvg%27%20width%3D%271920%27%20height%3D%271080%27%20viewBox%3D%270%200%201920%201080%27%3E%3Crect%20width%3D%271920%27%20height%3D%271080%27%20fill-opacity%3D%220%22%2F%3E%3C%2Fsvg%3E\" data-orig-src=\"https:\/\/www.sparqbalustrades.nl\/wp-content\/uploads\/2025\/05\/VAN00572.webp\" data-srcset=\"https:\/\/www.sparqbalustrades.nl\/wp-content\/uploads\/2025\/05\/VAN00572-200x113.webp 200w, https:\/\/www.sparqbalustrades.nl\/wp-content\/uploads\/2025\/05\/VAN00572-400x225.webp 400w, https:\/\/www.sparqbalustrades.nl\/wp-content\/uploads\/2025\/05\/VAN00572-600x338.webp 600w, https:\/\/www.sparqbalustrades.nl\/wp-content\/uploads\/2025\/05\/VAN00572-800x450.webp 800w, https:\/\/www.sparqbalustrades.nl\/wp-content\/uploads\/2025\/05\/VAN00572-1200x675.webp 1200w, https:\/\/www.sparqbalustrades.nl\/wp-content\/uploads\/2025\/05\/VAN00572.webp 1920w\" data-sizes=\"auto\" \/>\t\t\t<\/a>\n\t\t\t\t\t\t\t<\/div>\n<\/div><\/article><\/div><div class=\"pagination clearfix\"><span class=\"current\">1<\/span><a href=\"https:\/\/www.sparqbalustrades.nl\/de\/wp-json\/wp\/v2\/pages\/234\/page\/2\/\" class=\"inactive\">2<\/a><a class=\"pagination-next\" rel=\"next\" href=\"https:\/\/www.sparqbalustrades.nl\/de\/wp-json\/wp\/v2\/pages\/234\/page\/2\/\"><span class=\"page-text\">Weiter<\/span><span class=\"page-next\"><\/span><\/a><\/div><div class=\"fusion-clearfix\"><\/div><\/div><\/div><\/div><\/div><\/div><div class=\"fusion-fullwidth fullwidth-box fusion-builder-row-8 fusion-flex-container has-pattern-background has-mask-background fusion-parallax-none nonhundred-percent-fullwidth non-hundred-percent-height-scrolling lazyload\" style=\"--awb-border-radius-top-left:0px;--awb-border-radius-top-right:0px;--awb-border-radius-bottom-right:0px;--awb-border-radius-bottom-left:0px;--awb-padding-top:80px;--awb-padding-bottom:80px;--awb-background-size:cover;--awb-flex-wrap:wrap;\" data-bg=\"\/wp-content\/uploads\/2024\/05\/abstractatomlinegreenbg.svg\" ><div class=\"fusion-builder-row fusion-row fusion-flex-align-items-flex-start fusion-flex-content-wrap\" style=\"max-width:1248px;margin-left: calc(-4% \/ 2 );margin-right: calc(-4% \/ 2 );\"><div class=\"fusion-layout-column fusion_builder_column fusion-builder-column-13 fusion_builder_column_1_1 1_1 fusion-flex-column\" style=\"--awb-bg-size:cover;--awb-width-large:100%;--awb-margin-top-large:0px;--awb-spacing-right-large:1.92%;--awb-margin-bottom-large:0px;--awb-spacing-left-large:1.92%;--awb-width-medium:100%;--awb-order-medium:0;--awb-spacing-right-medium:1.92%;--awb-spacing-left-medium:1.92%;--awb-width-small:100%;--awb-order-small:0;--awb-spacing-right-small:1.92%;--awb-spacing-left-small:1.92%;\"><div class=\"fusion-column-wrapper fusion-column-has-shadow fusion-flex-justify-content-flex-start fusion-content-layout-column\"><div class=\"fusion-text fusion-text-14 CTAblok-groen\" style=\"--awb-font-size:25px;--awb-text-color:var(--awb-color1);\"><h2 style=\"text-align: center;\">Fordern Sie Ihr kostenloses Angebot an!<\/h2>\n<p style=\"text-align: center;\">Suchen Sie ein stilvolles und sicheres Glasgel\u00e4nder f\u00fcr Ihren Balkon, Ihre Terrasse oder Ihre Treppe?<br \/>\nFordern Sie jetzt ein kostenloses, individuelles Angebot an.<\/p>\n<\/div><div style=\"text-align:center;\"><a class=\"fusion-button button-flat fusion-button-default-size button-default fusion-button-default button-3 fusion-button-default-span fusion-button-default-type\" target=\"_self\" data-hover=\"bg_slide_right\" href=\"#offerteaanvragen\"><span class=\"fusion-button-text awb-button__text awb-button__text--default\">EIN ANGEBOT ANFORDERN<\/span><i class=\"fa-angle-right fas awb-button__icon awb-button__icon--default button-icon-right\" aria-hidden=\"true\"><\/i><\/a><\/div><\/div><\/div><\/div><\/div><div id=\"5zekerheden\" class=\"fusion-container-anchor\"><div class=\"fusion-fullwidth fullwidth-box fusion-builder-row-9 fusion-flex-container has-pattern-background has-mask-background nonhundred-percent-fullwidth non-hundred-percent-height-scrolling\" style=\"--awb-border-radius-top-left:0px;--awb-border-radius-top-right:0px;--awb-border-radius-bottom-right:0px;--awb-border-radius-bottom-left:0px;--awb-padding-top:80px;--awb-padding-bottom:0px;--awb-padding-right-small:50px;--awb-padding-left-small:50px;--awb-background-color:var(--awb-color1);--awb-flex-wrap:wrap;\" ><div class=\"awb-background-mask\" style=\"background-image:  url();opacity: 0.04 ;transform: scale(1, 1);mix-blend-mode:normal;\"><\/div><div class=\"fusion-builder-row fusion-row fusion-flex-align-items-flex-start fusion-flex-content-wrap\" style=\"max-width:1248px;margin-left: calc(-4% \/ 2 );margin-right: calc(-4% \/ 2 );\"><div class=\"fusion-layout-column fusion_builder_column fusion-builder-column-14 fusion_builder_column_1_1 1_1 fusion-flex-column\" style=\"--awb-bg-size:cover;--awb-width-large:100%;--awb-margin-top-large:0px;--awb-spacing-right-large:1.92%;--awb-margin-bottom-large:30px;--awb-spacing-left-large:1.92%;--awb-width-medium:100%;--awb-order-medium:0;--awb-spacing-right-medium:1.92%;--awb-spacing-left-medium:1.92%;--awb-width-small:100%;--awb-order-small:0;--awb-spacing-right-small:1.92%;--awb-spacing-left-small:1.92%;\"><div class=\"fusion-column-wrapper fusion-column-has-shadow fusion-flex-justify-content-flex-start fusion-content-layout-column\"><div class=\"fusion-text fusion-text-15\"><h2>Die 5 Gewissheiten der SPARQ-Glasbalustraden<\/h2>\n<\/div><\/div><\/div><div class=\"fusion-layout-column fusion_builder_column fusion-builder-column-15 fusion_builder_column_1_5 1_5 fusion-flex-column\" style=\"--awb-bg-size:cover;--awb-width-large:20%;--awb-margin-top-large:25px;--awb-spacing-right-large:9.6%;--awb-margin-bottom-large:40px;--awb-spacing-left-large:9.6%;--awb-width-medium:20%;--awb-order-medium:0;--awb-spacing-right-medium:9.6%;--awb-spacing-left-medium:9.6%;--awb-width-small:100%;--awb-order-small:0;--awb-spacing-right-small:1.92%;--awb-spacing-left-small:1.92%;\"><div class=\"fusion-column-wrapper fusion-column-has-shadow fusion-flex-justify-content-flex-start fusion-content-layout-column\"><div class=\"fusion-text fusion-text-16 fusion-text-no-margin zekerheden-cijfer\" style=\"--awb-font-size:80px;--awb-line-height:0;--awb-text-color:var(--awb-color3);--awb-margin-top:0px;--awb-margin-right:0px;--awb-margin-bottom:0px;--awb-margin-left:-20px;--awb-text-font-family:&quot;SPARQ Bold&quot;;--awb-text-font-style:normal;--awb-text-font-weight:400;\"><p>01<\/p>\n<\/div><div class=\"fusion-text fusion-text-17 fusion-text-no-margin zekerheden-titel\" style=\"--awb-font-size:20px;--awb-line-height:1em;--awb-margin-top:0px;--awb-margin-right:0px;--awb-margin-bottom:20px;--awb-margin-left:0px;\"><p>Nachhaltig &amp;<br \/>\nwiederverwendbar<\/p>\n<\/div><div class=\"fusion-text fusion-text-18\"><p>Cradle-to-Cradle bedeutet, dass unsere Gel\u00e4nder vollst\u00e4ndig recycelbar sind, wobei die Abf\u00e4lle eines Produkts als Rohstoff f\u00fcr das n\u00e4chste dienen. Dies f\u00f6rdert die Nachhaltigkeit durch Wiederverwendung und minimiert die Umweltbelastung.<\/p>\n<\/div><\/div><\/div><div class=\"fusion-layout-column fusion_builder_column fusion-builder-column-16 fusion_builder_column_1_5 1_5 fusion-flex-column\" style=\"--awb-bg-size:cover;--awb-width-large:20%;--awb-margin-top-large:25px;--awb-spacing-right-large:9.6%;--awb-margin-bottom-large:40px;--awb-spacing-left-large:9.6%;--awb-width-medium:20%;--awb-order-medium:0;--awb-spacing-right-medium:9.6%;--awb-spacing-left-medium:9.6%;--awb-width-small:100%;--awb-order-small:0;--awb-spacing-right-small:1.92%;--awb-spacing-left-small:1.92%;\"><div class=\"fusion-column-wrapper fusion-column-has-shadow fusion-flex-justify-content-flex-start fusion-content-layout-column\"><div class=\"fusion-text fusion-text-19 fusion-text-no-margin zekerheden-cijfer\" style=\"--awb-font-size:80px;--awb-line-height:0;--awb-text-color:var(--awb-color3);--awb-margin-top:0px;--awb-margin-right:0px;--awb-margin-bottom:0px;--awb-margin-left:-20px;--awb-text-font-family:&quot;SPARQ Bold&quot;;--awb-text-font-style:normal;--awb-text-font-weight:400;\"><p>02<\/p>\n<\/div><div class=\"fusion-text fusion-text-20 fusion-text-no-margin zekerheden-titel\" style=\"--awb-font-size:20px;--awb-line-height:1em;--awb-margin-top:0px;--awb-margin-right:0px;--awb-margin-bottom:20px;--awb-margin-left:0px;\"><p>Sicher, funktionell<br \/>\n&amp; \u00c4sthetik<\/p>\n<\/div><div class=\"fusion-text fusion-text-21\"><p>Die L\u00f6sungen von SPARQ Balustrades gehen \u00fcber eine funktionale und sichere Absturzsicherung hinaus. \u00c4sthetik wiegt f\u00fcr uns genauso viel wie Sicherheit.<\/p>\n<\/div><\/div><\/div><div class=\"fusion-layout-column fusion_builder_column fusion-builder-column-17 fusion_builder_column_1_5 1_5 fusion-flex-column\" style=\"--awb-bg-size:cover;--awb-width-large:20%;--awb-margin-top-large:25px;--awb-spacing-right-large:9.6%;--awb-margin-bottom-large:40px;--awb-spacing-left-large:9.6%;--awb-width-medium:20%;--awb-order-medium:0;--awb-spacing-right-medium:9.6%;--awb-spacing-left-medium:9.6%;--awb-width-small:100%;--awb-order-small:0;--awb-spacing-right-small:1.92%;--awb-spacing-left-small:1.92%;\"><div class=\"fusion-column-wrapper fusion-column-has-shadow fusion-flex-justify-content-flex-start fusion-content-layout-column\"><div class=\"fusion-text fusion-text-22 fusion-text-no-margin zekerheden-cijfer\" style=\"--awb-font-size:80px;--awb-line-height:0;--awb-text-color:var(--awb-color3);--awb-margin-top:-5px;--awb-margin-right:0px;--awb-margin-bottom:0px;--awb-margin-left:-20px;--awb-text-font-family:&quot;SPARQ Bold&quot;;--awb-text-font-style:normal;--awb-text-font-weight:400;\"><p>03<\/p>\n<\/div><div class=\"fusion-text fusion-text-23 fusion-text-no-margin zekerheden-titel\" style=\"--awb-font-size:20px;--awb-line-height:1em;--awb-margin-top:0px;--awb-margin-right:0px;--awb-margin-bottom:20px;--awb-margin-left:0px;\"><p>Hochwertige Qualit\u00e4t<br \/>\nMaterialien<\/p>\n<\/div><div class=\"fusion-text fusion-text-24\"><p>Ein sch\u00f6nes Geb\u00e4ude verdient eine sch\u00f6ne Balustrade. Unser Ziel ist es, dass Sie die sch\u00f6nsten Geb\u00e4ude auch dank der Qualit\u00e4tsl\u00f6sungen von SPARQ Balustraden realisieren k\u00f6nnen.<\/p>\n<\/div><\/div><\/div><div class=\"fusion-layout-column fusion_builder_column fusion-builder-column-18 fusion_builder_column_1_5 1_5 fusion-flex-column\" style=\"--awb-bg-size:cover;--awb-width-large:20%;--awb-margin-top-large:25px;--awb-spacing-right-large:9.6%;--awb-margin-bottom-large:40px;--awb-spacing-left-large:9.6%;--awb-width-medium:20%;--awb-order-medium:0;--awb-spacing-right-medium:9.6%;--awb-spacing-left-medium:9.6%;--awb-width-small:100%;--awb-order-small:0;--awb-spacing-right-small:1.92%;--awb-spacing-left-small:1.92%;\"><div class=\"fusion-column-wrapper fusion-column-has-shadow fusion-flex-justify-content-flex-start fusion-content-layout-column\"><div class=\"fusion-text fusion-text-25 fusion-text-no-margin zekerheden-cijfer\" style=\"--awb-font-size:80px;--awb-line-height:0;--awb-text-color:var(--awb-color3);--awb-margin-top:0px;--awb-margin-right:0px;--awb-margin-bottom:0px;--awb-margin-left:-20px;--awb-text-font-family:&quot;SPARQ Bold&quot;;--awb-text-font-style:normal;--awb-text-font-weight:400;\"><p>04<\/p>\n<\/div><div class=\"fusion-text fusion-text-26 fusion-text-no-margin zekerheden-titel\" style=\"--awb-font-size:20px;--awb-line-height:1em;--awb-margin-top:0px;--awb-margin-right:0px;--awb-margin-bottom:20px;--awb-margin-left:0px;\"><p>Vollst\u00e4ndig<br \/>\nzertifiziert<\/p>\n<\/div><div class=\"fusion-text fusion-text-27\"><p>SPARQ Balustrades ist vollst\u00e4ndig zertifiziert. Alle unsere Balustraden entsprechen den NEN-Normen. Dar\u00fcber hinaus erf\u00fcllen wir die Kriterien der verschiedenen europ\u00e4ischen L\u00e4nder.<\/p>\n<\/div><\/div><\/div><div class=\"fusion-layout-column fusion_builder_column fusion-builder-column-19 fusion_builder_column_1_5 1_5 fusion-flex-column\" style=\"--awb-bg-size:cover;--awb-width-large:20%;--awb-margin-top-large:25px;--awb-spacing-right-large:9.6%;--awb-margin-bottom-large:40px;--awb-spacing-left-large:9.6%;--awb-width-medium:20%;--awb-order-medium:0;--awb-spacing-right-medium:9.6%;--awb-spacing-left-medium:9.6%;--awb-width-small:100%;--awb-order-small:0;--awb-spacing-right-small:1.92%;--awb-spacing-left-small:1.92%;\"><div class=\"fusion-column-wrapper fusion-column-has-shadow fusion-flex-justify-content-flex-start fusion-content-layout-column\"><div class=\"fusion-text fusion-text-28 fusion-text-no-margin zekerheden-cijfer\" style=\"--awb-font-size:80px;--awb-line-height:0;--awb-text-color:var(--awb-color3);--awb-margin-top:0px;--awb-margin-right:0px;--awb-margin-bottom:0px;--awb-margin-left:-20px;--awb-text-font-family:&quot;SPARQ Bold&quot;;--awb-text-font-style:normal;--awb-text-font-weight:400;\"><p>05<\/p>\n<\/div><div class=\"fusion-text fusion-text-29 fusion-text-no-margin zekerheden-titel\" style=\"--awb-font-size:20px;--awb-line-height:1em;--awb-margin-top:0px;--awb-margin-right:0px;--awb-margin-bottom:20px;--awb-margin-left:0px;\"><p>Ger\u00e4umig<br \/>\nAktien<\/p>\n<\/div><div class=\"fusion-text fusion-text-30\"><p>Dank eines Produktlagers von mindestens 5.000 Metern k\u00f6nnen wir Ihr Projekt schnell in Angriff nehmen.<\/p>\n<\/div><\/div><\/div><\/div><\/div><\/div>\n<\/p>","protected":false},"excerpt":{"rendered":"","protected":false},"author":1,"featured_media":0,"parent":0,"menu_order":7,"comment_status":"closed","ping_status":"closed","template":"100-width.php","meta":{"footnotes":""},"class_list":["post-234","page","type-page","status-publish","hentry"],"yoast_head":"<!-- This site is optimized with the Yoast SEO plugin v27.2 - https:\/\/yoast.com\/product\/yoast-seo-wordpress\/ -->\n<title>SPARQ Balustrades | Expert in Volglasbalustrades | Look further<\/title>\n<meta name=\"description\" content=\"SPARQ balustrades biedt duurzame, innovatieve volglasbalustrades op maat met hoge sterkte en ontwerpvrijheid. Projectondersteuning &amp; advies!\" \/>\n<meta name=\"robots\" content=\"index, follow, max-snippet:-1, max-image-preview:large, max-video-preview:-1\" \/>\n<link rel=\"canonical\" href=\"https:\/\/www.sparqbalustrades.nl\/de\/\" \/>\n<meta property=\"og:locale\" content=\"de_DE\" \/>\n<meta property=\"og:type\" content=\"article\" \/>\n<meta property=\"og:title\" content=\"SPARQ Balustrades | Expert in Volglasbalustrades | Look further\" \/>\n<meta property=\"og:description\" content=\"SPARQ balustrades biedt duurzame, innovatieve volglasbalustrades op maat met hoge sterkte en ontwerpvrijheid. Projectondersteuning &amp; advies!\" \/>\n<meta property=\"og:url\" content=\"https:\/\/www.sparqbalustrades.nl\/de\/\" \/>\n<meta property=\"og:site_name\" content=\"SPARQ Balustrades\" \/>\n<meta property=\"article:publisher\" content=\"https:\/\/www.facebook.com\/profile.php?id=100047334683162\" \/>\n<meta property=\"article:modified_time\" content=\"2025-10-14T12:32:44+00:00\" \/>\n<meta property=\"og:image\" content=\"https:\/\/www.sparqbalustrades.nl\/wp-content\/uploads\/2024\/08\/team2024.webp\" \/>\n\t<meta property=\"og:image:width\" content=\"1920\" \/>\n\t<meta property=\"og:image:height\" content=\"1080\" \/>\n\t<meta property=\"og:image:type\" content=\"image\/webp\" \/>\n<meta name=\"twitter:card\" content=\"summary_large_image\" \/>\n<meta name=\"twitter:label1\" content=\"Gesch\u00e4tzte Lesezeit\" \/>\n\t<meta name=\"twitter:data1\" content=\"6\u00a0Minuten\" \/>\n<script type=\"application\/ld+json\" class=\"yoast-schema-graph\">{\"@context\":\"https:\/\/schema.org\",\"@graph\":[{\"@type\":\"WebPage\",\"@id\":\"https:\/\/www.sparqbalustrades.nl\/\",\"url\":\"https:\/\/www.sparqbalustrades.nl\/\",\"name\":\"SPARQ Balustrades | Expert in Volglasbalustrades | Look further\",\"isPartOf\":{\"@id\":\"https:\/\/www.sparqbalustrades.nl\/#website\"},\"datePublished\":\"2024-04-16T12:32:55+00:00\",\"dateModified\":\"2025-10-14T12:32:44+00:00\",\"description\":\"SPARQ balustrades biedt duurzame, innovatieve volglasbalustrades op maat met hoge sterkte en ontwerpvrijheid. Projectondersteuning & advies!\",\"breadcrumb\":{\"@id\":\"https:\/\/www.sparqbalustrades.nl\/#breadcrumb\"},\"inLanguage\":\"de\",\"potentialAction\":[{\"@type\":\"ReadAction\",\"target\":[\"https:\/\/www.sparqbalustrades.nl\/\"]}]},{\"@type\":\"BreadcrumbList\",\"@id\":\"https:\/\/www.sparqbalustrades.nl\/#breadcrumb\",\"itemListElement\":[{\"@type\":\"ListItem\",\"position\":1,\"name\":\"Home\",\"item\":\"https:\/\/www.sparqbalustrades.nl\/\"},{\"@type\":\"ListItem\",\"position\":2,\"name\":\"Glasbalustrades\"}]},{\"@type\":\"WebSite\",\"@id\":\"https:\/\/www.sparqbalustrades.nl\/#website\",\"url\":\"https:\/\/www.sparqbalustrades.nl\/\",\"name\":\"SPARQ Balustrades\",\"description\":\"Look Further\",\"publisher\":{\"@id\":\"https:\/\/www.sparqbalustrades.nl\/#organization\"},\"alternateName\":\"De specialist in volglasbalustrades\",\"potentialAction\":[{\"@type\":\"SearchAction\",\"target\":{\"@type\":\"EntryPoint\",\"urlTemplate\":\"https:\/\/www.sparqbalustrades.nl\/?s={search_term_string}\"},\"query-input\":{\"@type\":\"PropertyValueSpecification\",\"valueRequired\":true,\"valueName\":\"search_term_string\"}}],\"inLanguage\":\"de\"},{\"@type\":\"Organization\",\"@id\":\"https:\/\/www.sparqbalustrades.nl\/#organization\",\"name\":\"SPARQ Balustrades\",\"alternateName\":\"SPARQ Volglasbalustrades\",\"url\":\"https:\/\/www.sparqbalustrades.nl\/\",\"logo\":{\"@type\":\"ImageObject\",\"inLanguage\":\"de\",\"@id\":\"https:\/\/www.sparqbalustrades.nl\/#\/schema\/logo\/image\/\",\"url\":\"https:\/\/www.sparqbalustrades.nl\/wp-content\/uploads\/2024\/08\/team2024.webp\",\"contentUrl\":\"https:\/\/www.sparqbalustrades.nl\/wp-content\/uploads\/2024\/08\/team2024.webp\",\"width\":1920,\"height\":1080,\"caption\":\"SPARQ Balustrades\"},\"image\":{\"@id\":\"https:\/\/www.sparqbalustrades.nl\/#\/schema\/logo\/image\/\"},\"sameAs\":[\"https:\/\/www.facebook.com\/profile.php?id=100047334683162\",\"https:\/\/www.instagram.com\/sparqbalustrades\/\",\"https:\/\/nl.pinterest.com\/sparq_balustrades\/\",\"https:\/\/www.youtube.com\/channel\/UCJX3WLp4-Tp8NXgbXmxz_2g\",\"https:\/\/www.linkedin.com\/company\/sparq-balustrades\/\"]}]}<\/script>\n<!-- \/ Yoast SEO plugin. -->","yoast_head_json":{"title":"SPARQ Balustrades | Experte f\u00fcr Ganzglasgel\u00e4nder | Suchen Sie weiter","description":"SPARQ Balustraden bietet langlebige, innovative, ma\u00dfgeschneiderte Vollglasbalustraden mit hoher Festigkeit und Gestaltungsfreiheit. Projektunterst\u00fctzung &amp; Beratung!","robots":{"index":"index","follow":"follow","max-snippet":"max-snippet:-1","max-image-preview":"max-image-preview:large","max-video-preview":"max-video-preview:-1"},"canonical":"https:\/\/www.sparqbalustrades.nl\/de\/","og_locale":"de_DE","og_type":"article","og_title":"SPARQ Balustrades | Expert in Volglasbalustrades | Look further","og_description":"SPARQ balustrades biedt duurzame, innovatieve volglasbalustrades op maat met hoge sterkte en ontwerpvrijheid. Projectondersteuning & advies!","og_url":"https:\/\/www.sparqbalustrades.nl\/de\/","og_site_name":"SPARQ Balustrades","article_publisher":"https:\/\/www.facebook.com\/profile.php?id=100047334683162","article_modified_time":"2025-10-14T12:32:44+00:00","og_image":[{"width":1920,"height":1080,"url":"https:\/\/www.sparqbalustrades.nl\/wp-content\/uploads\/2024\/08\/team2024.webp","type":"image\/webp"}],"twitter_card":"summary_large_image","twitter_misc":{"Gesch\u00e4tzte Lesezeit":"6\u00a0Minuten"},"schema":{"@context":"https:\/\/schema.org","@graph":[{"@type":"WebPage","@id":"https:\/\/www.sparqbalustrades.nl\/","url":"https:\/\/www.sparqbalustrades.nl\/","name":"SPARQ Balustrades | Experte f\u00fcr Ganzglasgel\u00e4nder | Suchen Sie weiter","isPartOf":{"@id":"https:\/\/www.sparqbalustrades.nl\/#website"},"datePublished":"2024-04-16T12:32:55+00:00","dateModified":"2025-10-14T12:32:44+00:00","description":"SPARQ Balustraden bietet langlebige, innovative, ma\u00dfgeschneiderte Vollglasbalustraden mit hoher Festigkeit und Gestaltungsfreiheit. Projektunterst\u00fctzung &amp; Beratung!","breadcrumb":{"@id":"https:\/\/www.sparqbalustrades.nl\/#breadcrumb"},"inLanguage":"de","potentialAction":[{"@type":"ReadAction","target":["https:\/\/www.sparqbalustrades.nl\/"]}]},{"@type":"BreadcrumbList","@id":"https:\/\/www.sparqbalustrades.nl\/#breadcrumb","itemListElement":[{"@type":"ListItem","position":1,"name":"Home","item":"https:\/\/www.sparqbalustrades.nl\/"},{"@type":"ListItem","position":2,"name":"Glasbalustrades"}]},{"@type":"WebSite","@id":"https:\/\/www.sparqbalustrades.nl\/#website","url":"https:\/\/www.sparqbalustrades.nl\/","name":"SPARQ Balustraden","description":"Weiter schauen","publisher":{"@id":"https:\/\/www.sparqbalustrades.nl\/#organization"},"alternateName":"De specialist in volglasbalustrades","potentialAction":[{"@type":"SearchAction","target":{"@type":"EntryPoint","urlTemplate":"https:\/\/www.sparqbalustrades.nl\/?s={search_term_string}"},"query-input":{"@type":"PropertyValueSpecification","valueRequired":true,"valueName":"search_term_string"}}],"inLanguage":"de"},{"@type":"Organization","@id":"https:\/\/www.sparqbalustrades.nl\/#organization","name":"SPARQ Balustraden","alternateName":"SPARQ Volglasbalustrades","url":"https:\/\/www.sparqbalustrades.nl\/","logo":{"@type":"ImageObject","inLanguage":"de","@id":"https:\/\/www.sparqbalustrades.nl\/#\/schema\/logo\/image\/","url":"https:\/\/www.sparqbalustrades.nl\/wp-content\/uploads\/2024\/08\/team2024.webp","contentUrl":"https:\/\/www.sparqbalustrades.nl\/wp-content\/uploads\/2024\/08\/team2024.webp","width":1920,"height":1080,"caption":"SPARQ Balustrades"},"image":{"@id":"https:\/\/www.sparqbalustrades.nl\/#\/schema\/logo\/image\/"},"sameAs":["https:\/\/www.facebook.com\/profile.php?id=100047334683162","https:\/\/www.instagram.com\/sparqbalustrades\/","https:\/\/nl.pinterest.com\/sparq_balustrades\/","https:\/\/www.youtube.com\/channel\/UCJX3WLp4-Tp8NXgbXmxz_2g","https:\/\/www.linkedin.com\/company\/sparq-balustrades\/"]}]}},"_links":{"self":[{"href":"https:\/\/www.sparqbalustrades.nl\/de\/wp-json\/wp\/v2\/pages\/234","targetHints":{"allow":["GET"]}}],"collection":[{"href":"https:\/\/www.sparqbalustrades.nl\/de\/wp-json\/wp\/v2\/pages"}],"about":[{"href":"https:\/\/www.sparqbalustrades.nl\/de\/wp-json\/wp\/v2\/types\/page"}],"author":[{"embeddable":true,"href":"https:\/\/www.sparqbalustrades.nl\/de\/wp-json\/wp\/v2\/users\/1"}],"replies":[{"embeddable":true,"href":"https:\/\/www.sparqbalustrades.nl\/de\/wp-json\/wp\/v2\/comments?post=234"}],"version-history":[{"count":4,"href":"https:\/\/www.sparqbalustrades.nl\/de\/wp-json\/wp\/v2\/pages\/234\/revisions"}],"predecessor-version":[{"id":2685,"href":"https:\/\/www.sparqbalustrades.nl\/de\/wp-json\/wp\/v2\/pages\/234\/revisions\/2685"}],"wp:attachment":[{"href":"https:\/\/www.sparqbalustrades.nl\/de\/wp-json\/wp\/v2\/media?parent=234"}],"curies":[{"name":"wp","href":"https:\/\/api.w.org\/{rel}","templated":true}]}}