{"id":236,"date":"2024-04-16T12:35:01","date_gmt":"2024-04-16T12:35:01","guid":{"rendered":"https:\/\/www.sparqbalustrades.nl\/?page_id=236"},"modified":"2025-10-14T17:59:48","modified_gmt":"2025-10-14T17:59:48","slug":"projekte","status":"publish","type":"page","link":"https:\/\/www.sparqbalustrades.nl\/de\/projecten\/","title":{"rendered":"Projekte"},"content":{"rendered":"<p><div class=\"fusion-fullwidth fullwidth-box fusion-builder-row-1 fusion-flex-container has-pattern-background has-mask-background fusion-parallax-none hundred-percent-fullwidth non-hundred-percent-height-scrolling lazyload full-width-right\" style=\"--awb-border-radius-top-left:0px;--awb-border-radius-top-right:0px;--awb-border-radius-bottom-right:0px;--awb-border-radius-bottom-left:0px;--awb-padding-top:0px;--awb-padding-right:0px;--awb-padding-bottom:0px;--awb-padding-left:30px;--awb-min-height:300px;--awb-background-size:cover;--awb-flex-wrap:wrap;\" data-bg=\"\/wp-content\/uploads\/2024\/06\/downloadpagina-header-afbeelding.webp\" ><div class=\"fusion-builder-row fusion-row fusion-flex-align-items-flex-end fusion-flex-justify-content-flex-end fusion-flex-content-wrap\" style=\"width:104% !important;max-width:104% !important;margin-left: calc(-4% \/ 2 );margin-right: calc(-4% \/ 2 );\"><div class=\"fusion-layout-column fusion_builder_column fusion-builder-column-0 fusion_builder_column_3_4 3_4 fusion-flex-column\" style=\"--awb-bg-image:linear-gradient(180deg, var(--awb-color4) 0%,var(--awb-color4) 100%);--awb-bg-size:cover;--awb-width-large:75%;--awb-margin-top-large:0px;--awb-spacing-right-large:0%;--awb-margin-bottom-large:0px;--awb-spacing-left-large:2.56%;--awb-width-medium:75%;--awb-order-medium:0;--awb-spacing-right-medium:0%;--awb-spacing-left-medium:2.56%;--awb-width-small:100%;--awb-order-small:0;--awb-spacing-right-small:1.92%;--awb-spacing-left-small:1.92%;\"><div class=\"fusion-column-wrapper fusion-column-has-shadow fusion-flex-justify-content-flex-start fusion-content-layout-row\"><div class=\"fusion-text fusion-text-1 fusion-text-no-margin subpaginaheader\" style=\"--awb-margin-top:0px;--awb-margin-right:20px;--awb-margin-bottom:0px;--awb-margin-left:20px;\"><h1>Unsere Projekte<\/h1>\n<\/div><\/div><\/div><\/div><\/div><div class=\"fusion-fullwidth fullwidth-box fusion-builder-row-2 fusion-flex-container has-pattern-background has-mask-background nonhundred-percent-fullwidth non-hundred-percent-height-scrolling\" style=\"--awb-border-radius-top-left:0px;--awb-border-radius-top-right:0px;--awb-border-radius-bottom-right:0px;--awb-border-radius-bottom-left:0px;--awb-padding-top:100px;--awb-padding-bottom:100px;--awb-flex-wrap:wrap;\" ><div class=\"fusion-builder-row fusion-row fusion-flex-align-items-flex-start fusion-flex-content-wrap\" style=\"max-width:1248px;margin-left: calc(-4% \/ 2 );margin-right: calc(-4% \/ 2 );\"><div class=\"fusion-layout-column fusion_builder_column fusion-builder-column-1 fusion_builder_column_1_1 1_1 fusion-flex-column\" style=\"--awb-bg-size:cover;--awb-width-large:100%;--awb-margin-top-large:0px;--awb-spacing-right-large:1.92%;--awb-margin-bottom-large:20px;--awb-spacing-left-large:1.92%;--awb-width-medium:100%;--awb-order-medium:0;--awb-spacing-right-medium:1.92%;--awb-spacing-left-medium:1.92%;--awb-width-small:100%;--awb-order-small:0;--awb-spacing-right-small:1.92%;--awb-spacing-left-small:1.92%;\"><div class=\"fusion-column-wrapper fusion-column-has-shadow fusion-flex-justify-content-flex-start fusion-content-layout-column\"><style type=\"text\/css\">.fusion-portfolio-wrapper#fusion-portfolio-1 .fusion-portfolio-content{ padding: 25px 25px 25px 25px; text-align: left; }<\/style><div class=\"fusion-recent-works fusion-portfolio-element fusion-portfolio fusion-portfolio-1 fusion-portfolio-grid fusion-portfolio-paging-pagination fusion-portfolio-three fusion-portfolio-boxed fusion-portfolio-text fusion-portfolio-equal-heights\" data-id=\"-rw-1\" data-columns=\"three\"><div><ul class=\"fusion-filters\" role=\"menu\" aria-label=\"Portfolio-Filter\"><li role=\"presentation\" class=\"fusion-filter fusion-hidden fusion-active\"><a href=\"#\" data-filter=\".belgie\" role=\"menuitem\">Belgien<\/a><\/li><li role=\"presentation\" class=\"fusion-filter fusion-hidden\"><a href=\"#\" data-filter=\".doorvalschermen\" role=\"menuitem\">Durchfallschirme<\/a><\/li><li role=\"presentation\" class=\"fusion-filter fusion-hidden\"><a href=\"#\" data-filter=\".glasbalustrades\" role=\"menuitem\">Glasbalustraden<\/a><\/li><li role=\"presentation\" class=\"fusion-filter fusion-hidden\"><a href=\"#\" data-filter=\".glasbalustrades-gebogen\" role=\"menuitem\">Gebogene Glasbalustraden<\/a><\/li><li role=\"presentation\" class=\"fusion-filter fusion-hidden\"><a href=\"#\" data-filter=\".nederland\" role=\"menuitem\">Niederlande<\/a><\/li><li role=\"presentation\" class=\"fusion-filter fusion-hidden\"><a href=\"#\" data-filter=\".trappen\" role=\"menuitem\">Treppe<\/a><\/li><li role=\"presentation\" class=\"fusion-filter fusion-hidden\"><a href=\"#\" data-filter=\".utiliteitsbouw\" role=\"menuitem\">Nicht-Wohnungsbau<\/a><\/li><li role=\"presentation\" class=\"fusion-filter fusion-hidden\"><a href=\"#\" data-filter=\".woningen\" role=\"menuitem\">Geh\u00e4use<\/a><\/li><\/ul><\/div><style type=\"text\/css\">.fusion-portfolio-1 .fusion-portfolio-wrapper .fusion-col-spacing{padding:15px;}<\/style><div class=\"fusion-portfolio-wrapper\" id=\"fusion-portfolio-1\" data-picturesize=\"auto\" data-pages=\"0\" style=\"margin:-15px;\"><article id=\"portfolio-1-post-2653\" class=\"fusion-portfolio-post glasbalustrades nederland woningen fusion-col-spacing post-2653\"><div class=\"fusion-portfolio-content-wrapper\" style=\"border:1px solid var(--awb-color2);border-bottom-width:3px;background-color:var(--awb-color2);\"><div  class=\"fusion-image-wrapper\" aria-haspopup=\"true\">\n\t\t\t\t\t\t\t<a href=\"https:\/\/www.sparqbalustrades.nl\/de\/opgeleverde-projecten\/nathaliegang-zoetermeer\/\" aria-label=\"Nathaliegang - Zoetermeer\">\n\t\t\t\t\t\t\t<img decoding=\"async\" width=\"1920\" height=\"1080\" src=\"https:\/\/www.sparqbalustrades.nl\/wp-content\/uploads\/2025\/10\/VAN02130.webp\" class=\"attachment-full size-full lazyload wp-post-image\" alt=\"Au\u00dfengel\u00e4nder aus Glas mit Aluminiumprofil\" srcset=\"data:image\/svg+xml,%3Csvg%20xmlns%3D%27http%3A%2F%2Fwww.w3.org%2F2000%2Fsvg%27%20width%3D%271920%27%20height%3D%271080%27%20viewBox%3D%270%200%201920%201080%27%3E%3Crect%20width%3D%271920%27%20height%3D%271080%27%20fill-opacity%3D%220%22%2F%3E%3C%2Fsvg%3E\" data-orig-src=\"https:\/\/www.sparqbalustrades.nl\/wp-content\/uploads\/2025\/10\/VAN02130.webp\" data-srcset=\"https:\/\/www.sparqbalustrades.nl\/wp-content\/uploads\/2025\/10\/VAN02130-200x113.webp 200w, https:\/\/www.sparqbalustrades.nl\/wp-content\/uploads\/2025\/10\/VAN02130-400x225.webp 400w, https:\/\/www.sparqbalustrades.nl\/wp-content\/uploads\/2025\/10\/VAN02130-600x338.webp 600w, https:\/\/www.sparqbalustrades.nl\/wp-content\/uploads\/2025\/10\/VAN02130-800x450.webp 800w, https:\/\/www.sparqbalustrades.nl\/wp-content\/uploads\/2025\/10\/VAN02130-1200x675.webp 1200w, https:\/\/www.sparqbalustrades.nl\/wp-content\/uploads\/2025\/10\/VAN02130.webp 1920w\" data-sizes=\"auto\" \/>\t\t\t<\/a>\n\t\t\t\t\t\t\t<\/div>\n<div class=\"fusion-portfolio-content\" style=\"background-color:var(--awb-color2);\"><div class=\"fusion-content-sep sep-none\" style=\"border-color:var(--awb-color3);\"><\/div><div class=\"fusion-post-content\"><p><\/p><h3>Nathaliegang - Zoetermeer<\/h3>\r\n<p>F\u00fcr den Wohnkomplex am Nathaliegang lieferte und montierte SPARQ Balustrades U-Line Top Glasgel\u00e4nder, die mit einem Siebdruck mit Farbverlauf im Glas versehen sind.<\/p>\r\n<p style=\"text-align: right\"><a href=\"https:\/\/www.sparqbalustrades.nl\/de\/abgeschlossene-projekte\/nathaliegang-zoetermeer\/\">Mehr lesen<\/a><\/p><\/div><\/div><\/div><\/article><article id=\"portfolio-1-post-2585\" class=\"fusion-portfolio-post glasbalustrades glasbalustrades-gebogen nederland utiliteitsbouw fusion-col-spacing post-2585\"><div class=\"fusion-portfolio-content-wrapper\" style=\"border:1px solid var(--awb-color2);border-bottom-width:3px;background-color:var(--awb-color2);\"><div  class=\"fusion-image-wrapper\" aria-haspopup=\"true\">\n\t\t\t\t\t\t\t<a href=\"https:\/\/www.sparqbalustrades.nl\/de\/opgeleverde-projecten\/nieuwbouw-kantoor-bergambacht\/\" aria-label=\"Neugebautes B\u00fcro - Bergambacht\">\n\t\t\t\t\t\t\t<img decoding=\"async\" width=\"1920\" height=\"1080\" src=\"https:\/\/www.sparqbalustrades.nl\/wp-content\/uploads\/2025\/09\/VAN02124.webp\" class=\"attachment-full size-full lazyload wp-post-image\" alt=\"Glasbalustrade mit Aluminiumprofil f\u00fcr den Innenbereich\" srcset=\"data:image\/svg+xml,%3Csvg%20xmlns%3D%27http%3A%2F%2Fwww.w3.org%2F2000%2Fsvg%27%20width%3D%271920%27%20height%3D%271080%27%20viewBox%3D%270%200%201920%201080%27%3E%3Crect%20width%3D%271920%27%20height%3D%271080%27%20fill-opacity%3D%220%22%2F%3E%3C%2Fsvg%3E\" data-orig-src=\"https:\/\/www.sparqbalustrades.nl\/wp-content\/uploads\/2025\/09\/VAN02124.webp\" data-srcset=\"https:\/\/www.sparqbalustrades.nl\/wp-content\/uploads\/2025\/09\/VAN02124-200x113.webp 200w, https:\/\/www.sparqbalustrades.nl\/wp-content\/uploads\/2025\/09\/VAN02124-400x225.webp 400w, https:\/\/www.sparqbalustrades.nl\/wp-content\/uploads\/2025\/09\/VAN02124-600x338.webp 600w, https:\/\/www.sparqbalustrades.nl\/wp-content\/uploads\/2025\/09\/VAN02124-800x450.webp 800w, https:\/\/www.sparqbalustrades.nl\/wp-content\/uploads\/2025\/09\/VAN02124-1200x675.webp 1200w, https:\/\/www.sparqbalustrades.nl\/wp-content\/uploads\/2025\/09\/VAN02124.webp 1920w\" data-sizes=\"auto\" \/>\t\t\t<\/a>\n\t\t\t\t\t\t\t<\/div>\n<div class=\"fusion-portfolio-content\" style=\"background-color:var(--awb-color2);\"><div class=\"fusion-content-sep sep-none\" style=\"border-color:var(--awb-color3);\"><\/div><div class=\"fusion-post-content\"><p><\/p><h3>Neugebautes B\u00fcro - Bergambacht<\/h3>\r\n<p>F\u00fcr den Neubau der B\u00fcror\u00e4ume von De Langen &amp; van den Berg Vastgoed B.V. realisierte SPARQ Balustrades einen Blickfang: die U-Line Top Balustrade in einer einzigartigen Goldfarbe, veredelt mit elegant geschwungenen Elementen.<\/p>\r\n<p style=\"text-align: right\"><a href=\"https:\/\/www.sparqbalustrades.nl\/de\/abgeschlossene-projekte\/neues-buro-bergambacht\/\">Mehr lesen<\/a><\/p><\/div><\/div><\/div><\/article><article id=\"portfolio-1-post-2565\" class=\"fusion-portfolio-post glasbalustrades nederland utiliteitsbouw woningen fusion-col-spacing post-2565\"><div class=\"fusion-portfolio-content-wrapper\" style=\"border:1px solid var(--awb-color2);border-bottom-width:3px;background-color:var(--awb-color2);\"><div  class=\"fusion-image-wrapper\" aria-haspopup=\"true\">\n\t\t\t\t\t\t\t<a href=\"https:\/\/www.sparqbalustrades.nl\/de\/opgeleverde-projecten\/licht-op-meer-opmeer\/\" aria-label=\"Licht auf mehr - Opmeer\">\n\t\t\t\t\t\t\t<img decoding=\"async\" width=\"1920\" height=\"1080\" src=\"https:\/\/www.sparqbalustrades.nl\/wp-content\/uploads\/2025\/08\/VAN01532.webp\" class=\"attachment-full size-full lazyload wp-post-image\" alt=\"SPARQ-Gel\u00e4nder Glas-Vollglas-Aluminium-Profile Absenkbl\u00f6cke\" srcset=\"data:image\/svg+xml,%3Csvg%20xmlns%3D%27http%3A%2F%2Fwww.w3.org%2F2000%2Fsvg%27%20width%3D%271920%27%20height%3D%271080%27%20viewBox%3D%270%200%201920%201080%27%3E%3Crect%20width%3D%271920%27%20height%3D%271080%27%20fill-opacity%3D%220%22%2F%3E%3C%2Fsvg%3E\" data-orig-src=\"https:\/\/www.sparqbalustrades.nl\/wp-content\/uploads\/2025\/08\/VAN01532.webp\" data-srcset=\"https:\/\/www.sparqbalustrades.nl\/wp-content\/uploads\/2025\/08\/VAN01532-200x113.webp 200w, https:\/\/www.sparqbalustrades.nl\/wp-content\/uploads\/2025\/08\/VAN01532-400x225.webp 400w, https:\/\/www.sparqbalustrades.nl\/wp-content\/uploads\/2025\/08\/VAN01532-600x338.webp 600w, https:\/\/www.sparqbalustrades.nl\/wp-content\/uploads\/2025\/08\/VAN01532-800x450.webp 800w, https:\/\/www.sparqbalustrades.nl\/wp-content\/uploads\/2025\/08\/VAN01532-1200x675.webp 1200w, https:\/\/www.sparqbalustrades.nl\/wp-content\/uploads\/2025\/08\/VAN01532.webp 1920w\" data-sizes=\"auto\" \/>\t\t\t<\/a>\n\t\t\t\t\t\t\t<\/div>\n<div class=\"fusion-portfolio-content\" style=\"background-color:var(--awb-color2);\"><div class=\"fusion-content-sep sep-none\" style=\"border-color:var(--awb-color3);\"><\/div><div class=\"fusion-post-content\"><p><\/p><h3>Licht auf mehr - Opmeer<\/h3>\r\n<p>Das ehemalige Scheringa-Museum in Opmeer wurde unter dem Namen Licht op Meer einer neuen Bestimmung zugef\u00fchrt. Das Geb\u00e4ude, das viele Jahre lang leer stand, ist nun vollst\u00e4ndig in einen modernen Wohnkomplex mit Eigentums- und Mietwohnungen umgewandelt worden.<\/p>\r\n<p style=\"text-align: right\"><a href=\"https:\/\/www.sparqbalustrades.nl\/de\/abgeschlossene-projekte\/licht-auf-dem-opmeersee\/\">Mehr lesen<\/a><\/p><\/div><\/div><\/div><\/article><article id=\"portfolio-1-post-2555\" class=\"fusion-portfolio-post doorvalschermen nederland woningen fusion-col-spacing post-2555\"><div class=\"fusion-portfolio-content-wrapper\" style=\"border:1px solid var(--awb-color2);border-bottom-width:3px;background-color:var(--awb-color2);\"><div  class=\"fusion-image-wrapper\" aria-haspopup=\"true\">\n\t\t\t\t\t\t\t<a href=\"https:\/\/www.sparqbalustrades.nl\/de\/opgeleverde-projecten\/oosterzijderpark-zaandam\/\" aria-label=\"Oosterzijderpark - Zaandam\">\n\t\t\t\t\t\t\t<img decoding=\"async\" width=\"1920\" height=\"1080\" src=\"https:\/\/www.sparqbalustrades.nl\/wp-content\/uploads\/2025\/08\/VAN01509.webp\" class=\"attachment-full size-full lazyload wp-post-image\" alt=\"SPARQ-Gel\u00e4nder Glas-Vollglas-Aluminium-Profile Absenkbl\u00f6cke\" srcset=\"data:image\/svg+xml,%3Csvg%20xmlns%3D%27http%3A%2F%2Fwww.w3.org%2F2000%2Fsvg%27%20width%3D%271920%27%20height%3D%271080%27%20viewBox%3D%270%200%201920%201080%27%3E%3Crect%20width%3D%271920%27%20height%3D%271080%27%20fill-opacity%3D%220%22%2F%3E%3C%2Fsvg%3E\" data-orig-src=\"https:\/\/www.sparqbalustrades.nl\/wp-content\/uploads\/2025\/08\/VAN01509.webp\" data-srcset=\"https:\/\/www.sparqbalustrades.nl\/wp-content\/uploads\/2025\/08\/VAN01509-200x113.webp 200w, https:\/\/www.sparqbalustrades.nl\/wp-content\/uploads\/2025\/08\/VAN01509-400x225.webp 400w, https:\/\/www.sparqbalustrades.nl\/wp-content\/uploads\/2025\/08\/VAN01509-600x338.webp 600w, https:\/\/www.sparqbalustrades.nl\/wp-content\/uploads\/2025\/08\/VAN01509-800x450.webp 800w, https:\/\/www.sparqbalustrades.nl\/wp-content\/uploads\/2025\/08\/VAN01509-1200x675.webp 1200w, https:\/\/www.sparqbalustrades.nl\/wp-content\/uploads\/2025\/08\/VAN01509.webp 1920w\" data-sizes=\"auto\" \/>\t\t\t<\/a>\n\t\t\t\t\t\t\t<\/div>\n<div class=\"fusion-portfolio-content\" style=\"background-color:var(--awb-color2);\"><div class=\"fusion-content-sep sep-none\" style=\"border-color:var(--awb-color3);\"><\/div><div class=\"fusion-post-content\"><p><\/p><h3>Oosterzijderpark - Zaandam<\/h3>\r\n<p>F\u00fcr das Projekt Oosterzijderpark in Zaandam lieferte SPARQ Balustrades die Durchsturzsicherungen im Jahr 2022. Diese wurden mit Punkthaltern versehen, mit denen der Kunde Kumij die Paravents sicher und \u00e4sthetisch an den Kunststofffensterrahmen befestigte.<\/p>\r\n<p style=\"text-align: right\"><a href=\"https:\/\/www.sparqbalustrades.nl\/de\/abgeschlossene-projekte\/oosterzijderpark-zaandam\/\">Mehr lesen<\/a><\/p><\/div><\/div><\/div><\/article><article id=\"portfolio-1-post-2547\" class=\"fusion-portfolio-post doorvalschermen glasbalustrades nederland woningen fusion-col-spacing post-2547\"><div class=\"fusion-portfolio-content-wrapper\" style=\"border:1px solid var(--awb-color2);border-bottom-width:3px;background-color:var(--awb-color2);\"><div  class=\"fusion-image-wrapper\" aria-haspopup=\"true\">\n\t\t\t\t\t\t\t<a href=\"https:\/\/www.sparqbalustrades.nl\/de\/opgeleverde-projecten\/kroonzicht-nieuw-vennep\/\" aria-label=\"Kroonzicht - Nieuw Vennep\">\n\t\t\t\t\t\t\t<img decoding=\"async\" width=\"1920\" height=\"1080\" src=\"https:\/\/www.sparqbalustrades.nl\/wp-content\/uploads\/2025\/08\/VAN01484.webp\" class=\"attachment-full size-full lazyload wp-post-image\" alt=\"SPARQ-Gel\u00e4nder Glas-Vollglas-Aluminium-Profile Absenkbl\u00f6cke\" srcset=\"data:image\/svg+xml,%3Csvg%20xmlns%3D%27http%3A%2F%2Fwww.w3.org%2F2000%2Fsvg%27%20width%3D%271920%27%20height%3D%271080%27%20viewBox%3D%270%200%201920%201080%27%3E%3Crect%20width%3D%271920%27%20height%3D%271080%27%20fill-opacity%3D%220%22%2F%3E%3C%2Fsvg%3E\" data-orig-src=\"https:\/\/www.sparqbalustrades.nl\/wp-content\/uploads\/2025\/08\/VAN01484.webp\" data-srcset=\"https:\/\/www.sparqbalustrades.nl\/wp-content\/uploads\/2025\/08\/VAN01484-200x113.webp 200w, https:\/\/www.sparqbalustrades.nl\/wp-content\/uploads\/2025\/08\/VAN01484-400x225.webp 400w, https:\/\/www.sparqbalustrades.nl\/wp-content\/uploads\/2025\/08\/VAN01484-600x338.webp 600w, https:\/\/www.sparqbalustrades.nl\/wp-content\/uploads\/2025\/08\/VAN01484-800x450.webp 800w, https:\/\/www.sparqbalustrades.nl\/wp-content\/uploads\/2025\/08\/VAN01484-1200x675.webp 1200w, https:\/\/www.sparqbalustrades.nl\/wp-content\/uploads\/2025\/08\/VAN01484.webp 1920w\" data-sizes=\"auto\" \/>\t\t\t<\/a>\n\t\t\t\t\t\t\t<\/div>\n<div class=\"fusion-portfolio-content\" style=\"background-color:var(--awb-color2);\"><div class=\"fusion-content-sep sep-none\" style=\"border-color:var(--awb-color3);\"><\/div><div class=\"fusion-post-content\"><p><\/p><h3>Kroonzicht - Nieuw Vennep<\/h3>\r\n<p>F\u00fcr Kroonzicht in Nieuw Vennep hat SPARQ Balustrades die komplette Lieferung und Montage verschiedener Balustradenl\u00f6sungen \u00fcbernommen. Im Auftrag von De Geus Bouw und nach einem Entwurf von Enzo Architectuur haben wir dieses Projekt realisiert, das 2022 fertiggestellt wurde.<\/p>\r\n<p style=\"text-align: right\"><a href=\"https:\/\/www.sparqbalustrades.nl\/de\/abgeschlossene-projekte\/kronenblick-neu-vennep\/\">Mehr lesen<\/a><\/p><\/div><\/div><\/div><\/article><article id=\"portfolio-1-post-2288\" class=\"fusion-portfolio-post glasbalustrades nederland utiliteitsbouw fusion-col-spacing post-2288\"><div class=\"fusion-portfolio-content-wrapper\" style=\"border:1px solid var(--awb-color2);border-bottom-width:3px;background-color:var(--awb-color2);\"><div  class=\"fusion-image-wrapper\" aria-haspopup=\"true\">\n\t\t\t\t\t\t\t<a href=\"https:\/\/www.sparqbalustrades.nl\/de\/opgeleverde-projecten\/gorlaeus-gebouw-science-campus\/\" aria-label=\"Gorlaeus-Geb\u00e4ude - Wissenschaftscampus\">\n\t\t\t\t\t\t\t<img decoding=\"async\" width=\"1920\" height=\"1080\" src=\"https:\/\/www.sparqbalustrades.nl\/wp-content\/uploads\/2025\/06\/hm_gorlaeus_univ_leiden_hr_30.webp\" class=\"attachment-full size-full lazyload wp-post-image\" alt=\"\" srcset=\"data:image\/svg+xml,%3Csvg%20xmlns%3D%27http%3A%2F%2Fwww.w3.org%2F2000%2Fsvg%27%20width%3D%271920%27%20height%3D%271080%27%20viewBox%3D%270%200%201920%201080%27%3E%3Crect%20width%3D%271920%27%20height%3D%271080%27%20fill-opacity%3D%220%22%2F%3E%3C%2Fsvg%3E\" data-orig-src=\"https:\/\/www.sparqbalustrades.nl\/wp-content\/uploads\/2025\/06\/hm_gorlaeus_univ_leiden_hr_30.webp\" data-srcset=\"https:\/\/www.sparqbalustrades.nl\/wp-content\/uploads\/2025\/06\/hm_gorlaeus_univ_leiden_hr_30-200x113.webp 200w, https:\/\/www.sparqbalustrades.nl\/wp-content\/uploads\/2025\/06\/hm_gorlaeus_univ_leiden_hr_30-400x225.webp 400w, https:\/\/www.sparqbalustrades.nl\/wp-content\/uploads\/2025\/06\/hm_gorlaeus_univ_leiden_hr_30-600x338.webp 600w, https:\/\/www.sparqbalustrades.nl\/wp-content\/uploads\/2025\/06\/hm_gorlaeus_univ_leiden_hr_30-800x450.webp 800w, https:\/\/www.sparqbalustrades.nl\/wp-content\/uploads\/2025\/06\/hm_gorlaeus_univ_leiden_hr_30-1200x675.webp 1200w, https:\/\/www.sparqbalustrades.nl\/wp-content\/uploads\/2025\/06\/hm_gorlaeus_univ_leiden_hr_30.webp 1920w\" data-sizes=\"auto\" \/>\t\t\t<\/a>\n\t\t\t\t\t\t\t<\/div>\n<div class=\"fusion-portfolio-content\" style=\"background-color:var(--awb-color2);\"><div class=\"fusion-content-sep sep-none\" style=\"border-color:var(--awb-color3);\"><\/div><div class=\"fusion-post-content\"><p><\/p><h3>Gorlaeus-Geb\u00e4ude, Universit\u00e4t Leiden<\/h3>\r\n<p>In Zusammenarbeit mit Qbiq Wall Systems lieferten wir 310 Meter Glasgel\u00e4nder, die im eleganten Y-Line-Profil ausgef\u00fchrt wurden. Die Balustraden sind entlang der im gesamten Geb\u00e4ude verteilten Hohlr\u00e4ume und Gehwege angebracht und tragen zu der f\u00fcr dieses Projekt charakteristischen transparenten und offenen Architektur bei.<\/p>\r\n<p style=\"text-align: right\"><a href=\"https:\/\/www.sparqbalustrades.nl\/de\/abgeschlossene-projekte\/gorlaeus-gebaude-wissenschaftscampus\/\">Mehr lesen<\/a><\/p><\/div><\/div><\/div><\/article><article id=\"portfolio-1-post-2219\" class=\"fusion-portfolio-post glasbalustrades-gebogen nederland trappen utiliteitsbouw fusion-col-spacing post-2219\"><div class=\"fusion-portfolio-content-wrapper\" style=\"border:1px solid var(--awb-color2);border-bottom-width:3px;background-color:var(--awb-color2);\"><div  class=\"fusion-image-wrapper\" aria-haspopup=\"true\">\n\t\t\t\t\t\t\t<a href=\"https:\/\/www.sparqbalustrades.nl\/de\/opgeleverde-projecten\/bejo-zaden-warmenhuizen\/\" aria-label=\"Bejo Zaden Warmenhuizen\">\n\t\t\t\t\t\t\t<img decoding=\"async\" width=\"1920\" height=\"1080\" src=\"https:\/\/www.sparqbalustrades.nl\/wp-content\/uploads\/2025\/05\/Bejo-4.webp\" class=\"attachment-full size-full lazyload wp-post-image\" alt=\"Vollglasbalustrade in modernem B\u00fcrogeb\u00e4ude\" srcset=\"data:image\/svg+xml,%3Csvg%20xmlns%3D%27http%3A%2F%2Fwww.w3.org%2F2000%2Fsvg%27%20width%3D%271920%27%20height%3D%271080%27%20viewBox%3D%270%200%201920%201080%27%3E%3Crect%20width%3D%271920%27%20height%3D%271080%27%20fill-opacity%3D%220%22%2F%3E%3C%2Fsvg%3E\" data-orig-src=\"https:\/\/www.sparqbalustrades.nl\/wp-content\/uploads\/2025\/05\/Bejo-4.webp\" data-srcset=\"https:\/\/www.sparqbalustrades.nl\/wp-content\/uploads\/2025\/05\/Bejo-4-200x113.webp 200w, https:\/\/www.sparqbalustrades.nl\/wp-content\/uploads\/2025\/05\/Bejo-4-400x225.webp 400w, https:\/\/www.sparqbalustrades.nl\/wp-content\/uploads\/2025\/05\/Bejo-4-600x338.webp 600w, https:\/\/www.sparqbalustrades.nl\/wp-content\/uploads\/2025\/05\/Bejo-4-800x450.webp 800w, https:\/\/www.sparqbalustrades.nl\/wp-content\/uploads\/2025\/05\/Bejo-4-1200x675.webp 1200w, https:\/\/www.sparqbalustrades.nl\/wp-content\/uploads\/2025\/05\/Bejo-4.webp 1920w\" data-sizes=\"auto\" \/>\t\t\t<\/a>\n\t\t\t\t\t\t\t<\/div>\n<div class=\"fusion-portfolio-content\" style=\"background-color:var(--awb-color2);\"><div class=\"fusion-content-sep sep-none\" style=\"border-color:var(--awb-color3);\"><\/div><div class=\"fusion-post-content\"><p><\/p><h3>Bejo Zaden Warmenhuizen<\/h3>\r\n<p>De Geus Bouw beauftragte uns mit der Realisierung verschiedener gebogener Glasbalustraden und der Haupttreppe aus Stahl f\u00fcr das nachhaltige und architektonisch markante B\u00fcrogeb\u00e4ude von Bejo Zaden in Warmenhuizen. Die Balustraden bestehen aus dem U-Line Top System auf Stahltr\u00e4gern, mit unterschiedlichen Radien, die sich nahtlos in die organischen Formen des Geb\u00e4udes einf\u00fcgen. <\/p>\r\n<p style=\"text-align: right\"><a href=\"https:\/\/www.sparqbalustrades.nl\/de\/abgeschlossene-projekte\/bejo-seeds-warmenhuizen\/\">Mehr lesen<\/a><\/p><\/div><\/div><\/div><\/article><article id=\"portfolio-1-post-2191\" class=\"fusion-portfolio-post glasbalustrades nederland trappen woningen fusion-col-spacing post-2191\"><div class=\"fusion-portfolio-content-wrapper\" style=\"border:1px solid var(--awb-color2);border-bottom-width:3px;background-color:var(--awb-color2);\"><div  class=\"fusion-image-wrapper\" aria-haspopup=\"true\">\n\t\t\t\t\t\t\t<a href=\"https:\/\/www.sparqbalustrades.nl\/de\/opgeleverde-projecten\/appartementen-arnhem-hulkensteinseweg\/\" aria-label=\"Wohnungen Arnheim Hulkensteinseweg\">\n\t\t\t\t\t\t\t<img decoding=\"async\" width=\"1920\" height=\"1080\" src=\"https:\/\/www.sparqbalustrades.nl\/wp-content\/uploads\/2025\/05\/VAN01183.webp\" class=\"attachment-full size-full lazyload wp-post-image\" alt=\"Vollglasbr\u00fcstung am Wohnblock\" srcset=\"data:image\/svg+xml,%3Csvg%20xmlns%3D%27http%3A%2F%2Fwww.w3.org%2F2000%2Fsvg%27%20width%3D%271920%27%20height%3D%271080%27%20viewBox%3D%270%200%201920%201080%27%3E%3Crect%20width%3D%271920%27%20height%3D%271080%27%20fill-opacity%3D%220%22%2F%3E%3C%2Fsvg%3E\" data-orig-src=\"https:\/\/www.sparqbalustrades.nl\/wp-content\/uploads\/2025\/05\/VAN01183.webp\" data-srcset=\"https:\/\/www.sparqbalustrades.nl\/wp-content\/uploads\/2025\/05\/VAN01183-200x113.webp 200w, https:\/\/www.sparqbalustrades.nl\/wp-content\/uploads\/2025\/05\/VAN01183-400x225.webp 400w, https:\/\/www.sparqbalustrades.nl\/wp-content\/uploads\/2025\/05\/VAN01183-600x338.webp 600w, https:\/\/www.sparqbalustrades.nl\/wp-content\/uploads\/2025\/05\/VAN01183-800x450.webp 800w, https:\/\/www.sparqbalustrades.nl\/wp-content\/uploads\/2025\/05\/VAN01183-1200x675.webp 1200w, https:\/\/www.sparqbalustrades.nl\/wp-content\/uploads\/2025\/05\/VAN01183.webp 1920w\" data-sizes=\"auto\" \/>\t\t\t<\/a>\n\t\t\t\t\t\t\t<\/div>\n<div class=\"fusion-portfolio-content\" style=\"background-color:var(--awb-color2);\"><div class=\"fusion-content-sep sep-none\" style=\"border-color:var(--awb-color3);\"><\/div><div class=\"fusion-post-content\"><p><\/p><h3>Wohnungen Hulkensteinseweg Arnheim<\/h3>\r\n<p>F\u00fcr diesen stilvollen Wohnkomplex am Hulkesteinseweg in Arnheim mit Blick auf den Niederrhein haben wir etwa 140 Meter Glasgel\u00e4nder geliefert. Im Auftrag von Kuiper Arnhem Bouw &amp; Ontwikkeling und nach einem Entwurf des Veldhoven Bouwkundig Tekenbureau haben wir Balkone, Dachterrassen, Eing\u00e4nge, Treppen und Schiebet\u00fcren mit dem System U-Line Top auf Stahlkonsolen ausgestattet.<\/p>\r\n<p style=\"text-align: right\"><a href=\"https:\/\/www.sparqbalustrades.nl\/de\/abgeschlossene-projekte\/wohnungen-arnhem-hulkensteinseweg\/\">Mehr lesen<\/a><\/p><\/div><\/div><\/div><\/article><article id=\"portfolio-1-post-2190\" class=\"fusion-portfolio-post glasbalustrades nederland woningen fusion-col-spacing post-2190\"><div class=\"fusion-portfolio-content-wrapper\" style=\"border:1px solid var(--awb-color2);border-bottom-width:3px;background-color:var(--awb-color2);\"><div  class=\"fusion-image-wrapper\" aria-haspopup=\"true\">\n\t\t\t\t\t\t\t<a href=\"https:\/\/www.sparqbalustrades.nl\/de\/opgeleverde-projecten\/park-nova-deventer\/\" aria-label=\"Park Nova Deventer\">\n\t\t\t\t\t\t\t<img decoding=\"async\" width=\"1920\" height=\"1080\" src=\"https:\/\/www.sparqbalustrades.nl\/wp-content\/uploads\/2025\/05\/VAN01197.webp\" class=\"attachment-full size-full lazyload wp-post-image\" alt=\"Vollglasbr\u00fcstung am Wohnblock\" srcset=\"data:image\/svg+xml,%3Csvg%20xmlns%3D%27http%3A%2F%2Fwww.w3.org%2F2000%2Fsvg%27%20width%3D%271920%27%20height%3D%271080%27%20viewBox%3D%270%200%201920%201080%27%3E%3Crect%20width%3D%271920%27%20height%3D%271080%27%20fill-opacity%3D%220%22%2F%3E%3C%2Fsvg%3E\" data-orig-src=\"https:\/\/www.sparqbalustrades.nl\/wp-content\/uploads\/2025\/05\/VAN01197.webp\" data-srcset=\"https:\/\/www.sparqbalustrades.nl\/wp-content\/uploads\/2025\/05\/VAN01197-200x113.webp 200w, https:\/\/www.sparqbalustrades.nl\/wp-content\/uploads\/2025\/05\/VAN01197-400x225.webp 400w, https:\/\/www.sparqbalustrades.nl\/wp-content\/uploads\/2025\/05\/VAN01197-600x338.webp 600w, https:\/\/www.sparqbalustrades.nl\/wp-content\/uploads\/2025\/05\/VAN01197-800x450.webp 800w, https:\/\/www.sparqbalustrades.nl\/wp-content\/uploads\/2025\/05\/VAN01197-1200x675.webp 1200w, https:\/\/www.sparqbalustrades.nl\/wp-content\/uploads\/2025\/05\/VAN01197.webp 1920w\" data-sizes=\"auto\" \/>\t\t\t<\/a>\n\t\t\t\t\t\t\t<\/div>\n<div class=\"fusion-portfolio-content\" style=\"background-color:var(--awb-color2);\"><div class=\"fusion-content-sep sep-none\" style=\"border-color:var(--awb-color3);\"><\/div><div class=\"fusion-post-content\"><p><\/p><h3>Park Nova Deventer<\/h3>\r\n<p>\u00fcr den modernen Wohnkomplex Park Nova im Stadtteil Zandweerd haben wir im Auftrag von PHB Bouw die Glasgel\u00e4nder an 54 Balkonen - insgesamt 370 Meter - realisiert. Die seitlichen U-Line-Profile sind mit einer ma\u00dfgefertigten Aluminiumabdeckung versehen, die f\u00fcr eine elegante Optik sorgt. <\/p>\r\n<p style=\"text-align: right\"><a href=\"https:\/\/www.sparqbalustrades.nl\/de\/abgeschlossene-projekte\/park-nova-deventer\/\">Mehr lesen<\/a><\/p><\/div><\/div><\/div><\/article><article id=\"portfolio-1-post-2177\" class=\"fusion-portfolio-post doorvalschermen nederland woningen fusion-col-spacing post-2177\"><div class=\"fusion-portfolio-content-wrapper\" style=\"border:1px solid var(--awb-color2);border-bottom-width:3px;background-color:var(--awb-color2);\"><div  class=\"fusion-image-wrapper\" aria-haspopup=\"true\">\n\t\t\t\t\t\t\t<a href=\"https:\/\/www.sparqbalustrades.nl\/de\/opgeleverde-projecten\/doorvalschermen-appartementencomplex-enschede\/\" aria-label=\"Durchsturzsiebe Wohnanlage Enschede\">\n\t\t\t\t\t\t\t<img decoding=\"async\" width=\"1920\" height=\"1080\" src=\"https:\/\/www.sparqbalustrades.nl\/wp-content\/uploads\/2025\/05\/VAN01227.webp\" class=\"attachment-full size-full lazyload wp-post-image\" alt=\"Durchsturzsiebe Wohnanlage Enschede\" srcset=\"data:image\/svg+xml,%3Csvg%20xmlns%3D%27http%3A%2F%2Fwww.w3.org%2F2000%2Fsvg%27%20width%3D%271920%27%20height%3D%271080%27%20viewBox%3D%270%200%201920%201080%27%3E%3Crect%20width%3D%271920%27%20height%3D%271080%27%20fill-opacity%3D%220%22%2F%3E%3C%2Fsvg%3E\" data-orig-src=\"https:\/\/www.sparqbalustrades.nl\/wp-content\/uploads\/2025\/05\/VAN01227.webp\" data-srcset=\"https:\/\/www.sparqbalustrades.nl\/wp-content\/uploads\/2025\/05\/VAN01227-200x113.webp 200w, https:\/\/www.sparqbalustrades.nl\/wp-content\/uploads\/2025\/05\/VAN01227-400x225.webp 400w, https:\/\/www.sparqbalustrades.nl\/wp-content\/uploads\/2025\/05\/VAN01227-600x338.webp 600w, https:\/\/www.sparqbalustrades.nl\/wp-content\/uploads\/2025\/05\/VAN01227-800x450.webp 800w, https:\/\/www.sparqbalustrades.nl\/wp-content\/uploads\/2025\/05\/VAN01227-1200x675.webp 1200w, https:\/\/www.sparqbalustrades.nl\/wp-content\/uploads\/2025\/05\/VAN01227.webp 1920w\" data-sizes=\"auto\" \/>\t\t\t<\/a>\n\t\t\t\t\t\t\t<\/div>\n<div class=\"fusion-portfolio-content\" style=\"background-color:var(--awb-color2);\"><div class=\"fusion-content-sep sep-none\" style=\"border-color:var(--awb-color3);\"><\/div><div class=\"fusion-post-content\"><p><\/p><h3>Absenkbare Bildschirme f\u00fcr Wohnungen in Enschede<\/h3>\r\n<p>Im Auftrag von Kumij lieferten wir 67 Glas-Durchwurfsicherungen f\u00fcr einen Wohnkomplex in Enschede. Die Leinw\u00e4nde, die auf Kunststoffrahmen mit Punkthaltern montiert sind, haben ein einzigartiges Siebdruckmuster, das speziell f\u00fcr dieses Projekt entworfen wurde.<\/p>\r\n<p style=\"text-align: right\"><a href=\"https:\/\/www.sparqbalustrades.nl\/de\/abgeschlossene-projekte\/fallschirme-wohnanlage-enschede\/\">Mehr lesen<\/a><\/p><\/div><\/div><\/div><\/article><article id=\"portfolio-1-post-2162\" class=\"fusion-portfolio-post glasbalustrades nederland utiliteitsbouw fusion-col-spacing post-2162\"><div class=\"fusion-portfolio-content-wrapper\" style=\"border:1px solid var(--awb-color2);border-bottom-width:3px;background-color:var(--awb-color2);\"><div  class=\"fusion-image-wrapper\" aria-haspopup=\"true\">\n\t\t\t\t\t\t\t<a href=\"https:\/\/www.sparqbalustrades.nl\/de\/opgeleverde-projecten\/sv-parkhout-nieuwegein\/\" aria-label=\"SV Parkhout Nieuwegein\">\n\t\t\t\t\t\t\t<img decoding=\"async\" width=\"1920\" height=\"1080\" src=\"https:\/\/www.sparqbalustrades.nl\/wp-content\/uploads\/2025\/05\/VAN01117.webp\" class=\"attachment-full size-full lazyload wp-post-image\" alt=\"Ganzglasgel\u00e4nder SV Parkhout Nieuwegein\" srcset=\"data:image\/svg+xml,%3Csvg%20xmlns%3D%27http%3A%2F%2Fwww.w3.org%2F2000%2Fsvg%27%20width%3D%271920%27%20height%3D%271080%27%20viewBox%3D%270%200%201920%201080%27%3E%3Crect%20width%3D%271920%27%20height%3D%271080%27%20fill-opacity%3D%220%22%2F%3E%3C%2Fsvg%3E\" data-orig-src=\"https:\/\/www.sparqbalustrades.nl\/wp-content\/uploads\/2025\/05\/VAN01117.webp\" data-srcset=\"https:\/\/www.sparqbalustrades.nl\/wp-content\/uploads\/2025\/05\/VAN01117-200x113.webp 200w, https:\/\/www.sparqbalustrades.nl\/wp-content\/uploads\/2025\/05\/VAN01117-400x225.webp 400w, https:\/\/www.sparqbalustrades.nl\/wp-content\/uploads\/2025\/05\/VAN01117-600x338.webp 600w, https:\/\/www.sparqbalustrades.nl\/wp-content\/uploads\/2025\/05\/VAN01117-800x450.webp 800w, https:\/\/www.sparqbalustrades.nl\/wp-content\/uploads\/2025\/05\/VAN01117-1200x675.webp 1200w, https:\/\/www.sparqbalustrades.nl\/wp-content\/uploads\/2025\/05\/VAN01117.webp 1920w\" data-sizes=\"auto\" \/>\t\t\t<\/a>\n\t\t\t\t\t\t\t<\/div>\n<div class=\"fusion-portfolio-content\" style=\"background-color:var(--awb-color2);\"><div class=\"fusion-content-sep sep-none\" style=\"border-color:var(--awb-color3);\"><\/div><div class=\"fusion-post-content\"><p><\/p><h3>SV Parkhout - Nieuwegein<\/h3>\r\n<p>F\u00fcr die neue Fu\u00dfballunterkunft des fusionierten Vereins SV Parkhout in Nieuwegein haben wir rund 60 Meter Glasbalustrade montiert, komplett in 3kN. <\/p>\r\n<p style=\"text-align: right\"><a href=\"https:\/\/www.sparqbalustrades.nl\/de\/abgeschlossene-projekte\/sv-parkhout-newgein\/\">Mehr lesen<\/a><\/p><\/div><\/div><\/div><\/article><article id=\"portfolio-1-post-2144\" class=\"fusion-portfolio-post glasbalustrades nederland trappen utiliteitsbouw fusion-col-spacing post-2144\"><div class=\"fusion-portfolio-content-wrapper\" style=\"border:1px solid var(--awb-color2);border-bottom-width:3px;background-color:var(--awb-color2);\"><div  class=\"fusion-image-wrapper\" aria-haspopup=\"true\">\n\t\t\t\t\t\t\t<a href=\"https:\/\/www.sparqbalustrades.nl\/de\/opgeleverde-projecten\/de-romein-groep-veendam\/\" aria-label=\"Die Romein-Gruppe Veendam\">\n\t\t\t\t\t\t\t<img decoding=\"async\" width=\"1920\" height=\"1080\" src=\"https:\/\/www.sparqbalustrades.nl\/wp-content\/uploads\/2025\/05\/VAN00572.webp\" class=\"attachment-full size-full lazyload wp-post-image\" alt=\"Vollglasgel\u00e4nder B\u00fcrogeb\u00e4ude\" srcset=\"data:image\/svg+xml,%3Csvg%20xmlns%3D%27http%3A%2F%2Fwww.w3.org%2F2000%2Fsvg%27%20width%3D%271920%27%20height%3D%271080%27%20viewBox%3D%270%200%201920%201080%27%3E%3Crect%20width%3D%271920%27%20height%3D%271080%27%20fill-opacity%3D%220%22%2F%3E%3C%2Fsvg%3E\" data-orig-src=\"https:\/\/www.sparqbalustrades.nl\/wp-content\/uploads\/2025\/05\/VAN00572.webp\" data-srcset=\"https:\/\/www.sparqbalustrades.nl\/wp-content\/uploads\/2025\/05\/VAN00572-200x113.webp 200w, https:\/\/www.sparqbalustrades.nl\/wp-content\/uploads\/2025\/05\/VAN00572-400x225.webp 400w, https:\/\/www.sparqbalustrades.nl\/wp-content\/uploads\/2025\/05\/VAN00572-600x338.webp 600w, https:\/\/www.sparqbalustrades.nl\/wp-content\/uploads\/2025\/05\/VAN00572-800x450.webp 800w, https:\/\/www.sparqbalustrades.nl\/wp-content\/uploads\/2025\/05\/VAN00572-1200x675.webp 1200w, https:\/\/www.sparqbalustrades.nl\/wp-content\/uploads\/2025\/05\/VAN00572.webp 1920w\" data-sizes=\"auto\" \/>\t\t\t<\/a>\n\t\t\t\t\t\t\t<\/div>\n<div class=\"fusion-portfolio-content\" style=\"background-color:var(--awb-color2);\"><div class=\"fusion-content-sep sep-none\" style=\"border-color:var(--awb-color3);\"><\/div><div class=\"fusion-post-content\"><p><\/p><h3>Die Romein-Gruppe Veendam<\/h3>\r\n<p>F\u00fcr den neuen Hauptsitz der De Romein Groep in Veendam haben wir ca. 37 Meter U-Line Top Glasgel\u00e4nder geliefert und montiert. Im Auftrag von Bouwbedrijf Speelman und nach einem Entwurf von Ren\u00e9 van der Burgh lieferten wir die Gel\u00e4nder entlang der repr\u00e4sentativen Eingangstreppe und der L\u00fccke im ersten Stock.<\/p>\r\n<p style=\"text-align: right\"><a href=\"https:\/\/www.sparqbalustrades.nl\/de\/abgeschlossene-projekte\/die-romein-gruppe-veendam\/\">Mehr lesen<\/a><\/p><\/div><\/div><\/div><\/article><article id=\"portfolio-1-post-2146\" class=\"fusion-portfolio-post glasbalustrades nederland utiliteitsbouw fusion-col-spacing post-2146\"><div class=\"fusion-portfolio-content-wrapper\" style=\"border:1px solid var(--awb-color2);border-bottom-width:3px;background-color:var(--awb-color2);\"><div  class=\"fusion-image-wrapper\" aria-haspopup=\"true\">\n\t\t\t\t\t\t\t<a href=\"https:\/\/www.sparqbalustrades.nl\/de\/opgeleverde-projecten\/zwembad-de-welle-drachten\/\" aria-label=\"Schwimmbad De Welle in Drachten\">\n\t\t\t\t\t\t\t<img decoding=\"async\" width=\"1920\" height=\"1080\" src=\"https:\/\/www.sparqbalustrades.nl\/wp-content\/uploads\/2025\/05\/VAN00539.webp\" class=\"attachment-full size-full lazyload wp-post-image\" alt=\"Ganzglas-Gel\u00e4nder f\u00fcr Schwimmb\u00e4der\" srcset=\"data:image\/svg+xml,%3Csvg%20xmlns%3D%27http%3A%2F%2Fwww.w3.org%2F2000%2Fsvg%27%20width%3D%271920%27%20height%3D%271080%27%20viewBox%3D%270%200%201920%201080%27%3E%3Crect%20width%3D%271920%27%20height%3D%271080%27%20fill-opacity%3D%220%22%2F%3E%3C%2Fsvg%3E\" data-orig-src=\"https:\/\/www.sparqbalustrades.nl\/wp-content\/uploads\/2025\/05\/VAN00539.webp\" data-srcset=\"https:\/\/www.sparqbalustrades.nl\/wp-content\/uploads\/2025\/05\/VAN00539-200x113.webp 200w, https:\/\/www.sparqbalustrades.nl\/wp-content\/uploads\/2025\/05\/VAN00539-400x225.webp 400w, https:\/\/www.sparqbalustrades.nl\/wp-content\/uploads\/2025\/05\/VAN00539-600x338.webp 600w, https:\/\/www.sparqbalustrades.nl\/wp-content\/uploads\/2025\/05\/VAN00539-800x450.webp 800w, https:\/\/www.sparqbalustrades.nl\/wp-content\/uploads\/2025\/05\/VAN00539-1200x675.webp 1200w, https:\/\/www.sparqbalustrades.nl\/wp-content\/uploads\/2025\/05\/VAN00539.webp 1920w\" data-sizes=\"auto\" \/>\t\t\t<\/a>\n\t\t\t\t\t\t\t<\/div>\n<div class=\"fusion-portfolio-content\" style=\"background-color:var(--awb-color2);\"><div class=\"fusion-content-sep sep-none\" style=\"border-color:var(--awb-color3);\"><\/div><div class=\"fusion-post-content\"><p><\/p><h3>Schwimmbad De Welle in Drachten<\/h3>\r\n<p>F\u00fcr das viel diskutierte Schwimmzentrum De Welle in Drachten, das von Hooper Architects entworfen und von der Bouwgroep Dijkstra Draisma gebaut wurde, haben wir ca. 58 Meter Glasbalustraden entlang der Trib\u00fcne des Wettkampfbeckens realisiert.<\/p>\r\n<p style=\"text-align: right\"><a href=\"https:\/\/www.sparqbalustrades.nl\/de\/abgeschlossene-projekte\/pool-de-welle-drachten\/\">Mehr lesen<\/a><\/p><\/div><\/div><\/div><\/article><article id=\"portfolio-1-post-2145\" class=\"fusion-portfolio-post glasbalustrades nederland woningen fusion-col-spacing post-2145\"><div class=\"fusion-portfolio-content-wrapper\" style=\"border:1px solid var(--awb-color2);border-bottom-width:3px;background-color:var(--awb-color2);\"><div  class=\"fusion-image-wrapper\" aria-haspopup=\"true\">\n\t\t\t\t\t\t\t<a href=\"https:\/\/www.sparqbalustrades.nl\/de\/opgeleverde-projecten\/appartementen-complex-ureterp\/\" aria-label=\"Wohnkomplex Ureterp\">\n\t\t\t\t\t\t\t<img decoding=\"async\" width=\"1920\" height=\"1080\" src=\"https:\/\/www.sparqbalustrades.nl\/wp-content\/uploads\/2025\/05\/VAN00478.webp\" class=\"attachment-full size-full lazyload wp-post-image\" alt=\"Vollglasgel\u00e4nder Wohnkomplex\" srcset=\"data:image\/svg+xml,%3Csvg%20xmlns%3D%27http%3A%2F%2Fwww.w3.org%2F2000%2Fsvg%27%20width%3D%271920%27%20height%3D%271080%27%20viewBox%3D%270%200%201920%201080%27%3E%3Crect%20width%3D%271920%27%20height%3D%271080%27%20fill-opacity%3D%220%22%2F%3E%3C%2Fsvg%3E\" data-orig-src=\"https:\/\/www.sparqbalustrades.nl\/wp-content\/uploads\/2025\/05\/VAN00478.webp\" data-srcset=\"https:\/\/www.sparqbalustrades.nl\/wp-content\/uploads\/2025\/05\/VAN00478-200x113.webp 200w, https:\/\/www.sparqbalustrades.nl\/wp-content\/uploads\/2025\/05\/VAN00478-400x225.webp 400w, https:\/\/www.sparqbalustrades.nl\/wp-content\/uploads\/2025\/05\/VAN00478-600x338.webp 600w, https:\/\/www.sparqbalustrades.nl\/wp-content\/uploads\/2025\/05\/VAN00478-800x450.webp 800w, https:\/\/www.sparqbalustrades.nl\/wp-content\/uploads\/2025\/05\/VAN00478-1200x675.webp 1200w, https:\/\/www.sparqbalustrades.nl\/wp-content\/uploads\/2025\/05\/VAN00478.webp 1920w\" data-sizes=\"auto\" \/>\t\t\t<\/a>\n\t\t\t\t\t\t\t<\/div>\n<div class=\"fusion-portfolio-content\" style=\"background-color:var(--awb-color2);\"><div class=\"fusion-content-sep sep-none\" style=\"border-color:var(--awb-color3);\"><\/div><div class=\"fusion-post-content\"><p><\/p><h3>Wohnung Komplex Uretrep<\/h3>\r\n<p>Im Auftrag von Bouwbedrijf Fokko Reitsma haben wir in Zusammenarbeit mit Studio JK die Br\u00fcstungen f\u00fcr diesen stilvollen Wohnkomplex in Ureterp realisiert. Sowohl die Balkone als auch die geschosshohen franz\u00f6sischen Balkone wurden mit unseren Systemen U-Line Top und J-Line ausgestattet.<\/p>\r\n<p style=\"text-align: right\"><a href=\"https:\/\/www.sparqbalustrades.nl\/de\/abgeschlossene-projekte\/wohnkomplex-ureterp\/\">Mehr lesen<\/a><\/p><\/div><\/div><\/div><\/article><article id=\"portfolio-1-post-2033\" class=\"fusion-portfolio-post glasbalustrades nederland trappen utiliteitsbouw fusion-col-spacing post-2033\"><div class=\"fusion-portfolio-content-wrapper\" style=\"border:1px solid var(--awb-color2);border-bottom-width:3px;background-color:var(--awb-color2);\"><div  class=\"fusion-image-wrapper\" aria-haspopup=\"true\">\n\t\t\t\t\t\t\t<a href=\"https:\/\/www.sparqbalustrades.nl\/de\/opgeleverde-projecten\/lelycenter-heerenveen\/\" aria-label=\"Lelycenter Heerenveen\">\n\t\t\t\t\t\t\t<img decoding=\"async\" width=\"400\" height=\"266\" src=\"https:\/\/www.sparqbalustrades.nl\/wp-content\/uploads\/2025\/02\/Lelycenter-afbeelding-thumb.webp\" class=\"attachment-full size-full lazyload wp-post-image\" alt=\"\" srcset=\"data:image\/svg+xml,%3Csvg%20xmlns%3D%27http%3A%2F%2Fwww.w3.org%2F2000%2Fsvg%27%20width%3D%27400%27%20height%3D%27266%27%20viewBox%3D%270%200%20400%20266%27%3E%3Crect%20width%3D%27400%27%20height%3D%27266%27%20fill-opacity%3D%220%22%2F%3E%3C%2Fsvg%3E\" data-orig-src=\"https:\/\/www.sparqbalustrades.nl\/wp-content\/uploads\/2025\/02\/Lelycenter-afbeelding-thumb.webp\" data-srcset=\"https:\/\/www.sparqbalustrades.nl\/wp-content\/uploads\/2025\/02\/Lelycenter-afbeelding-thumb-200x133.webp 200w, https:\/\/www.sparqbalustrades.nl\/wp-content\/uploads\/2025\/02\/Lelycenter-afbeelding-thumb.webp 400w\" data-sizes=\"auto\" \/>\t\t\t<\/a>\n\t\t\t\t\t\t\t<\/div>\n<div class=\"fusion-portfolio-content\" style=\"background-color:var(--awb-color2);\"><div class=\"fusion-content-sep sep-none\" style=\"border-color:var(--awb-color3);\"><\/div><div class=\"fusion-post-content\"><p><\/p><h3>Lely Center Heerenveen<\/h3>\r\n<p>F\u00fcr das Lelycenter in Heerenveen lieferte und montierte SPARQ Balustrades etwa 24 Meter Gel\u00e4nder. Dieses Projekt umfasst ein SPARQ V-Line-Gel\u00e4nder entlang des Zwischenraums und ein U-Side-Gel\u00e4nder an der Treppe, das sowohl Sicherheit als auch elegantes Design kombiniert.<\/p>\r\n<p style=\"text-align: right\"><a href=\"https:\/\/www.sparqbalustrades.nl\/de\/abgeschlossene-projekte\/lelycenter-heerenveen\/\">Mehr lesen<\/a><\/p><\/div><\/div><\/div><\/article><article id=\"portfolio-1-post-1844\" class=\"fusion-portfolio-post belgie glasbalustrades woningen fusion-col-spacing post-1844\"><div class=\"fusion-portfolio-content-wrapper\" style=\"border:1px solid var(--awb-color2);border-bottom-width:3px;background-color:var(--awb-color2);\"><div  class=\"fusion-image-wrapper\" aria-haspopup=\"true\">\n\t\t\t\t\t\t\t<a href=\"https:\/\/www.sparqbalustrades.nl\/de\/opgeleverde-projecten\/troon-17-oostende\/\" aria-label=\"Thron 17 Ostende\">\n\t\t\t\t\t\t\t<img decoding=\"async\" width=\"400\" height=\"266\" src=\"https:\/\/www.sparqbalustrades.nl\/wp-content\/uploads\/2024\/09\/thumbtroon17400266.webp\" class=\"attachment-full size-full lazyload wp-post-image\" alt=\"\" srcset=\"data:image\/svg+xml,%3Csvg%20xmlns%3D%27http%3A%2F%2Fwww.w3.org%2F2000%2Fsvg%27%20width%3D%27400%27%20height%3D%27266%27%20viewBox%3D%270%200%20400%20266%27%3E%3Crect%20width%3D%27400%27%20height%3D%27266%27%20fill-opacity%3D%220%22%2F%3E%3C%2Fsvg%3E\" data-orig-src=\"https:\/\/www.sparqbalustrades.nl\/wp-content\/uploads\/2024\/09\/thumbtroon17400266.webp\" data-srcset=\"https:\/\/www.sparqbalustrades.nl\/wp-content\/uploads\/2024\/09\/thumbtroon17400266-200x133.webp 200w, https:\/\/www.sparqbalustrades.nl\/wp-content\/uploads\/2024\/09\/thumbtroon17400266.webp 400w\" data-sizes=\"auto\" \/>\t\t\t<\/a>\n\t\t\t\t\t\t\t<\/div>\n<div class=\"fusion-portfolio-content\" style=\"background-color:var(--awb-color2);\"><div class=\"fusion-content-sep sep-none\" style=\"border-color:var(--awb-color3);\"><\/div><div class=\"fusion-post-content\"><p><\/p><h3>Thron 17 in Ostende<\/h3>\r\n<p>Auf dem Zeedijk entwickelt die Global Estate Group dieses einzigartige Neubauprojekt mit frontalem Meerblick. SPARQ ist stolz darauf, die Balustradenprofile f\u00fcr dieses Projekt geliefert zu haben, darunter U-Top, U-Side, V-Line und Y-Line. Die Realisierung der Balustraden wurde von Aluform aus Maldegem durchgef\u00fchrt.<\/p>\r\n<p style=\"text-align: right\"><a href=\"https:\/\/www.sparqbalustrades.nl\/de\/abgeschlossene-projekte\/thron-17-oostende\/\">Mehr lesen<\/a><\/p><\/div><\/div><\/div><\/article><article id=\"portfolio-1-post-1430\" class=\"fusion-portfolio-post glasbalustrades nederland trappen utiliteitsbouw fusion-col-spacing post-1430\"><div class=\"fusion-portfolio-content-wrapper\" style=\"border:1px solid var(--awb-color2);border-bottom-width:3px;background-color:var(--awb-color2);\"><div  class=\"fusion-image-wrapper\" aria-haspopup=\"true\">\n\t\t\t\t\t\t\t<a href=\"https:\/\/www.sparqbalustrades.nl\/de\/opgeleverde-projecten\/the-cath-utrecht\/\" aria-label=\"Das Cath Utrecht\">\n\t\t\t\t\t\t\t<img decoding=\"async\" width=\"500\" height=\"333\" src=\"https:\/\/www.sparqbalustrades.nl\/wp-content\/uploads\/2024\/07\/overzicht-3.webp\" class=\"attachment-full size-full lazyload wp-post-image\" alt=\"\" srcset=\"data:image\/svg+xml,%3Csvg%20xmlns%3D%27http%3A%2F%2Fwww.w3.org%2F2000%2Fsvg%27%20width%3D%27500%27%20height%3D%27333%27%20viewBox%3D%270%200%20500%20333%27%3E%3Crect%20width%3D%27500%27%20height%3D%27333%27%20fill-opacity%3D%220%22%2F%3E%3C%2Fsvg%3E\" data-orig-src=\"https:\/\/www.sparqbalustrades.nl\/wp-content\/uploads\/2024\/07\/overzicht-3.webp\" data-srcset=\"https:\/\/www.sparqbalustrades.nl\/wp-content\/uploads\/2024\/07\/overzicht-3-200x133.webp 200w, https:\/\/www.sparqbalustrades.nl\/wp-content\/uploads\/2024\/07\/overzicht-3-400x266.webp 400w, https:\/\/www.sparqbalustrades.nl\/wp-content\/uploads\/2024\/07\/overzicht-3.webp 500w\" data-sizes=\"auto\" \/>\t\t\t<\/a>\n\t\t\t\t\t\t\t<\/div>\n<div class=\"fusion-portfolio-content\" style=\"background-color:var(--awb-color2);\"><div class=\"fusion-content-sep sep-none\" style=\"border-color:var(--awb-color3);\"><\/div><div class=\"fusion-post-content\"><p><\/p><h3>Das Cath Utrecht<\/h3>\r\n<p> In Zusammenarbeit mit Qbiq b.v. und im Auftrag von Pleijsier Bouw lieferte und montierte SPARQ die Glasbalustraden. Die Glasbalustraden befinden sich entlang der Treppenh\u00e4user, Hohlr\u00e4ume, Eingangspodeste und Dachterrassen (ca. 330 m).<\/p> \r\n<p style=\"text-align: right\"><a href=\"\/de\/portfolio-items\/die-kath-utrecht\/\">Mehr lesen<\/a><\/p><\/div><\/div><\/div><\/article><article id=\"portfolio-1-post-1419\" class=\"fusion-portfolio-post glasbalustrades nederland utiliteitsbouw fusion-col-spacing post-1419\"><div class=\"fusion-portfolio-content-wrapper\" style=\"border:1px solid var(--awb-color2);border-bottom-width:3px;background-color:var(--awb-color2);\"><div  class=\"fusion-image-wrapper\" aria-haspopup=\"true\">\n\t\t\t\t\t\t\t<a href=\"https:\/\/www.sparqbalustrades.nl\/de\/opgeleverde-projecten\/golf-venue-chi-chi-utrecht\/\" aria-label=\"Golfplatz Chi Chi Utrecht\">\n\t\t\t\t\t\t\t<img decoding=\"async\" width=\"500\" height=\"333\" src=\"https:\/\/www.sparqbalustrades.nl\/wp-content\/uploads\/2024\/07\/overzicht-2.webp\" class=\"attachment-full size-full lazyload wp-post-image\" alt=\"\" srcset=\"data:image\/svg+xml,%3Csvg%20xmlns%3D%27http%3A%2F%2Fwww.w3.org%2F2000%2Fsvg%27%20width%3D%27500%27%20height%3D%27333%27%20viewBox%3D%270%200%20500%20333%27%3E%3Crect%20width%3D%27500%27%20height%3D%27333%27%20fill-opacity%3D%220%22%2F%3E%3C%2Fsvg%3E\" data-orig-src=\"https:\/\/www.sparqbalustrades.nl\/wp-content\/uploads\/2024\/07\/overzicht-2.webp\" data-srcset=\"https:\/\/www.sparqbalustrades.nl\/wp-content\/uploads\/2024\/07\/overzicht-2-200x133.webp 200w, https:\/\/www.sparqbalustrades.nl\/wp-content\/uploads\/2024\/07\/overzicht-2-400x266.webp 400w, https:\/\/www.sparqbalustrades.nl\/wp-content\/uploads\/2024\/07\/overzicht-2.webp 500w\" data-sizes=\"auto\" \/>\t\t\t<\/a>\n\t\t\t\t\t\t\t<\/div>\n<div class=\"fusion-portfolio-content\" style=\"background-color:var(--awb-color2);\"><div class=\"fusion-content-sep sep-none\" style=\"border-color:var(--awb-color3);\"><\/div><div class=\"fusion-post-content\"><p><\/p><h3>Golfplatz Chi Chi Utrecht<\/h3>\r\n<p>Der Auftrag umfasste ca. 50m1 Glasgel\u00e4nder, die mit dem SPARQ U-Line Side Profil ausgestattet waren. Ausgestattet mit einer attraktiven, schwarz lackierten Abdeckkappe und einem Handlauf \u00fcber dem Glas.<\/p> \r\n<p style=\"text-align: right\"><a href=\"\/de\/portfolio-items\/golfplatz-chi-chi-utrecht\/\">Mehr lesen<\/a><\/p><\/div><\/div><\/div><\/article><article id=\"portfolio-1-post-1410\" class=\"fusion-portfolio-post doorvalschermen nederland woningen fusion-col-spacing post-1410\"><div class=\"fusion-portfolio-content-wrapper\" style=\"border:1px solid var(--awb-color2);border-bottom-width:3px;background-color:var(--awb-color2);\"><div  class=\"fusion-image-wrapper\" aria-haspopup=\"true\">\n\t\t\t\t\t\t\t<a href=\"https:\/\/www.sparqbalustrades.nl\/de\/opgeleverde-projecten\/vaartzicht-appelscha\/\" aria-label=\"Vaartzicht Appelscha\">\n\t\t\t\t\t\t\t<img decoding=\"async\" width=\"500\" height=\"333\" src=\"https:\/\/www.sparqbalustrades.nl\/wp-content\/uploads\/2024\/07\/overzicht-1.webp\" class=\"attachment-full size-full lazyload wp-post-image\" alt=\"\" srcset=\"data:image\/svg+xml,%3Csvg%20xmlns%3D%27http%3A%2F%2Fwww.w3.org%2F2000%2Fsvg%27%20width%3D%27500%27%20height%3D%27333%27%20viewBox%3D%270%200%20500%20333%27%3E%3Crect%20width%3D%27500%27%20height%3D%27333%27%20fill-opacity%3D%220%22%2F%3E%3C%2Fsvg%3E\" data-orig-src=\"https:\/\/www.sparqbalustrades.nl\/wp-content\/uploads\/2024\/07\/overzicht-1.webp\" data-srcset=\"https:\/\/www.sparqbalustrades.nl\/wp-content\/uploads\/2024\/07\/overzicht-1-200x133.webp 200w, https:\/\/www.sparqbalustrades.nl\/wp-content\/uploads\/2024\/07\/overzicht-1-400x266.webp 400w, https:\/\/www.sparqbalustrades.nl\/wp-content\/uploads\/2024\/07\/overzicht-1.webp 500w\" data-sizes=\"auto\" \/>\t\t\t<\/a>\n\t\t\t\t\t\t\t<\/div>\n<div class=\"fusion-portfolio-content\" style=\"background-color:var(--awb-color2);\"><div class=\"fusion-content-sep sep-none\" style=\"border-color:var(--awb-color3);\"><\/div><div class=\"fusion-post-content\"><p><\/p><h3>Vaartzicht Appelscha<\/h3>\r\n<p>Im Auftrag der Bouwgroep De Jong und Drachtster Glashandel realisierte SPARQ die franz\u00f6sischen Balkone an den neu gebauten H\u00e4usern\/Wohnungen in Appelscha.\r\n<\/p> \r\n<p style=\"text-align: right\"><a href=\"\/de\/portfolio-items\/vaartzicht-appelscha\/\">Mehr lesen<\/a><\/p><\/div><\/div><\/div><\/article><article id=\"portfolio-1-post-1399\" class=\"fusion-portfolio-post glasbalustrades glasbalustrades-gebogen nederland utiliteitsbouw fusion-col-spacing post-1399\"><div class=\"fusion-portfolio-content-wrapper\" style=\"border:1px solid var(--awb-color2);border-bottom-width:3px;background-color:var(--awb-color2);\"><div  class=\"fusion-image-wrapper\" aria-haspopup=\"true\">\n\t\t\t\t\t\t\t<a href=\"https:\/\/www.sparqbalustrades.nl\/de\/opgeleverde-projecten\/forum-groningen\/\" aria-label=\"Forum Groningen\">\n\t\t\t\t\t\t\t<img decoding=\"async\" width=\"400\" height=\"225\" src=\"https:\/\/www.sparqbalustrades.nl\/wp-content\/uploads\/2024\/07\/Overzicht-afbeelding-17.webp\" class=\"attachment-full size-full lazyload wp-post-image\" alt=\"\" srcset=\"data:image\/svg+xml,%3Csvg%20xmlns%3D%27http%3A%2F%2Fwww.w3.org%2F2000%2Fsvg%27%20width%3D%27400%27%20height%3D%27225%27%20viewBox%3D%270%200%20400%20225%27%3E%3Crect%20width%3D%27400%27%20height%3D%27225%27%20fill-opacity%3D%220%22%2F%3E%3C%2Fsvg%3E\" data-orig-src=\"https:\/\/www.sparqbalustrades.nl\/wp-content\/uploads\/2024\/07\/Overzicht-afbeelding-17.webp\" data-srcset=\"https:\/\/www.sparqbalustrades.nl\/wp-content\/uploads\/2024\/07\/Overzicht-afbeelding-17-200x113.webp 200w, https:\/\/www.sparqbalustrades.nl\/wp-content\/uploads\/2024\/07\/Overzicht-afbeelding-17.webp 400w\" data-sizes=\"auto\" \/>\t\t\t<\/a>\n\t\t\t\t\t\t\t<\/div>\n<div class=\"fusion-portfolio-content\" style=\"background-color:var(--awb-color2);\"><div class=\"fusion-content-sep sep-none\" style=\"border-color:var(--awb-color3);\"><\/div><div class=\"fusion-post-content\"><p><\/p><h3>Forum Groningen<\/h3>\r\n<p>Im Herzen von Groningen steht das Forum, ein Treffpunkt f\u00fcr alle, die neugierig auf die Welt von heute und die M\u00f6glichkeiten von morgen sind.\r\nIm Auftrag von Storax b.v. und BAM Bouw en Techniek hat SPARQ alle Glasbalustraden am und im neuen Groninger Forum installiert.<\/p> \r\n<p style=\"text-align: right\"><a href=\"\/de\/portfolio-items\/forum-groningen\/\">Mehr lesen<\/a><\/p><\/div><\/div><\/div><\/article><article id=\"portfolio-1-post-1392\" class=\"fusion-portfolio-post glasbalustrades nederland utiliteitsbouw fusion-col-spacing post-1392\"><div class=\"fusion-portfolio-content-wrapper\" style=\"border:1px solid var(--awb-color2);border-bottom-width:3px;background-color:var(--awb-color2);\"><div  class=\"fusion-image-wrapper\" aria-haspopup=\"true\">\n\t\t\t\t\t\t\t<a href=\"https:\/\/www.sparqbalustrades.nl\/de\/opgeleverde-projecten\/gymworld-zoetermeer\/\" aria-label=\"Gymworld Zoetermeer\">\n\t\t\t\t\t\t\t<img decoding=\"async\" width=\"400\" height=\"268\" src=\"https:\/\/www.sparqbalustrades.nl\/wp-content\/uploads\/2024\/07\/Overzicht-afbeelding-16.webp\" class=\"attachment-full size-full lazyload wp-post-image\" alt=\"\" srcset=\"data:image\/svg+xml,%3Csvg%20xmlns%3D%27http%3A%2F%2Fwww.w3.org%2F2000%2Fsvg%27%20width%3D%27400%27%20height%3D%27268%27%20viewBox%3D%270%200%20400%20268%27%3E%3Crect%20width%3D%27400%27%20height%3D%27268%27%20fill-opacity%3D%220%22%2F%3E%3C%2Fsvg%3E\" data-orig-src=\"https:\/\/www.sparqbalustrades.nl\/wp-content\/uploads\/2024\/07\/Overzicht-afbeelding-16.webp\" data-srcset=\"https:\/\/www.sparqbalustrades.nl\/wp-content\/uploads\/2024\/07\/Overzicht-afbeelding-16-200x134.webp 200w, https:\/\/www.sparqbalustrades.nl\/wp-content\/uploads\/2024\/07\/Overzicht-afbeelding-16.webp 400w\" data-sizes=\"auto\" \/>\t\t\t<\/a>\n\t\t\t\t\t\t\t<\/div>\n<div class=\"fusion-portfolio-content\" style=\"background-color:var(--awb-color2);\"><div class=\"fusion-content-sep sep-none\" style=\"border-color:var(--awb-color3);\"><\/div><div class=\"fusion-post-content\"><p><\/p><h3>Gymworld Zoetermeer<\/h3>\r\n<p>Gymworld Zoetermeer ist ganz dem Turnen und verwandten Sportarten gewidmet.  Das Sportgeb\u00e4ude besteht aus zwei Gymnastikhallen, einer Trampolinhalle, einer Halle f\u00fcr Freerunning und einem sportmedizinischen Zentrum. Bei diesem Projekt realisierte SPARQ etwa 80 Meter Vollglasbalustrade entlang (haupts\u00e4chlich) der Trib\u00fcnen.<\/p> \r\n<p style=\"text-align: right\"><a href=\"\/de\/portfolio-items\/gymworld-zoetermeer\/\">Mehr lesen<\/a><\/p><\/div><\/div><\/div><\/article><article id=\"portfolio-1-post-1384\" class=\"fusion-portfolio-post glasbalustrades nederland trappen utiliteitsbouw fusion-col-spacing post-1384\"><div class=\"fusion-portfolio-content-wrapper\" style=\"border:1px solid var(--awb-color2);border-bottom-width:3px;background-color:var(--awb-color2);\"><div  class=\"fusion-image-wrapper\" aria-haspopup=\"true\">\n\t\t\t\t\t\t\t<a href=\"https:\/\/www.sparqbalustrades.nl\/de\/opgeleverde-projecten\/de-twee-cheetahs\/\" aria-label=\"Die zwei Geparden\">\n\t\t\t\t\t\t\t<img decoding=\"async\" width=\"500\" height=\"333\" src=\"https:\/\/www.sparqbalustrades.nl\/wp-content\/uploads\/2024\/07\/overzicht.webp\" class=\"attachment-full size-full lazyload wp-post-image\" alt=\"\" srcset=\"data:image\/svg+xml,%3Csvg%20xmlns%3D%27http%3A%2F%2Fwww.w3.org%2F2000%2Fsvg%27%20width%3D%27500%27%20height%3D%27333%27%20viewBox%3D%270%200%20500%20333%27%3E%3Crect%20width%3D%27500%27%20height%3D%27333%27%20fill-opacity%3D%220%22%2F%3E%3C%2Fsvg%3E\" data-orig-src=\"https:\/\/www.sparqbalustrades.nl\/wp-content\/uploads\/2024\/07\/overzicht.webp\" data-srcset=\"https:\/\/www.sparqbalustrades.nl\/wp-content\/uploads\/2024\/07\/overzicht-200x133.webp 200w, https:\/\/www.sparqbalustrades.nl\/wp-content\/uploads\/2024\/07\/overzicht-400x266.webp 400w, https:\/\/www.sparqbalustrades.nl\/wp-content\/uploads\/2024\/07\/overzicht.webp 500w\" data-sizes=\"auto\" \/>\t\t\t<\/a>\n\t\t\t\t\t\t\t<\/div>\n<div class=\"fusion-portfolio-content\" style=\"background-color:var(--awb-color2);\"><div class=\"fusion-content-sep sep-none\" style=\"border-color:var(--awb-color3);\"><\/div><div class=\"fusion-post-content\"><p><\/p><h3>Die zwei Geparden<\/h3>\r\n<p>W\u00e4hrend der Renovierung im Jahr 2021 realisierte SPARQ 35 m Glasgel\u00e4nder f\u00fcr die Rampe, die Treppe und den Volant. SPARQ realisierte die Treppe unter Verwendung einer Stahltreppenkonstruktion mit einer Doppelwange f\u00fcr die Einspannung des Glasgel\u00e4nders.<\/p> \r\n<p style=\"text-align: right\"><a href=\"\/de\/portfolio-items\/die-beiden-geparden\/\">Mehr lesen<\/a><\/p><\/div><\/div><\/div><\/article><article id=\"portfolio-1-post-1377\" class=\"fusion-portfolio-post glasbalustrades glasbalustrades-gebogen nederland utiliteitsbouw fusion-col-spacing post-1377\"><div class=\"fusion-portfolio-content-wrapper\" style=\"border:1px solid var(--awb-color2);border-bottom-width:3px;background-color:var(--awb-color2);\"><div  class=\"fusion-image-wrapper\" aria-haspopup=\"true\">\n\t\t\t\t\t\t\t<a href=\"https:\/\/www.sparqbalustrades.nl\/de\/opgeleverde-projecten\/nhow-amsterdam-rai-hotel\/\" aria-label=\"nhow Amsterdam RAI Hotel\">\n\t\t\t\t\t\t\t<img decoding=\"async\" width=\"1920\" height=\"1080\" src=\"https:\/\/www.sparqbalustrades.nl\/wp-content\/uploads\/2025\/09\/VAN02059.webp\" class=\"attachment-full size-full lazyload wp-post-image\" alt=\"Au\u00dfengel\u00e4nder aus Glas mit Aluminiumprofil\" srcset=\"data:image\/svg+xml,%3Csvg%20xmlns%3D%27http%3A%2F%2Fwww.w3.org%2F2000%2Fsvg%27%20width%3D%271920%27%20height%3D%271080%27%20viewBox%3D%270%200%201920%201080%27%3E%3Crect%20width%3D%271920%27%20height%3D%271080%27%20fill-opacity%3D%220%22%2F%3E%3C%2Fsvg%3E\" data-orig-src=\"https:\/\/www.sparqbalustrades.nl\/wp-content\/uploads\/2025\/09\/VAN02059.webp\" data-srcset=\"https:\/\/www.sparqbalustrades.nl\/wp-content\/uploads\/2025\/09\/VAN02059-200x113.webp 200w, https:\/\/www.sparqbalustrades.nl\/wp-content\/uploads\/2025\/09\/VAN02059-400x225.webp 400w, https:\/\/www.sparqbalustrades.nl\/wp-content\/uploads\/2025\/09\/VAN02059-600x338.webp 600w, https:\/\/www.sparqbalustrades.nl\/wp-content\/uploads\/2025\/09\/VAN02059-800x450.webp 800w, https:\/\/www.sparqbalustrades.nl\/wp-content\/uploads\/2025\/09\/VAN02059-1200x675.webp 1200w, https:\/\/www.sparqbalustrades.nl\/wp-content\/uploads\/2025\/09\/VAN02059.webp 1920w\" data-sizes=\"auto\" \/>\t\t\t<\/a>\n\t\t\t\t\t\t\t<\/div>\n<div class=\"fusion-portfolio-content\" style=\"background-color:var(--awb-color2);\"><div class=\"fusion-content-sep sep-none\" style=\"border-color:var(--awb-color3);\"><\/div><div class=\"fusion-post-content\"><p><\/p><h3>nhow Amsterdam RAI Hotel<\/h3>\r\n<p>Die Pleijsier Bouwgroep baute das RAI Hotel im Amsterdamer Gesch\u00e4ftsviertel Zuidas. Alle Dachterrassen erhielten Schiebetore an allen zwei Seiten, die von SPARQ entwickelt, hergestellt und montiert wurden.<\/p> \r\n<p style=\"text-align: right\"><a href=\"\/de\/portfolio-items\/nhow-amsterdam-rai-hotel\/\">Mehr lesen<\/a><\/p><\/div><\/div><\/div><\/article><article id=\"portfolio-1-post-1371\" class=\"fusion-portfolio-post glasbalustrades nederland utiliteitsbouw fusion-col-spacing post-1371\"><div class=\"fusion-portfolio-content-wrapper\" style=\"border:1px solid var(--awb-color2);border-bottom-width:3px;background-color:var(--awb-color2);\"><div  class=\"fusion-image-wrapper\" aria-haspopup=\"true\">\n\t\t\t\t\t\t\t<a href=\"https:\/\/www.sparqbalustrades.nl\/de\/opgeleverde-projecten\/house-of-rituals\/\" aria-label=\"Haus der Rituale\">\n\t\t\t\t\t\t\t<img decoding=\"async\" width=\"400\" height=\"300\" src=\"https:\/\/www.sparqbalustrades.nl\/wp-content\/uploads\/2024\/07\/overzicht-afbeelding-14.webp\" class=\"attachment-full size-full lazyload wp-post-image\" alt=\"\" srcset=\"data:image\/svg+xml,%3Csvg%20xmlns%3D%27http%3A%2F%2Fwww.w3.org%2F2000%2Fsvg%27%20width%3D%27400%27%20height%3D%27300%27%20viewBox%3D%270%200%20400%20300%27%3E%3Crect%20width%3D%27400%27%20height%3D%27300%27%20fill-opacity%3D%220%22%2F%3E%3C%2Fsvg%3E\" data-orig-src=\"https:\/\/www.sparqbalustrades.nl\/wp-content\/uploads\/2024\/07\/overzicht-afbeelding-14.webp\" data-srcset=\"https:\/\/www.sparqbalustrades.nl\/wp-content\/uploads\/2024\/07\/overzicht-afbeelding-14-200x150.webp 200w, https:\/\/www.sparqbalustrades.nl\/wp-content\/uploads\/2024\/07\/overzicht-afbeelding-14.webp 400w\" data-sizes=\"auto\" \/>\t\t\t<\/a>\n\t\t\t\t\t\t\t<\/div>\n<div class=\"fusion-portfolio-content\" style=\"background-color:var(--awb-color2);\"><div class=\"fusion-content-sep sep-none\" style=\"border-color:var(--awb-color3);\"><\/div><div class=\"fusion-post-content\"><p><\/p><h3>Haus der Rituale<\/h3>\r\n<p>Rituals er\u00f6ffnete zu Ehren seines 20-j\u00e4hrigen Bestehens ein Gesch\u00e4ft an der Ecke Kalverstraat und Spui in Amsterdam. Hierf\u00fcr realisierte SPARQ in Zusammenarbeit mit Snep Exclusieve metalen B.V. eine Vollglasbalustrade von ca. 75 Metern L\u00e4nge auf drei Etagen.<\/p> \r\n<p style=\"text-align: right\"><a href=\"\/de\/portfolio-items\/haus-der-rituale\/\">Mehr lesen<\/a><\/p><\/div><\/div><\/div><\/article><article id=\"portfolio-1-post-1364\" class=\"fusion-portfolio-post glasbalustrades nederland utiliteitsbouw fusion-col-spacing post-1364\"><div class=\"fusion-portfolio-content-wrapper\" style=\"border:1px solid var(--awb-color2);border-bottom-width:3px;background-color:var(--awb-color2);\"><div  class=\"fusion-image-wrapper\" aria-haspopup=\"true\">\n\t\t\t\t\t\t\t<a href=\"https:\/\/www.sparqbalustrades.nl\/de\/opgeleverde-projecten\/landgoed-lauswolt\/\" aria-label=\"Landgut Lauswolt\">\n\t\t\t\t\t\t\t<img decoding=\"async\" width=\"400\" height=\"267\" src=\"https:\/\/www.sparqbalustrades.nl\/wp-content\/uploads\/2024\/07\/overzicht-afbeelding-13.webp\" class=\"attachment-full size-full lazyload wp-post-image\" alt=\"\" srcset=\"data:image\/svg+xml,%3Csvg%20xmlns%3D%27http%3A%2F%2Fwww.w3.org%2F2000%2Fsvg%27%20width%3D%27400%27%20height%3D%27267%27%20viewBox%3D%270%200%20400%20267%27%3E%3Crect%20width%3D%27400%27%20height%3D%27267%27%20fill-opacity%3D%220%22%2F%3E%3C%2Fsvg%3E\" data-orig-src=\"https:\/\/www.sparqbalustrades.nl\/wp-content\/uploads\/2024\/07\/overzicht-afbeelding-13.webp\" data-srcset=\"https:\/\/www.sparqbalustrades.nl\/wp-content\/uploads\/2024\/07\/overzicht-afbeelding-13-200x134.webp 200w, https:\/\/www.sparqbalustrades.nl\/wp-content\/uploads\/2024\/07\/overzicht-afbeelding-13.webp 400w\" data-sizes=\"auto\" \/>\t\t\t<\/a>\n\t\t\t\t\t\t\t<\/div>\n<div class=\"fusion-portfolio-content\" style=\"background-color:var(--awb-color2);\"><div class=\"fusion-content-sep sep-none\" style=\"border-color:var(--awb-color3);\"><\/div><div class=\"fusion-post-content\"><p><\/p><h3>Landgut Lauswolt<\/h3>\r\n<p> In den sch\u00f6nen W\u00e4ldern von Beetsterzwaag liegt Frieslands bestgeh\u00fctetes Geheimnis: das F\u00fcnf-Sterne-Hotel Landgoed Lauswolt. In Zusammenarbeit mit Van Wijnen Gorredijk wurde SPARQ mit der Aufgabe betraut, dem Anwesen ein innovatives Aussehen zu verleihen.<\/p> \r\n<p style=\"text-align: right\"><a href=\"\/de\/portfolio-items\/gut-lauwolt\/\">Mehr lesen<\/a><\/p><\/div><\/div><\/div><\/article><article id=\"portfolio-1-post-1357\" class=\"fusion-portfolio-post glasbalustrades nederland woningen fusion-col-spacing post-1357\"><div class=\"fusion-portfolio-content-wrapper\" style=\"border:1px solid var(--awb-color2);border-bottom-width:3px;background-color:var(--awb-color2);\"><div  class=\"fusion-image-wrapper\" aria-haspopup=\"true\">\n\t\t\t\t\t\t\t<a href=\"https:\/\/www.sparqbalustrades.nl\/de\/opgeleverde-projecten\/de-drie-musketiers\/\" aria-label=\"Die drei Musketiere\">\n\t\t\t\t\t\t\t<img decoding=\"async\" width=\"500\" height=\"333\" src=\"https:\/\/www.sparqbalustrades.nl\/wp-content\/uploads\/2024\/07\/uitgelichte-afbeelding.webp\" class=\"attachment-full size-full lazyload wp-post-image\" alt=\"\" srcset=\"data:image\/svg+xml,%3Csvg%20xmlns%3D%27http%3A%2F%2Fwww.w3.org%2F2000%2Fsvg%27%20width%3D%27500%27%20height%3D%27333%27%20viewBox%3D%270%200%20500%20333%27%3E%3Crect%20width%3D%27500%27%20height%3D%27333%27%20fill-opacity%3D%220%22%2F%3E%3C%2Fsvg%3E\" data-orig-src=\"https:\/\/www.sparqbalustrades.nl\/wp-content\/uploads\/2024\/07\/uitgelichte-afbeelding.webp\" data-srcset=\"https:\/\/www.sparqbalustrades.nl\/wp-content\/uploads\/2024\/07\/uitgelichte-afbeelding-200x133.webp 200w, https:\/\/www.sparqbalustrades.nl\/wp-content\/uploads\/2024\/07\/uitgelichte-afbeelding-400x266.webp 400w, https:\/\/www.sparqbalustrades.nl\/wp-content\/uploads\/2024\/07\/uitgelichte-afbeelding.webp 500w\" data-sizes=\"auto\" \/>\t\t\t<\/a>\n\t\t\t\t\t\t\t<\/div>\n<div class=\"fusion-portfolio-content\" style=\"background-color:var(--awb-color2);\"><div class=\"fusion-content-sep sep-none\" style=\"border-color:var(--awb-color3);\"><\/div><div class=\"fusion-post-content\"><p><\/p><h3>Die drei Musketiere<\/h3>\r\n<p>De Drie Musketiers (Porthos, Athos und Aramis) in Leek umfasst den Bau neuer Wohngeb\u00e4ude. Bei diesem Projekt realisierte SPARQ 475 Meter Glasbalustrade und stattete einige Balkone mit Sichtschutz aus.<\/p> \r\n<p style=\"text-align: right\"><a href=\"\/de\/portfolio-items\/die-drei-musketiere\/\">Mehr lesen<\/a><\/p><\/div><\/div><\/div><\/article><article id=\"portfolio-1-post-1327\" class=\"fusion-portfolio-post glasbalustrades nederland utiliteitsbouw fusion-col-spacing post-1327\"><div class=\"fusion-portfolio-content-wrapper\" style=\"border:1px solid var(--awb-color2);border-bottom-width:3px;background-color:var(--awb-color2);\"><div  class=\"fusion-image-wrapper\" aria-haspopup=\"true\">\n\t\t\t\t\t\t\t<a href=\"https:\/\/www.sparqbalustrades.nl\/de\/opgeleverde-projecten\/villa-bergen-aan-zee\/\" aria-label=\"Villa Bergen aan Zee\">\n\t\t\t\t\t\t\t<img decoding=\"async\" width=\"450\" height=\"299\" src=\"https:\/\/www.sparqbalustrades.nl\/wp-content\/uploads\/2024\/07\/Overzichtafbeelding.webp\" class=\"attachment-full size-full lazyload wp-post-image\" alt=\"\" srcset=\"data:image\/svg+xml,%3Csvg%20xmlns%3D%27http%3A%2F%2Fwww.w3.org%2F2000%2Fsvg%27%20width%3D%27450%27%20height%3D%27299%27%20viewBox%3D%270%200%20450%20299%27%3E%3Crect%20width%3D%27450%27%20height%3D%27299%27%20fill-opacity%3D%220%22%2F%3E%3C%2Fsvg%3E\" data-orig-src=\"https:\/\/www.sparqbalustrades.nl\/wp-content\/uploads\/2024\/07\/Overzichtafbeelding.webp\" data-srcset=\"https:\/\/www.sparqbalustrades.nl\/wp-content\/uploads\/2024\/07\/Overzichtafbeelding-200x133.webp 200w, https:\/\/www.sparqbalustrades.nl\/wp-content\/uploads\/2024\/07\/Overzichtafbeelding-400x266.webp 400w, https:\/\/www.sparqbalustrades.nl\/wp-content\/uploads\/2024\/07\/Overzichtafbeelding.webp 450w\" data-sizes=\"auto\" \/>\t\t\t<\/a>\n\t\t\t\t\t\t\t<\/div>\n<div class=\"fusion-portfolio-content\" style=\"background-color:var(--awb-color2);\"><div class=\"fusion-content-sep sep-none\" style=\"border-color:var(--awb-color3);\"><\/div><div class=\"fusion-post-content\"><p><\/p><h3>Villa Bergen aan Zee<\/h3>\r\n<p>Bei dem Projekt wurden mehrere ungew\u00f6hnliche Strukturen verwendet. Am auff\u00e4lligsten ist die nach vorne geneigte Br\u00fcstung des Au\u00dfenbalkons.<\/p> \r\n<p style=\"text-align: right\"><a href=\"\/de\/portfolio-items\/villa-berge-am-meer\/\">Mehr lesen<\/a><\/p><\/div><\/div><\/div><\/article><article id=\"portfolio-1-post-1314\" class=\"fusion-portfolio-post doorvalschermen glasbalustrades nederland utiliteitsbouw fusion-col-spacing post-1314\"><div class=\"fusion-portfolio-content-wrapper\" style=\"border:1px solid var(--awb-color2);border-bottom-width:3px;background-color:var(--awb-color2);\"><div  class=\"fusion-image-wrapper\" aria-haspopup=\"true\">\n\t\t\t\t\t\t\t<a href=\"https:\/\/www.sparqbalustrades.nl\/de\/opgeleverde-projecten\/the-warehouse\/\" aria-label=\"Das Lagerhaus\">\n\t\t\t\t\t\t\t<img decoding=\"async\" width=\"400\" height=\"266\" src=\"https:\/\/www.sparqbalustrades.nl\/wp-content\/uploads\/2024\/07\/Overzicht-afbeelding-12.webp\" class=\"attachment-full size-full lazyload wp-post-image\" alt=\"\" srcset=\"data:image\/svg+xml,%3Csvg%20xmlns%3D%27http%3A%2F%2Fwww.w3.org%2F2000%2Fsvg%27%20width%3D%27400%27%20height%3D%27266%27%20viewBox%3D%270%200%20400%20266%27%3E%3Crect%20width%3D%27400%27%20height%3D%27266%27%20fill-opacity%3D%220%22%2F%3E%3C%2Fsvg%3E\" data-orig-src=\"https:\/\/www.sparqbalustrades.nl\/wp-content\/uploads\/2024\/07\/Overzicht-afbeelding-12.webp\" data-srcset=\"https:\/\/www.sparqbalustrades.nl\/wp-content\/uploads\/2024\/07\/Overzicht-afbeelding-12-200x133.webp 200w, https:\/\/www.sparqbalustrades.nl\/wp-content\/uploads\/2024\/07\/Overzicht-afbeelding-12.webp 400w\" data-sizes=\"auto\" \/>\t\t\t<\/a>\n\t\t\t\t\t\t\t<\/div>\n<div class=\"fusion-portfolio-content\" style=\"background-color:var(--awb-color2);\"><div class=\"fusion-content-sep sep-none\" style=\"border-color:var(--awb-color3);\"><\/div><div class=\"fusion-post-content\"><p><\/p><h3>Das Lagerhaus<\/h3>\r\n<p>\r\nBei diesem Projekt realisierte SPARQ die Glasbalustraden, sowohl mit Punkthaltern als auch auf der Basis unseres U-Line Top-Profils, die franz\u00f6sischen Balkone auf der Basis unseres J-Line-Systems und einige Sichtschutzw\u00e4nde.<\/p> \r\n<p style=\"text-align: right\"><a href=\"\/de\/portfolio-items\/das-lagerhaus\/\">Mehr lesen<\/a><\/p><\/div><\/div><\/div><\/article><article id=\"portfolio-1-post-1300\" class=\"fusion-portfolio-post glasbalustrades nederland trappen woningen fusion-col-spacing post-1300\"><div class=\"fusion-portfolio-content-wrapper\" style=\"border:1px solid var(--awb-color2);border-bottom-width:3px;background-color:var(--awb-color2);\"><div  class=\"fusion-image-wrapper\" aria-haspopup=\"true\">\n\t\t\t\t\t\t\t<a href=\"https:\/\/www.sparqbalustrades.nl\/de\/opgeleverde-projecten\/villa-schoorl\/\" aria-label=\"Villa Schoorl\">\n\t\t\t\t\t\t\t<img decoding=\"async\" width=\"500\" height=\"319\" src=\"https:\/\/www.sparqbalustrades.nl\/wp-content\/uploads\/2024\/07\/Overzicht-afbeelding-11.webp\" class=\"attachment-full size-full lazyload wp-post-image\" alt=\"\" srcset=\"data:image\/svg+xml,%3Csvg%20xmlns%3D%27http%3A%2F%2Fwww.w3.org%2F2000%2Fsvg%27%20width%3D%27500%27%20height%3D%27319%27%20viewBox%3D%270%200%20500%20319%27%3E%3Crect%20width%3D%27500%27%20height%3D%27319%27%20fill-opacity%3D%220%22%2F%3E%3C%2Fsvg%3E\" data-orig-src=\"https:\/\/www.sparqbalustrades.nl\/wp-content\/uploads\/2024\/07\/Overzicht-afbeelding-11.webp\" data-srcset=\"https:\/\/www.sparqbalustrades.nl\/wp-content\/uploads\/2024\/07\/Overzicht-afbeelding-11-200x128.webp 200w, https:\/\/www.sparqbalustrades.nl\/wp-content\/uploads\/2024\/07\/Overzicht-afbeelding-11-400x255.webp 400w, https:\/\/www.sparqbalustrades.nl\/wp-content\/uploads\/2024\/07\/Overzicht-afbeelding-11.webp 500w\" data-sizes=\"auto\" \/>\t\t\t<\/a>\n\t\t\t\t\t\t\t<\/div>\n<div class=\"fusion-portfolio-content\" style=\"background-color:var(--awb-color2);\"><div class=\"fusion-content-sep sep-none\" style=\"border-color:var(--awb-color3);\"><\/div><div class=\"fusion-post-content\"><p><\/p><h3>Villa Schoorl<\/h3>\r\n<p>\r\nF\u00fcr die Villa Schoorl wurden wir mit der Lieferung und Montage der Gel\u00e4nder an den Balkonen und dem Vordach sowie der Glaswand entlang der Treppe, sowohl innen als auch au\u00dfen, beauftragt.<\/p> \r\n<p style=\"text-align: right\"><a href=\"\/de\/portfolio-items\/villa-schoorl\/\">Mehr lesen<\/a><\/p><\/div><\/div><\/div><\/article><article id=\"portfolio-1-post-1269\" class=\"fusion-portfolio-post belgie glasbalustrades woningen fusion-col-spacing post-1269\"><div class=\"fusion-portfolio-content-wrapper\" style=\"border:1px solid var(--awb-color2);border-bottom-width:3px;background-color:var(--awb-color2);\"><div  class=\"fusion-image-wrapper\" aria-haspopup=\"true\">\n\t\t\t\t\t\t\t<a href=\"https:\/\/www.sparqbalustrades.nl\/de\/opgeleverde-projecten\/residentie-rodin\/\" aria-label=\"Wohnsitz Rodin\">\n\t\t\t\t\t\t\t<img decoding=\"async\" width=\"600\" height=\"383\" src=\"https:\/\/www.sparqbalustrades.nl\/wp-content\/uploads\/2024\/07\/Overzicht-afbeelding-10.webp\" class=\"attachment-full size-full lazyload wp-post-image\" alt=\"\" srcset=\"data:image\/svg+xml,%3Csvg%20xmlns%3D%27http%3A%2F%2Fwww.w3.org%2F2000%2Fsvg%27%20width%3D%27600%27%20height%3D%27383%27%20viewBox%3D%270%200%20600%20383%27%3E%3Crect%20width%3D%27600%27%20height%3D%27383%27%20fill-opacity%3D%220%22%2F%3E%3C%2Fsvg%3E\" data-orig-src=\"https:\/\/www.sparqbalustrades.nl\/wp-content\/uploads\/2024\/07\/Overzicht-afbeelding-10.webp\" data-srcset=\"https:\/\/www.sparqbalustrades.nl\/wp-content\/uploads\/2024\/07\/Overzicht-afbeelding-10-200x128.webp 200w, https:\/\/www.sparqbalustrades.nl\/wp-content\/uploads\/2024\/07\/Overzicht-afbeelding-10-400x255.webp 400w, https:\/\/www.sparqbalustrades.nl\/wp-content\/uploads\/2024\/07\/Overzicht-afbeelding-10.webp 600w\" data-sizes=\"auto\" \/>\t\t\t<\/a>\n\t\t\t\t\t\t\t<\/div>\n<div class=\"fusion-portfolio-content\" style=\"background-color:var(--awb-color2);\"><div class=\"fusion-content-sep sep-none\" style=\"border-color:var(--awb-color3);\"><\/div><div class=\"fusion-post-content\"><p><\/p><h3>Wohnsitz Rodin<\/h3>\r\n<p>\r\nNeu gebaute Wohnungen in der N\u00e4he des Strandes und der Lippenslaan in Knokke. Gel\u00e4nder und Schriftzug Bronze eloxiert.<\/p> \r\n<p style=\"text-align: right\"><a href=\"\/de\/portfolio-items\/rodin-residenz\/\">Mehr lesen<\/a><\/p><\/div><\/div><\/div><\/article><article id=\"portfolio-1-post-1259\" class=\"fusion-portfolio-post belgie glasbalustrades utiliteitsbouw fusion-col-spacing post-1259\"><div class=\"fusion-portfolio-content-wrapper\" style=\"border:1px solid var(--awb-color2);border-bottom-width:3px;background-color:var(--awb-color2);\"><div  class=\"fusion-image-wrapper\" aria-haspopup=\"true\">\n\t\t\t\t\t\t\t<a href=\"https:\/\/www.sparqbalustrades.nl\/de\/opgeleverde-projecten\/grand-hotel-knokke\/\" aria-label=\"Grand Hotel Knokke\">\n\t\t\t\t\t\t\t<img decoding=\"async\" width=\"450\" height=\"300\" src=\"https:\/\/www.sparqbalustrades.nl\/wp-content\/uploads\/2024\/07\/Overzicht-afbeelding-9.webp\" class=\"attachment-full size-full lazyload wp-post-image\" alt=\"\" srcset=\"data:image\/svg+xml,%3Csvg%20xmlns%3D%27http%3A%2F%2Fwww.w3.org%2F2000%2Fsvg%27%20width%3D%27450%27%20height%3D%27300%27%20viewBox%3D%270%200%20450%20300%27%3E%3Crect%20width%3D%27450%27%20height%3D%27300%27%20fill-opacity%3D%220%22%2F%3E%3C%2Fsvg%3E\" data-orig-src=\"https:\/\/www.sparqbalustrades.nl\/wp-content\/uploads\/2024\/07\/Overzicht-afbeelding-9.webp\" data-srcset=\"https:\/\/www.sparqbalustrades.nl\/wp-content\/uploads\/2024\/07\/Overzicht-afbeelding-9-200x133.webp 200w, https:\/\/www.sparqbalustrades.nl\/wp-content\/uploads\/2024\/07\/Overzicht-afbeelding-9-400x267.webp 400w, https:\/\/www.sparqbalustrades.nl\/wp-content\/uploads\/2024\/07\/Overzicht-afbeelding-9.webp 450w\" data-sizes=\"auto\" \/>\t\t\t<\/a>\n\t\t\t\t\t\t\t<\/div>\n<div class=\"fusion-portfolio-content\" style=\"background-color:var(--awb-color2);\"><div class=\"fusion-content-sep sep-none\" style=\"border-color:var(--awb-color3);\"><\/div><div class=\"fusion-post-content\"><p><\/p><h3>Grand Hotel Knokke<\/h3>\r\n<p>Am Zeedijk in Knokke steht das majest\u00e4tische Grand Hotel. Das Hotel wurde nach dem Zweiten Weltkrieg wegen der vielen Touristen gebaut. In Zusammenarbeit mit Aluform durfte SPARQ die h\u00f6lzernen Balustraden durch Ganzglasgel\u00e4nder ersetzen.<\/p> \r\n<p style=\"text-align: right\"><a href=\"\/de\/portfolio-items\/grand-hotel-knokke\/\">Mehr lesen<\/a><\/p><\/div><\/div><\/div><\/article><article id=\"portfolio-1-post-1251\" class=\"fusion-portfolio-post glasbalustrades nederland utiliteitsbouw fusion-col-spacing post-1251\"><div class=\"fusion-portfolio-content-wrapper\" style=\"border:1px solid var(--awb-color2);border-bottom-width:3px;background-color:var(--awb-color2);\"><div  class=\"fusion-image-wrapper\" aria-haspopup=\"true\">\n\t\t\t\t\t\t\t<a href=\"https:\/\/www.sparqbalustrades.nl\/de\/opgeleverde-projecten\/hoofdkantoor-zzdp-architecten\/\" aria-label=\"Hauptb\u00fcro ZZDP Architekten\">\n\t\t\t\t\t\t\t<img decoding=\"async\" width=\"600\" height=\"383\" src=\"https:\/\/www.sparqbalustrades.nl\/wp-content\/uploads\/2024\/07\/overzicht-afbeelding-8.webp\" class=\"attachment-full size-full lazyload wp-post-image\" alt=\"\" srcset=\"data:image\/svg+xml,%3Csvg%20xmlns%3D%27http%3A%2F%2Fwww.w3.org%2F2000%2Fsvg%27%20width%3D%27600%27%20height%3D%27383%27%20viewBox%3D%270%200%20600%20383%27%3E%3Crect%20width%3D%27600%27%20height%3D%27383%27%20fill-opacity%3D%220%22%2F%3E%3C%2Fsvg%3E\" data-orig-src=\"https:\/\/www.sparqbalustrades.nl\/wp-content\/uploads\/2024\/07\/overzicht-afbeelding-8.webp\" data-srcset=\"https:\/\/www.sparqbalustrades.nl\/wp-content\/uploads\/2024\/07\/overzicht-afbeelding-8-200x128.webp 200w, https:\/\/www.sparqbalustrades.nl\/wp-content\/uploads\/2024\/07\/overzicht-afbeelding-8-400x255.webp 400w, https:\/\/www.sparqbalustrades.nl\/wp-content\/uploads\/2024\/07\/overzicht-afbeelding-8.webp 600w\" data-sizes=\"auto\" \/>\t\t\t<\/a>\n\t\t\t\t\t\t\t<\/div>\n<div class=\"fusion-portfolio-content\" style=\"background-color:var(--awb-color2);\"><div class=\"fusion-content-sep sep-none\" style=\"border-color:var(--awb-color3);\"><\/div><div class=\"fusion-post-content\"><p><\/p><h3>Hauptb\u00fcro ZZDP Architekten<\/h3>\r\n<p>Ein Industriegeb\u00e4ude mit viel Platz f\u00fcr dieses mittelgro\u00dfe Architekturb\u00fcro. Das B\u00fcro hat einen sch\u00f6nen Zwischenraum, der die beiden Etagen des B\u00fcros verbindet. In Zusammenarbeit mit Matel Metaal realisierte SPARQ Balustrades die Ganzglasbalustrade entlang dieses Zwischenraums.<\/p> \r\n<p style=\"text-align: right\"><a href=\"\/de\/portfolio-items\/hauptsitz-zzdp-architekten\/\">Mehr lesen<\/a><\/p><\/div><\/div><\/div><\/article><article id=\"portfolio-1-post-1234\" class=\"fusion-portfolio-post glasbalustrades nederland trappen woningen fusion-col-spacing post-1234\"><div class=\"fusion-portfolio-content-wrapper\" style=\"border:1px solid var(--awb-color2);border-bottom-width:3px;background-color:var(--awb-color2);\"><div  class=\"fusion-image-wrapper\" aria-haspopup=\"true\">\n\t\t\t\t\t\t\t<a href=\"https:\/\/www.sparqbalustrades.nl\/de\/opgeleverde-projecten\/semper-virens\/\" aria-label=\"Semper Virens\">\n\t\t\t\t\t\t\t<img decoding=\"async\" width=\"600\" height=\"316\" src=\"https:\/\/www.sparqbalustrades.nl\/wp-content\/uploads\/2024\/07\/Overzicht-afbeeldig.webp\" class=\"attachment-full size-full lazyload wp-post-image\" alt=\"\" srcset=\"data:image\/svg+xml,%3Csvg%20xmlns%3D%27http%3A%2F%2Fwww.w3.org%2F2000%2Fsvg%27%20width%3D%27600%27%20height%3D%27316%27%20viewBox%3D%270%200%20600%20316%27%3E%3Crect%20width%3D%27600%27%20height%3D%27316%27%20fill-opacity%3D%220%22%2F%3E%3C%2Fsvg%3E\" data-orig-src=\"https:\/\/www.sparqbalustrades.nl\/wp-content\/uploads\/2024\/07\/Overzicht-afbeeldig.webp\" data-srcset=\"https:\/\/www.sparqbalustrades.nl\/wp-content\/uploads\/2024\/07\/Overzicht-afbeeldig-200x105.webp 200w, https:\/\/www.sparqbalustrades.nl\/wp-content\/uploads\/2024\/07\/Overzicht-afbeeldig-400x211.webp 400w, https:\/\/www.sparqbalustrades.nl\/wp-content\/uploads\/2024\/07\/Overzicht-afbeeldig.webp 600w\" data-sizes=\"auto\" \/>\t\t\t<\/a>\n\t\t\t\t\t\t\t<\/div>\n<div class=\"fusion-portfolio-content\" style=\"background-color:var(--awb-color2);\"><div class=\"fusion-content-sep sep-none\" style=\"border-color:var(--awb-color3);\"><\/div><div class=\"fusion-post-content\"><p><\/p><h3>Semper Virens<\/h3>\r\n<p>Der Gutshof 'Semper Virens' befindet sich auf dem Landgut Oranjewoud. Dieses Bauernhaus wurde im Rahmen der Architektur komplett renoviert. SPARQ lieferte und montierte die Gel\u00e4nder entlang des Hohlraums und der Treppen in diesem sch\u00f6nen Anwesen.<\/p> \r\n<p style=\"text-align: right\"><a href=\"\/de\/portfolio-items\/semper-virens\/\">Mehr lesen<\/a><\/p><\/div><\/div><\/div><\/article><article id=\"portfolio-1-post-1226\" class=\"fusion-portfolio-post glasbalustrades nederland utiliteitsbouw fusion-col-spacing post-1226\"><div class=\"fusion-portfolio-content-wrapper\" style=\"border:1px solid var(--awb-color2);border-bottom-width:3px;background-color:var(--awb-color2);\"><div  class=\"fusion-image-wrapper\" aria-haspopup=\"true\">\n\t\t\t\t\t\t\t<a href=\"https:\/\/www.sparqbalustrades.nl\/de\/opgeleverde-projecten\/mfc-doelum\/\" aria-label=\"MFC Doelum\">\n\t\t\t\t\t\t\t<img decoding=\"async\" width=\"750\" height=\"478\" src=\"https:\/\/www.sparqbalustrades.nl\/wp-content\/uploads\/2024\/07\/Overzicht-afbeelding-7.webp\" class=\"attachment-full size-full lazyload wp-post-image\" alt=\"\" srcset=\"data:image\/svg+xml,%3Csvg%20xmlns%3D%27http%3A%2F%2Fwww.w3.org%2F2000%2Fsvg%27%20width%3D%27750%27%20height%3D%27478%27%20viewBox%3D%270%200%20750%20478%27%3E%3Crect%20width%3D%27750%27%20height%3D%27478%27%20fill-opacity%3D%220%22%2F%3E%3C%2Fsvg%3E\" data-orig-src=\"https:\/\/www.sparqbalustrades.nl\/wp-content\/uploads\/2024\/07\/Overzicht-afbeelding-7.webp\" data-srcset=\"https:\/\/www.sparqbalustrades.nl\/wp-content\/uploads\/2024\/07\/Overzicht-afbeelding-7-200x127.webp 200w, https:\/\/www.sparqbalustrades.nl\/wp-content\/uploads\/2024\/07\/Overzicht-afbeelding-7-400x255.webp 400w, https:\/\/www.sparqbalustrades.nl\/wp-content\/uploads\/2024\/07\/Overzicht-afbeelding-7-600x382.webp 600w, https:\/\/www.sparqbalustrades.nl\/wp-content\/uploads\/2024\/07\/Overzicht-afbeelding-7.webp 750w\" data-sizes=\"auto\" \/>\t\t\t<\/a>\n\t\t\t\t\t\t\t<\/div>\n<div class=\"fusion-portfolio-content\" style=\"background-color:var(--awb-color2);\"><div class=\"fusion-content-sep sep-none\" style=\"border-color:var(--awb-color3);\"><\/div><div class=\"fusion-post-content\"><p><\/p><h3>MFC Doelum <\/h3>\r\n<p>In einer sch\u00f6nen Gr\u00fcnanlage, umgeben von kleinen Wohnsiedlungen, wurde das MFC Doelum als soziales Herz f\u00fcr die Gemeinde Renkum konzipiert. SPARQ ersetzte die Gitterz\u00e4une in diesem 2017 fertiggestellten Komplex durch Vollglasbalustraden.<\/p> \r\n<p style=\"text-align: right\"><a href=\"\/de\/portfolio-items\/mfc-doelum\/\">Mehr lesen<\/a><\/p><\/div><\/div><\/div><\/article><article id=\"portfolio-1-post-1218\" class=\"fusion-portfolio-post glasbalustrades nederland trappen woningen fusion-col-spacing post-1218\"><div class=\"fusion-portfolio-content-wrapper\" style=\"border:1px solid var(--awb-color2);border-bottom-width:3px;background-color:var(--awb-color2);\"><div  class=\"fusion-image-wrapper\" aria-haspopup=\"true\">\n\t\t\t\t\t\t\t<a href=\"https:\/\/www.sparqbalustrades.nl\/de\/opgeleverde-projecten\/brede-school-de-fliert\/\" aria-label=\"Brede Schule de Fliert\">\n\t\t\t\t\t\t\t<img decoding=\"async\" width=\"750\" height=\"478\" src=\"https:\/\/www.sparqbalustrades.nl\/wp-content\/uploads\/2024\/07\/Overzicht-afbeelding-6.webp\" class=\"attachment-full size-full lazyload wp-post-image\" alt=\"\" srcset=\"data:image\/svg+xml,%3Csvg%20xmlns%3D%27http%3A%2F%2Fwww.w3.org%2F2000%2Fsvg%27%20width%3D%27750%27%20height%3D%27478%27%20viewBox%3D%270%200%20750%20478%27%3E%3Crect%20width%3D%27750%27%20height%3D%27478%27%20fill-opacity%3D%220%22%2F%3E%3C%2Fsvg%3E\" data-orig-src=\"https:\/\/www.sparqbalustrades.nl\/wp-content\/uploads\/2024\/07\/Overzicht-afbeelding-6.webp\" data-srcset=\"https:\/\/www.sparqbalustrades.nl\/wp-content\/uploads\/2024\/07\/Overzicht-afbeelding-6-200x127.webp 200w, https:\/\/www.sparqbalustrades.nl\/wp-content\/uploads\/2024\/07\/Overzicht-afbeelding-6-400x255.webp 400w, https:\/\/www.sparqbalustrades.nl\/wp-content\/uploads\/2024\/07\/Overzicht-afbeelding-6-600x382.webp 600w, https:\/\/www.sparqbalustrades.nl\/wp-content\/uploads\/2024\/07\/Overzicht-afbeelding-6.webp 750w\" data-sizes=\"auto\" \/>\t\t\t<\/a>\n\t\t\t\t\t\t\t<\/div>\n<div class=\"fusion-portfolio-content\" style=\"background-color:var(--awb-color2);\"><div class=\"fusion-content-sep sep-none\" style=\"border-color:var(--awb-color3);\"><\/div><div class=\"fusion-post-content\"><p><\/p><h3>Brede Schule De Fliert in Twello <\/h3>\r\n<p>In der breit angelegten Schule De Fliert in Twello werden drei Grundschulen, eine BSO und eine neue Spielgruppe in Ersatzneubauten untergebracht. Au\u00dferdem werden zwei Kindertagesst\u00e4tten beibehalten.<\/p> \r\n<p style=\"text-align: right\"><a href=\"\/de\/portfolio-items\/gemeinschaftsschule-de-fliert\/\">Mehr lesen<\/a><\/p><\/div><\/div><\/div><\/article><article id=\"portfolio-1-post-1216\" class=\"fusion-portfolio-post glasbalustrades utiliteitsbouw woningen fusion-col-spacing post-1216\"><div class=\"fusion-portfolio-content-wrapper\" style=\"border:1px solid var(--awb-color2);border-bottom-width:3px;background-color:var(--awb-color2);\"><div  class=\"fusion-image-wrapper\" aria-haspopup=\"true\">\n\t\t\t\t\t\t\t<a href=\"https:\/\/www.sparqbalustrades.nl\/de\/opgeleverde-projecten\/sportcomplex-hogekwartier\/\" aria-label=\"Hogekwartier Sportanlage\">\n\t\t\t\t\t\t\t<img decoding=\"async\" width=\"600\" height=\"434\" src=\"https:\/\/www.sparqbalustrades.nl\/wp-content\/uploads\/2024\/07\/Overzicht-afbeelding-1-3.webp\" class=\"attachment-full size-full lazyload wp-post-image\" alt=\"\" srcset=\"data:image\/svg+xml,%3Csvg%20xmlns%3D%27http%3A%2F%2Fwww.w3.org%2F2000%2Fsvg%27%20width%3D%27600%27%20height%3D%27434%27%20viewBox%3D%270%200%20600%20434%27%3E%3Crect%20width%3D%27600%27%20height%3D%27434%27%20fill-opacity%3D%220%22%2F%3E%3C%2Fsvg%3E\" data-orig-src=\"https:\/\/www.sparqbalustrades.nl\/wp-content\/uploads\/2024\/07\/Overzicht-afbeelding-1-3.webp\" data-srcset=\"https:\/\/www.sparqbalustrades.nl\/wp-content\/uploads\/2024\/07\/Overzicht-afbeelding-1-3-200x145.webp 200w, https:\/\/www.sparqbalustrades.nl\/wp-content\/uploads\/2024\/07\/Overzicht-afbeelding-1-3-400x289.webp 400w, https:\/\/www.sparqbalustrades.nl\/wp-content\/uploads\/2024\/07\/Overzicht-afbeelding-1-3.webp 600w\" data-sizes=\"auto\" \/>\t\t\t<\/a>\n\t\t\t\t\t\t\t<\/div>\n<div class=\"fusion-portfolio-content\" style=\"background-color:var(--awb-color2);\"><div class=\"fusion-content-sep sep-none\" style=\"border-color:var(--awb-color3);\"><\/div><div class=\"fusion-post-content\"><p><\/p><h3>Hogekwartier Sportanlage<\/h3>\r\n<p>Amerena ist der neue Sportkomplex im Hogekwartier von Amersfoort. Der Komplex ist eine einzigartige Sport- und Begegnungsst\u00e4tte in der Stadt.<\/p> \r\n<p style=\"text-align: right\"><a href=\"\/de\/portfolio-items\/sportkomplex-im-oberen-viertel\/\">Mehr lesen<\/a><\/p><\/div><\/div><\/div><\/article><article id=\"portfolio-1-post-1205\" class=\"fusion-portfolio-post glasbalustrades nederland utiliteitsbouw fusion-col-spacing post-1205\"><div class=\"fusion-portfolio-content-wrapper\" style=\"border:1px solid var(--awb-color2);border-bottom-width:3px;background-color:var(--awb-color2);\"><div  class=\"fusion-image-wrapper\" aria-haspopup=\"true\">\n\t\t\t\t\t\t\t<a href=\"https:\/\/www.sparqbalustrades.nl\/de\/opgeleverde-projecten\/amacitia\/\" aria-label=\"Amacitia\">\n\t\t\t\t\t\t\t<img decoding=\"async\" width=\"800\" height=\"1200\" src=\"https:\/\/www.sparqbalustrades.nl\/wp-content\/uploads\/2024\/07\/Overzicht-afbeelding-5.webp\" class=\"attachment-full size-full lazyload wp-post-image\" alt=\"\" srcset=\"data:image\/svg+xml,%3Csvg%20xmlns%3D%27http%3A%2F%2Fwww.w3.org%2F2000%2Fsvg%27%20width%3D%27800%27%20height%3D%271200%27%20viewBox%3D%270%200%20800%201200%27%3E%3Crect%20width%3D%27800%27%20height%3D%271200%27%20fill-opacity%3D%220%22%2F%3E%3C%2Fsvg%3E\" data-orig-src=\"https:\/\/www.sparqbalustrades.nl\/wp-content\/uploads\/2024\/07\/Overzicht-afbeelding-5.webp\" data-srcset=\"https:\/\/www.sparqbalustrades.nl\/wp-content\/uploads\/2024\/07\/Overzicht-afbeelding-5-200x300.webp 200w, https:\/\/www.sparqbalustrades.nl\/wp-content\/uploads\/2024\/07\/Overzicht-afbeelding-5-400x600.webp 400w, https:\/\/www.sparqbalustrades.nl\/wp-content\/uploads\/2024\/07\/Overzicht-afbeelding-5-600x900.webp 600w, https:\/\/www.sparqbalustrades.nl\/wp-content\/uploads\/2024\/07\/Overzicht-afbeelding-5.webp 800w\" data-sizes=\"auto\" \/>\t\t\t<\/a>\n\t\t\t\t\t\t\t<\/div>\n<div class=\"fusion-portfolio-content\" style=\"background-color:var(--awb-color2);\"><div class=\"fusion-content-sep sep-none\" style=\"border-color:var(--awb-color3);\"><\/div><div class=\"fusion-post-content\"><p><\/p><h3>Amacitia<\/h3>\r\n<p>Was einst als \"das h\u00e4sslichste Geb\u00e4ude in Leeuwarden\" bekannt war, wurde zu einem neuen, sch\u00f6nen Stadttor. Die umlaufenden Terrassen mit Glasbalustraden bieten weite Ausblicke, und die Au\u00dfenwelt tritt durch die Fassaden ein.<\/p> \r\n<p style=\"text-align: right\"><a href=\"\/de\/portfolio-items\/amacitia\/\">Mehr lesen<\/a><\/p><\/div><\/div><\/div><\/article><article id=\"portfolio-1-post-1199\" class=\"fusion-portfolio-post glasbalustrades nederland utiliteitsbouw fusion-col-spacing post-1199\"><div class=\"fusion-portfolio-content-wrapper\" style=\"border:1px solid var(--awb-color2);border-bottom-width:3px;background-color:var(--awb-color2);\"><div  class=\"fusion-image-wrapper\" aria-haspopup=\"true\">\n\t\t\t\t\t\t\t<a href=\"https:\/\/www.sparqbalustrades.nl\/de\/opgeleverde-projecten\/tno\/\" aria-label=\"TNO\">\n\t\t\t\t\t\t\t<img decoding=\"async\" width=\"480\" height=\"319\" src=\"https:\/\/www.sparqbalustrades.nl\/wp-content\/uploads\/2024\/07\/Overzicht-afbeelding-4.webp\" class=\"attachment-full size-full lazyload wp-post-image\" alt=\"\" srcset=\"data:image\/svg+xml,%3Csvg%20xmlns%3D%27http%3A%2F%2Fwww.w3.org%2F2000%2Fsvg%27%20width%3D%27480%27%20height%3D%27319%27%20viewBox%3D%270%200%20480%20319%27%3E%3Crect%20width%3D%27480%27%20height%3D%27319%27%20fill-opacity%3D%220%22%2F%3E%3C%2Fsvg%3E\" data-orig-src=\"https:\/\/www.sparqbalustrades.nl\/wp-content\/uploads\/2024\/07\/Overzicht-afbeelding-4.webp\" data-srcset=\"https:\/\/www.sparqbalustrades.nl\/wp-content\/uploads\/2024\/07\/Overzicht-afbeelding-4-200x133.webp 200w, https:\/\/www.sparqbalustrades.nl\/wp-content\/uploads\/2024\/07\/Overzicht-afbeelding-4-400x266.webp 400w, https:\/\/www.sparqbalustrades.nl\/wp-content\/uploads\/2024\/07\/Overzicht-afbeelding-4.webp 480w\" data-sizes=\"auto\" \/>\t\t\t<\/a>\n\t\t\t\t\t\t\t<\/div>\n<div class=\"fusion-portfolio-content\" style=\"background-color:var(--awb-color2);\"><div class=\"fusion-content-sep sep-none\" style=\"border-color:var(--awb-color3);\"><\/div><div class=\"fusion-post-content\"><p><\/p><h3>TNO<\/h3>\r\n<p>das neue Labor f\u00fcr die gemeinsame Unterbringung der TNO-Forschungsgruppe Bouwlab und der TNO-Forschungsgruppe Energy&amp;Comfort System, ist ein modernes Geb\u00e4ude, in dem die Verwendung von Glasbalustraden fast selbstverst\u00e4ndlich ist.<\/p> \r\n<p style=\"text-align: right\"><a href=\"\/de\/portfolio-items\/tno\/\">Mehr lesen<\/a><\/p><\/div><\/div><\/div><\/article><article id=\"portfolio-1-post-1188\" class=\"fusion-portfolio-post glasbalustrades nederland utiliteitsbouw fusion-col-spacing post-1188\"><div class=\"fusion-portfolio-content-wrapper\" style=\"border:1px solid var(--awb-color2);border-bottom-width:3px;background-color:var(--awb-color2);\"><div  class=\"fusion-image-wrapper\" aria-haspopup=\"true\">\n\t\t\t\t\t\t\t<a href=\"https:\/\/www.sparqbalustrades.nl\/de\/opgeleverde-projecten\/enexis\/\" aria-label=\"Enexis\">\n\t\t\t\t\t\t\t<img decoding=\"async\" width=\"450\" height=\"295\" src=\"https:\/\/www.sparqbalustrades.nl\/wp-content\/uploads\/2024\/07\/Overzicht-afbeelding-1-2.webp\" class=\"attachment-full size-full lazyload wp-post-image\" alt=\"\" srcset=\"data:image\/svg+xml,%3Csvg%20xmlns%3D%27http%3A%2F%2Fwww.w3.org%2F2000%2Fsvg%27%20width%3D%27450%27%20height%3D%27295%27%20viewBox%3D%270%200%20450%20295%27%3E%3Crect%20width%3D%27450%27%20height%3D%27295%27%20fill-opacity%3D%220%22%2F%3E%3C%2Fsvg%3E\" data-orig-src=\"https:\/\/www.sparqbalustrades.nl\/wp-content\/uploads\/2024\/07\/Overzicht-afbeelding-1-2.webp\" data-srcset=\"https:\/\/www.sparqbalustrades.nl\/wp-content\/uploads\/2024\/07\/Overzicht-afbeelding-1-2-200x131.webp 200w, https:\/\/www.sparqbalustrades.nl\/wp-content\/uploads\/2024\/07\/Overzicht-afbeelding-1-2-400x262.webp 400w, https:\/\/www.sparqbalustrades.nl\/wp-content\/uploads\/2024\/07\/Overzicht-afbeelding-1-2.webp 450w\" data-sizes=\"auto\" \/>\t\t\t<\/a>\n\t\t\t\t\t\t\t<\/div>\n<div class=\"fusion-portfolio-content\" style=\"background-color:var(--awb-color2);\"><div class=\"fusion-content-sep sep-none\" style=\"border-color:var(--awb-color3);\"><\/div><div class=\"fusion-post-content\"><p><\/p><h3>Enexis<\/h3>\r\n<p>Das regionale B\u00fcro von Enexis in Maastricht beweist, wie man Energie sparsam einsetzt. Ihr Geb\u00e4ude ist ein Musterbeispiel f\u00fcr Flexibilit\u00e4t: Es besteht aus einem modularen und demontierbaren Bausystem. Im Inneren spielen Glasbalustraden eine herausragende Rolle.<\/p> \r\n<p style=\"text-align: right\"><a href=\"\/de\/portfolio-items\/enexis\/\">Mehr lesen<\/a><\/p><\/div><\/div><\/div><\/article><article id=\"portfolio-1-post-1180\" class=\"fusion-portfolio-post glasbalustrades nederland utiliteitsbouw fusion-col-spacing post-1180\"><div class=\"fusion-portfolio-content-wrapper\" style=\"border:1px solid var(--awb-color2);border-bottom-width:3px;background-color:var(--awb-color2);\"><div  class=\"fusion-image-wrapper\" aria-haspopup=\"true\">\n\t\t\t\t\t\t\t<a href=\"https:\/\/www.sparqbalustrades.nl\/de\/opgeleverde-projecten\/shopping-centrum\/\" aria-label=\"Einkaufszentrum\">\n\t\t\t\t\t\t\t<img decoding=\"async\" width=\"450\" height=\"300\" src=\"https:\/\/www.sparqbalustrades.nl\/wp-content\/uploads\/2024\/07\/Overzicht-afbeelding-3.webp\" class=\"attachment-full size-full lazyload wp-post-image\" alt=\"\" srcset=\"data:image\/svg+xml,%3Csvg%20xmlns%3D%27http%3A%2F%2Fwww.w3.org%2F2000%2Fsvg%27%20width%3D%27450%27%20height%3D%27300%27%20viewBox%3D%270%200%20450%20300%27%3E%3Crect%20width%3D%27450%27%20height%3D%27300%27%20fill-opacity%3D%220%22%2F%3E%3C%2Fsvg%3E\" data-orig-src=\"https:\/\/www.sparqbalustrades.nl\/wp-content\/uploads\/2024\/07\/Overzicht-afbeelding-3.webp\" data-srcset=\"https:\/\/www.sparqbalustrades.nl\/wp-content\/uploads\/2024\/07\/Overzicht-afbeelding-3-200x133.webp 200w, https:\/\/www.sparqbalustrades.nl\/wp-content\/uploads\/2024\/07\/Overzicht-afbeelding-3-400x267.webp 400w, https:\/\/www.sparqbalustrades.nl\/wp-content\/uploads\/2024\/07\/Overzicht-afbeelding-3.webp 450w\" data-sizes=\"auto\" \/>\t\t\t<\/a>\n\t\t\t\t\t\t\t<\/div>\n<div class=\"fusion-portfolio-content\" style=\"background-color:var(--awb-color2);\"><div class=\"fusion-content-sep sep-none\" style=\"border-color:var(--awb-color3);\"><\/div><div class=\"fusion-post-content\"><p><\/p><h3>Einkaufszentrum<\/h3>\r\n<p>Das Einkaufszentrum in Wijnegem ist das gr\u00f6\u00dfte und erfolgreichste Einkaufszentrum in den Benelux-L\u00e4ndern. Bei der Renovierung wurden die altmodischen Stahlgel\u00e4nder durch transparentes Glas ersetzt, um mehr kommerziellen Schwung zu erzeugen.<\/p> \r\n<p style=\"text-align: right\"><a href=\"\/de\/portfolio-items\/einkaufszentrum\/\">Mehr lesen<\/a><\/p><\/div><\/div><\/div><\/article><article id=\"portfolio-1-post-1172\" class=\"fusion-portfolio-post glasbalustrades nederland trappen utiliteitsbouw fusion-col-spacing post-1172\"><div class=\"fusion-portfolio-content-wrapper\" style=\"border:1px solid var(--awb-color2);border-bottom-width:3px;background-color:var(--awb-color2);\"><div  class=\"fusion-image-wrapper\" aria-haspopup=\"true\">\n\t\t\t\t\t\t\t<a href=\"https:\/\/www.sparqbalustrades.nl\/de\/opgeleverde-projecten\/van-der-valk-hotel\/\" aria-label=\"Van der Valk Hotel\">\n\t\t\t\t\t\t\t<img decoding=\"async\" width=\"400\" height=\"255\" src=\"https:\/\/www.sparqbalustrades.nl\/wp-content\/uploads\/2024\/07\/Van-der-Valk-Hotel-I-4.webp\" class=\"attachment-full size-full lazyload wp-post-image\" alt=\"\" srcset=\"data:image\/svg+xml,%3Csvg%20xmlns%3D%27http%3A%2F%2Fwww.w3.org%2F2000%2Fsvg%27%20width%3D%27400%27%20height%3D%27255%27%20viewBox%3D%270%200%20400%20255%27%3E%3Crect%20width%3D%27400%27%20height%3D%27255%27%20fill-opacity%3D%220%22%2F%3E%3C%2Fsvg%3E\" data-orig-src=\"https:\/\/www.sparqbalustrades.nl\/wp-content\/uploads\/2024\/07\/Van-der-Valk-Hotel-I-4.webp\" data-srcset=\"https:\/\/www.sparqbalustrades.nl\/wp-content\/uploads\/2024\/07\/Van-der-Valk-Hotel-I-4-200x128.webp 200w, https:\/\/www.sparqbalustrades.nl\/wp-content\/uploads\/2024\/07\/Van-der-Valk-Hotel-I-4.webp 400w\" data-sizes=\"auto\" \/>\t\t\t<\/a>\n\t\t\t\t\t\t\t<\/div>\n<div class=\"fusion-portfolio-content\" style=\"background-color:var(--awb-color2);\"><div class=\"fusion-content-sep sep-none\" style=\"border-color:var(--awb-color3);\"><\/div><div class=\"fusion-post-content\"><p><\/p><h3>Van der Valk Hotel<\/h3>\r\n<p>Van der Valk Hotel in Hoorn, Der neue Van der Valk-Komplex an der A7 bei Hoorn besteht aus einem Hotel, einem Kino und einem Casino. Der Zugang zu den verschiedenen Einrichtungen erfolgt \u00fcber eine gro\u00dfe zentrale Halle, in der viel Glas verwendet wurde.<\/p> \r\n<p style=\"text-align: right\"><a href=\"\/de\/portfolio-items\/hotel-van-der-valk\/\">Mehr lesen<\/a><\/p><\/div><\/div><\/div><\/article><article id=\"portfolio-1-post-1162\" class=\"fusion-portfolio-post glasbalustrades nederland utiliteitsbouw fusion-col-spacing post-1162\"><div class=\"fusion-portfolio-content-wrapper\" style=\"border:1px solid var(--awb-color2);border-bottom-width:3px;background-color:var(--awb-color2);\"><div  class=\"fusion-image-wrapper\" aria-haspopup=\"true\">\n\t\t\t\t\t\t\t<a href=\"https:\/\/www.sparqbalustrades.nl\/de\/opgeleverde-projecten\/hotel-bussloo\/\" aria-label=\"Hotel Bussloo\">\n\t\t\t\t\t\t\t<img decoding=\"async\" width=\"600\" height=\"383\" src=\"https:\/\/www.sparqbalustrades.nl\/wp-content\/uploads\/2024\/07\/Overzicht-afbeelding-1-1.webp\" class=\"attachment-full size-full lazyload wp-post-image\" alt=\"\" srcset=\"data:image\/svg+xml,%3Csvg%20xmlns%3D%27http%3A%2F%2Fwww.w3.org%2F2000%2Fsvg%27%20width%3D%27600%27%20height%3D%27383%27%20viewBox%3D%270%200%20600%20383%27%3E%3Crect%20width%3D%27600%27%20height%3D%27383%27%20fill-opacity%3D%220%22%2F%3E%3C%2Fsvg%3E\" data-orig-src=\"https:\/\/www.sparqbalustrades.nl\/wp-content\/uploads\/2024\/07\/Overzicht-afbeelding-1-1.webp\" data-srcset=\"https:\/\/www.sparqbalustrades.nl\/wp-content\/uploads\/2024\/07\/Overzicht-afbeelding-1-1-200x128.webp 200w, https:\/\/www.sparqbalustrades.nl\/wp-content\/uploads\/2024\/07\/Overzicht-afbeelding-1-1-400x255.webp 400w, https:\/\/www.sparqbalustrades.nl\/wp-content\/uploads\/2024\/07\/Overzicht-afbeelding-1-1.webp 600w\" data-sizes=\"auto\" \/>\t\t\t<\/a>\n\t\t\t\t\t\t\t<\/div>\n<div class=\"fusion-portfolio-content\" style=\"background-color:var(--awb-color2);\"><div class=\"fusion-content-sep sep-none\" style=\"border-color:var(--awb-color3);\"><\/div><div class=\"fusion-post-content\"><p><\/p><h3>Hotel Bussloo<\/h3>\r\n<p>Das Hotel Bussloo in Bussloo ist ein exklusives Wellness-Hotel in einem wundersch\u00f6nen Waldgebiet am Rande des Bussloo-Sees. Atmosph\u00e4re und Erlebnis standen bei der Gestaltung im Mittelpunkt. Die Glasbalustraden im Innenbereich spielen dabei eine wichtige Rolle. <\/p> \r\n<p style=\"text-align: right\"><a href=\"\/de\/portfolio-items\/hotel-bussole\/\">Mehr lesen<\/a><\/p><\/div><\/div><\/div><\/article><article id=\"portfolio-1-post-1152\" class=\"fusion-portfolio-post belgie glasbalustrades utiliteitsbouw fusion-col-spacing post-1152\"><div class=\"fusion-portfolio-content-wrapper\" style=\"border:1px solid var(--awb-color2);border-bottom-width:3px;background-color:var(--awb-color2);\"><div  class=\"fusion-image-wrapper\" aria-haspopup=\"true\">\n\t\t\t\t\t\t\t<a href=\"https:\/\/www.sparqbalustrades.nl\/de\/opgeleverde-projecten\/station-antwerpen-berchem\/\" aria-label=\"Bahnhof Antwerpen-Berchem\">\n\t\t\t\t\t\t\t<img decoding=\"async\" width=\"600\" height=\"338\" src=\"https:\/\/www.sparqbalustrades.nl\/wp-content\/uploads\/2024\/07\/Overzicht-afbeelding-1.webp\" class=\"attachment-full size-full lazyload wp-post-image\" alt=\"\" srcset=\"data:image\/svg+xml,%3Csvg%20xmlns%3D%27http%3A%2F%2Fwww.w3.org%2F2000%2Fsvg%27%20width%3D%27600%27%20height%3D%27338%27%20viewBox%3D%270%200%20600%20338%27%3E%3Crect%20width%3D%27600%27%20height%3D%27338%27%20fill-opacity%3D%220%22%2F%3E%3C%2Fsvg%3E\" data-orig-src=\"https:\/\/www.sparqbalustrades.nl\/wp-content\/uploads\/2024\/07\/Overzicht-afbeelding-1.webp\" data-srcset=\"https:\/\/www.sparqbalustrades.nl\/wp-content\/uploads\/2024\/07\/Overzicht-afbeelding-1-200x113.webp 200w, https:\/\/www.sparqbalustrades.nl\/wp-content\/uploads\/2024\/07\/Overzicht-afbeelding-1-400x225.webp 400w, https:\/\/www.sparqbalustrades.nl\/wp-content\/uploads\/2024\/07\/Overzicht-afbeelding-1.webp 600w\" data-sizes=\"auto\" \/>\t\t\t<\/a>\n\t\t\t\t\t\t\t<\/div>\n<div class=\"fusion-portfolio-content\" style=\"background-color:var(--awb-color2);\"><div class=\"fusion-content-sep sep-none\" style=\"border-color:var(--awb-color3);\"><\/div><div class=\"fusion-post-content\"><p><\/p><h3>Bahnhof Antwerpen-Berchem<\/h3>\r\n<p>Der Bahnhof Antwerpen-Berchem in Voorst erhielt einen neuen Eingang in Form eines transparenten Fahrradschuppens. Die Glaskonstruktion l\u00e4sst auf jeder Ebene nat\u00fcrliches Licht einfallen. <\/p> \r\n<p style=\"text-align: right\"><a href=\"\/de\/portfolio-items\/antwerpen-berchem-station\/\">Mehr lesen<\/a><\/p><\/div><\/div><\/div><\/article><article id=\"portfolio-1-post-1144\" class=\"fusion-portfolio-post belgie glasbalustrades utiliteitsbouw fusion-col-spacing post-1144\"><div class=\"fusion-portfolio-content-wrapper\" style=\"border:1px solid var(--awb-color2);border-bottom-width:3px;background-color:var(--awb-color2);\"><div  class=\"fusion-image-wrapper\" aria-haspopup=\"true\">\n\t\t\t\t\t\t\t<a href=\"https:\/\/www.sparqbalustrades.nl\/de\/opgeleverde-projecten\/stvv-voetbalstadion\/\" aria-label=\"STVV-Fu\u00dfballstadion\">\n\t\t\t\t\t\t\t<img decoding=\"async\" width=\"500\" height=\"319\" src=\"https:\/\/www.sparqbalustrades.nl\/wp-content\/uploads\/2024\/07\/Overzicht-afbeelding.webp\" class=\"attachment-full size-full lazyload wp-post-image\" alt=\"\" srcset=\"data:image\/svg+xml,%3Csvg%20xmlns%3D%27http%3A%2F%2Fwww.w3.org%2F2000%2Fsvg%27%20width%3D%27500%27%20height%3D%27319%27%20viewBox%3D%270%200%20500%20319%27%3E%3Crect%20width%3D%27500%27%20height%3D%27319%27%20fill-opacity%3D%220%22%2F%3E%3C%2Fsvg%3E\" data-orig-src=\"https:\/\/www.sparqbalustrades.nl\/wp-content\/uploads\/2024\/07\/Overzicht-afbeelding.webp\" data-srcset=\"https:\/\/www.sparqbalustrades.nl\/wp-content\/uploads\/2024\/07\/Overzicht-afbeelding-200x128.webp 200w, https:\/\/www.sparqbalustrades.nl\/wp-content\/uploads\/2024\/07\/Overzicht-afbeelding-400x255.webp 400w, https:\/\/www.sparqbalustrades.nl\/wp-content\/uploads\/2024\/07\/Overzicht-afbeelding.webp 500w\" data-sizes=\"auto\" \/>\t\t\t<\/a>\n\t\t\t\t\t\t\t<\/div>\n<div class=\"fusion-portfolio-content\" style=\"background-color:var(--awb-color2);\"><div class=\"fusion-content-sep sep-none\" style=\"border-color:var(--awb-color3);\"><\/div><div class=\"fusion-post-content\"><p><\/p><h3>STVV-Fu\u00dfballstadion<\/h3>\r\n<p>Das STVV-Fu\u00dfballstadion in Sint Truiden hat sich f\u00fcr viel Glas entschieden, um sicherzustellen, dass alle Stockwerke einen guten Blick auf das Spielfeld und die sch\u00f6ne Umgebung haben.<\/p> \r\n<p style=\"text-align: right\"><a href=\"\/de\/portfolio-items\/stvv-fusballstadion\/\">Mehr lesen<\/a><\/p><\/div><\/div><\/div><\/article><article id=\"portfolio-1-post-1065\" class=\"fusion-portfolio-post glasbalustrades nederland utiliteitsbouw fusion-col-spacing post-1065\"><div class=\"fusion-portfolio-content-wrapper\" style=\"border:1px solid var(--awb-color2);border-bottom-width:3px;background-color:var(--awb-color2);\"><div  class=\"fusion-image-wrapper\" aria-haspopup=\"true\">\n\t\t\t\t\t\t\t<a href=\"https:\/\/www.sparqbalustrades.nl\/de\/opgeleverde-projecten\/asml-6klm\/\" aria-label=\"ASML 6KLM\">\n\t\t\t\t\t\t\t<img decoding=\"async\" width=\"1134\" height=\"756\" src=\"https:\/\/www.sparqbalustrades.nl\/wp-content\/uploads\/2024\/07\/Broekbakema-ASML-3442-portfoliofoto-3.webp\" class=\"attachment-full size-full lazyload wp-post-image\" alt=\"\" srcset=\"data:image\/svg+xml,%3Csvg%20xmlns%3D%27http%3A%2F%2Fwww.w3.org%2F2000%2Fsvg%27%20width%3D%271134%27%20height%3D%27756%27%20viewBox%3D%270%200%201134%20756%27%3E%3Crect%20width%3D%271134%27%20height%3D%27756%27%20fill-opacity%3D%220%22%2F%3E%3C%2Fsvg%3E\" data-orig-src=\"https:\/\/www.sparqbalustrades.nl\/wp-content\/uploads\/2024\/07\/Broekbakema-ASML-3442-portfoliofoto-3.webp\" data-srcset=\"https:\/\/www.sparqbalustrades.nl\/wp-content\/uploads\/2024\/07\/Broekbakema-ASML-3442-portfoliofoto-3-200x133.webp 200w, https:\/\/www.sparqbalustrades.nl\/wp-content\/uploads\/2024\/07\/Broekbakema-ASML-3442-portfoliofoto-3-400x267.webp 400w, https:\/\/www.sparqbalustrades.nl\/wp-content\/uploads\/2024\/07\/Broekbakema-ASML-3442-portfoliofoto-3-600x400.webp 600w, https:\/\/www.sparqbalustrades.nl\/wp-content\/uploads\/2024\/07\/Broekbakema-ASML-3442-portfoliofoto-3-800x533.webp 800w, https:\/\/www.sparqbalustrades.nl\/wp-content\/uploads\/2024\/07\/Broekbakema-ASML-3442-portfoliofoto-3.webp 1134w\" data-sizes=\"auto\" \/>\t\t\t<\/a>\n\t\t\t\t\t\t\t<\/div>\n<div class=\"fusion-portfolio-content\" style=\"background-color:var(--awb-color2);\"><div class=\"fusion-content-sep sep-none\" style=\"border-color:var(--awb-color3);\"><\/div><div class=\"fusion-post-content\"><p><\/p><h3>ASML 6KLM B\u00fcros<\/h3>\r\n<p>Der von BroekBakema entworfene B\u00fcrokomplex ASML 6KLM in Veldhoven bietet einen modernen Arbeitsplatz, der sich \u00fcber vier Etagen erstreckt und strategisch \u00fcber dem neuen Logistikzentrum 5L liegt.<\/p> \r\n<p style=\"text-align: right\"><a href=\"\/de\/portfolio-items\/asml-6klm\/\">Mehr lesen<\/a><\/p><\/div><\/div><\/div><\/article><\/div><\/div><\/div><\/div><\/div><\/div><div class=\"fusion-fullwidth fullwidth-box fusion-builder-row-3 fusion-flex-container has-pattern-background has-mask-background fusion-parallax-none nonhundred-percent-fullwidth non-hundred-percent-height-scrolling lazyload\" style=\"--awb-border-radius-top-left:0px;--awb-border-radius-top-right:0px;--awb-border-radius-bottom-right:0px;--awb-border-radius-bottom-left:0px;--awb-padding-top:80px;--awb-padding-bottom:80px;--awb-background-size:cover;--awb-flex-wrap:wrap;\" data-bg=\"\/wp-content\/uploads\/2024\/05\/abstractatomlinegreenbg.svg\" ><div class=\"fusion-builder-row fusion-row fusion-flex-align-items-flex-start fusion-flex-content-wrap\" style=\"max-width:1248px;margin-left: calc(-4% \/ 2 );margin-right: calc(-4% \/ 2 );\"><div class=\"fusion-layout-column fusion_builder_column fusion-builder-column-2 fusion_builder_column_1_1 1_1 fusion-flex-column\" style=\"--awb-bg-size:cover;--awb-width-large:100%;--awb-margin-top-large:0px;--awb-spacing-right-large:1.92%;--awb-margin-bottom-large:0px;--awb-spacing-left-large:1.92%;--awb-width-medium:100%;--awb-order-medium:0;--awb-spacing-right-medium:1.92%;--awb-spacing-left-medium:1.92%;--awb-width-small:100%;--awb-order-small:0;--awb-spacing-right-small:1.92%;--awb-spacing-left-small:1.92%;\"><div class=\"fusion-column-wrapper fusion-column-has-shadow fusion-flex-justify-content-flex-start fusion-content-layout-column\"><div class=\"fusion-text fusion-text-2 CTAblok-groen\" style=\"--awb-font-size:25px;--awb-text-color:var(--awb-color1);\"><h2 style=\"text-align: center;\">Nehmen Sie Kontakt mit uns auf!<\/h2>\n<p style=\"text-align: center;\">Interessieren Sie sich f\u00fcr unsere Glasbalustradenl\u00f6sungen? Kontaktieren Sie unsere Spezialisten f\u00fcr Beratung und Unterst\u00fctzung.<\/p>\n<\/div><div style=\"text-align:center;\"><a class=\"fusion-button button-flat fusion-button-default-size button-default fusion-button-default button-1 fusion-button-default-span fusion-button-default-type\" target=\"_self\" data-hover=\"bg_slide_right\" href=\"\/de\/kontakt\/\"><span class=\"fusion-button-text awb-button__text awb-button__text--default\">KONTAKTIEREN SIE UNS<\/span><i class=\"fa-angle-right fas awb-button__icon awb-button__icon--default button-icon-right\" aria-hidden=\"true\"><\/i><\/a><\/div><\/div><\/div><\/div><\/div>\n<div id=\"5zekerheden\" class=\"fusion-container-anchor\"><div class=\"fusion-fullwidth fullwidth-box fusion-builder-row-4 fusion-flex-container has-pattern-background has-mask-background nonhundred-percent-fullwidth non-hundred-percent-height-scrolling\" style=\"--awb-border-radius-top-left:0px;--awb-border-radius-top-right:0px;--awb-border-radius-bottom-right:0px;--awb-border-radius-bottom-left:0px;--awb-padding-top:80px;--awb-padding-bottom:0px;--awb-padding-right-small:50px;--awb-padding-left-small:50px;--awb-background-color:var(--awb-color1);--awb-flex-wrap:wrap;\" ><div class=\"awb-background-mask\" style=\"background-image:  url();opacity: 0.04 ;transform: scale(1, 1);mix-blend-mode:normal;\"><\/div><div class=\"fusion-builder-row fusion-row fusion-flex-align-items-flex-start fusion-flex-content-wrap\" style=\"max-width:1248px;margin-left: calc(-4% \/ 2 );margin-right: calc(-4% \/ 2 );\"><div class=\"fusion-layout-column fusion_builder_column fusion-builder-column-3 fusion_builder_column_1_1 1_1 fusion-flex-column\" style=\"--awb-bg-size:cover;--awb-width-large:100%;--awb-margin-top-large:0px;--awb-spacing-right-large:1.92%;--awb-margin-bottom-large:30px;--awb-spacing-left-large:1.92%;--awb-width-medium:100%;--awb-order-medium:0;--awb-spacing-right-medium:1.92%;--awb-spacing-left-medium:1.92%;--awb-width-small:100%;--awb-order-small:0;--awb-spacing-right-small:1.92%;--awb-spacing-left-small:1.92%;\"><div class=\"fusion-column-wrapper fusion-column-has-shadow fusion-flex-justify-content-flex-start fusion-content-layout-column\"><div class=\"fusion-text fusion-text-3\"><h2>Die 5 Gewissheiten der SPARQ-Glasbalustraden<\/h2>\n<\/div><\/div><\/div><div class=\"fusion-layout-column fusion_builder_column fusion-builder-column-4 fusion_builder_column_1_5 1_5 fusion-flex-column\" style=\"--awb-bg-size:cover;--awb-width-large:20%;--awb-margin-top-large:25px;--awb-spacing-right-large:9.6%;--awb-margin-bottom-large:40px;--awb-spacing-left-large:9.6%;--awb-width-medium:20%;--awb-order-medium:0;--awb-spacing-right-medium:9.6%;--awb-spacing-left-medium:9.6%;--awb-width-small:100%;--awb-order-small:0;--awb-spacing-right-small:1.92%;--awb-spacing-left-small:1.92%;\"><div class=\"fusion-column-wrapper fusion-column-has-shadow fusion-flex-justify-content-flex-start fusion-content-layout-column\"><div class=\"fusion-text fusion-text-4 fusion-text-no-margin zekerheden-cijfer\" style=\"--awb-font-size:80px;--awb-line-height:0;--awb-text-color:var(--awb-color3);--awb-margin-top:0px;--awb-margin-right:0px;--awb-margin-bottom:0px;--awb-margin-left:-20px;--awb-text-font-family:&quot;SPARQ Bold&quot;;--awb-text-font-style:normal;--awb-text-font-weight:400;\"><p>01<\/p>\n<\/div><div class=\"fusion-text fusion-text-5 fusion-text-no-margin zekerheden-titel\" style=\"--awb-font-size:20px;--awb-line-height:1em;--awb-margin-top:0px;--awb-margin-right:0px;--awb-margin-bottom:20px;--awb-margin-left:0px;\"><p>Nachhaltig &amp;<br \/>\nwiederverwendbar<\/p>\n<\/div><div class=\"fusion-text fusion-text-6\"><p>Cradle-to-Cradle bedeutet, dass unsere Gel\u00e4nder vollst\u00e4ndig recycelbar sind, wobei die Abf\u00e4lle eines Produkts als Rohstoff f\u00fcr das n\u00e4chste dienen. Dies f\u00f6rdert die Nachhaltigkeit durch Wiederverwendung und minimiert die Umweltbelastung.<\/p>\n<\/div><\/div><\/div><div class=\"fusion-layout-column fusion_builder_column fusion-builder-column-5 fusion_builder_column_1_5 1_5 fusion-flex-column\" style=\"--awb-bg-size:cover;--awb-width-large:20%;--awb-margin-top-large:25px;--awb-spacing-right-large:9.6%;--awb-margin-bottom-large:40px;--awb-spacing-left-large:9.6%;--awb-width-medium:20%;--awb-order-medium:0;--awb-spacing-right-medium:9.6%;--awb-spacing-left-medium:9.6%;--awb-width-small:100%;--awb-order-small:0;--awb-spacing-right-small:1.92%;--awb-spacing-left-small:1.92%;\"><div class=\"fusion-column-wrapper fusion-column-has-shadow fusion-flex-justify-content-flex-start fusion-content-layout-column\"><div class=\"fusion-text fusion-text-7 fusion-text-no-margin zekerheden-cijfer\" style=\"--awb-font-size:80px;--awb-line-height:0;--awb-text-color:var(--awb-color3);--awb-margin-top:0px;--awb-margin-right:0px;--awb-margin-bottom:0px;--awb-margin-left:-20px;--awb-text-font-family:&quot;SPARQ Bold&quot;;--awb-text-font-style:normal;--awb-text-font-weight:400;\"><p>02<\/p>\n<\/div><div class=\"fusion-text fusion-text-8 fusion-text-no-margin zekerheden-titel\" style=\"--awb-font-size:20px;--awb-line-height:1em;--awb-margin-top:0px;--awb-margin-right:0px;--awb-margin-bottom:20px;--awb-margin-left:0px;\"><p>Sicher, funktionell<br \/>\n&amp; \u00c4sthetik<\/p>\n<\/div><div class=\"fusion-text fusion-text-9\"><p>Die L\u00f6sungen von SPARQ Balustrades gehen \u00fcber eine funktionale und sichere Absturzsicherung hinaus. \u00c4sthetik wiegt f\u00fcr uns genauso viel wie Sicherheit.<\/p>\n<\/div><\/div><\/div><div class=\"fusion-layout-column fusion_builder_column fusion-builder-column-6 fusion_builder_column_1_5 1_5 fusion-flex-column\" style=\"--awb-bg-size:cover;--awb-width-large:20%;--awb-margin-top-large:25px;--awb-spacing-right-large:9.6%;--awb-margin-bottom-large:40px;--awb-spacing-left-large:9.6%;--awb-width-medium:20%;--awb-order-medium:0;--awb-spacing-right-medium:9.6%;--awb-spacing-left-medium:9.6%;--awb-width-small:100%;--awb-order-small:0;--awb-spacing-right-small:1.92%;--awb-spacing-left-small:1.92%;\"><div class=\"fusion-column-wrapper fusion-column-has-shadow fusion-flex-justify-content-flex-start fusion-content-layout-column\"><div class=\"fusion-text fusion-text-10 fusion-text-no-margin zekerheden-cijfer\" style=\"--awb-font-size:80px;--awb-line-height:0;--awb-text-color:var(--awb-color3);--awb-margin-top:-5px;--awb-margin-right:0px;--awb-margin-bottom:0px;--awb-margin-left:-20px;--awb-text-font-family:&quot;SPARQ Bold&quot;;--awb-text-font-style:normal;--awb-text-font-weight:400;\"><p>03<\/p>\n<\/div><div class=\"fusion-text fusion-text-11 fusion-text-no-margin zekerheden-titel\" style=\"--awb-font-size:20px;--awb-line-height:1em;--awb-margin-top:0px;--awb-margin-right:0px;--awb-margin-bottom:20px;--awb-margin-left:0px;\"><p>Hochwertige Qualit\u00e4t<br \/>\nMaterialien<\/p>\n<\/div><div class=\"fusion-text fusion-text-12\"><p>Ein sch\u00f6nes Geb\u00e4ude verdient eine sch\u00f6ne Balustrade. Unser Ziel ist es, dass Sie die sch\u00f6nsten Geb\u00e4ude auch dank der Qualit\u00e4tsl\u00f6sungen von SPARQ Balustraden realisieren k\u00f6nnen.<\/p>\n<\/div><\/div><\/div><div class=\"fusion-layout-column fusion_builder_column fusion-builder-column-7 fusion_builder_column_1_5 1_5 fusion-flex-column\" style=\"--awb-bg-size:cover;--awb-width-large:20%;--awb-margin-top-large:25px;--awb-spacing-right-large:9.6%;--awb-margin-bottom-large:40px;--awb-spacing-left-large:9.6%;--awb-width-medium:20%;--awb-order-medium:0;--awb-spacing-right-medium:9.6%;--awb-spacing-left-medium:9.6%;--awb-width-small:100%;--awb-order-small:0;--awb-spacing-right-small:1.92%;--awb-spacing-left-small:1.92%;\"><div class=\"fusion-column-wrapper fusion-column-has-shadow fusion-flex-justify-content-flex-start fusion-content-layout-column\"><div class=\"fusion-text fusion-text-13 fusion-text-no-margin zekerheden-cijfer\" style=\"--awb-font-size:80px;--awb-line-height:0;--awb-text-color:var(--awb-color3);--awb-margin-top:0px;--awb-margin-right:0px;--awb-margin-bottom:0px;--awb-margin-left:-20px;--awb-text-font-family:&quot;SPARQ Bold&quot;;--awb-text-font-style:normal;--awb-text-font-weight:400;\"><p>04<\/p>\n<\/div><div class=\"fusion-text fusion-text-14 fusion-text-no-margin zekerheden-titel\" style=\"--awb-font-size:20px;--awb-line-height:1em;--awb-margin-top:0px;--awb-margin-right:0px;--awb-margin-bottom:20px;--awb-margin-left:0px;\"><p>Vollst\u00e4ndig<br \/>\nzertifiziert<\/p>\n<\/div><div class=\"fusion-text fusion-text-15\"><p>SPARQ Balustrades ist vollst\u00e4ndig zertifiziert. Alle unsere Balustraden entsprechen den NEN-Normen. Dar\u00fcber hinaus erf\u00fcllen wir die Kriterien der verschiedenen europ\u00e4ischen L\u00e4nder.<\/p>\n<\/div><\/div><\/div><div class=\"fusion-layout-column fusion_builder_column fusion-builder-column-8 fusion_builder_column_1_5 1_5 fusion-flex-column\" style=\"--awb-bg-size:cover;--awb-width-large:20%;--awb-margin-top-large:25px;--awb-spacing-right-large:9.6%;--awb-margin-bottom-large:40px;--awb-spacing-left-large:9.6%;--awb-width-medium:20%;--awb-order-medium:0;--awb-spacing-right-medium:9.6%;--awb-spacing-left-medium:9.6%;--awb-width-small:100%;--awb-order-small:0;--awb-spacing-right-small:1.92%;--awb-spacing-left-small:1.92%;\"><div class=\"fusion-column-wrapper fusion-column-has-shadow fusion-flex-justify-content-flex-start fusion-content-layout-column\"><div class=\"fusion-text fusion-text-16 fusion-text-no-margin zekerheden-cijfer\" style=\"--awb-font-size:80px;--awb-line-height:0;--awb-text-color:var(--awb-color3);--awb-margin-top:0px;--awb-margin-right:0px;--awb-margin-bottom:0px;--awb-margin-left:-20px;--awb-text-font-family:&quot;SPARQ Bold&quot;;--awb-text-font-style:normal;--awb-text-font-weight:400;\"><p>05<\/p>\n<\/div><div class=\"fusion-text fusion-text-17 fusion-text-no-margin zekerheden-titel\" style=\"--awb-font-size:20px;--awb-line-height:1em;--awb-margin-top:0px;--awb-margin-right:0px;--awb-margin-bottom:20px;--awb-margin-left:0px;\"><p>Ger\u00e4umig<br \/>\nAktien<\/p>\n<\/div><div class=\"fusion-text fusion-text-18\"><p>Dank eines Produktlagers von mindestens 5.000 Metern k\u00f6nnen wir Ihr Projekt schnell in Angriff nehmen.<\/p>\n<\/div><\/div><\/div><\/div><\/div><\/div>\n<\/p>","protected":false},"excerpt":{"rendered":"","protected":false},"author":1,"featured_media":0,"parent":0,"menu_order":13,"comment_status":"closed","ping_status":"closed","template":"100-width.php","meta":{"footnotes":""},"class_list":["post-236","page","type-page","status-publish","hentry"],"yoast_head":"<!-- This site is optimized with the Yoast SEO plugin v27.2 - https:\/\/yoast.com\/product\/yoast-seo-wordpress\/ -->\n<title>SPARQ Balustrades | Gerealiseerde Projecten Overzicht<\/title>\n<meta name=\"description\" content=\"Bekijk het overzicht van gerealiseerde balustrade projecten door SPARQ. Innovatieve en esthetische oplossingen voor elke omgeving.\" \/>\n<meta name=\"robots\" content=\"index, follow, max-snippet:-1, max-image-preview:large, max-video-preview:-1\" \/>\n<link rel=\"canonical\" href=\"https:\/\/www.sparqbalustrades.nl\/de\/projekte\/\" \/>\n<meta property=\"og:locale\" content=\"de_DE\" \/>\n<meta property=\"og:type\" content=\"article\" \/>\n<meta property=\"og:title\" content=\"SPARQ Balustrades | Gerealiseerde Projecten Overzicht\" \/>\n<meta property=\"og:description\" content=\"Bekijk het overzicht van gerealiseerde balustrade projecten door SPARQ. Innovatieve en esthetische oplossingen voor elke omgeving.\" \/>\n<meta property=\"og:url\" content=\"https:\/\/www.sparqbalustrades.nl\/de\/projekte\/\" \/>\n<meta property=\"og:site_name\" content=\"SPARQ Balustrades\" \/>\n<meta property=\"article:publisher\" content=\"https:\/\/www.facebook.com\/profile.php?id=100047334683162\" \/>\n<meta property=\"article:modified_time\" content=\"2025-10-14T17:59:48+00:00\" \/>\n<meta property=\"og:image\" content=\"https:\/\/www.sparqbalustrades.nl\/wp-content\/uploads\/2024\/08\/team2024.webp\" \/>\n\t<meta property=\"og:image:width\" content=\"1920\" \/>\n\t<meta property=\"og:image:height\" content=\"1080\" \/>\n\t<meta property=\"og:image:type\" content=\"image\/webp\" \/>\n<meta name=\"twitter:card\" content=\"summary_large_image\" \/>\n<meta name=\"twitter:label1\" content=\"Gesch\u00e4tzte Lesezeit\" \/>\n\t<meta name=\"twitter:data1\" content=\"5\u00a0Minuten\" \/>\n<script type=\"application\/ld+json\" class=\"yoast-schema-graph\">{\"@context\":\"https:\/\/schema.org\",\"@graph\":[{\"@type\":\"WebPage\",\"@id\":\"https:\/\/www.sparqbalustrades.nl\/projecten\/\",\"url\":\"https:\/\/www.sparqbalustrades.nl\/projecten\/\",\"name\":\"SPARQ Balustrades | Gerealiseerde Projecten Overzicht\",\"isPartOf\":{\"@id\":\"https:\/\/www.sparqbalustrades.nl\/#website\"},\"datePublished\":\"2024-04-16T12:35:01+00:00\",\"dateModified\":\"2025-10-14T17:59:48+00:00\",\"description\":\"Bekijk het overzicht van gerealiseerde balustrade projecten door SPARQ. Innovatieve en esthetische oplossingen voor elke omgeving.\",\"breadcrumb\":{\"@id\":\"https:\/\/www.sparqbalustrades.nl\/projecten\/#breadcrumb\"},\"inLanguage\":\"de\",\"potentialAction\":[{\"@type\":\"ReadAction\",\"target\":[\"https:\/\/www.sparqbalustrades.nl\/projecten\/\"]}]},{\"@type\":\"BreadcrumbList\",\"@id\":\"https:\/\/www.sparqbalustrades.nl\/projecten\/#breadcrumb\",\"itemListElement\":[{\"@type\":\"ListItem\",\"position\":1,\"name\":\"Home\",\"item\":\"https:\/\/www.sparqbalustrades.nl\/\"},{\"@type\":\"ListItem\",\"position\":2,\"name\":\"Projecten\"}]},{\"@type\":\"WebSite\",\"@id\":\"https:\/\/www.sparqbalustrades.nl\/#website\",\"url\":\"https:\/\/www.sparqbalustrades.nl\/\",\"name\":\"SPARQ Balustrades\",\"description\":\"Look Further\",\"publisher\":{\"@id\":\"https:\/\/www.sparqbalustrades.nl\/#organization\"},\"alternateName\":\"De specialist in volglasbalustrades\",\"potentialAction\":[{\"@type\":\"SearchAction\",\"target\":{\"@type\":\"EntryPoint\",\"urlTemplate\":\"https:\/\/www.sparqbalustrades.nl\/?s={search_term_string}\"},\"query-input\":{\"@type\":\"PropertyValueSpecification\",\"valueRequired\":true,\"valueName\":\"search_term_string\"}}],\"inLanguage\":\"de\"},{\"@type\":\"Organization\",\"@id\":\"https:\/\/www.sparqbalustrades.nl\/#organization\",\"name\":\"SPARQ Balustrades\",\"alternateName\":\"SPARQ Volglasbalustrades\",\"url\":\"https:\/\/www.sparqbalustrades.nl\/\",\"logo\":{\"@type\":\"ImageObject\",\"inLanguage\":\"de\",\"@id\":\"https:\/\/www.sparqbalustrades.nl\/#\/schema\/logo\/image\/\",\"url\":\"https:\/\/www.sparqbalustrades.nl\/wp-content\/uploads\/2024\/08\/team2024.webp\",\"contentUrl\":\"https:\/\/www.sparqbalustrades.nl\/wp-content\/uploads\/2024\/08\/team2024.webp\",\"width\":1920,\"height\":1080,\"caption\":\"SPARQ Balustrades\"},\"image\":{\"@id\":\"https:\/\/www.sparqbalustrades.nl\/#\/schema\/logo\/image\/\"},\"sameAs\":[\"https:\/\/www.facebook.com\/profile.php?id=100047334683162\",\"https:\/\/www.instagram.com\/sparqbalustrades\/\",\"https:\/\/nl.pinterest.com\/sparq_balustrades\/\",\"https:\/\/www.youtube.com\/channel\/UCJX3WLp4-Tp8NXgbXmxz_2g\",\"https:\/\/www.linkedin.com\/company\/sparq-balustrades\/\"]}]}<\/script>\n<!-- \/ Yoast SEO plugin. -->","yoast_head_json":{"title":"SPARQ Balustraden | Abgeschlossene Projekte \u00dcbersicht","description":"Sehen Sie sich die \u00dcbersicht der von SPARQ realisierten Balustradenprojekte an. Innovative und \u00e4sthetische L\u00f6sungen f\u00fcr jede Umgebung.","robots":{"index":"index","follow":"follow","max-snippet":"max-snippet:-1","max-image-preview":"max-image-preview:large","max-video-preview":"max-video-preview:-1"},"canonical":"https:\/\/www.sparqbalustrades.nl\/de\/projekte\/","og_locale":"de_DE","og_type":"article","og_title":"SPARQ Balustrades | Gerealiseerde Projecten Overzicht","og_description":"Bekijk het overzicht van gerealiseerde balustrade projecten door SPARQ. Innovatieve en esthetische oplossingen voor elke omgeving.","og_url":"https:\/\/www.sparqbalustrades.nl\/de\/projekte\/","og_site_name":"SPARQ Balustrades","article_publisher":"https:\/\/www.facebook.com\/profile.php?id=100047334683162","article_modified_time":"2025-10-14T17:59:48+00:00","og_image":[{"width":1920,"height":1080,"url":"https:\/\/www.sparqbalustrades.nl\/wp-content\/uploads\/2024\/08\/team2024.webp","type":"image\/webp"}],"twitter_card":"summary_large_image","twitter_misc":{"Gesch\u00e4tzte Lesezeit":"5\u00a0Minuten"},"schema":{"@context":"https:\/\/schema.org","@graph":[{"@type":"WebPage","@id":"https:\/\/www.sparqbalustrades.nl\/projecten\/","url":"https:\/\/www.sparqbalustrades.nl\/projecten\/","name":"SPARQ Balustraden | Abgeschlossene Projekte \u00dcbersicht","isPartOf":{"@id":"https:\/\/www.sparqbalustrades.nl\/#website"},"datePublished":"2024-04-16T12:35:01+00:00","dateModified":"2025-10-14T17:59:48+00:00","description":"Sehen Sie sich die \u00dcbersicht der von SPARQ realisierten Balustradenprojekte an. Innovative und \u00e4sthetische L\u00f6sungen f\u00fcr jede Umgebung.","breadcrumb":{"@id":"https:\/\/www.sparqbalustrades.nl\/projecten\/#breadcrumb"},"inLanguage":"de","potentialAction":[{"@type":"ReadAction","target":["https:\/\/www.sparqbalustrades.nl\/projecten\/"]}]},{"@type":"BreadcrumbList","@id":"https:\/\/www.sparqbalustrades.nl\/projecten\/#breadcrumb","itemListElement":[{"@type":"ListItem","position":1,"name":"Home","item":"https:\/\/www.sparqbalustrades.nl\/"},{"@type":"ListItem","position":2,"name":"Projecten"}]},{"@type":"WebSite","@id":"https:\/\/www.sparqbalustrades.nl\/#website","url":"https:\/\/www.sparqbalustrades.nl\/","name":"SPARQ Balustraden","description":"Weiter schauen","publisher":{"@id":"https:\/\/www.sparqbalustrades.nl\/#organization"},"alternateName":"De specialist in volglasbalustrades","potentialAction":[{"@type":"SearchAction","target":{"@type":"EntryPoint","urlTemplate":"https:\/\/www.sparqbalustrades.nl\/?s={search_term_string}"},"query-input":{"@type":"PropertyValueSpecification","valueRequired":true,"valueName":"search_term_string"}}],"inLanguage":"de"},{"@type":"Organization","@id":"https:\/\/www.sparqbalustrades.nl\/#organization","name":"SPARQ Balustraden","alternateName":"SPARQ Volglasbalustrades","url":"https:\/\/www.sparqbalustrades.nl\/","logo":{"@type":"ImageObject","inLanguage":"de","@id":"https:\/\/www.sparqbalustrades.nl\/#\/schema\/logo\/image\/","url":"https:\/\/www.sparqbalustrades.nl\/wp-content\/uploads\/2024\/08\/team2024.webp","contentUrl":"https:\/\/www.sparqbalustrades.nl\/wp-content\/uploads\/2024\/08\/team2024.webp","width":1920,"height":1080,"caption":"SPARQ Balustrades"},"image":{"@id":"https:\/\/www.sparqbalustrades.nl\/#\/schema\/logo\/image\/"},"sameAs":["https:\/\/www.facebook.com\/profile.php?id=100047334683162","https:\/\/www.instagram.com\/sparqbalustrades\/","https:\/\/nl.pinterest.com\/sparq_balustrades\/","https:\/\/www.youtube.com\/channel\/UCJX3WLp4-Tp8NXgbXmxz_2g","https:\/\/www.linkedin.com\/company\/sparq-balustrades\/"]}]}},"_links":{"self":[{"href":"https:\/\/www.sparqbalustrades.nl\/de\/wp-json\/wp\/v2\/pages\/236","targetHints":{"allow":["GET"]}}],"collection":[{"href":"https:\/\/www.sparqbalustrades.nl\/de\/wp-json\/wp\/v2\/pages"}],"about":[{"href":"https:\/\/www.sparqbalustrades.nl\/de\/wp-json\/wp\/v2\/types\/page"}],"author":[{"embeddable":true,"href":"https:\/\/www.sparqbalustrades.nl\/de\/wp-json\/wp\/v2\/users\/1"}],"replies":[{"embeddable":true,"href":"https:\/\/www.sparqbalustrades.nl\/de\/wp-json\/wp\/v2\/comments?post=236"}],"version-history":[{"count":4,"href":"https:\/\/www.sparqbalustrades.nl\/de\/wp-json\/wp\/v2\/pages\/236\/revisions"}],"predecessor-version":[{"id":2735,"href":"https:\/\/www.sparqbalustrades.nl\/de\/wp-json\/wp\/v2\/pages\/236\/revisions\/2735"}],"wp:attachment":[{"href":"https:\/\/www.sparqbalustrades.nl\/de\/wp-json\/wp\/v2\/media?parent=236"}],"curies":[{"name":"wp","href":"https:\/\/api.w.org\/{rel}","templated":true}]}}