{"id":30,"date":"2024-04-03T10:54:58","date_gmt":"2024-04-03T10:54:58","guid":{"rendered":"https:\/\/www.sparqbalustrades.nl\/?page_id=30"},"modified":"2026-03-20T07:49:34","modified_gmt":"2026-03-20T07:49:34","slug":"kontakt","status":"publish","type":"page","link":"https:\/\/www.sparqbalustrades.nl\/de\/contact\/","title":{"rendered":"Kontakt"},"content":{"rendered":"<p><div class=\"fusion-fullwidth fullwidth-box fusion-builder-row-1 fusion-flex-container video-background has-pattern-background has-mask-background hundred-percent-fullwidth non-hundred-percent-height-scrolling\" style=\"--awb-border-sizes-bottom:40px;--awb-border-color:var(--awb-color5);--awb-border-radius-top-left:0px;--awb-border-radius-top-right:0px;--awb-border-radius-bottom-right:0px;--awb-border-radius-bottom-left:0px;--awb-min-height:600px;--awb-flex-wrap:wrap;\" ><div class=\"fullwidth-video\"><video preload=\"auto\" autoplay playsinline loop muted><source src=\"\/wp-content\/uploads\/2024\/08\/Over-ons-video-opener-defintief.mp4\" type=\"video\/mp4\"><\/video><\/div><div class=\"fusion-builder-row fusion-row fusion-flex-align-items-center fusion-flex-justify-content-center fusion-flex-content-wrap\" style=\"width:104% !important;max-width:104% !important;margin-left: calc(-4% \/ 2 );margin-right: calc(-4% \/ 2 );\"><div class=\"fusion-layout-column fusion_builder_column fusion-builder-column-0 fusion_builder_column_2_3 2_3 fusion-flex-column\" style=\"--awb-padding-top:30px;--awb-padding-right:30px;--awb-padding-bottom:30px;--awb-padding-left:30px;--awb-bg-color:var(--awb-color4);--awb-bg-color-hover:var(--awb-color4);--awb-bg-size:cover;--awb-width-large:66.666666666667%;--awb-margin-top-large:0px;--awb-spacing-right-large:2.88%;--awb-margin-bottom-large:20px;--awb-spacing-left-large:2.88%;--awb-width-medium:66.666666666667%;--awb-order-medium:0;--awb-spacing-right-medium:2.88%;--awb-spacing-left-medium:2.88%;--awb-width-small:100%;--awb-order-small:0;--awb-spacing-right-small:1.92%;--awb-spacing-left-small:1.92%;\"><div class=\"fusion-column-wrapper fusion-column-has-shadow fusion-flex-justify-content-flex-start fusion-content-layout-column\"><div class=\"fusion-title title fusion-title-1 fusion-sep-none fusion-title-center fusion-title-text fusion-title-size-one\" style=\"--awb-text-color:var(--awb-color1);--awb-margin-top-small:10px;--awb-margin-right-small:0px;--awb-margin-bottom-small:10px;--awb-margin-left-small:0px;\"><h1 class=\"fusion-title-heading title-heading-center\" style=\"margin:0;\">Nehmen Sie Kontakt mit uns auf, wir helfen Ihnen gerne weiter!<\/h1><\/div><\/div><\/div><\/div><\/div><div class=\"fusion-fullwidth fullwidth-box fusion-builder-row-2 fusion-flex-container has-pattern-background has-mask-background nonhundred-percent-fullwidth non-hundred-percent-height-scrolling\" style=\"--awb-border-radius-top-left:0px;--awb-border-radius-top-right:0px;--awb-border-radius-bottom-right:0px;--awb-border-radius-bottom-left:0px;--awb-margin-top:-200px;--awb-flex-wrap:wrap;\" ><div class=\"fusion-builder-row fusion-row fusion-flex-align-items-center fusion-flex-justify-content-center fusion-flex-content-wrap\" style=\"max-width:calc( 1200px + 10px );margin-left: calc(-10px \/ 2 );margin-right: calc(-10px \/ 2 );\"><div class=\"fusion-layout-column fusion_builder_column fusion-builder-column-1 fusion_builder_column_1_4 1_4 fusion-flex-column fusion-flex-align-self-center\" style=\"--awb-padding-top:30px;--awb-padding-right:30px;--awb-padding-bottom:30px;--awb-padding-left:30px;--awb-overflow:hidden;--awb-bg-color:var(--awb-color3);--awb-bg-color-hover:var(--awb-color3);--awb-bg-size:cover;--awb-border-color:var(--awb-color3);--awb-border-top:1px;--awb-border-right:1px;--awb-border-bottom:1px;--awb-border-left:1px;--awb-border-style:solid;--awb-border-radius:5px 5px 5px 5px;--awb-width-large:25%;--awb-margin-top-large:20px;--awb-spacing-right-large:5px;--awb-margin-bottom-large:20px;--awb-spacing-left-large:5px;--awb-width-medium:25%;--awb-order-medium:0;--awb-spacing-right-medium:5px;--awb-spacing-left-medium:5px;--awb-width-small:100%;--awb-order-small:0;--awb-spacing-right-small:5px;--awb-spacing-left-small:5px;\"><div class=\"fusion-column-wrapper fusion-column-has-shadow fusion-flex-justify-content-center fusion-content-layout-column\"><div class=\"fusion-image-element\" style=\"text-align:center;--awb-max-width:100px;--awb-caption-title-font-family:var(--h2_typography-font-family);--awb-caption-title-font-weight:var(--h2_typography-font-weight);--awb-caption-title-font-style:var(--h2_typography-font-style);--awb-caption-title-size:var(--h2_typography-font-size);--awb-caption-title-transform:var(--h2_typography-text-transform);--awb-caption-title-line-height:var(--h2_typography-line-height);--awb-caption-title-letter-spacing:var(--h2_typography-letter-spacing);\"><span class=\"fusion-imageframe imageframe-none imageframe-1 hover-type-none smoelenboekitem\" style=\"border-radius:50%;\"><img decoding=\"async\" width=\"300\" height=\"300\" title=\"VAN09595_freistehend\" src=\"https:\/\/www.sparqbalustrades.nl\/wp-content\/uploads\/2024\/08\/VAN09595_vrijstaand.webp\" data-orig-src=\"https:\/\/www.sparqbalustrades.nl\/wp-content\/uploads\/2024\/08\/VAN09595_vrijstaand.webp\" alt class=\"lazyload img-responsive wp-image-1563\" srcset=\"data:image\/svg+xml,%3Csvg%20xmlns%3D%27http%3A%2F%2Fwww.w3.org%2F2000%2Fsvg%27%20width%3D%27300%27%20height%3D%27300%27%20viewBox%3D%270%200%20300%20300%27%3E%3Crect%20width%3D%27300%27%20height%3D%27300%27%20fill-opacity%3D%220%22%2F%3E%3C%2Fsvg%3E\" data-srcset=\"https:\/\/www.sparqbalustrades.nl\/wp-content\/uploads\/2024\/08\/VAN09595_vrijstaand-200x200.webp 200w, https:\/\/www.sparqbalustrades.nl\/wp-content\/uploads\/2024\/08\/VAN09595_vrijstaand.webp 300w\" data-sizes=\"auto\" data-orig-sizes=\"(max-width: 640px) 100vw, 300px\" \/><\/span><\/div><div class=\"fusion-title title fusion-title-2 fusion-sep-none fusion-title-center fusion-title-text fusion-title-size-two\" style=\"--awb-text-color:var(--awb-color5);--awb-margin-top:20px;--awb-margin-bottom:10px;--awb-margin-top-small:10px;--awb-margin-right-small:0px;--awb-margin-bottom-small:10px;--awb-margin-left-small:0px;\"><h2 class=\"fusion-title-heading title-heading-center\" style=\"margin:0;\">Allgemeine Fragen<\/h2><\/div><div class=\"fusion-text fusion-text-1 fusion-text-no-margin\" style=\"--awb-margin-top:0px;--awb-margin-right:0px;--awb-margin-bottom:0px;--awb-margin-left:0px;\"><p style=\"text-align: center;\">+31 (0)513 - 617073<\/p>\n<\/div><div class=\"fusion-social-links fusion-social-links-1\" style=\"--awb-margin-top:0px;--awb-margin-right:0px;--awb-margin-bottom:0px;--awb-margin-left:0px;--awb-alignment:center;--awb-box-border-top:0px;--awb-box-border-right:0px;--awb-box-border-bottom:0px;--awb-box-border-left:0px;--awb-icon-colors-hover:var(--awb-color4);--awb-box-colors-hover:var(--awb-color1);--awb-box-border-color:var(--awb-color3);--awb-box-border-color-hover:var(--awb-color4);\"><div class=\"fusion-social-networks color-type-custom\"><div class=\"fusion-social-networks-wrapper\"><a class=\"fusion-social-network-icon fusion-tooltip fusion-mail awb-icon-mail\" style=\"color:var(--awb-color4);font-size:20px;\" data-placement=\"top\" data-title=\"Email\" data-toggle=\"tooltip\" title=\"E-Mail\" aria-label=\"E-Mail\" target=\"_blank\" rel=\"noopener noreferrer\" href=\"mailto:in&#102;&#111;&#064;&#115;par&#113;b&#097;&#108;ustr&#097;&#100;es.nl\"><\/a><\/div><\/div><\/div><\/div><\/div><div class=\"fusion-layout-column fusion_builder_column fusion-builder-column-2 fusion_builder_column_1_4 1_4 fusion-flex-column fusion-flex-align-self-center\" style=\"--awb-padding-top:30px;--awb-padding-right:30px;--awb-padding-bottom:30px;--awb-padding-left:30px;--awb-overflow:hidden;--awb-bg-color:var(--awb-color3);--awb-bg-color-hover:var(--awb-color3);--awb-bg-size:cover;--awb-border-color:var(--awb-color3);--awb-border-top:1px;--awb-border-right:1px;--awb-border-bottom:1px;--awb-border-left:1px;--awb-border-style:solid;--awb-border-radius:5px 5px 5px 5px;--awb-width-large:25%;--awb-margin-top-large:20px;--awb-spacing-right-large:5px;--awb-margin-bottom-large:20px;--awb-spacing-left-large:5px;--awb-width-medium:25%;--awb-order-medium:0;--awb-spacing-right-medium:5px;--awb-spacing-left-medium:5px;--awb-width-small:100%;--awb-order-small:0;--awb-spacing-right-small:5px;--awb-spacing-left-small:5px;\"><div class=\"fusion-column-wrapper fusion-column-has-shadow fusion-flex-justify-content-center fusion-content-layout-column\"><div class=\"fusion-image-element\" style=\"text-align:center;--awb-max-width:100px;--awb-caption-title-font-family:var(--h2_typography-font-family);--awb-caption-title-font-weight:var(--h2_typography-font-weight);--awb-caption-title-font-style:var(--h2_typography-font-style);--awb-caption-title-size:var(--h2_typography-font-size);--awb-caption-title-transform:var(--h2_typography-text-transform);--awb-caption-title-line-height:var(--h2_typography-line-height);--awb-caption-title-letter-spacing:var(--h2_typography-letter-spacing);\"><span class=\"fusion-imageframe imageframe-none imageframe-2 hover-type-none smoelenboekitem\" style=\"border-radius:50%;\"><img decoding=\"async\" width=\"300\" height=\"300\" title=\"VAN09596_freistehend\" src=\"https:\/\/www.sparqbalustrades.nl\/wp-content\/uploads\/2024\/08\/VAN09596_vrijstaand.webp\" data-orig-src=\"https:\/\/www.sparqbalustrades.nl\/wp-content\/uploads\/2024\/08\/VAN09596_vrijstaand.webp\" alt class=\"lazyload img-responsive wp-image-1564\" srcset=\"data:image\/svg+xml,%3Csvg%20xmlns%3D%27http%3A%2F%2Fwww.w3.org%2F2000%2Fsvg%27%20width%3D%27300%27%20height%3D%27300%27%20viewBox%3D%270%200%20300%20300%27%3E%3Crect%20width%3D%27300%27%20height%3D%27300%27%20fill-opacity%3D%220%22%2F%3E%3C%2Fsvg%3E\" data-srcset=\"https:\/\/www.sparqbalustrades.nl\/wp-content\/uploads\/2024\/08\/VAN09596_vrijstaand-200x200.webp 200w, https:\/\/www.sparqbalustrades.nl\/wp-content\/uploads\/2024\/08\/VAN09596_vrijstaand.webp 300w\" data-sizes=\"auto\" data-orig-sizes=\"(max-width: 640px) 100vw, 300px\" \/><\/span><\/div><div class=\"fusion-title title fusion-title-3 fusion-sep-none fusion-title-center fusion-title-text fusion-title-size-two\" style=\"--awb-text-color:var(--awb-color5);--awb-margin-top:20px;--awb-margin-bottom:10px;--awb-margin-top-small:10px;--awb-margin-right-small:0px;--awb-margin-bottom-small:10px;--awb-margin-left-small:0px;\"><h2 class=\"fusion-title-heading title-heading-center\" style=\"margin:0;\">Angebot anfordern<\/h2><\/div><div class=\"fusion-text fusion-text-2 fusion-text-no-margin\" style=\"--awb-margin-top:0px;--awb-margin-right:0px;--awb-margin-bottom:0px;--awb-margin-left:0px;\"><p style=\"text-align: center;\">+31 (0)513 - 617073<\/p>\n<\/div><div class=\"fusion-social-links fusion-social-links-2\" style=\"--awb-margin-top:0px;--awb-margin-right:0px;--awb-margin-bottom:0px;--awb-margin-left:0px;--awb-alignment:center;--awb-box-border-top:0px;--awb-box-border-right:0px;--awb-box-border-bottom:0px;--awb-box-border-left:0px;--awb-icon-colors-hover:var(--awb-color4);--awb-box-colors-hover:var(--awb-color1);--awb-box-border-color:var(--awb-color3);--awb-box-border-color-hover:var(--awb-color4);\"><div class=\"fusion-social-networks color-type-custom\"><div class=\"fusion-social-networks-wrapper\"><a class=\"fusion-social-network-icon fusion-tooltip fusion-mail awb-icon-mail\" style=\"color:var(--awb-color4);font-size:20px;\" data-placement=\"top\" data-title=\"Email\" data-toggle=\"tooltip\" title=\"E-Mail\" aria-label=\"E-Mail\" target=\"_blank\" rel=\"noopener noreferrer\" href=\"mailto:&#107;l&#097;&#097;s.&#100;ouma&#064;s&#112;ar&#113;&#098;&#097;l&#117;&#115;&#116;r&#097;des&#046;&#110;l\"><\/a><\/div><\/div><\/div><\/div><\/div><div class=\"fusion-layout-column fusion_builder_column fusion-builder-column-3 fusion_builder_column_1_4 1_4 fusion-flex-column fusion-flex-align-self-center\" style=\"--awb-padding-top:30px;--awb-padding-right:30px;--awb-padding-bottom:30px;--awb-padding-left:30px;--awb-overflow:hidden;--awb-bg-color:var(--awb-color3);--awb-bg-color-hover:var(--awb-color3);--awb-bg-size:cover;--awb-border-color:var(--awb-color3);--awb-border-top:1px;--awb-border-right:1px;--awb-border-bottom:1px;--awb-border-left:1px;--awb-border-style:solid;--awb-border-radius:5px 5px 5px 5px;--awb-width-large:25%;--awb-margin-top-large:20px;--awb-spacing-right-large:5px;--awb-margin-bottom-large:20px;--awb-spacing-left-large:5px;--awb-width-medium:25%;--awb-order-medium:0;--awb-spacing-right-medium:5px;--awb-spacing-left-medium:5px;--awb-width-small:100%;--awb-order-small:0;--awb-spacing-right-small:5px;--awb-spacing-left-small:5px;\"><div class=\"fusion-column-wrapper fusion-column-has-shadow fusion-flex-justify-content-center fusion-content-layout-column\"><div class=\"fusion-image-element\" style=\"text-align:center;--awb-max-width:100px;--awb-caption-title-font-family:var(--h2_typography-font-family);--awb-caption-title-font-weight:var(--h2_typography-font-weight);--awb-caption-title-font-style:var(--h2_typography-font-style);--awb-caption-title-size:var(--h2_typography-font-size);--awb-caption-title-transform:var(--h2_typography-text-transform);--awb-caption-title-line-height:var(--h2_typography-line-height);--awb-caption-title-letter-spacing:var(--h2_typography-letter-spacing);\"><span class=\"fusion-imageframe imageframe-none imageframe-3 hover-type-none smoelenboekitem\" style=\"border-radius:50%;\"><img decoding=\"async\" width=\"100\" height=\"100\" title=\"Louis Lijklema SPARQ E-Mail-Unterschrift 100px\" src=\"data:image\/svg+xml,%3Csvg%20xmlns%3D%27http%3A%2F%2Fwww.w3.org%2F2000%2Fsvg%27%20width%3D%27100%27%20height%3D%27100%27%20viewBox%3D%270%200%20100%20100%27%3E%3Crect%20width%3D%27100%27%20height%3D%27100%27%20fill-opacity%3D%220%22%2F%3E%3C%2Fsvg%3E\" data-orig-src=\"https:\/\/www.sparqbalustrades.nl\/wp-content\/uploads\/2025\/04\/Louis-Lijklema-SPARQ-emailhandtekening-100px.png\" alt class=\"lazyload img-responsive wp-image-2121\"\/><\/span><\/div><div class=\"fusion-title title fusion-title-4 fusion-sep-none fusion-title-center fusion-title-text fusion-title-size-two\" style=\"--awb-text-color:var(--awb-color5);--awb-margin-top:20px;--awb-margin-bottom:10px;--awb-margin-top-small:10px;--awb-margin-right-small:0px;--awb-margin-bottom-small:10px;--awb-margin-left-small:0px;\"><h2 class=\"fusion-title-heading title-heading-center\" style=\"margin:0;\">Laufende Projekte<\/h2><\/div><div class=\"fusion-text fusion-text-3 fusion-text-no-margin\" style=\"--awb-margin-top:0px;--awb-margin-right:0px;--awb-margin-bottom:0px;--awb-margin-left:0px;\"><p style=\"text-align: center;\">+31 (0)513 - 617072<\/p>\n<\/div><div class=\"fusion-social-links fusion-social-links-3\" style=\"--awb-margin-top:0px;--awb-margin-right:0px;--awb-margin-bottom:0px;--awb-margin-left:0px;--awb-alignment:center;--awb-box-border-top:0px;--awb-box-border-right:0px;--awb-box-border-bottom:0px;--awb-box-border-left:0px;--awb-icon-colors-hover:var(--awb-color4);--awb-box-colors-hover:var(--awb-color1);--awb-box-border-color:var(--awb-color3);--awb-box-border-color-hover:var(--awb-color4);\"><div class=\"fusion-social-networks color-type-custom\"><div class=\"fusion-social-networks-wrapper\"><a class=\"fusion-social-network-icon fusion-tooltip fusion-mail awb-icon-mail\" style=\"color:var(--awb-color4);font-size:20px;\" data-placement=\"top\" data-title=\"Email\" data-toggle=\"tooltip\" title=\"E-Mail\" aria-label=\"E-Mail\" target=\"_blank\" rel=\"noopener noreferrer\" href=\"mailto:i&#110;&#102;o&#064;&#115;&#112;a&#114;q&#098;alust&#114;ade&#115;&#046;&#110;l\"><\/a><\/div><\/div><\/div><\/div><\/div><div class=\"fusion-layout-column fusion_builder_column fusion-builder-column-4 fusion_builder_column_1_4 1_4 fusion-flex-column fusion-flex-align-self-center\" style=\"--awb-padding-top:30px;--awb-padding-right:30px;--awb-padding-bottom:30px;--awb-padding-left:30px;--awb-overflow:hidden;--awb-bg-color:var(--awb-color3);--awb-bg-color-hover:var(--awb-color3);--awb-bg-size:cover;--awb-border-color:var(--awb-color3);--awb-border-top:1px;--awb-border-right:1px;--awb-border-bottom:1px;--awb-border-left:1px;--awb-border-style:solid;--awb-border-radius:5px 5px 5px 5px;--awb-width-large:25%;--awb-margin-top-large:20px;--awb-spacing-right-large:5px;--awb-margin-bottom-large:20px;--awb-spacing-left-large:5px;--awb-width-medium:25%;--awb-order-medium:0;--awb-spacing-right-medium:5px;--awb-spacing-left-medium:5px;--awb-width-small:100%;--awb-order-small:0;--awb-spacing-right-small:5px;--awb-spacing-left-small:5px;\"><div class=\"fusion-column-wrapper fusion-column-has-shadow fusion-flex-justify-content-center fusion-content-layout-column\"><div class=\"fusion-image-element\" style=\"text-align:center;--awb-max-width:100px;--awb-caption-title-font-family:var(--h2_typography-font-family);--awb-caption-title-font-weight:var(--h2_typography-font-weight);--awb-caption-title-font-style:var(--h2_typography-font-style);--awb-caption-title-size:var(--h2_typography-font-size);--awb-caption-title-transform:var(--h2_typography-text-transform);--awb-caption-title-line-height:var(--h2_typography-line-height);--awb-caption-title-letter-spacing:var(--h2_typography-letter-spacing);\"><span class=\"fusion-imageframe imageframe-none imageframe-4 hover-type-none smoelenboekitem\" style=\"border-radius:50%;\"><img decoding=\"async\" width=\"300\" height=\"300\" title=\"VAN00129\" src=\"https:\/\/www.sparqbalustrades.nl\/wp-content\/uploads\/2024\/08\/VAN00129.webp\" data-orig-src=\"https:\/\/www.sparqbalustrades.nl\/wp-content\/uploads\/2024\/08\/VAN00129.webp\" alt class=\"lazyload img-responsive wp-image-1523\" srcset=\"data:image\/svg+xml,%3Csvg%20xmlns%3D%27http%3A%2F%2Fwww.w3.org%2F2000%2Fsvg%27%20width%3D%27300%27%20height%3D%27300%27%20viewBox%3D%270%200%20300%20300%27%3E%3Crect%20width%3D%27300%27%20height%3D%27300%27%20fill-opacity%3D%220%22%2F%3E%3C%2Fsvg%3E\" data-srcset=\"https:\/\/www.sparqbalustrades.nl\/wp-content\/uploads\/2024\/08\/VAN00129-200x200.webp 200w, https:\/\/www.sparqbalustrades.nl\/wp-content\/uploads\/2024\/08\/VAN00129.webp 300w\" data-sizes=\"auto\" data-orig-sizes=\"(max-width: 640px) 100vw, 300px\" \/><\/span><\/div><div class=\"fusion-title title fusion-title-5 fusion-sep-none fusion-title-center fusion-title-text fusion-title-size-two\" style=\"--awb-text-color:var(--awb-color5);--awb-margin-top:20px;--awb-margin-bottom:10px;--awb-margin-top-small:10px;--awb-margin-right-small:0px;--awb-margin-bottom-small:10px;--awb-margin-left-small:0px;\"><h2 class=\"fusion-title-heading title-heading-center\" style=\"margin:0;\">Technik<\/h2><\/div><div class=\"fusion-text fusion-text-4 fusion-text-no-margin\" style=\"--awb-margin-top:0px;--awb-margin-right:0px;--awb-margin-bottom:0px;--awb-margin-left:0px;\"><p style=\"text-align: center;\">+31 (0)513 - 617073<\/p>\n<\/div><div class=\"fusion-social-links fusion-social-links-4\" style=\"--awb-margin-top:0px;--awb-margin-right:0px;--awb-margin-bottom:0px;--awb-margin-left:0px;--awb-alignment:center;--awb-box-border-top:0px;--awb-box-border-right:0px;--awb-box-border-bottom:0px;--awb-box-border-left:0px;--awb-icon-colors-hover:var(--awb-color4);--awb-box-colors-hover:var(--awb-color1);--awb-box-border-color:var(--awb-color3);--awb-box-border-color-hover:var(--awb-color4);\"><div class=\"fusion-social-networks color-type-custom\"><div class=\"fusion-social-networks-wrapper\"><a class=\"fusion-social-network-icon fusion-tooltip fusion-mail awb-icon-mail\" style=\"color:var(--awb-color4);font-size:20px;\" data-placement=\"top\" data-title=\"Email\" data-toggle=\"tooltip\" title=\"E-Mail\" aria-label=\"E-Mail\" target=\"_blank\" rel=\"noopener noreferrer\" href=\"mailto:&#105;&#110;&#102;o&#064;sp&#097;r&#113;&#098;alustra&#100;&#101;s.nl\"><\/a><\/div><\/div><\/div><\/div><\/div><\/div><\/div><div class=\"fusion-fullwidth fullwidth-box fusion-builder-row-3 fusion-flex-container has-pattern-background has-mask-background nonhundred-percent-fullwidth non-hundred-percent-height-scrolling\" style=\"--awb-border-radius-top-left:0px;--awb-border-radius-top-right:0px;--awb-border-radius-bottom-right:0px;--awb-border-radius-bottom-left:0px;--awb-padding-top:100px;--awb-padding-bottom:100px;--awb-margin-top:0px;--awb-margin-bottom:0px;--awb-flex-wrap:wrap;\" ><div class=\"fusion-builder-row fusion-row fusion-flex-align-items-flex-start fusion-flex-content-wrap\" style=\"max-width:calc( 1200px + 20px );margin-left: calc(-20px \/ 2 );margin-right: calc(-20px \/ 2 );\"><div class=\"fusion-layout-column fusion_builder_column fusion-builder-column-5 fusion_builder_column_1_1 1_1 fusion-flex-column\" style=\"--awb-bg-size:cover;--awb-width-large:100%;--awb-margin-top-large:0px;--awb-spacing-right-large:10px;--awb-margin-bottom-large:20px;--awb-spacing-left-large:10px;--awb-width-medium:100%;--awb-order-medium:0;--awb-spacing-right-medium:10px;--awb-spacing-left-medium:10px;--awb-width-small:100%;--awb-order-small:0;--awb-spacing-right-small:10px;--awb-spacing-left-small:10px;\"><div class=\"fusion-column-wrapper fusion-column-has-shadow fusion-flex-justify-content-flex-start fusion-content-layout-column\"><div class=\"fusion-title title fusion-title-6 fusion-title-center fusion-title-text fusion-title-size-one\" style=\"--awb-margin-top-small:10px;--awb-margin-right-small:0px;--awb-margin-bottom-small:10px;--awb-margin-left-small:0px;\"><div class=\"title-sep-container title-sep-container-left\"><div class=\"title-sep sep-single sep-solid\" style=\"border-color:var(--awb-color3);\"><\/div><\/div><span class=\"awb-title-spacer\"><\/span><h1 class=\"fusion-title-heading title-heading-center\" style=\"margin:0;\">H\u00e4ufig gestellte Fragen<\/h1><span class=\"awb-title-spacer\"><\/span><div class=\"title-sep-container title-sep-container-right\"><div class=\"title-sep sep-single sep-solid\" style=\"border-color:var(--awb-color3);\"><\/div><\/div><\/div><\/div><\/div><div class=\"fusion-layout-column fusion_builder_column fusion-builder-column-6 fusion_builder_column_1_3 1_3 fusion-flex-column\" style=\"--awb-bg-size:cover;--awb-width-large:33.333333333333%;--awb-margin-top-large:30px;--awb-spacing-right-large:10px;--awb-margin-bottom-large:30px;--awb-spacing-left-large:10px;--awb-width-medium:33.333333333333%;--awb-order-medium:0;--awb-spacing-right-medium:10px;--awb-spacing-left-medium:10px;--awb-width-small:100%;--awb-order-small:0;--awb-spacing-right-small:10px;--awb-spacing-left-small:10px;\"><div class=\"fusion-column-wrapper fusion-column-has-shadow fusion-flex-justify-content-flex-start fusion-content-layout-column\"><div class=\"fusion-text fusion-text-5\" style=\"--awb-font-size:14px;\"><h2 data-fontsize=\"24\" style=\"--fontSize: 24; line-height: 1.2;\" data-lineheight=\"28.8px\" class=\"fusion-responsive-typography-calculated\">\u00dcber SPARQ<\/h2>\n<p><span style=\"font-family: SPARQ Bold\">Was bedeutet \"SPARQ Balustraden\"?<\/span><br \/>\nDer Name \"<a href=\"https:\/\/www.sparqbalustrades.nl\/de\/\" target=\"_blank\" rel=\"noopener noreferrer\">SPARQ<\/a>\" steht f\u00fcr kristallklare Handwerkskunst, Innovation und Qualit\u00e4t bei Ganzglasgel\u00e4ndern.<\/p>\n<p><span style=\"font-family: SPARQ Bold\">Wie lange gibt es SPARQ Balustraden schon?<\/span><br \/>\nSPARQ hat mehr als <a href=\"https:\/\/www.sparqbalustrades.nl\/de\/#25jaarervaring\" target=\"_blank\" rel=\"noopener noreferrer\">25 Jahre Erfahrung<\/a> bei Entwurf, Lieferung und Montage von Glasgel\u00e4ndern.<\/p>\n<p><span style=\"font-family: SPARQ Bold\">Was ist Ihr Auftrag oder Ihre Vision?<\/span><a href=\"https:\/\/www.sparqbalustrades.nl\/de\/#5zekerheden\" target=\"_blank\" rel=\"noopener noreferrer\"><br \/>\nInnovative, sichere e<\/a><a href=\"https:\/\/www.sparqbalustrades.nl\/de\/#5zekerheden\" target=\"_blank\" rel=\"noopener noreferrer\">n<\/a><a href=\"https:\/\/www.sparqbalustrades.nl\/de\/#5zekerheden\" target=\"_blank\" rel=\"noopener noreferrer\"> \u00e4sthetische Glasbalustraden<\/a> Projekte auf die n\u00e4chste Stufe zu heben.<\/p>\n<p><span style=\"font-family: SPARQ Bold\">Was zeichnet Sie aus?<\/span><br \/>\nKombination von <a href=\"https:\/\/www.sparqbalustrades.nl\/de\/#advies\" target=\"_blank\" rel=\"noopener noreferrer\">Beratung<\/a>, <a href=\"https:\/\/www.sparqbalustrades.nl\/de\/#Engineering\" target=\"_blank\" rel=\"noopener noreferrer\">Technik<\/a>, <a href=\"https:\/\/www.sparqbalustrades.nl\/de\/#Productie\" target=\"_blank\" rel=\"noopener noreferrer\">Produktion<\/a>schnell <a href=\"https:\/\/www.sparqbalustrades.nl\/de\/#Logistiek\" target=\"_blank\" rel=\"noopener noreferrer\">Logistik<\/a> und ordentlich <a href=\"https:\/\/www.sparqbalustrades.nl\/de\/#Montage\" target=\"_blank\" rel=\"noopener noreferrer\">Montage<\/a> mit einem Auge f\u00fcr Details.<\/p>\n<p><span style=\"font-family: SPARQ Bold\">In welchen L\u00e4ndern sind Sie t\u00e4tig?<\/span><br \/>\nVor allem in den Niederlanden und Belgien, aber alle unsere Systeme und Unterlagen entsprechen den europ\u00e4ischen Normen.<\/p>\n<p><span style=\"font-family: SPARQ Bold\">F\u00fcr welche Zielgruppen arbeiten Sie?<\/span><a href=\"https:\/\/www.sparqbalustrades.nl\/de\/sparq-gelander-fur-bautrager\/\" target=\"_blank\" rel=\"noopener noreferrer\"><br \/>\nBautr\u00e4ger<\/a>, <a href=\"https:\/\/www.sparqbalustrades.nl\/de\/sparq-gelander-fur-bauunternehmen\/\" target=\"_blank\" rel=\"noopener noreferrer\">Auftragnehmer<\/a>, <a href=\"https:\/\/www.sparqbalustrades.nl\/de\/sparq-gelander-fur-architekten\/\" target=\"_blank\" rel=\"noopener noreferrer\">Architekten<\/a>, <a href=\"https:\/\/www.sparqbalustrades.nl\/de\/sparq-gelander-fur-privatpersonen\/\" target=\"_blank\" rel=\"noopener noreferrer\">Privatpersonen<\/a> und <a href=\"https:\/\/www.sparqbalustrades.nl\/de\/ausschreibung\/\" target=\"_blank\" rel=\"noopener noreferrer\">Termine<\/a>.<\/p>\n<p><span style=\"font-family: SPARQ Bold\">Verf\u00fcgen Sie \u00fcber Zertifizierungen\/Zulassungen?<\/span><br \/>\nUnsere L\u00f6sungen sind so konzipiert <a href=\"https:\/\/www.sparqbalustrades.nl\/de\/#certificeringen\" target=\"_blank\" rel=\"noopener noreferrer\">in \u00dcbereinstimmung mit den einschl\u00e4gigen NEN\/<\/a><a href=\"https:\/\/www.sparqbalustrades.nl\/de\/#certificeringen\" target=\"_blank\" rel=\"noopener noreferrer\">UND<\/a><a href=\"https:\/\/www.sparqbalustrades.nl\/de\/#certificeringen\" target=\"_blank\" rel=\"noopener noreferrer\">-<\/a><a href=\"https:\/\/www.sparqbalustrades.nl\/de\/#certificeringen\" target=\"_blank\" rel=\"noopener noreferrer\">Normen<\/a> und Projektanforderungen.<\/p>\n<p><span style=\"font-family: SPARQ Bold\">Was ist mit Nachhaltigkeit und Kreislaufwirtschaft?<\/span><br \/>\nWir arbeiten mit r<a href=\"https:\/\/www.sparqbalustrades.nl\/de\/#5zekerheden\" target=\"_blank\" rel=\"noopener noreferrer\">ecyklierbare Materialien<\/a> und <a href=\"https:\/\/www.sparqbalustrades.nl\/de\/#advies\" target=\"_blank\" rel=\"noopener noreferrer\">beraten<\/a> auf Wartung und Langlebigkeit.<\/p>\n<p><span style=\"font-family: SPARQ Bold\">Welche Garantie geben Sie?<\/span><br \/>\nGarantie auf Material und Verarbeitung gem\u00e4\u00df <a href=\"https:\/\/www.sparqbalustrades.nl\/de\/#offerteaanvragen\" target=\"_blank\" rel=\"noopener noreferrer\">Angebot<\/a> und Bedingungen; Spezifikationen pro Projekt.<\/p>\n<p><span style=\"font-family: SPARQ Bold\">Wie gro\u00df ist der Bestand?<\/span><br \/>\nWir halten Kernkomponenten, mindestens 5.000 Meter, auf Lager, um Projekte schnell in Gang zu bringen.<\/p>\n<\/div><\/div><\/div><div class=\"fusion-layout-column fusion_builder_column fusion-builder-column-7 fusion_builder_column_1_3 1_3 fusion-flex-column\" style=\"--awb-bg-size:cover;--awb-width-large:33.333333333333%;--awb-margin-top-large:30px;--awb-spacing-right-large:10px;--awb-margin-bottom-large:30px;--awb-spacing-left-large:10px;--awb-width-medium:33.333333333333%;--awb-order-medium:0;--awb-spacing-right-medium:10px;--awb-spacing-left-medium:10px;--awb-width-small:100%;--awb-order-small:0;--awb-spacing-right-small:10px;--awb-spacing-left-small:10px;\"><div class=\"fusion-column-wrapper fusion-column-has-shadow fusion-flex-justify-content-flex-start fusion-content-layout-column\"><div class=\"fusion-text fusion-text-6\" style=\"--awb-font-size:14px;\"><h2 data-fontsize=\"24\" style=\"--fontSize: 24; line-height: 1.2;\" data-lineheight=\"28.8px\" class=\"fusion-responsive-typography-calculated\">Produkte und Systeme<\/h2>\n<p><span style=\"font-family: SPARQ Bold\">Welche Arten von Glasbalustradensystemen liefern Sie?<\/span><br \/>\nUnter anderem die <a href=\"https:\/\/www.sparqbalustrades.nl\/de\/katalog\/u-line-top-system-1kn\/\" target=\"_blank\" rel=\"noopener noreferrer\">U-Linie oben 1kN<\/a> und <a href=\"https:\/\/www.sparqbalustrades.nl\/de\/katalog\/u-line-top-system\/\" target=\"_blank\" rel=\"noopener noreferrer\">2kN<\/a> , <a href=\"https:\/\/www.sparqbalustrades.nl\/de\/katalog\/u-line-side-system-1kn\/\" target=\"_blank\" rel=\"noopener noreferrer\">U-Line Seite 1kN<\/a> und <a href=\"https:\/\/www.sparqbalustrades.nl\/de\/katalog\/u-line-side-system\/\" target=\"_blank\" rel=\"noopener noreferrer\">2kN<\/a>, <a href=\"https:\/\/www.sparqbalustrades.nl\/de\/katalog\/v-line-system-1kn\/\" target=\"_blank\" rel=\"noopener noreferrer\">V-Reihe 1kN<\/a> und <a href=\"https:\/\/www.sparqbalustrades.nl\/de\/katalog\/v-linien-system\/\" target=\"_blank\" rel=\"noopener noreferrer\">2kN<\/a> und die <a href=\"https:\/\/www.sparqbalustrades.nl\/de\/katalog\/y-liniensystem-1kn\/\" target=\"_blank\" rel=\"noopener noreferrer\">Y-Leitung 1kN<\/a> und <a href=\"https:\/\/www.sparqbalustrades.nl\/de\/katalog\/y-liniensystem\/\" target=\"_blank\" rel=\"noopener noreferrer\">2kN<\/a>, zugeschnitten auf Anwendung und Belastung.<\/p>\n<p><span style=\"font-family: SPARQ Bold\">Was ist der Unterschied zwischen U-Line, V-Line und Y-Line?<\/span><br \/>\nBefestigungsart, Profilgeometrie und Belastungsklasse variieren je nach System und Anwendung.<\/p>\n<p><span style=\"font-family: SPARQ Bold\">Bieten Sie die Montage von oben und von der Seite an?<\/span><br \/>\nJa, beide <a href=\"https:\/\/www.sparqbalustrades.nl\/de\/katalog\/\" target=\"_blank\" rel=\"noopener noreferrer\">Aufsatz- und Seitenanbausysteme<\/a> sind verf\u00fcgbar.<\/p>\n<p><span style=\"font-family: SPARQ Bold\">Welche Glasdicken sind m\u00f6glich?<\/span><br \/>\nJe nach Norm und <a href=\"https:\/\/www.sparqbalustrades.nl\/de\/windlast\/\" target=\"_blank\" rel=\"noopener noreferrer\">Windlast<\/a>: H\u00e4ufig gew\u00e4hlte Konfigurationen sind <a href=\"https:\/\/www.sparqbalustrades.nl\/de\/extra-dickes-glas\/\" target=\"_blank\" rel=\"noopener noreferrer\">laminiert\/<\/a><a href=\"https:\/\/www.sparqbalustrades.nl\/de\/extra-dickes-glas\/\" target=\"_blank\" rel=\"noopener noreferrer\">geh\u00e4rtet<\/a><a href=\"https:\/\/www.sparqbalustrades.nl\/de\/extra-dickes-glas\/\" target=\"_blank\" rel=\"noopener noreferrer\"> Glas<\/a> (z. B. 6\/6 bis 12\/12).<\/p>\n<p><span style=\"font-family: SPARQ Bold\">Wie ber\u00fccksichtigt man Windlasten?<\/span><br \/>\nWir berechnen <a href=\"https:\/\/www.sparqbalustrades.nl\/de\/windlast\/\" target=\"_blank\" rel=\"noopener noreferrer\">Standard-Winddruck<\/a> in der Technik und w\u00e4hlen Sie das System\/Glas entsprechend aus.<\/p>\n<p><span style=\"font-family: SPARQ Bold\">Liefern Sie auch f\u00fcr hohe Windlasten?<\/span><br \/>\nJa, es gibt Balustradenprofile und Glasbalustraden f\u00fcr <a href=\"https:\/\/www.sparqbalustrades.nl\/de\/windlast\/\" target=\"_blank\" rel=\"noopener noreferrer\">schwerere Lasten<\/a> und <a href=\"https:\/\/www.sparqbalustrades.nl\/de\/abgeschlossene-projekte\/nhow-amsterdam-rai-hotel\/\" target=\"_blank\" rel=\"noopener noreferrer\">h\u00f6here Geb\u00e4ude<\/a>.<\/p>\n<p><span style=\"font-family: SPARQ Bold\">Liefern Sie auch Zubeh\u00f6r wie Handl\u00e4ufe und Gummis?<\/span><br \/>\nJa, einschlie\u00dflich <a href=\"https:\/\/www.sparqbalustrades.nl\/de\/katalog\/glastrager-und-gummis\/\" target=\"_blank\" rel=\"noopener noreferrer\">Glastr\u00e4ger, Gummis<\/a>, <a href=\"https:\/\/www.sparqbalustrades.nl\/de\/katalog\/abdeckungen\/\" target=\"_blank\" rel=\"noopener noreferrer\">deckt<\/a> und <a href=\"https:\/\/www.sparqbalustrades.nl\/de\/katalog\/handlauf\/\" target=\"_blank\" rel=\"noopener noreferrer\">Handl\u00e4ufe<\/a>.<\/p>\n<p><span style=\"font-family: SPARQ Bold\">Was sind F\u00fcllstoffe\/F\u00fcllbl\u00f6cke und wann werden sie ben\u00f6tigt?<\/span><br \/><a href=\"https:\/\/www.sparqbalustrades.nl\/de\/katalog\/polster\/\" target=\"_blank\" rel=\"noopener noreferrer\"><br \/>\nF\u00fcllbl\u00f6cke<\/a> die korrekten Toleranzen und sorgen f\u00fcr einen festen, rechtwinkligen und wasserdichten Einbau der Glasbalustrade.<\/p>\n<p><span style=\"font-family: SPARQ Bold\">K\u00f6nnen Sie Fertigh\u00e4user liefern?<\/span><br \/>\nJa, wenn m\u00f6glich <a href=\"https:\/\/www.sparqbalustrades.nl\/de\/katalog\/fertighaus\/\" target=\"_blank\" rel=\"noopener noreferrer\">Fertighaus<\/a> wir Komponenten zu <a href=\"https:\/\/www.sparqbalustrades.nl\/de\/#Montage\" target=\"_blank\" rel=\"noopener noreferrer\">Montage<\/a> beschleunigen.<\/p>\n<p><span style=\"font-family: SPARQ Bold\">Wie integrieren Sie Handl\u00e4ufe\/Handl\u00e4ufe?<\/span><br \/>\nAls <a href=\"https:\/\/www.sparqbalustrades.nl\/de\/katalog\/handlauf\/\" target=\"_blank\" rel=\"noopener noreferrer\">oberer Abschluss oder in das System integriert<\/a>je nach Ausf\u00fchrung und <a href=\"https:\/\/www.sparqbalustrades.nl\/de\/#certificeringen\" target=\"_blank\" rel=\"noopener noreferrer\">Standard<\/a>.<\/p>\n<\/div><\/div><\/div><div class=\"fusion-layout-column fusion_builder_column fusion-builder-column-8 fusion_builder_column_1_3 1_3 fusion-flex-column\" style=\"--awb-bg-size:cover;--awb-width-large:33.333333333333%;--awb-margin-top-large:30px;--awb-spacing-right-large:10px;--awb-margin-bottom-large:30px;--awb-spacing-left-large:10px;--awb-width-medium:33.333333333333%;--awb-order-medium:0;--awb-spacing-right-medium:10px;--awb-spacing-left-medium:10px;--awb-width-small:100%;--awb-order-small:0;--awb-spacing-right-small:10px;--awb-spacing-left-small:10px;\"><div class=\"fusion-column-wrapper fusion-column-has-shadow fusion-flex-justify-content-flex-start fusion-content-layout-column\"><div class=\"fusion-text fusion-text-7\" style=\"--awb-font-size:14px;\"><h2 data-fontsize=\"24\" style=\"--fontSize: 24; line-height: 1.2;\" data-lineheight=\"28.8px\" class=\"fusion-responsive-typography-calculated\">Design und Technik<\/h2>\n<p><span style=\"font-family: SPARQ Bold\">Sind Farbausf\u00fchrungen m\u00f6glich?<\/span><br \/>\nJa, Profile k\u00f6nnen wir <a href=\"https:\/\/www.sparqbalustrades.nl\/de\/katalog\/farbstyling\/\" target=\"_blank\" rel=\"noopener noreferrer\">Eloxierung oder Pulverbeschichtung in RAL-Farben<\/a>.<\/p>\n<p><span style=\"font-family: SPARQ Bold\">Wie gehen Sie mit Toleranzen um?<\/span><br \/>\nDie Systeme verf\u00fcgen \u00fcber Einstellm\u00f6glichkeiten mit Gummis und Unterlegscheiben, um Bautoleranzen auszugleichen.<\/p>\n<p><span style=\"font-family: SPARQ Bold\">Liefern Sie auch gebogenes Glas?<\/span><br \/><a href=\"https:\/\/www.sparqbalustrades.nl\/de\/abgeschlossene-projekte\/neues-buro-bergambacht\/\" target=\"_blank\" rel=\"noopener noreferrer\">Ja, in der Tat<\/a> aber nur auf Anfrage; je nach Radius, Standard und Machbarkeit im Rahmen des Projekts.<\/p>\n<p><span style=\"font-family: SPARQ Bold\">Wie hoch darf die Br\u00fcstung maximal sein?<\/span><br \/>\nBestimmt durch die Norm, <a href=\"https:\/\/www.sparqbalustrades.nl\/de\/windlast\/\" target=\"_blank\" rel=\"noopener noreferrer\">Windlast<\/a> und Systemauswahl; wir beraten auf Projektbasis.<\/p>\n<p><span style=\"font-family: SPARQ Bold\">Liefern Sie Treppengel\u00e4nder (diagonal)?<\/span><br \/>\nJa, einschlie\u00dflich L\u00f6sungen f\u00fcr <a href=\"https:\/\/www.sparqbalustrades.nl\/de\/katalog\/strangtrager\/\" target=\"_blank\" rel=\"noopener noreferrer\">Treppenwangen\/Treppenwangen<\/a> und schr\u00e4ge Anwendungen.<\/p>\n<p><span style=\"font-family: SPARQ Bold\">Bieten Sie Fallschutzgitter an?<\/span><br \/><a href=\"https:\/\/www.sparqbalustrades.nl\/de\/abgeschlossene-projekte\/oosterzijderpark-zaandam\/\" target=\"_blank\" rel=\"noopener noreferrer\"><br \/>\nJa, in der Tat<\/a>Wenn es m\u00f6glich ist, koordinieren wir die Sicherheitsanforderungen und Details mit dem Statiker.<\/p>\n<p><span style=\"font-family: SPARQ Bold\">Helfen Sie in der Entwurfsphase?<\/span><br \/>\nJa, mit <a href=\"https:\/\/www.sparqbalustrades.nl\/de\/#advies\" target=\"_blank\" rel=\"noopener noreferrer\">Beratung<\/a>, <a href=\"https:\/\/www.sparqbalustrades.nl\/de\/downloads\/\" target=\"_blank\" rel=\"noopener noreferrer\">detaillierte Zeichnungen<\/a> und die Systemauswahl auf der Grundlage von Anforderungen und \u00c4sthetik.<\/p>\n<p><span style=\"font-family: SPARQ Bold\">Stellen Sie CAD\/BIM-Details zur Verf\u00fcgung?<\/span><br \/>\nJa, <a href=\"https:\/\/www.sparqbalustrades.nl\/de\/downloads\/\" target=\"_blank\" rel=\"noopener noreferrer\">technische Dokumentation und Details<\/a> sind je nach System verf\u00fcgbar.<\/p>\n<p><span style=\"font-family: SPARQ Bold\">Wie l\u00e4uft die Koordination mit dem Architekten\/Bauherrn?<\/span><br \/>\nWir engagieren uns fr\u00fchzeitig, teilen Details mit und beziehen das Feedback in die <a href=\"https:\/\/www.sparqbalustrades.nl\/de\/#Engineering\" target=\"_blank\" rel=\"noopener noreferrer\">Technik<\/a>.<\/p>\n<p><span style=\"font-family: SPARQ Bold\">Welche Gestaltungsfreiheit bieten Sie?<\/span><br \/>\nWahlm\u00f6glichkeit in <a href=\"https:\/\/www.sparqbalustrades.nl\/de\/#Montage\" target=\"_blank\" rel=\"noopener noreferrer\">Montage<\/a>, Profilausf\u00fchrung, <a href=\"https:\/\/www.sparqbalustrades.nl\/de\/katalog\/glas\/\" target=\"_blank\" rel=\"noopener noreferrer\">Glasbau<\/a>, H\u00f6he, <a href=\"https:\/\/www.sparqbalustrades.nl\/de\/katalog\/handlauf\/\" target=\"_blank\" rel=\"noopener noreferrer\">Handlauf<\/a> und <a href=\"https:\/\/www.sparqbalustrades.nl\/de\/katalog\/farbstyling\/\" target=\"_blank\" rel=\"noopener noreferrer\">Farbe<\/a>.<\/p>\n<\/div><\/div><\/div><div class=\"fusion-layout-column fusion_builder_column fusion-builder-column-9 fusion_builder_column_1_3 1_3 fusion-flex-column\" style=\"--awb-bg-size:cover;--awb-width-large:33.333333333333%;--awb-margin-top-large:30px;--awb-spacing-right-large:10px;--awb-margin-bottom-large:30px;--awb-spacing-left-large:10px;--awb-width-medium:33.333333333333%;--awb-order-medium:0;--awb-spacing-right-medium:10px;--awb-spacing-left-medium:10px;--awb-width-small:100%;--awb-order-small:0;--awb-spacing-right-small:10px;--awb-spacing-left-small:10px;\"><div class=\"fusion-column-wrapper fusion-column-has-shadow fusion-flex-justify-content-flex-start fusion-content-layout-column\"><div class=\"fusion-text fusion-text-8\" style=\"--awb-font-size:14px;\"><h2 data-fontsize=\"24\" style=\"--fontSize: 24; line-height: 1.2;\" data-lineheight=\"28.8px\" class=\"fusion-responsive-typography-calculated\">Montage &amp; Ausf\u00fchrung<\/h2>\n<p><span style=\"font-family: SPARQ Bold\">Ber\u00fccksichtigen Sie die Montagereihenfolge\/Zug\u00e4nglichkeit?<\/span><br \/>\nJa, <a href=\"https:\/\/www.sparqbalustrades.nl\/de\/#Montage\" target=\"_blank\" rel=\"noopener noreferrer\">Montageplan<\/a> und <a href=\"https:\/\/www.sparqbalustrades.nl\/de\/#Logistiek\" target=\"_blank\" rel=\"noopener noreferrer\">Logistik<\/a> sind Teil unserer <a href=\"https:\/\/www.sparqbalustrades.nl\/de\/projektunterstutzung\/\" target=\"_blank\" rel=\"noopener noreferrer\">Projektvorbereitung<\/a>.<\/p>\n<p><span style=\"font-family: SPARQ Bold\">Haben Sie Ratschl\u00e4ge zur Wartung und Langlebigkeit?<\/span><br \/>\nJa, wir beraten Sie bei der Instandhaltung und geben Ihnen f\u00fcr jedes Projekt geeignete Reinigungsrichtlinien.<\/p>\n<p><span style=\"font-family: SPARQ Bold\">Wie erfolgt der Anschluss an Boden\/Dach\/Fassade?<\/span><br \/>\nMit <a href=\"https:\/\/www.sparqbalustrades.nl\/de\/katalog\/\" target=\"_blank\" rel=\"noopener noreferrer\">Systemprofile<\/a>, <a href=\"https:\/\/www.sparqbalustrades.nl\/de\/katalog\/glastrager-und-gummis\/\" target=\"_blank\" rel=\"noopener noreferrer\">Gummis<\/a> und <a href=\"https:\/\/www.sparqbalustrades.nl\/de\/katalog\/werkzeuge-zubehor\/\" target=\"_blank\" rel=\"noopener noreferrer\">Befestigungsmaterialien<\/a> entsprechend den Details und dem Untergrund.<\/p>\n<p><span style=\"font-family: SPARQ Bold\">Haben Sie Referenzprojekte?<\/span><br \/><a href=\"https:\/\/www.sparqbalustrades.nl\/de\/projekte\/\" target=\"_blank\" rel=\"noopener noreferrer\"><br \/>\nJa<\/a>diverse Wohn- und Nichtwohnprojekte in den Niederlanden und Belgien.<\/p>\n<p><span style=\"font-family: SPARQ Bold\">Bieten Sie auch Lektorat an?<\/span><br \/>\nJa, wir k\u00f6nnen <a href=\"https:\/\/www.sparqbalustrades.nl\/de\/#Logistiek\" target=\"_blank\" rel=\"noopener noreferrer\">liefern<\/a> und <a href=\"https:\/\/www.sparqbalustrades.nl\/de\/#Montage\" target=\"_blank\" rel=\"noopener noreferrer\">zusammenstellen<\/a> mit eigenem <a href=\"https:\/\/www.sparqbalustrades.nl\/de\/#Logistiek\" target=\"_blank\" rel=\"noopener noreferrer\">Logistik<\/a> und <a href=\"https:\/\/www.sparqbalustrades.nl\/de\/#Montage\" target=\"_blank\" rel=\"noopener noreferrer\">Mechanik<\/a>.<\/p>\n<p><span style=\"font-family: SPARQ Bold\">Wie funktioniert die Montage am Bau?<\/span><br \/>\nNach Angaben von <a href=\"https:\/\/www.sparqbalustrades.nl\/de\/downloads\/\" target=\"_blank\" rel=\"noopener noreferrer\">detaillierte Zeichnungen<\/a>mit pr\u00e4ziser Ausrichtung, Befestigung und Endbearbeitung.<\/p>\n<p><span style=\"font-family: SPARQ Bold\">Wie lange dauert die Montage?<\/span><br \/>\nJe nach Metern, Zug\u00e4nglichkeit und Komplexit\u00e4t planen wir im Voraus.<\/p>\n<p><span style=\"font-family: SPARQ Bold\">Welche Herausforderungen sehen Sie bei der Montage?<\/span><br \/>\nToleranzen, <a href=\"https:\/\/www.sparqbalustrades.nl\/de\/windlast\/\" target=\"_blank\" rel=\"noopener noreferrer\">Wetter<\/a>, <a href=\"https:\/\/www.sparqbalustrades.nl\/de\/#Logistiek\" target=\"_blank\" rel=\"noopener noreferrer\">Logistik<\/a> und eine straffe Ausrichtung; wir antizipieren mit Plan und Mitteln.<\/p>\n<p><span style=\"font-family: SPARQ Bold\">Wie sichern Sie die Abmessungen?<\/span><br \/>\nDurch eine genaue Vermessung, eine Probeplatzierung, wo dies erforderlich ist, und die Anpassungsf\u00e4higkeit des Systems.<\/p>\n<\/div><\/div><\/div><div class=\"fusion-layout-column fusion_builder_column fusion-builder-column-10 fusion_builder_column_1_3 1_3 fusion-flex-column\" style=\"--awb-bg-size:cover;--awb-width-large:33.333333333333%;--awb-margin-top-large:30px;--awb-spacing-right-large:10px;--awb-margin-bottom-large:30px;--awb-spacing-left-large:10px;--awb-width-medium:33.333333333333%;--awb-order-medium:0;--awb-spacing-right-medium:10px;--awb-spacing-left-medium:10px;--awb-width-small:100%;--awb-order-small:0;--awb-spacing-right-small:10px;--awb-spacing-left-small:10px;\"><div class=\"fusion-column-wrapper fusion-column-has-shadow fusion-flex-justify-content-flex-start fusion-content-layout-column\"><div class=\"fusion-text fusion-text-9\" style=\"--awb-font-size:14px;\"><h2 data-fontsize=\"24\" style=\"--fontSize: 24; line-height: 1.2;\" data-lineheight=\"28.8px\" class=\"fusion-responsive-typography-calculated\">Sicherheit und Normen<\/h2>\n<p><span style=\"font-family: SPARQ Bold\">Wie organisieren Sie Logistik\/Transport?<\/span><br \/>\nKoordinierte Lieferungen mit <a href=\"https:\/\/www.sparqbalustrades.nl\/de\/projektunterstutzung\/\" target=\"_blank\" rel=\"noopener noreferrer\">Projektplanung<\/a> und klare Anweisungen zum Entladen.<\/p>\n<p><span style=\"font-family: SPARQ Bold\">Wie geht man mit Temperatur\/Dehnung um?<\/span><br \/><a href=\"https:\/\/www.sparqbalustrades.nl\/de\/katalog\/\" target=\"_blank\" rel=\"noopener noreferrer\"><br \/>\nProfilauswahl<\/a> und Gummis sorgen f\u00fcr Dehnungsraum und Spannungsabbau.<\/p>\n<p><span style=\"font-family: SPARQ Bold\">Wie gew\u00e4hrleisten Sie die Sicherheit der Mechaniker?<\/span><br \/>\nFolgende Arbeiten <a href=\"https:\/\/www.sparqbalustrades.nl\/de\/#certificeringen\" target=\"_blank\" rel=\"noopener noreferrer\">offizielle Leitlinien<\/a>Absturzsicherung und geeignete Mittel in der H\u00f6he.<\/p>\n<p><span style=\"font-family: SPARQ Bold\">Gibt es eine Qualit\u00e4tskontrolle nach der Montage?<\/span><br \/>\nJa, Auslieferungsinspektion und Kontrolle der Ausrichtung, Befestigung und Verarbeitung.<\/p>\n<p><span style=\"font-family: SPARQ Bold\">Welche Standards erf\u00fcllen Sie?<\/span><br \/>\nEntwurf und Ausf\u00fchrung in \u00dcbereinstimmung mit den einschl\u00e4gigen NEN\/EN-Normen und projektspezifischen Anforderungen.<\/p>\n<p><span style=\"font-family: SPARQ Bold\">Wie sichern Sie Absturzsicherungen\/Mindesth\u00f6hen?<\/span><br \/>\nWir entwerfen nach Standardh\u00f6hen und -nutzungen; dies wird in der Technik \u00fcberpr\u00fcft.<\/p>\n<p><span style=\"font-family: SPARQ Bold\">Wie werden die Windlasten in den Entwurf einbezogen?<\/span><br \/>\nMit Berechnungen zu Gel\u00e4ndeh\u00f6he und -beschaffenheit; direkte Ergebnisse <a href=\"https:\/\/www.sparqbalustrades.nl\/de\/extra-dickes-glas\/\" target=\"_blank\" rel=\"noopener noreferrer\">Glas<\/a>- und <a href=\"https:\/\/www.sparqbalustrades.nl\/de\/katalog\/\" target=\"_blank\" rel=\"noopener noreferrer\">Profilauswahl<\/a>.<\/p>\n<p><span style=\"font-family: SPARQ Bold\">Bieten Sie statische Berechnungen an?<\/span><br \/>\nJa, am <a href=\"https:\/\/www.sparqbalustrades.nl\/de\/projektunterstutzung\/\" target=\"_blank\" rel=\"noopener noreferrer\">Projektbasis<\/a> wir stellen Berechnungen und Belege zur Verf\u00fcgung.<\/p>\n<p><span style=\"font-family: SPARQ Bold\">Was geschieht im Falle einer Besch\u00e4digung oder eines Bruchs des Glases?<\/span><br \/>\nVerbundglas klebt; wir ersetzen die Scheibe und stellen die Oberfl\u00e4che wieder her.<\/p>\n<p><span style=\"font-family: SPARQ Bold\">Wie organisieren Sie Wartung und Inspektion?<\/span><br \/>\nRegelm\u00e4\u00dfige Sichtpr\u00fcfung, Reinigung und Kontrolle der Gummis\/Verbindungselemente.<\/p>\n<\/div><\/div><\/div><div class=\"fusion-layout-column fusion_builder_column fusion-builder-column-11 fusion_builder_column_1_3 1_3 fusion-flex-column\" style=\"--awb-bg-size:cover;--awb-width-large:33.333333333333%;--awb-margin-top-large:30px;--awb-spacing-right-large:10px;--awb-margin-bottom-large:30px;--awb-spacing-left-large:10px;--awb-width-medium:33.333333333333%;--awb-order-medium:0;--awb-spacing-right-medium:10px;--awb-spacing-left-medium:10px;--awb-width-small:100%;--awb-order-small:0;--awb-spacing-right-small:10px;--awb-spacing-left-small:10px;\"><div class=\"fusion-column-wrapper fusion-column-has-shadow fusion-flex-justify-content-flex-start fusion-content-layout-column\"><div class=\"fusion-text fusion-text-10\" style=\"--awb-font-size:14px;\"><h2 data-fontsize=\"24\" style=\"--fontSize: 24; line-height: 1.2;\" data-lineheight=\"28.8px\" class=\"fusion-responsive-typography-calculated\">Angebote &amp; Projektplanung<\/h2>\n<p><span style=\"font-family: SPARQ Bold\">Wie sieht es mit der Haftung\/Versicherung aus?<\/span><br \/>\nGem\u00e4\u00df Vertrag und Bedingungen; wir liefern <a href=\"https:\/\/www.sparqbalustrades.nl\/de\/#certificeringen\" target=\"_blank\" rel=\"noopener noreferrer\">nach Norm und Spezifikation<\/a>.<\/p>\n<p><span style=\"font-family: SPARQ Bold\">Wie setzt sich der Preis zusammen?<\/span><br \/>\nMaterialien (<a href=\"https:\/\/www.sparqbalustrades.nl\/de\/katalog\/glas\/\" target=\"_blank\" rel=\"noopener noreferrer\">Glas<\/a>\/<a href=\"https:\/\/www.sparqbalustrades.nl\/de\/katalog\/\" target=\"_blank\" rel=\"noopener noreferrer\">Profile<\/a>), <a href=\"https:\/\/www.sparqbalustrades.nl\/de\/#Engineering\" target=\"_blank\" rel=\"noopener noreferrer\">Technik<\/a>, <a href=\"https:\/\/www.sparqbalustrades.nl\/de\/#Logistiek\" target=\"_blank\" rel=\"noopener noreferrer\">Logistik<\/a> und <a href=\"https:\/\/www.sparqbalustrades.nl\/de\/#Montage\" target=\"_blank\" rel=\"noopener noreferrer\">Montage<\/a> bilden den Gesamtpreis.<\/p>\n<p><span style=\"font-family: SPARQ Bold\">Wie schnell erhalte ich ein Angebot?<\/span><br \/>\nBald nach Erhalt der Zeichnungen und Prinzipien; Vorlaufzeit kommunizieren wir sofort.<\/p>\n<p><span style=\"font-family: SPARQ Bold\">Welche Informationen ben\u00f6tigen Sie f\u00fcr einen Kostenvoranschlag?<\/span><br \/>\nZeichnungen, Abmessungen, H\u00f6he, Standort, Windklasse, Ausf\u00fchrung und gew\u00fcnschtes Fertigstellungsdatum.<\/p>\n<p><span style=\"font-family: SPARQ Bold\">Wie sind die Lieferzeiten?<\/span><br \/>\nAbh\u00e4ngig von System und Ausf\u00fchrung; Kernkomponenten haben kurze Vorlaufzeit.<\/p>\n<p><span style=\"font-family: SPARQ Bold\">Wie lauten die Zahlungsbedingungen?<\/span><br \/>\nJe nach Kostenvoranschlag\/Vereinbarung; wir teilen dies im Voraus klar mit.<\/p>\n<p><span style=\"font-family: SPARQ Bold\">Gibt es Standardkomponenten, die Kosten sparen?<\/span><br \/>\nJa, standardisierte Profile und Zubeh\u00f6rteile beschleunigen und reduzieren die Kosten.<\/p>\n<p><span style=\"font-family: SPARQ Bold\">K\u00f6nnen Sie schrittweise liefern\/montieren?<\/span><br \/>\nJa, wir koordinieren die Lieferungen und Montagephasen mit dem Bauzeitplan.<\/p>\n<p><span style=\"font-family: SPARQ Bold\">Wie ist der Preis im Vergleich zu Alternativen (Barren\/Stahl)?<\/span><br \/>\nGlasgel\u00e4nder bieten eine hohe \u00c4sthetik und niedrige Wartungskosten; die Gesamtkosten h\u00e4ngen von den Anforderungen und der St\u00e4rke ab.<\/p>\n<p><span style=\"font-family: SPARQ Bold\">Helfen Sie auch Einzelpersonen?<\/span><br \/>\nJa, in Absprache und mit Beratung zu Norm, Sicherheit und Umsetzung.<\/p>\n<\/div><\/div><\/div><\/div><\/div><div class=\"fusion-fullwidth fullwidth-box fusion-builder-row-4 fusion-flex-container has-pattern-background has-mask-background nonhundred-percent-fullwidth hundred-percent-height hundred-percent-height-center-content non-hundred-percent-height-scrolling\" style=\"--awb-border-radius-top-left:0px;--awb-border-radius-top-right:0px;--awb-border-radius-bottom-right:0px;--awb-border-radius-bottom-left:0px;--awb-flex-wrap:wrap;\" ><div class=\"awb-background-slider\" data-type=\"container\" data-loop=\"yes\" data-animation=\"fade\" data-slideshow-speed=\"5000\" data-animation-speed=\"800\" data-direction=\"up\" style=\"--awb-image-position:50% 50%;\"><div class=\"swiper-wrapper\"><div class=\"swiper-slide\"><img decoding=\"async\" width=\"1920\" height=\"1080\" src=\"https:\/\/www.sparqbalustrades.nl\/wp-content\/uploads\/2025\/09\/VAN02124.webp\" class=\"awb-background-slider__image lazyload\" alt=\"Glasbalustrade mit Aluminiumprofil f\u00fcr den Innenbereich\" srcset=\"data:image\/svg+xml,%3Csvg%20xmlns%3D%27http%3A%2F%2Fwww.w3.org%2F2000%2Fsvg%27%20width%3D%271920%27%20height%3D%271080%27%20viewBox%3D%270%200%201920%201080%27%3E%3Crect%20width%3D%271920%27%20height%3D%271080%27%20fill-opacity%3D%220%22%2F%3E%3C%2Fsvg%3E\" data-orig-src=\"https:\/\/www.sparqbalustrades.nl\/wp-content\/uploads\/2025\/09\/VAN02124.webp\" data-srcset=\"https:\/\/www.sparqbalustrades.nl\/wp-content\/uploads\/2025\/09\/VAN02124-18x10.webp 18w, https:\/\/www.sparqbalustrades.nl\/wp-content\/uploads\/2025\/09\/VAN02124-200x113.webp 200w, https:\/\/www.sparqbalustrades.nl\/wp-content\/uploads\/2025\/09\/VAN02124-300x169.webp 300w, https:\/\/www.sparqbalustrades.nl\/wp-content\/uploads\/2025\/09\/VAN02124-400x225.webp 400w, https:\/\/www.sparqbalustrades.nl\/wp-content\/uploads\/2025\/09\/VAN02124-600x338.webp 600w, https:\/\/www.sparqbalustrades.nl\/wp-content\/uploads\/2025\/09\/VAN02124-768x432.webp 768w, https:\/\/www.sparqbalustrades.nl\/wp-content\/uploads\/2025\/09\/VAN02124-800x450.webp 800w, https:\/\/www.sparqbalustrades.nl\/wp-content\/uploads\/2025\/09\/VAN02124-1024x576.webp 1024w, https:\/\/www.sparqbalustrades.nl\/wp-content\/uploads\/2025\/09\/VAN02124-1200x675.webp 1200w, https:\/\/www.sparqbalustrades.nl\/wp-content\/uploads\/2025\/09\/VAN02124-1536x864.webp 1536w, https:\/\/www.sparqbalustrades.nl\/wp-content\/uploads\/2025\/09\/VAN02124.webp 1920w\" data-sizes=\"auto\" \/><\/div><div class=\"swiper-slide\"><img decoding=\"async\" width=\"1920\" height=\"1080\" src=\"https:\/\/www.sparqbalustrades.nl\/wp-content\/uploads\/2025\/09\/VAN02058.webp\" class=\"awb-background-slider__image lazyload\" alt=\"Au\u00dfengel\u00e4nder aus Glas mit Aluminiumprofil\" srcset=\"data:image\/svg+xml,%3Csvg%20xmlns%3D%27http%3A%2F%2Fwww.w3.org%2F2000%2Fsvg%27%20width%3D%271920%27%20height%3D%271080%27%20viewBox%3D%270%200%201920%201080%27%3E%3Crect%20width%3D%271920%27%20height%3D%271080%27%20fill-opacity%3D%220%22%2F%3E%3C%2Fsvg%3E\" data-orig-src=\"https:\/\/www.sparqbalustrades.nl\/wp-content\/uploads\/2025\/09\/VAN02058.webp\" data-srcset=\"https:\/\/www.sparqbalustrades.nl\/wp-content\/uploads\/2025\/09\/VAN02058-18x10.webp 18w, https:\/\/www.sparqbalustrades.nl\/wp-content\/uploads\/2025\/09\/VAN02058-200x113.webp 200w, https:\/\/www.sparqbalustrades.nl\/wp-content\/uploads\/2025\/09\/VAN02058-300x169.webp 300w, https:\/\/www.sparqbalustrades.nl\/wp-content\/uploads\/2025\/09\/VAN02058-400x225.webp 400w, https:\/\/www.sparqbalustrades.nl\/wp-content\/uploads\/2025\/09\/VAN02058-600x338.webp 600w, https:\/\/www.sparqbalustrades.nl\/wp-content\/uploads\/2025\/09\/VAN02058-768x432.webp 768w, https:\/\/www.sparqbalustrades.nl\/wp-content\/uploads\/2025\/09\/VAN02058-800x450.webp 800w, https:\/\/www.sparqbalustrades.nl\/wp-content\/uploads\/2025\/09\/VAN02058-1024x576.webp 1024w, https:\/\/www.sparqbalustrades.nl\/wp-content\/uploads\/2025\/09\/VAN02058-1200x675.webp 1200w, https:\/\/www.sparqbalustrades.nl\/wp-content\/uploads\/2025\/09\/VAN02058-1536x864.webp 1536w, https:\/\/www.sparqbalustrades.nl\/wp-content\/uploads\/2025\/09\/VAN02058.webp 1920w\" data-sizes=\"auto\" \/><\/div><div class=\"swiper-slide\"><img decoding=\"async\" width=\"1920\" height=\"1080\" src=\"https:\/\/www.sparqbalustrades.nl\/wp-content\/uploads\/2025\/09\/VAN02054.webp\" class=\"awb-background-slider__image lazyload\" alt=\"Au\u00dfengel\u00e4nder aus Glas mit Aluminiumprofil\" srcset=\"data:image\/svg+xml,%3Csvg%20xmlns%3D%27http%3A%2F%2Fwww.w3.org%2F2000%2Fsvg%27%20width%3D%271920%27%20height%3D%271080%27%20viewBox%3D%270%200%201920%201080%27%3E%3Crect%20width%3D%271920%27%20height%3D%271080%27%20fill-opacity%3D%220%22%2F%3E%3C%2Fsvg%3E\" data-orig-src=\"https:\/\/www.sparqbalustrades.nl\/wp-content\/uploads\/2025\/09\/VAN02054.webp\" data-srcset=\"https:\/\/www.sparqbalustrades.nl\/wp-content\/uploads\/2025\/09\/VAN02054-18x10.webp 18w, https:\/\/www.sparqbalustrades.nl\/wp-content\/uploads\/2025\/09\/VAN02054-200x113.webp 200w, https:\/\/www.sparqbalustrades.nl\/wp-content\/uploads\/2025\/09\/VAN02054-300x169.webp 300w, https:\/\/www.sparqbalustrades.nl\/wp-content\/uploads\/2025\/09\/VAN02054-400x225.webp 400w, https:\/\/www.sparqbalustrades.nl\/wp-content\/uploads\/2025\/09\/VAN02054-600x338.webp 600w, https:\/\/www.sparqbalustrades.nl\/wp-content\/uploads\/2025\/09\/VAN02054-768x432.webp 768w, https:\/\/www.sparqbalustrades.nl\/wp-content\/uploads\/2025\/09\/VAN02054-800x450.webp 800w, https:\/\/www.sparqbalustrades.nl\/wp-content\/uploads\/2025\/09\/VAN02054-1024x576.webp 1024w, https:\/\/www.sparqbalustrades.nl\/wp-content\/uploads\/2025\/09\/VAN02054-1200x675.webp 1200w, https:\/\/www.sparqbalustrades.nl\/wp-content\/uploads\/2025\/09\/VAN02054-1536x864.webp 1536w, https:\/\/www.sparqbalustrades.nl\/wp-content\/uploads\/2025\/09\/VAN02054.webp 1920w\" data-sizes=\"auto\" \/><\/div><div class=\"swiper-slide\"><img decoding=\"async\" width=\"1920\" height=\"1080\" src=\"https:\/\/www.sparqbalustrades.nl\/wp-content\/uploads\/2025\/10\/VAN02130.webp\" class=\"awb-background-slider__image lazyload\" alt=\"Au\u00dfengel\u00e4nder aus Glas mit Aluminiumprofil\" srcset=\"data:image\/svg+xml,%3Csvg%20xmlns%3D%27http%3A%2F%2Fwww.w3.org%2F2000%2Fsvg%27%20width%3D%271920%27%20height%3D%271080%27%20viewBox%3D%270%200%201920%201080%27%3E%3Crect%20width%3D%271920%27%20height%3D%271080%27%20fill-opacity%3D%220%22%2F%3E%3C%2Fsvg%3E\" data-orig-src=\"https:\/\/www.sparqbalustrades.nl\/wp-content\/uploads\/2025\/10\/VAN02130.webp\" data-srcset=\"https:\/\/www.sparqbalustrades.nl\/wp-content\/uploads\/2025\/10\/VAN02130-18x10.webp 18w, https:\/\/www.sparqbalustrades.nl\/wp-content\/uploads\/2025\/10\/VAN02130-200x113.webp 200w, https:\/\/www.sparqbalustrades.nl\/wp-content\/uploads\/2025\/10\/VAN02130-300x169.webp 300w, https:\/\/www.sparqbalustrades.nl\/wp-content\/uploads\/2025\/10\/VAN02130-400x225.webp 400w, https:\/\/www.sparqbalustrades.nl\/wp-content\/uploads\/2025\/10\/VAN02130-600x338.webp 600w, https:\/\/www.sparqbalustrades.nl\/wp-content\/uploads\/2025\/10\/VAN02130-768x432.webp 768w, https:\/\/www.sparqbalustrades.nl\/wp-content\/uploads\/2025\/10\/VAN02130-800x450.webp 800w, https:\/\/www.sparqbalustrades.nl\/wp-content\/uploads\/2025\/10\/VAN02130-1024x576.webp 1024w, https:\/\/www.sparqbalustrades.nl\/wp-content\/uploads\/2025\/10\/VAN02130-1200x675.webp 1200w, https:\/\/www.sparqbalustrades.nl\/wp-content\/uploads\/2025\/10\/VAN02130-1536x864.webp 1536w, https:\/\/www.sparqbalustrades.nl\/wp-content\/uploads\/2025\/10\/VAN02130.webp 1920w\" data-sizes=\"auto\" \/><\/div><div class=\"swiper-slide\"><img decoding=\"async\" width=\"1920\" height=\"1080\" src=\"https:\/\/www.sparqbalustrades.nl\/wp-content\/uploads\/2025\/05\/VAN01178.webp\" class=\"awb-background-slider__image lazyload\" alt=\"Vollglasbr\u00fcstung am Wohnblock\" srcset=\"data:image\/svg+xml,%3Csvg%20xmlns%3D%27http%3A%2F%2Fwww.w3.org%2F2000%2Fsvg%27%20width%3D%271920%27%20height%3D%271080%27%20viewBox%3D%270%200%201920%201080%27%3E%3Crect%20width%3D%271920%27%20height%3D%271080%27%20fill-opacity%3D%220%22%2F%3E%3C%2Fsvg%3E\" data-orig-src=\"https:\/\/www.sparqbalustrades.nl\/wp-content\/uploads\/2025\/05\/VAN01178.webp\" data-srcset=\"https:\/\/www.sparqbalustrades.nl\/wp-content\/uploads\/2025\/05\/VAN01178-18x10.webp 18w, https:\/\/www.sparqbalustrades.nl\/wp-content\/uploads\/2025\/05\/VAN01178-200x113.webp 200w, https:\/\/www.sparqbalustrades.nl\/wp-content\/uploads\/2025\/05\/VAN01178-300x169.webp 300w, https:\/\/www.sparqbalustrades.nl\/wp-content\/uploads\/2025\/05\/VAN01178-400x225.webp 400w, https:\/\/www.sparqbalustrades.nl\/wp-content\/uploads\/2025\/05\/VAN01178-600x338.webp 600w, https:\/\/www.sparqbalustrades.nl\/wp-content\/uploads\/2025\/05\/VAN01178-768x432.webp 768w, https:\/\/www.sparqbalustrades.nl\/wp-content\/uploads\/2025\/05\/VAN01178-800x450.webp 800w, https:\/\/www.sparqbalustrades.nl\/wp-content\/uploads\/2025\/05\/VAN01178-1024x576.webp 1024w, https:\/\/www.sparqbalustrades.nl\/wp-content\/uploads\/2025\/05\/VAN01178-1200x675.webp 1200w, https:\/\/www.sparqbalustrades.nl\/wp-content\/uploads\/2025\/05\/VAN01178-1536x864.webp 1536w, https:\/\/www.sparqbalustrades.nl\/wp-content\/uploads\/2025\/05\/VAN01178.webp 1920w\" data-sizes=\"auto\" \/><\/div><div class=\"swiper-slide\"><img decoding=\"async\" width=\"1920\" height=\"1080\" src=\"https:\/\/www.sparqbalustrades.nl\/wp-content\/uploads\/2025\/05\/VAN01205.webp\" class=\"awb-background-slider__image lazyload\" alt=\"Vollglasbr\u00fcstung am Wohnblock\" srcset=\"data:image\/svg+xml,%3Csvg%20xmlns%3D%27http%3A%2F%2Fwww.w3.org%2F2000%2Fsvg%27%20width%3D%271920%27%20height%3D%271080%27%20viewBox%3D%270%200%201920%201080%27%3E%3Crect%20width%3D%271920%27%20height%3D%271080%27%20fill-opacity%3D%220%22%2F%3E%3C%2Fsvg%3E\" data-orig-src=\"https:\/\/www.sparqbalustrades.nl\/wp-content\/uploads\/2025\/05\/VAN01205.webp\" data-srcset=\"https:\/\/www.sparqbalustrades.nl\/wp-content\/uploads\/2025\/05\/VAN01205-18x10.webp 18w, https:\/\/www.sparqbalustrades.nl\/wp-content\/uploads\/2025\/05\/VAN01205-200x113.webp 200w, https:\/\/www.sparqbalustrades.nl\/wp-content\/uploads\/2025\/05\/VAN01205-300x169.webp 300w, https:\/\/www.sparqbalustrades.nl\/wp-content\/uploads\/2025\/05\/VAN01205-400x225.webp 400w, https:\/\/www.sparqbalustrades.nl\/wp-content\/uploads\/2025\/05\/VAN01205-600x338.webp 600w, https:\/\/www.sparqbalustrades.nl\/wp-content\/uploads\/2025\/05\/VAN01205-768x432.webp 768w, https:\/\/www.sparqbalustrades.nl\/wp-content\/uploads\/2025\/05\/VAN01205-800x450.webp 800w, https:\/\/www.sparqbalustrades.nl\/wp-content\/uploads\/2025\/05\/VAN01205-1024x576.webp 1024w, https:\/\/www.sparqbalustrades.nl\/wp-content\/uploads\/2025\/05\/VAN01205-1200x675.webp 1200w, https:\/\/www.sparqbalustrades.nl\/wp-content\/uploads\/2025\/05\/VAN01205-1536x864.webp 1536w, https:\/\/www.sparqbalustrades.nl\/wp-content\/uploads\/2025\/05\/VAN01205.webp 1920w\" data-sizes=\"auto\" \/><\/div><\/div><\/div><div class=\"fusion-builder-row fusion-row fusion-flex-align-items-flex-start fusion-flex-align-content-center fusion-flex-justify-content-center fusion-flex-content-wrap\" style=\"max-width:1248px;margin-left: calc(-4% \/ 2 );margin-right: calc(-4% \/ 2 );\"><div class=\"fusion-layout-column fusion_builder_column fusion-builder-column-12 fusion_builder_column_2_5 2_5 fusion-flex-column\" style=\"--awb-padding-top:30px;--awb-padding-right:30px;--awb-padding-bottom:30px;--awb-padding-left:30px;--awb-overflow:hidden;--awb-bg-color:rgba(255,255,255,0.76);--awb-bg-color-hover:rgba(255,255,255,0.76);--awb-bg-size:cover;--awb-border-radius:5px 5px 5px 5px;--awb-width-large:40%;--awb-margin-top-large:0px;--awb-spacing-right-large:4.8%;--awb-margin-bottom-large:20px;--awb-spacing-left-large:4.8%;--awb-width-medium:40%;--awb-order-medium:0;--awb-spacing-right-medium:4.8%;--awb-spacing-left-medium:4.8%;--awb-width-small:100%;--awb-order-small:0;--awb-spacing-right-small:1.92%;--awb-spacing-left-small:1.92%;\"><div class=\"fusion-column-wrapper fusion-column-has-shadow fusion-flex-justify-content-flex-start fusion-content-layout-column\"><div class=\"fusion-image-element\" style=\"text-align:center;--awb-caption-title-font-family:var(--h2_typography-font-family);--awb-caption-title-font-weight:var(--h2_typography-font-weight);--awb-caption-title-font-style:var(--h2_typography-font-style);--awb-caption-title-size:var(--h2_typography-font-size);--awb-caption-title-transform:var(--h2_typography-text-transform);--awb-caption-title-line-height:var(--h2_typography-line-height);--awb-caption-title-letter-spacing:var(--h2_typography-letter-spacing);\"><span class=\"fusion-imageframe imageframe-none imageframe-5 hover-type-none\"><img decoding=\"async\" width=\"309\" height=\"90\" title=\"logo-sparq\" src=\"data:image\/svg+xml,%3Csvg%20xmlns%3D%27http%3A%2F%2Fwww.w3.org%2F2000%2Fsvg%27%20width%3D%27309%27%20height%3D%2790%27%20viewBox%3D%270%200%20309%2090%27%3E%3Crect%20width%3D%27309%27%20height%3D%2790%27%20fill-opacity%3D%220%22%2F%3E%3C%2Fsvg%3E\" data-orig-src=\"https:\/\/www.sparqbalustrades.nl\/wp-content\/uploads\/2024\/04\/logo-sparq.svg\" alt class=\"lazyload img-responsive wp-image-11\"\/><\/span><\/div><\/div><\/div><\/div><\/div><\/p>","protected":false},"excerpt":{"rendered":"","protected":false},"author":1,"featured_media":0,"parent":0,"menu_order":4,"comment_status":"closed","ping_status":"closed","template":"100-width.php","meta":{"footnotes":""},"class_list":["post-30","page","type-page","status-publish","hentry"],"yoast_head":"<!-- This site is optimized with the Yoast SEO plugin v27.2 - https:\/\/yoast.com\/product\/yoast-seo-wordpress\/ -->\n<title>Contact SPARQ Balustrades | Neem Contact Op<\/title>\n<meta name=\"description\" content=\"Neem contact op met SPARQ Balustrades voor vragen, advies of ondersteuning. Bel, mail of bezoek ons voor al uw balustrade-oplossingen.\" \/>\n<meta name=\"robots\" content=\"index, follow, max-snippet:-1, max-image-preview:large, max-video-preview:-1\" \/>\n<link rel=\"canonical\" href=\"https:\/\/www.sparqbalustrades.nl\/de\/kontakt\/\" \/>\n<meta property=\"og:locale\" content=\"de_DE\" \/>\n<meta property=\"og:type\" content=\"article\" \/>\n<meta property=\"og:title\" content=\"Contact SPARQ Balustrades | Neem Contact Op\" \/>\n<meta property=\"og:description\" content=\"Neem contact op met SPARQ Balustrades voor vragen, advies of ondersteuning. Bel, mail of bezoek ons voor al uw balustrade-oplossingen.\" \/>\n<meta property=\"og:url\" content=\"https:\/\/www.sparqbalustrades.nl\/de\/kontakt\/\" \/>\n<meta property=\"og:site_name\" content=\"SPARQ Balustrades\" \/>\n<meta property=\"article:publisher\" content=\"https:\/\/www.facebook.com\/profile.php?id=100047334683162\" \/>\n<meta property=\"article:modified_time\" content=\"2026-03-20T07:49:34+00:00\" \/>\n<meta property=\"og:image\" content=\"https:\/\/www.sparqbalustrades.nl\/wp-content\/uploads\/2024\/08\/team2024.webp\" \/>\n\t<meta property=\"og:image:width\" content=\"1920\" \/>\n\t<meta property=\"og:image:height\" content=\"1080\" \/>\n\t<meta property=\"og:image:type\" content=\"image\/webp\" \/>\n<meta name=\"twitter:card\" content=\"summary_large_image\" \/>\n<meta name=\"twitter:label1\" content=\"Gesch\u00e4tzte Lesezeit\" \/>\n\t<meta name=\"twitter:data1\" content=\"3\u00a0Minuten\" \/>\n<script type=\"application\/ld+json\" class=\"yoast-schema-graph\">{\"@context\":\"https:\/\/schema.org\",\"@graph\":[{\"@type\":\"WebPage\",\"@id\":\"https:\/\/www.sparqbalustrades.nl\/contact\/\",\"url\":\"https:\/\/www.sparqbalustrades.nl\/contact\/\",\"name\":\"Contact SPARQ Balustrades | Neem Contact Op\",\"isPartOf\":{\"@id\":\"https:\/\/www.sparqbalustrades.nl\/#website\"},\"datePublished\":\"2024-04-03T10:54:58+00:00\",\"dateModified\":\"2026-03-20T07:49:34+00:00\",\"description\":\"Neem contact op met SPARQ Balustrades voor vragen, advies of ondersteuning. Bel, mail of bezoek ons voor al uw balustrade-oplossingen.\",\"breadcrumb\":{\"@id\":\"https:\/\/www.sparqbalustrades.nl\/contact\/#breadcrumb\"},\"inLanguage\":\"de\",\"potentialAction\":[{\"@type\":\"ReadAction\",\"target\":[\"https:\/\/www.sparqbalustrades.nl\/contact\/\"]}]},{\"@type\":\"BreadcrumbList\",\"@id\":\"https:\/\/www.sparqbalustrades.nl\/contact\/#breadcrumb\",\"itemListElement\":[{\"@type\":\"ListItem\",\"position\":1,\"name\":\"Home\",\"item\":\"https:\/\/www.sparqbalustrades.nl\/\"},{\"@type\":\"ListItem\",\"position\":2,\"name\":\"Contact\"}]},{\"@type\":\"WebSite\",\"@id\":\"https:\/\/www.sparqbalustrades.nl\/#website\",\"url\":\"https:\/\/www.sparqbalustrades.nl\/\",\"name\":\"SPARQ Balustrades\",\"description\":\"Look Further\",\"publisher\":{\"@id\":\"https:\/\/www.sparqbalustrades.nl\/#organization\"},\"alternateName\":\"De specialist in volglasbalustrades\",\"potentialAction\":[{\"@type\":\"SearchAction\",\"target\":{\"@type\":\"EntryPoint\",\"urlTemplate\":\"https:\/\/www.sparqbalustrades.nl\/?s={search_term_string}\"},\"query-input\":{\"@type\":\"PropertyValueSpecification\",\"valueRequired\":true,\"valueName\":\"search_term_string\"}}],\"inLanguage\":\"de\"},{\"@type\":\"Organization\",\"@id\":\"https:\/\/www.sparqbalustrades.nl\/#organization\",\"name\":\"SPARQ Balustrades\",\"alternateName\":\"SPARQ Volglasbalustrades\",\"url\":\"https:\/\/www.sparqbalustrades.nl\/\",\"logo\":{\"@type\":\"ImageObject\",\"inLanguage\":\"de\",\"@id\":\"https:\/\/www.sparqbalustrades.nl\/#\/schema\/logo\/image\/\",\"url\":\"https:\/\/www.sparqbalustrades.nl\/wp-content\/uploads\/2024\/08\/team2024.webp\",\"contentUrl\":\"https:\/\/www.sparqbalustrades.nl\/wp-content\/uploads\/2024\/08\/team2024.webp\",\"width\":1920,\"height\":1080,\"caption\":\"SPARQ Balustrades\"},\"image\":{\"@id\":\"https:\/\/www.sparqbalustrades.nl\/#\/schema\/logo\/image\/\"},\"sameAs\":[\"https:\/\/www.facebook.com\/profile.php?id=100047334683162\",\"https:\/\/www.instagram.com\/sparqbalustrades\/\",\"https:\/\/nl.pinterest.com\/sparq_balustrades\/\",\"https:\/\/www.youtube.com\/channel\/UCJX3WLp4-Tp8NXgbXmxz_2g\",\"https:\/\/www.linkedin.com\/company\/sparq-balustrades\/\"]}]}<\/script>\n<!-- \/ Yoast SEO plugin. -->","yoast_head_json":{"title":"Kontakt zu SPARQ Balustraden | Kontakt","description":"Kontaktieren Sie SPARQ Balustrades f\u00fcr Fragen, Beratung oder Unterst\u00fctzung. Rufen Sie uns an, schicken Sie uns eine E-Mail oder besuchen Sie uns f\u00fcr alle Ihre Gel\u00e4nderl\u00f6sungen.","robots":{"index":"index","follow":"follow","max-snippet":"max-snippet:-1","max-image-preview":"max-image-preview:large","max-video-preview":"max-video-preview:-1"},"canonical":"https:\/\/www.sparqbalustrades.nl\/de\/kontakt\/","og_locale":"de_DE","og_type":"article","og_title":"Contact SPARQ Balustrades | Neem Contact Op","og_description":"Neem contact op met SPARQ Balustrades voor vragen, advies of ondersteuning. Bel, mail of bezoek ons voor al uw balustrade-oplossingen.","og_url":"https:\/\/www.sparqbalustrades.nl\/de\/kontakt\/","og_site_name":"SPARQ Balustrades","article_publisher":"https:\/\/www.facebook.com\/profile.php?id=100047334683162","article_modified_time":"2026-03-20T07:49:34+00:00","og_image":[{"width":1920,"height":1080,"url":"https:\/\/www.sparqbalustrades.nl\/wp-content\/uploads\/2024\/08\/team2024.webp","type":"image\/webp"}],"twitter_card":"summary_large_image","twitter_misc":{"Gesch\u00e4tzte Lesezeit":"3\u00a0Minuten"},"schema":{"@context":"https:\/\/schema.org","@graph":[{"@type":"WebPage","@id":"https:\/\/www.sparqbalustrades.nl\/contact\/","url":"https:\/\/www.sparqbalustrades.nl\/contact\/","name":"Kontakt zu SPARQ Balustraden | Kontakt","isPartOf":{"@id":"https:\/\/www.sparqbalustrades.nl\/#website"},"datePublished":"2024-04-03T10:54:58+00:00","dateModified":"2026-03-20T07:49:34+00:00","description":"Kontaktieren Sie SPARQ Balustrades f\u00fcr Fragen, Beratung oder Unterst\u00fctzung. Rufen Sie uns an, schicken Sie uns eine E-Mail oder besuchen Sie uns f\u00fcr alle Ihre Gel\u00e4nderl\u00f6sungen.","breadcrumb":{"@id":"https:\/\/www.sparqbalustrades.nl\/contact\/#breadcrumb"},"inLanguage":"de","potentialAction":[{"@type":"ReadAction","target":["https:\/\/www.sparqbalustrades.nl\/contact\/"]}]},{"@type":"BreadcrumbList","@id":"https:\/\/www.sparqbalustrades.nl\/contact\/#breadcrumb","itemListElement":[{"@type":"ListItem","position":1,"name":"Home","item":"https:\/\/www.sparqbalustrades.nl\/"},{"@type":"ListItem","position":2,"name":"Contact"}]},{"@type":"WebSite","@id":"https:\/\/www.sparqbalustrades.nl\/#website","url":"https:\/\/www.sparqbalustrades.nl\/","name":"SPARQ Balustraden","description":"Weiter schauen","publisher":{"@id":"https:\/\/www.sparqbalustrades.nl\/#organization"},"alternateName":"De specialist in volglasbalustrades","potentialAction":[{"@type":"SearchAction","target":{"@type":"EntryPoint","urlTemplate":"https:\/\/www.sparqbalustrades.nl\/?s={search_term_string}"},"query-input":{"@type":"PropertyValueSpecification","valueRequired":true,"valueName":"search_term_string"}}],"inLanguage":"de"},{"@type":"Organization","@id":"https:\/\/www.sparqbalustrades.nl\/#organization","name":"SPARQ Balustraden","alternateName":"SPARQ Volglasbalustrades","url":"https:\/\/www.sparqbalustrades.nl\/","logo":{"@type":"ImageObject","inLanguage":"de","@id":"https:\/\/www.sparqbalustrades.nl\/#\/schema\/logo\/image\/","url":"https:\/\/www.sparqbalustrades.nl\/wp-content\/uploads\/2024\/08\/team2024.webp","contentUrl":"https:\/\/www.sparqbalustrades.nl\/wp-content\/uploads\/2024\/08\/team2024.webp","width":1920,"height":1080,"caption":"SPARQ Balustrades"},"image":{"@id":"https:\/\/www.sparqbalustrades.nl\/#\/schema\/logo\/image\/"},"sameAs":["https:\/\/www.facebook.com\/profile.php?id=100047334683162","https:\/\/www.instagram.com\/sparqbalustrades\/","https:\/\/nl.pinterest.com\/sparq_balustrades\/","https:\/\/www.youtube.com\/channel\/UCJX3WLp4-Tp8NXgbXmxz_2g","https:\/\/www.linkedin.com\/company\/sparq-balustrades\/"]}]}},"_links":{"self":[{"href":"https:\/\/www.sparqbalustrades.nl\/de\/wp-json\/wp\/v2\/pages\/30","targetHints":{"allow":["GET"]}}],"collection":[{"href":"https:\/\/www.sparqbalustrades.nl\/de\/wp-json\/wp\/v2\/pages"}],"about":[{"href":"https:\/\/www.sparqbalustrades.nl\/de\/wp-json\/wp\/v2\/types\/page"}],"author":[{"embeddable":true,"href":"https:\/\/www.sparqbalustrades.nl\/de\/wp-json\/wp\/v2\/users\/1"}],"replies":[{"embeddable":true,"href":"https:\/\/www.sparqbalustrades.nl\/de\/wp-json\/wp\/v2\/comments?post=30"}],"version-history":[{"count":5,"href":"https:\/\/www.sparqbalustrades.nl\/de\/wp-json\/wp\/v2\/pages\/30\/revisions"}],"predecessor-version":[{"id":2767,"href":"https:\/\/www.sparqbalustrades.nl\/de\/wp-json\/wp\/v2\/pages\/30\/revisions\/2767"}],"wp:attachment":[{"href":"https:\/\/www.sparqbalustrades.nl\/de\/wp-json\/wp\/v2\/media?parent=30"}],"curies":[{"name":"wp","href":"https:\/\/api.w.org\/{rel}","templated":true}]}}