{"id":651,"date":"2024-06-11T11:44:59","date_gmt":"2024-06-11T11:44:59","guid":{"rendered":"https:\/\/www.sparqbalustrades.nl\/?page_id=651"},"modified":"2024-09-03T09:47:32","modified_gmt":"2024-09-03T09:47:32","slug":"farbstyling","status":"publish","type":"page","link":"https:\/\/www.sparqbalustrades.nl\/de\/catalogus\/kleurstyling\/","title":{"rendered":"Farbgestaltung"},"content":{"rendered":"<p><div class=\"fusion-fullwidth fullwidth-box fusion-builder-row-1 fusion-flex-container has-pattern-background has-mask-background hundred-percent-fullwidth hundred-percent-height hundred-percent-height-center-content non-hundred-percent-height-scrolling\" style=\"--awb-border-radius-top-left:0px;--awb-border-radius-top-right:0px;--awb-border-radius-bottom-right:0px;--awb-border-radius-bottom-left:0px;--awb-padding-top:0px;--awb-padding-right:0px;--awb-padding-bottom:0px;--awb-padding-left:0px;--awb-background-image:radial-gradient(circle at left center, var(--awb-color4) 0%,var(--awb-color5) 100%);--awb-flex-wrap:wrap;\" ><div class=\"awb-background-mask\" style=\"background-image:  url(\/wp-content\/uploads\/2024\/06\/Atomic-Lines-Vector-Wit.svg);opacity: 0.1 ;transform: scale(1, 1);mix-blend-mode:overlay;\"><\/div><div class=\"fusion-builder-row fusion-row fusion-flex-align-items-stretch fusion-flex-content-wrap\" style=\"width:calc( 100% + 0px ) !important;max-width:calc( 100% + 0px ) !important;margin-left: calc(-0px \/ 2 );margin-right: calc(-0px \/ 2 );\"><div class=\"fusion-layout-column fusion_builder_column fusion-builder-column-0 fusion_builder_column_1_2 1_2 fusion-flex-column\" style=\"--awb-padding-top:50px;--awb-padding-bottom:50%;--awb-padding-left:50px;--awb-bg-image:linear-gradient(151deg, var(--awb-color1) 0%,rgba(255,255,255,0.11) 68%);;--awb-bg-size:cover;--awb-width-large:50%;--awb-margin-top-large:0px;--awb-spacing-right-large:0px;--awb-margin-bottom-large:0px;--awb-spacing-left-large:0px;--awb-width-medium:50%;--awb-order-medium:0;--awb-spacing-right-medium:0px;--awb-spacing-left-medium:0px;--awb-width-small:100%;--awb-order-small:0;--awb-spacing-right-small:0px;--awb-spacing-left-small:0px;\"><div class=\"fusion-column-wrapper lazyload fusion-column-has-shadow fusion-flex-justify-content-flex-start fusion-content-layout-column fusion-column-has-bg-image\" data-bg-url=\"\/wp-content\/uploads\/2024\/06\/U-Line-Top-Systeem-header-afbeelding.webp\" data-bg=\"\/wp-content\/uploads\/2024\/06\/U-Line-Top-Systeem-header-afbeelding.webp\" data-bg-gradient=\"linear-gradient(151deg, var(--awb-color1) 0%,rgba(255,255,255,0.11) 68%)\"><div class=\"fusion-text fusion-text-1\" style=\"--awb-font-size:1.5rem;--awb-margin-right:200px;\"><p>Mit einem farblich passenden Profil oder Handlauf f\u00fcgt sich das Gel\u00e4nder noch besser in das Design ein.<\/p>\n<\/div><\/div><\/div><div class=\"fusion-layout-column fusion_builder_column fusion-builder-column-1 fusion_builder_column_1_2 1_2 fusion-flex-column\" style=\"--awb-padding-top:15%;--awb-padding-right:15%;--awb-padding-bottom:15%;--awb-padding-left:15%;--awb-bg-size:cover;--awb-width-large:50%;--awb-margin-top-large:0px;--awb-spacing-right-large:0px;--awb-margin-bottom-large:20px;--awb-spacing-left-large:0px;--awb-width-medium:50%;--awb-order-medium:0;--awb-spacing-right-medium:0px;--awb-spacing-left-medium:0px;--awb-width-small:100%;--awb-order-small:0;--awb-spacing-right-small:0px;--awb-spacing-left-small:0px;\"><div class=\"fusion-column-wrapper fusion-column-has-shadow fusion-flex-justify-content-center fusion-content-layout-column\"><div class=\"fusion-text fusion-text-2\" style=\"--awb-font-size:35px;--awb-line-height:1.4em;--awb-letter-spacing:10px;--awb-text-transform:uppercase;--awb-text-color:var(--awb-color1);\"><p style=\"text-align: left;\"><img decoding=\"async\" class=\"lazyload alignleft wp-image-1043\" src=\"\/wp-content\/uploads\/2024\/07\/Kleurstyling_3.webp\" data-orig-src=\"\/wp-content\/uploads\/2024\/07\/Kleurstyling_3.webp\" alt=\"\" width=\"90\" height=\"90\" srcset=\"data:image\/svg+xml,%3Csvg%20xmlns%3D%27http%3A%2F%2Fwww.w3.org%2F2000%2Fsvg%27%20width%3D%2790%27%20height%3D%2790%27%20viewBox%3D%270%200%2090%2090%27%3E%3Crect%20width%3D%2790%27%20height%3D%2790%27%20fill-opacity%3D%220%22%2F%3E%3C%2Fsvg%3E\" data-srcset=\"https:\/\/www.sparqbalustrades.nl\/wp-content\/uploads\/2024\/07\/Kleurstyling_3-66x66.webp 66w, https:\/\/www.sparqbalustrades.nl\/wp-content\/uploads\/2024\/07\/Kleurstyling_3-150x150.webp 150w, https:\/\/www.sparqbalustrades.nl\/wp-content\/uploads\/2024\/07\/Kleurstyling_3-200x200.webp 200w, https:\/\/www.sparqbalustrades.nl\/wp-content\/uploads\/2024\/07\/Kleurstyling_3-300x300.webp 300w, https:\/\/www.sparqbalustrades.nl\/wp-content\/uploads\/2024\/07\/Kleurstyling_3.webp 308w\" data-sizes=\"auto\" data-orig-sizes=\"(max-width: 90px) 100vw, 90px\" \/>Farbe<br \/>\nStyling<\/p>\n<\/div><div class=\"fusion-text fusion-text-3\" style=\"--awb-text-color:var(--awb-color1);\"><p><a href=\"#U-Line-top-productkenmerken\">Produktmerkmale<\/a><\/p>\n<\/div><div class=\"fusion-image-element\" style=\"--awb-caption-title-font-family:var(--h2_typography-font-family);--awb-caption-title-font-weight:var(--h2_typography-font-weight);--awb-caption-title-font-style:var(--h2_typography-font-style);--awb-caption-title-size:var(--h2_typography-font-size);--awb-caption-title-transform:var(--h2_typography-text-transform);--awb-caption-title-line-height:var(--h2_typography-line-height);--awb-caption-title-letter-spacing:var(--h2_typography-letter-spacing);\"><span class=\"fusion-imageframe imageframe-none imageframe-1 hover-type-none\" style=\"border-radius:50%;\"><img decoding=\"async\" width=\"200\" height=\"200\" title=\"Farbgestaltung_2\" src=\"data:image\/svg+xml,%3Csvg%20xmlns%3D%27http%3A%2F%2Fwww.w3.org%2F2000%2Fsvg%27%20width%3D%27350%27%20height%3D%27350%27%20viewBox%3D%270%200%20350%20350%27%3E%3Crect%20width%3D%27350%27%20height%3D%27350%27%20fill-opacity%3D%220%22%2F%3E%3C%2Fsvg%3E\" data-orig-src=\"\/wp-content\/uploads\/2024\/07\/Kleurstyling_2-200x200.webp\" alt class=\"lazyload img-responsive wp-image-1050\"\/><\/span><\/div><\/div><\/div><\/div><\/div><div id=\"U-Line-top-productkenmerken\" class=\"fusion-container-anchor\"><div class=\"fusion-fullwidth fullwidth-box fusion-builder-row-2 fusion-flex-container has-pattern-background has-mask-background nonhundred-percent-fullwidth non-hundred-percent-height-scrolling\" style=\"--awb-border-radius-top-left:0px;--awb-border-radius-top-right:0px;--awb-border-radius-bottom-right:0px;--awb-border-radius-bottom-left:0px;--awb-padding-top:100px;--awb-padding-bottom:100px;--awb-background-color:var(--awb-color2);--awb-flex-wrap:wrap;\" ><div class=\"fusion-builder-row fusion-row fusion-flex-align-items-center fusion-flex-justify-content-center fusion-flex-content-wrap\" style=\"max-width:1248px;margin-left: calc(-4% \/ 2 );margin-right: calc(-4% \/ 2 );\"><div class=\"fusion-layout-column fusion_builder_column fusion-builder-column-2 fusion_builder_column_1_1 1_1 fusion-flex-column\" style=\"--awb-bg-size:cover;--awb-width-large:100%;--awb-margin-top-large:0px;--awb-spacing-right-large:1.92%;--awb-margin-bottom-large:20px;--awb-spacing-left-large:1.92%;--awb-width-medium:100%;--awb-order-medium:0;--awb-spacing-right-medium:1.92%;--awb-spacing-left-medium:1.92%;--awb-width-small:100%;--awb-order-small:0;--awb-spacing-right-small:1.92%;--awb-spacing-left-small:1.92%;\"><div class=\"fusion-column-wrapper fusion-column-has-shadow fusion-flex-justify-content-flex-start fusion-content-layout-column\"><div class=\"fusion-text fusion-text-4 awb-text-cols fusion-text-columns-2 fusion-text-no-margin\" style=\"--awb-columns:2;--awb-column-spacing:20px;--awb-column-min-width:50%;--awb-margin-top:0px;--awb-margin-right:0px;--awb-margin-bottom:0px;--awb-margin-left:0px;\"><h2>PRODUKTMERKMALE<\/h2>\n<p>Die Aluminiumteile werden standardm\u00e4\u00dfig in natur eloxierter Ausf\u00fchrung (25 \u03bcm) geliefert. Dabei handelt es sich um eine hochwertige Oberfl\u00e4chenbehandlung, die dem Produkt eine ausgezeichnete Korrosionsbest\u00e4ndigkeit auch in Kunstbereichen verleiht.<\/p>\n<p>Nat\u00fcrlich ergibt dies nicht in allen Situationen das gew\u00fcnschte Aussehen, und wir k\u00f6nnen unsere Produkte auch in jeder gew\u00fcnschten Farbe liefern. Diese wird dann projektspezifisch durch Pulverbeschichtung oder farbige Eloxierung aufgebracht.<\/p>\n<p>Pulverbeschichtungen sind in jeder Standard-RAL-Farbe erh\u00e4ltlich. Eine glatte Beschichtung mit 70% Glanz (Seidenglanz) ist Standard. Auf Wunsch kann die Beschichtung auch matt (30% Glas) oder fein strukturiert ausgef\u00fchrt werden. Bitte geben Sie dies bei Ihrer Bestellung deutlich an! Die Pulverbeschichtung kann in verschiedenen Qualit\u00e4ten und Schichtdicken aufgetragen werden, deren Auswahl vor allem vom Anwendungsklima abh\u00e4ngt.<\/p>\n<p>F\u00fcr farbige Eloxierungen gilt eine Standardschichtdicke von 25 \u03bcm. Farbige Eloxierungen sind in verschiedenen Variationen von Silber-, Champagner-, Bronze- und Schwarzt\u00f6nen erh\u00e4ltlich.<\/p>\n<\/div><\/div><\/div><\/div><\/div><\/div><\/p>","protected":false},"excerpt":{"rendered":"","protected":false},"author":1,"featured_media":0,"parent":644,"menu_order":0,"comment_status":"closed","ping_status":"closed","template":"100-width.php","meta":{"footnotes":""},"class_list":["post-651","page","type-page","status-publish","hentry"],"yoast_head":"<!-- This site is optimized with the Yoast SEO plugin v27.2 - https:\/\/yoast.com\/product\/yoast-seo-wordpress\/ -->\n<title>SPARQ Balustrades | Kleur en Styling op Maat<\/title>\n<meta name=\"description\" content=\"Personaliseer uw balustrade met RAL-kleuren of anodisatie. Kies uit poedercoating en gekleurde anodisatie voor perfecte styling.\" \/>\n<meta name=\"robots\" content=\"index, follow, max-snippet:-1, max-image-preview:large, max-video-preview:-1\" \/>\n<link rel=\"canonical\" href=\"https:\/\/www.sparqbalustrades.nl\/de\/katalog\/farbstyling\/\" \/>\n<meta property=\"og:locale\" content=\"de_DE\" \/>\n<meta property=\"og:type\" content=\"article\" \/>\n<meta property=\"og:title\" content=\"SPARQ Balustrades | Kleur en Styling op Maat\" \/>\n<meta property=\"og:description\" content=\"Personaliseer uw balustrade met RAL-kleuren of anodisatie. Kies uit poedercoating en gekleurde anodisatie voor perfecte styling.\" \/>\n<meta property=\"og:url\" content=\"https:\/\/www.sparqbalustrades.nl\/de\/katalog\/farbstyling\/\" \/>\n<meta property=\"og:site_name\" content=\"SPARQ Balustrades\" \/>\n<meta property=\"article:publisher\" content=\"https:\/\/www.facebook.com\/profile.php?id=100047334683162\" \/>\n<meta property=\"article:modified_time\" content=\"2024-09-03T09:47:32+00:00\" \/>\n<meta property=\"og:image\" content=\"https:\/\/www.sparqbalustrades.nl\/wp-content\/uploads\/2024\/08\/team2024.webp\" \/>\n\t<meta property=\"og:image:width\" content=\"1920\" \/>\n\t<meta property=\"og:image:height\" content=\"1080\" \/>\n\t<meta property=\"og:image:type\" content=\"image\/webp\" \/>\n<meta name=\"twitter:card\" content=\"summary_large_image\" \/>\n<meta name=\"twitter:label1\" content=\"Gesch\u00e4tzte Lesezeit\" \/>\n\t<meta name=\"twitter:data1\" content=\"2\u00a0Minuten\" \/>\n<script type=\"application\/ld+json\" class=\"yoast-schema-graph\">{\"@context\":\"https:\/\/schema.org\",\"@graph\":[{\"@type\":\"WebPage\",\"@id\":\"https:\/\/www.sparqbalustrades.nl\/catalogus\/kleurstyling\/\",\"url\":\"https:\/\/www.sparqbalustrades.nl\/catalogus\/kleurstyling\/\",\"name\":\"SPARQ Balustrades | Kleur en Styling op Maat\",\"isPartOf\":{\"@id\":\"https:\/\/www.sparqbalustrades.nl\/#website\"},\"datePublished\":\"2024-06-11T11:44:59+00:00\",\"dateModified\":\"2024-09-03T09:47:32+00:00\",\"description\":\"Personaliseer uw balustrade met RAL-kleuren of anodisatie. Kies uit poedercoating en gekleurde anodisatie voor perfecte styling.\",\"breadcrumb\":{\"@id\":\"https:\/\/www.sparqbalustrades.nl\/catalogus\/kleurstyling\/#breadcrumb\"},\"inLanguage\":\"de\",\"potentialAction\":[{\"@type\":\"ReadAction\",\"target\":[\"https:\/\/www.sparqbalustrades.nl\/catalogus\/kleurstyling\/\"]}]},{\"@type\":\"BreadcrumbList\",\"@id\":\"https:\/\/www.sparqbalustrades.nl\/catalogus\/kleurstyling\/#breadcrumb\",\"itemListElement\":[{\"@type\":\"ListItem\",\"position\":1,\"name\":\"Home\",\"item\":\"https:\/\/www.sparqbalustrades.nl\/\"},{\"@type\":\"ListItem\",\"position\":2,\"name\":\"Catalogus\",\"item\":\"https:\/\/www.sparqbalustrades.nl\/catalogus\/\"},{\"@type\":\"ListItem\",\"position\":3,\"name\":\"Kleurstyling\"}]},{\"@type\":\"WebSite\",\"@id\":\"https:\/\/www.sparqbalustrades.nl\/#website\",\"url\":\"https:\/\/www.sparqbalustrades.nl\/\",\"name\":\"SPARQ Balustrades\",\"description\":\"Look Further\",\"publisher\":{\"@id\":\"https:\/\/www.sparqbalustrades.nl\/#organization\"},\"alternateName\":\"De specialist in volglasbalustrades\",\"potentialAction\":[{\"@type\":\"SearchAction\",\"target\":{\"@type\":\"EntryPoint\",\"urlTemplate\":\"https:\/\/www.sparqbalustrades.nl\/?s={search_term_string}\"},\"query-input\":{\"@type\":\"PropertyValueSpecification\",\"valueRequired\":true,\"valueName\":\"search_term_string\"}}],\"inLanguage\":\"de\"},{\"@type\":\"Organization\",\"@id\":\"https:\/\/www.sparqbalustrades.nl\/#organization\",\"name\":\"SPARQ Balustrades\",\"alternateName\":\"SPARQ Volglasbalustrades\",\"url\":\"https:\/\/www.sparqbalustrades.nl\/\",\"logo\":{\"@type\":\"ImageObject\",\"inLanguage\":\"de\",\"@id\":\"https:\/\/www.sparqbalustrades.nl\/#\/schema\/logo\/image\/\",\"url\":\"https:\/\/www.sparqbalustrades.nl\/wp-content\/uploads\/2024\/08\/team2024.webp\",\"contentUrl\":\"https:\/\/www.sparqbalustrades.nl\/wp-content\/uploads\/2024\/08\/team2024.webp\",\"width\":1920,\"height\":1080,\"caption\":\"SPARQ Balustrades\"},\"image\":{\"@id\":\"https:\/\/www.sparqbalustrades.nl\/#\/schema\/logo\/image\/\"},\"sameAs\":[\"https:\/\/www.facebook.com\/profile.php?id=100047334683162\",\"https:\/\/www.instagram.com\/sparqbalustrades\/\",\"https:\/\/nl.pinterest.com\/sparq_balustrades\/\",\"https:\/\/www.youtube.com\/channel\/UCJX3WLp4-Tp8NXgbXmxz_2g\",\"https:\/\/www.linkedin.com\/company\/sparq-balustrades\/\"]}]}<\/script>\n<!-- \/ Yoast SEO plugin. -->","yoast_head_json":{"title":"SPARQ Balustraden | Individuelle Farb- und Formgebung","description":"Gestalten Sie Ihr Gel\u00e4nder mit RAL-Farben oder Eloxierung. W\u00e4hlen Sie zwischen Pulverbeschichtung und farbiger Eloxierung f\u00fcr ein perfektes Styling.","robots":{"index":"index","follow":"follow","max-snippet":"max-snippet:-1","max-image-preview":"max-image-preview:large","max-video-preview":"max-video-preview:-1"},"canonical":"https:\/\/www.sparqbalustrades.nl\/de\/katalog\/farbstyling\/","og_locale":"de_DE","og_type":"article","og_title":"SPARQ Balustrades | Kleur en Styling op Maat","og_description":"Personaliseer uw balustrade met RAL-kleuren of anodisatie. Kies uit poedercoating en gekleurde anodisatie voor perfecte styling.","og_url":"https:\/\/www.sparqbalustrades.nl\/de\/katalog\/farbstyling\/","og_site_name":"SPARQ Balustrades","article_publisher":"https:\/\/www.facebook.com\/profile.php?id=100047334683162","article_modified_time":"2024-09-03T09:47:32+00:00","og_image":[{"width":1920,"height":1080,"url":"https:\/\/www.sparqbalustrades.nl\/wp-content\/uploads\/2024\/08\/team2024.webp","type":"image\/webp"}],"twitter_card":"summary_large_image","twitter_misc":{"Gesch\u00e4tzte Lesezeit":"2\u00a0Minuten"},"schema":{"@context":"https:\/\/schema.org","@graph":[{"@type":"WebPage","@id":"https:\/\/www.sparqbalustrades.nl\/catalogus\/kleurstyling\/","url":"https:\/\/www.sparqbalustrades.nl\/catalogus\/kleurstyling\/","name":"SPARQ Balustraden | Individuelle Farb- und Formgebung","isPartOf":{"@id":"https:\/\/www.sparqbalustrades.nl\/#website"},"datePublished":"2024-06-11T11:44:59+00:00","dateModified":"2024-09-03T09:47:32+00:00","description":"Gestalten Sie Ihr Gel\u00e4nder mit RAL-Farben oder Eloxierung. W\u00e4hlen Sie zwischen Pulverbeschichtung und farbiger Eloxierung f\u00fcr ein perfektes Styling.","breadcrumb":{"@id":"https:\/\/www.sparqbalustrades.nl\/catalogus\/kleurstyling\/#breadcrumb"},"inLanguage":"de","potentialAction":[{"@type":"ReadAction","target":["https:\/\/www.sparqbalustrades.nl\/catalogus\/kleurstyling\/"]}]},{"@type":"BreadcrumbList","@id":"https:\/\/www.sparqbalustrades.nl\/catalogus\/kleurstyling\/#breadcrumb","itemListElement":[{"@type":"ListItem","position":1,"name":"Home","item":"https:\/\/www.sparqbalustrades.nl\/"},{"@type":"ListItem","position":2,"name":"Catalogus","item":"https:\/\/www.sparqbalustrades.nl\/catalogus\/"},{"@type":"ListItem","position":3,"name":"Kleurstyling"}]},{"@type":"WebSite","@id":"https:\/\/www.sparqbalustrades.nl\/#website","url":"https:\/\/www.sparqbalustrades.nl\/","name":"SPARQ Balustraden","description":"Weiter schauen","publisher":{"@id":"https:\/\/www.sparqbalustrades.nl\/#organization"},"alternateName":"De specialist in volglasbalustrades","potentialAction":[{"@type":"SearchAction","target":{"@type":"EntryPoint","urlTemplate":"https:\/\/www.sparqbalustrades.nl\/?s={search_term_string}"},"query-input":{"@type":"PropertyValueSpecification","valueRequired":true,"valueName":"search_term_string"}}],"inLanguage":"de"},{"@type":"Organization","@id":"https:\/\/www.sparqbalustrades.nl\/#organization","name":"SPARQ Balustraden","alternateName":"SPARQ Volglasbalustrades","url":"https:\/\/www.sparqbalustrades.nl\/","logo":{"@type":"ImageObject","inLanguage":"de","@id":"https:\/\/www.sparqbalustrades.nl\/#\/schema\/logo\/image\/","url":"https:\/\/www.sparqbalustrades.nl\/wp-content\/uploads\/2024\/08\/team2024.webp","contentUrl":"https:\/\/www.sparqbalustrades.nl\/wp-content\/uploads\/2024\/08\/team2024.webp","width":1920,"height":1080,"caption":"SPARQ Balustrades"},"image":{"@id":"https:\/\/www.sparqbalustrades.nl\/#\/schema\/logo\/image\/"},"sameAs":["https:\/\/www.facebook.com\/profile.php?id=100047334683162","https:\/\/www.instagram.com\/sparqbalustrades\/","https:\/\/nl.pinterest.com\/sparq_balustrades\/","https:\/\/www.youtube.com\/channel\/UCJX3WLp4-Tp8NXgbXmxz_2g","https:\/\/www.linkedin.com\/company\/sparq-balustrades\/"]}]}},"_links":{"self":[{"href":"https:\/\/www.sparqbalustrades.nl\/de\/wp-json\/wp\/v2\/pages\/651","targetHints":{"allow":["GET"]}}],"collection":[{"href":"https:\/\/www.sparqbalustrades.nl\/de\/wp-json\/wp\/v2\/pages"}],"about":[{"href":"https:\/\/www.sparqbalustrades.nl\/de\/wp-json\/wp\/v2\/types\/page"}],"author":[{"embeddable":true,"href":"https:\/\/www.sparqbalustrades.nl\/de\/wp-json\/wp\/v2\/users\/1"}],"replies":[{"embeddable":true,"href":"https:\/\/www.sparqbalustrades.nl\/de\/wp-json\/wp\/v2\/comments?post=651"}],"version-history":[{"count":3,"href":"https:\/\/www.sparqbalustrades.nl\/de\/wp-json\/wp\/v2\/pages\/651\/revisions"}],"predecessor-version":[{"id":1795,"href":"https:\/\/www.sparqbalustrades.nl\/de\/wp-json\/wp\/v2\/pages\/651\/revisions\/1795"}],"up":[{"embeddable":true,"href":"https:\/\/www.sparqbalustrades.nl\/de\/wp-json\/wp\/v2\/pages\/644"}],"wp:attachment":[{"href":"https:\/\/www.sparqbalustrades.nl\/de\/wp-json\/wp\/v2\/media?parent=651"}],"curies":[{"name":"wp","href":"https:\/\/api.w.org\/{rel}","templated":true}]}}