{"id":653,"date":"2024-06-11T11:45:39","date_gmt":"2024-06-11T11:45:39","guid":{"rendered":"https:\/\/www.sparqbalustrades.nl\/?page_id=653"},"modified":"2024-09-03T09:45:34","modified_gmt":"2024-09-03T09:45:34","slug":"entscheidungshilfe","status":"publish","type":"page","link":"https:\/\/www.sparqbalustrades.nl\/de\/catalogus\/keuzehulp\/","title":{"rendered":"Wahlhilfe"},"content":{"rendered":"<p><div class=\"fusion-fullwidth fullwidth-box fusion-builder-row-1 fusion-flex-container has-pattern-background has-mask-background nonhundred-percent-fullwidth non-hundred-percent-height-scrolling\" style=\"--awb-border-radius-top-left:0px;--awb-border-radius-top-right:0px;--awb-border-radius-bottom-right:0px;--awb-border-radius-bottom-left:0px;--awb-padding-top:50px;--awb-padding-bottom:50px;--awb-background-image:radial-gradient(circle at center center, var(--awb-color4) 0%,var(--awb-color5) 100%);--awb-flex-wrap:wrap;\" ><div class=\"awb-background-mask\" style=\"background-image:  url(\/wp-content\/uploads\/2024\/06\/Atomic-Lines-Vector-Wit.svg);opacity: 0.06 ;transform: scale(1, 1);mix-blend-mode:normal;\"><\/div><div class=\"fusion-builder-row fusion-row fusion-flex-align-items-flex-start fusion-flex-justify-content-center fusion-flex-content-wrap\" style=\"max-width:1248px;margin-left: calc(-4% \/ 2 );margin-right: calc(-4% \/ 2 );\"><div class=\"fusion-layout-column fusion_builder_column fusion-builder-column-0 fusion_builder_column_2_5 2_5 fusion-flex-column\" style=\"--awb-bg-size:cover;--awb-width-large:40%;--awb-margin-top-large:0px;--awb-spacing-right-large:4.8%;--awb-margin-bottom-large:0px;--awb-spacing-left-large:4.8%;--awb-width-medium:40%;--awb-order-medium:0;--awb-spacing-right-medium:4.8%;--awb-spacing-left-medium:4.8%;--awb-width-small:100%;--awb-order-small:0;--awb-spacing-right-small:1.92%;--awb-spacing-left-small:1.92%;\"><div class=\"fusion-column-wrapper fusion-column-has-shadow fusion-flex-justify-content-flex-start fusion-content-layout-column\"><div class=\"fusion-text fusion-text-1 fusion-text-no-margin keuzehulp\" style=\"--awb-font-size:20px;--awb-text-color:var(--awb-color1);--awb-margin-top:0px;--awb-margin-right:0px;--awb-margin-bottom:0px;--awb-margin-left:0px;\"><h1 style=\"text-align: center;\">Wahlhilfe<\/h1>\n<p style=\"text-align: center;\">Bestimmen Sie in 8 Schritten, was Sie f\u00fcr die Zusammenstellung Ihres SPARQ-Gel\u00e4nders ben\u00f6tigen.<\/p>\n<\/div><\/div><\/div><\/div><\/div><div class=\"fusion-fullwidth fullwidth-box fusion-builder-row-2 fusion-flex-container has-pattern-background has-mask-background hundred-percent-fullwidth non-hundred-percent-height-scrolling\" style=\"--awb-border-radius-top-left:0px;--awb-border-radius-top-right:0px;--awb-border-radius-bottom-right:0px;--awb-border-radius-bottom-left:0px;--awb-padding-top:0px;--awb-padding-right:0px;--awb-padding-bottom:0px;--awb-padding-left:0px;--awb-background-color:#ffcc00;--awb-background-image:linear-gradient(180deg, #ffcc00 0%,#ffcc00 100%);--awb-flex-wrap:wrap;\" ><div class=\"fusion-builder-row fusion-row fusion-flex-align-items-flex-start fusion-flex-content-wrap\" style=\"width:104% !important;max-width:104% !important;margin-left: calc(-4% \/ 2 );margin-right: calc(-4% \/ 2 );\"><div class=\"fusion-layout-column fusion_builder_column fusion-builder-column-1 fusion_builder_column_1_1 1_1 fusion-flex-column\" style=\"--awb-padding-right:30px;--awb-padding-left:30px;--awb-bg-color:#ffcc00;--awb-bg-color-hover:#ffcc00;--awb-bg-size:cover;--awb-width-large:100%;--awb-margin-top-large:0px;--awb-spacing-right-large:1.92%;--awb-margin-bottom-large:0px;--awb-spacing-left-large:1.92%;--awb-width-medium:100%;--awb-order-medium:0;--awb-spacing-right-medium:1.92%;--awb-spacing-left-medium:1.92%;--awb-width-small:100%;--awb-order-small:0;--awb-spacing-right-small:1.92%;--awb-spacing-left-small:1.92%;\"><div class=\"fusion-column-wrapper fusion-column-has-shadow fusion-flex-justify-content-flex-start fusion-content-layout-column\"><div class=\"fusion-text fusion-text-2 fusion-text-no-margin\" style=\"--awb-font-size:2vh;--awb-text-color:var(--awb-color7);--awb-margin-top:5px;--awb-margin-right:0px;--awb-margin-bottom:0px;--awb-margin-left:0px;\"><p style=\"text-align: center;\"><span style=\"font-family: SPARQ Bold;\">IMMER NOCH EINE PERS\u00d6NLICHE BETREUUNG BEVORZUGEN?<\/span><br \/>\n<i class=\"fas fa-phone-alt\"><\/i> +31 (0) 513 - 617 073 | <i class=\"far fa-envelope\"><\/i> info@sparqbalustrades.nl<\/p>\n<\/div><\/div><\/div><\/div><\/div><div class=\"fusion-fullwidth fullwidth-box fusion-builder-row-3 fusion-flex-container has-pattern-background has-mask-background nonhundred-percent-fullwidth non-hundred-percent-height-scrolling\" style=\"--awb-border-radius-top-left:0px;--awb-border-radius-top-right:0px;--awb-border-radius-bottom-right:0px;--awb-border-radius-bottom-left:0px;--awb-padding-top:100px;--awb-padding-bottom:100px;--awb-flex-wrap:wrap;\" ><div class=\"fusion-builder-row fusion-row fusion-flex-align-items-stretch fusion-flex-content-wrap\" style=\"max-width:1248px;margin-left: calc(-4% \/ 2 );margin-right: calc(-4% \/ 2 );\"><div class=\"fusion-layout-column fusion_builder_column fusion-builder-column-2 fusion_builder_column_1_4 1_4 fusion-flex-column\" style=\"--awb-padding-top:20px;--awb-padding-right:20px;--awb-padding-bottom:20px;--awb-padding-left:20px;--awb-bg-size:cover;--awb-border-color:var(--awb-color5);--awb-border-bottom:1px;--awb-border-left:1px;--awb-border-style:dotted;--awb-width-large:25%;--awb-margin-top-large:0px;--awb-spacing-right-large:7.68%;--awb-margin-bottom-large:50px;--awb-spacing-left-large:7.68%;--awb-width-medium:25%;--awb-order-medium:0;--awb-spacing-right-medium:7.68%;--awb-spacing-left-medium:7.68%;--awb-width-small:100%;--awb-order-small:0;--awb-spacing-right-small:1.92%;--awb-spacing-left-small:1.92%;\"><div class=\"fusion-column-wrapper fusion-column-has-shadow fusion-flex-justify-content-flex-start fusion-content-layout-column\"><div class=\"fusion-text fusion-text-3 fusion-text-no-margin keuzehulp-item\" style=\"--awb-margin-top:0px;--awb-margin-right:0px;--awb-margin-bottom:0px;--awb-margin-left:0px;\"><p><img decoding=\"async\" class=\"lazyload alignnone wp-image-700 aligncenter\" src=\"data:image\/svg+xml,%3Csvg%20xmlns%3D%27http%3A%2F%2Fwww.w3.org%2F2000%2Fsvg%27%20width%3D%2780%27%20height%3D%2780%27%20viewBox%3D%270%200%2080%2080%27%3E%3Crect%20width%3D%2780%27%20height%3D%2780%27%20fill-opacity%3D%220%22%2F%3E%3C%2Fsvg%3E\" data-orig-src=\"\/wp-content\/uploads\/2024\/06\/Sparq-1-icon-vector.svg\" alt=\"\" width=\"80\" height=\"80\" \/><\/p>\n<h2 style=\"text-align: center;\">Das Klemmprofil<\/h2>\n<p style=\"text-align: center;\"><img decoding=\"async\" class=\"lazyload alignnone size-full wp-image-711\" src=\"\/wp-content\/uploads\/2024\/06\/keuzehulp-profielsysteem-afbeelding.webp\" data-orig-src=\"\/wp-content\/uploads\/2024\/06\/keuzehulp-profielsysteem-afbeelding.webp\" alt=\"\" width=\"230\" height=\"92\" srcset=\"data:image\/svg+xml,%3Csvg%20xmlns%3D%27http%3A%2F%2Fwww.w3.org%2F2000%2Fsvg%27%20width%3D%27230%27%20height%3D%2792%27%20viewBox%3D%270%200%20230%2092%27%3E%3Crect%20width%3D%27230%27%20height%3D%2792%27%20fill-opacity%3D%220%22%2F%3E%3C%2Fsvg%3E\" data-srcset=\"https:\/\/www.sparqbalustrades.nl\/wp-content\/uploads\/2024\/06\/keuzehulp-profielsysteem-afbeelding-66x26.webp 66w, https:\/\/www.sparqbalustrades.nl\/wp-content\/uploads\/2024\/06\/keuzehulp-profielsysteem-afbeelding-177x71.webp 177w, https:\/\/www.sparqbalustrades.nl\/wp-content\/uploads\/2024\/06\/keuzehulp-profielsysteem-afbeelding-200x80.webp 200w, https:\/\/www.sparqbalustrades.nl\/wp-content\/uploads\/2024\/06\/keuzehulp-profielsysteem-afbeelding.webp 230w\" data-sizes=\"auto\" data-orig-sizes=\"(max-width: 230px) 100vw, 230px\" \/><\/p>\n<p style=\"text-align: center;\">W\u00e4hlen Sie das am besten passende Klemmprofil, das auf Ihre spezifische Situation zugeschnitten ist. Die Wahl h\u00e4ngt vom gezeichneten Detail, dem gew\u00fcnschten Aussehen und dem Bauuntergrund ab.<\/p>\n<\/div><\/div><\/div><div class=\"fusion-layout-column fusion_builder_column fusion-builder-column-3 fusion_builder_column_1_4 1_4 fusion-flex-column\" style=\"--awb-padding-top:20px;--awb-padding-right:20px;--awb-padding-bottom:20px;--awb-padding-left:20px;--awb-bg-size:cover;--awb-border-color:var(--awb-color5);--awb-border-bottom:1px;--awb-border-left:1px;--awb-border-style:dotted;--awb-width-large:25%;--awb-margin-top-large:0px;--awb-spacing-right-large:7.68%;--awb-margin-bottom-large:50px;--awb-spacing-left-large:7.68%;--awb-width-medium:25%;--awb-order-medium:0;--awb-spacing-right-medium:7.68%;--awb-spacing-left-medium:7.68%;--awb-width-small:100%;--awb-order-small:0;--awb-spacing-right-small:1.92%;--awb-spacing-left-small:1.92%;\"><div class=\"fusion-column-wrapper fusion-column-has-shadow fusion-flex-justify-content-flex-start fusion-content-layout-column\"><div class=\"fusion-text fusion-text-4 fusion-text-no-margin keuzehulp-item\" style=\"--awb-margin-top:0px;--awb-margin-right:0px;--awb-margin-bottom:0px;--awb-margin-left:0px;\"><p><img decoding=\"async\" class=\"lazyload wp-image-701 aligncenter\" src=\"data:image\/svg+xml,%3Csvg%20xmlns%3D%27http%3A%2F%2Fwww.w3.org%2F2000%2Fsvg%27%20width%3D%2780%27%20height%3D%2780%27%20viewBox%3D%270%200%2080%2080%27%3E%3Crect%20width%3D%2780%27%20height%3D%2780%27%20fill-opacity%3D%220%22%2F%3E%3C%2Fsvg%3E\" data-orig-src=\"\/wp-content\/uploads\/2024\/06\/Sparq-2-icon-vector.svg\" alt=\"\" width=\"80\" height=\"80\" \/><\/p>\n<h2 style=\"text-align: center;\">Die Hilfssprache<\/h2>\n<p style=\"text-align: center;\"><img decoding=\"async\" class=\"lazyload alignnone size-full wp-image-713\" src=\"\/wp-content\/uploads\/2024\/06\/keuzehulp-hulpstalen-afbeelding.webp\" data-orig-src=\"\/wp-content\/uploads\/2024\/06\/keuzehulp-hulpstalen-afbeelding.webp\" alt=\"\" width=\"230\" height=\"92\" srcset=\"data:image\/svg+xml,%3Csvg%20xmlns%3D%27http%3A%2F%2Fwww.w3.org%2F2000%2Fsvg%27%20width%3D%27230%27%20height%3D%2792%27%20viewBox%3D%270%200%20230%2092%27%3E%3Crect%20width%3D%27230%27%20height%3D%2792%27%20fill-opacity%3D%220%22%2F%3E%3C%2Fsvg%3E\" data-srcset=\"https:\/\/www.sparqbalustrades.nl\/wp-content\/uploads\/2024\/06\/keuzehulp-hulpstalen-afbeelding-66x26.webp 66w, https:\/\/www.sparqbalustrades.nl\/wp-content\/uploads\/2024\/06\/keuzehulp-hulpstalen-afbeelding-177x71.webp 177w, https:\/\/www.sparqbalustrades.nl\/wp-content\/uploads\/2024\/06\/keuzehulp-hulpstalen-afbeelding-200x80.webp 200w, https:\/\/www.sparqbalustrades.nl\/wp-content\/uploads\/2024\/06\/keuzehulp-hulpstalen-afbeelding.webp 230w\" data-sizes=\"auto\" data-orig-sizes=\"(max-width: 230px) 100vw, 230px\" \/><\/p>\n<p style=\"text-align: center;\">Passt das Profilsystem nicht eins zu eins zur Geb\u00e4udestruktur? W\u00e4hlen Sie einen Hilfsstahl, um dieses Problem zu l\u00f6sen.<\/p>\n<\/div><\/div><\/div><div class=\"fusion-layout-column fusion_builder_column fusion-builder-column-4 fusion_builder_column_1_4 1_4 fusion-flex-column\" style=\"--awb-padding-top:20px;--awb-padding-right:20px;--awb-padding-bottom:20px;--awb-padding-left:20px;--awb-bg-size:cover;--awb-border-color:var(--awb-color5);--awb-border-bottom:1px;--awb-border-left:1px;--awb-border-style:dotted;--awb-width-large:25%;--awb-margin-top-large:0px;--awb-spacing-right-large:7.68%;--awb-margin-bottom-large:50px;--awb-spacing-left-large:7.68%;--awb-width-medium:25%;--awb-order-medium:0;--awb-spacing-right-medium:7.68%;--awb-spacing-left-medium:7.68%;--awb-width-small:100%;--awb-order-small:0;--awb-spacing-right-small:1.92%;--awb-spacing-left-small:1.92%;\"><div class=\"fusion-column-wrapper fusion-column-has-shadow fusion-flex-justify-content-flex-start fusion-content-layout-column\"><div class=\"fusion-text fusion-text-5 fusion-text-no-margin keuzehulp-item\" style=\"--awb-margin-top:0px;--awb-margin-right:0px;--awb-margin-bottom:0px;--awb-margin-left:0px;\"><p><img decoding=\"async\" class=\"lazyload wp-image-702 aligncenter\" src=\"data:image\/svg+xml,%3Csvg%20xmlns%3D%27http%3A%2F%2Fwww.w3.org%2F2000%2Fsvg%27%20width%3D%2780%27%20height%3D%2780%27%20viewBox%3D%270%200%2080%2080%27%3E%3Crect%20width%3D%2780%27%20height%3D%2780%27%20fill-opacity%3D%220%22%2F%3E%3C%2Fsvg%3E\" data-orig-src=\"\/wp-content\/uploads\/2024\/06\/Sparq-3-icon-vector.svg\" alt=\"\" width=\"80\" height=\"80\" \/><\/p>\n<h2 style=\"text-align: center;\">Die Verankerungen<\/h2>\n<p style=\"text-align: center;\"><img decoding=\"async\" class=\"lazyload alignnone size-full wp-image-719\" src=\"\/wp-content\/uploads\/2024\/06\/keuzehulp-ankers-afbeelding.webp\" data-orig-src=\"\/wp-content\/uploads\/2024\/06\/keuzehulp-ankers-afbeelding.webp\" alt=\"\" width=\"230\" height=\"92\" srcset=\"data:image\/svg+xml,%3Csvg%20xmlns%3D%27http%3A%2F%2Fwww.w3.org%2F2000%2Fsvg%27%20width%3D%27230%27%20height%3D%2792%27%20viewBox%3D%270%200%20230%2092%27%3E%3Crect%20width%3D%27230%27%20height%3D%2792%27%20fill-opacity%3D%220%22%2F%3E%3C%2Fsvg%3E\" data-srcset=\"https:\/\/www.sparqbalustrades.nl\/wp-content\/uploads\/2024\/06\/keuzehulp-ankers-afbeelding-66x26.webp 66w, https:\/\/www.sparqbalustrades.nl\/wp-content\/uploads\/2024\/06\/keuzehulp-ankers-afbeelding-177x71.webp 177w, https:\/\/www.sparqbalustrades.nl\/wp-content\/uploads\/2024\/06\/keuzehulp-ankers-afbeelding-200x80.webp 200w, https:\/\/www.sparqbalustrades.nl\/wp-content\/uploads\/2024\/06\/keuzehulp-ankers-afbeelding.webp 230w\" data-sizes=\"auto\" data-orig-sizes=\"(max-width: 230px) 100vw, 230px\" \/><\/p>\n<p style=\"text-align: center;\">Mit den Schritten 1 und 2 haben Sie Ihr Detail und Ihre Befestigungsmethode festgelegt. Passend zu Profil und Untergrund k\u00f6nnen Sie dann die richtigen D\u00fcbel ausw\u00e4hlen. Diese sind in H1-4 nach Profilen geordnet.<\/p>\n<\/div><\/div><\/div><div class=\"fusion-layout-column fusion_builder_column fusion-builder-column-5 fusion_builder_column_1_4 1_4 fusion-flex-column\" style=\"--awb-padding-top:20px;--awb-padding-right:20px;--awb-padding-bottom:20px;--awb-padding-left:20px;--awb-bg-size:cover;--awb-border-color:var(--awb-color5);--awb-border-bottom:1px;--awb-border-left:1px;--awb-border-style:dotted;--awb-width-large:25%;--awb-margin-top-large:0px;--awb-spacing-right-large:7.68%;--awb-margin-bottom-large:50px;--awb-spacing-left-large:7.68%;--awb-width-medium:25%;--awb-order-medium:0;--awb-spacing-right-medium:7.68%;--awb-spacing-left-medium:7.68%;--awb-width-small:100%;--awb-order-small:0;--awb-spacing-right-small:1.92%;--awb-spacing-left-small:1.92%;\"><div class=\"fusion-column-wrapper fusion-column-has-shadow fusion-flex-justify-content-flex-start fusion-content-layout-column\"><div class=\"fusion-text fusion-text-6 fusion-text-no-margin keuzehulp-item\" style=\"--awb-margin-top:0px;--awb-margin-right:0px;--awb-margin-bottom:0px;--awb-margin-left:0px;\"><p><img decoding=\"async\" class=\"lazyload wp-image-703 aligncenter\" src=\"data:image\/svg+xml,%3Csvg%20xmlns%3D%27http%3A%2F%2Fwww.w3.org%2F2000%2Fsvg%27%20width%3D%2780%27%20height%3D%2780%27%20viewBox%3D%270%200%2080%2080%27%3E%3Crect%20width%3D%2780%27%20height%3D%2780%27%20fill-opacity%3D%220%22%2F%3E%3C%2Fsvg%3E\" data-orig-src=\"\/wp-content\/uploads\/2024\/06\/Sparq-4-icon-vector.svg\" alt=\"\" width=\"80\" height=\"80\" \/><\/p>\n<h2 style=\"text-align: center;\">Die Bez\u00fcge<\/h2>\n<p><img decoding=\"async\" class=\"lazyload size-full wp-image-718 aligncenter\" src=\"\/wp-content\/uploads\/2024\/06\/keuzehulp-afdekkappen-afbeelding.webp\" data-orig-src=\"\/wp-content\/uploads\/2024\/06\/keuzehulp-afdekkappen-afbeelding.webp\" alt=\"\" width=\"230\" height=\"92\" srcset=\"data:image\/svg+xml,%3Csvg%20xmlns%3D%27http%3A%2F%2Fwww.w3.org%2F2000%2Fsvg%27%20width%3D%27230%27%20height%3D%2792%27%20viewBox%3D%270%200%20230%2092%27%3E%3Crect%20width%3D%27230%27%20height%3D%2792%27%20fill-opacity%3D%220%22%2F%3E%3C%2Fsvg%3E\" data-srcset=\"https:\/\/www.sparqbalustrades.nl\/wp-content\/uploads\/2024\/06\/keuzehulp-afdekkappen-afbeelding-66x26.webp 66w, https:\/\/www.sparqbalustrades.nl\/wp-content\/uploads\/2024\/06\/keuzehulp-afdekkappen-afbeelding-177x71.webp 177w, https:\/\/www.sparqbalustrades.nl\/wp-content\/uploads\/2024\/06\/keuzehulp-afdekkappen-afbeelding-200x80.webp 200w, https:\/\/www.sparqbalustrades.nl\/wp-content\/uploads\/2024\/06\/keuzehulp-afdekkappen-afbeelding.webp 230w\" data-sizes=\"auto\" data-orig-sizes=\"(max-width: 230px) 100vw, 230px\" \/><\/p>\n<p style=\"text-align: center;\">SPARQ-Profile k\u00f6nnen auf verschiedene Weise bearbeitet werden. F\u00fcr die seitlich montierten Profile sind spezielle Abdeckkappen erh\u00e4ltlich. Diese finden Sie bei den entsprechenden Profilen in H2 und 4 angeordnet. Dar\u00fcber hinaus k\u00f6nnen die Profile mit verschiedenen Abdeck- oder Bodenanschlussprofilen versehen werden.<\/p>\n<\/div><\/div><\/div><div class=\"fusion-layout-column fusion_builder_column fusion-builder-column-6 fusion_builder_column_1_4 1_4 fusion-flex-column\" style=\"--awb-padding-top:20px;--awb-padding-right:20px;--awb-padding-bottom:20px;--awb-padding-left:20px;--awb-bg-size:cover;--awb-border-color:var(--awb-color5);--awb-border-bottom:1px;--awb-border-left:1px;--awb-border-style:dotted;--awb-width-large:25%;--awb-margin-top-large:0px;--awb-spacing-right-large:7.68%;--awb-margin-bottom-large:50px;--awb-spacing-left-large:7.68%;--awb-width-medium:25%;--awb-order-medium:0;--awb-spacing-right-medium:7.68%;--awb-spacing-left-medium:7.68%;--awb-width-small:100%;--awb-order-small:0;--awb-spacing-right-small:1.92%;--awb-spacing-left-small:1.92%;\"><div class=\"fusion-column-wrapper fusion-column-has-shadow fusion-flex-justify-content-flex-start fusion-content-layout-column\"><div class=\"fusion-text fusion-text-7 fusion-text-no-margin keuzehulp-item\" style=\"--awb-margin-top:0px;--awb-margin-right:0px;--awb-margin-bottom:0px;--awb-margin-left:0px;\"><p><img decoding=\"async\" class=\"lazyload wp-image-704 aligncenter\" src=\"data:image\/svg+xml,%3Csvg%20xmlns%3D%27http%3A%2F%2Fwww.w3.org%2F2000%2Fsvg%27%20width%3D%2780%27%20height%3D%2780%27%20viewBox%3D%270%200%2080%2080%27%3E%3Crect%20width%3D%2780%27%20height%3D%2780%27%20fill-opacity%3D%220%22%2F%3E%3C%2Fsvg%3E\" data-orig-src=\"\/wp-content\/uploads\/2024\/06\/Sparq-5-icon-vector.svg\" alt=\"\" width=\"80\" height=\"80\" \/><\/p>\n<h2 style=\"text-align: center;\">Das Glas<\/h2>\n<p><img decoding=\"async\" class=\"lazyload size-full wp-image-717 aligncenter\" src=\"\/wp-content\/uploads\/2024\/06\/keuzehulp-glaspanelen-afbeelding.webp\" data-orig-src=\"\/wp-content\/uploads\/2024\/06\/keuzehulp-glaspanelen-afbeelding.webp\" alt=\"\" width=\"230\" height=\"92\" srcset=\"data:image\/svg+xml,%3Csvg%20xmlns%3D%27http%3A%2F%2Fwww.w3.org%2F2000%2Fsvg%27%20width%3D%27230%27%20height%3D%2792%27%20viewBox%3D%270%200%20230%2092%27%3E%3Crect%20width%3D%27230%27%20height%3D%2792%27%20fill-opacity%3D%220%22%2F%3E%3C%2Fsvg%3E\" data-srcset=\"https:\/\/www.sparqbalustrades.nl\/wp-content\/uploads\/2024\/06\/keuzehulp-glaspanelen-afbeelding-66x26.webp 66w, https:\/\/www.sparqbalustrades.nl\/wp-content\/uploads\/2024\/06\/keuzehulp-glaspanelen-afbeelding-177x71.webp 177w, https:\/\/www.sparqbalustrades.nl\/wp-content\/uploads\/2024\/06\/keuzehulp-glaspanelen-afbeelding-200x80.webp 200w, https:\/\/www.sparqbalustrades.nl\/wp-content\/uploads\/2024\/06\/keuzehulp-glaspanelen-afbeelding.webp 230w\" data-sizes=\"auto\" data-orig-sizes=\"(max-width: 230px) 100vw, 230px\" \/><\/p>\n<p style=\"text-align: center;\">Die Klemmprofile k\u00f6nnen mit verschiedenen Glaszusammensetzungen und -dicken kombiniert werden. Die Auswahl hierf\u00fcr erfolgt in Kapitel 5. Glasscheiben sind sowohl in vorgespannter als auch in laminierter Ausf\u00fchrung erh\u00e4ltlich und k\u00f6nnen mit verschiedenen Folientypen laminiert werden. Die Anwendbarkeit verschiedener Glasdicken erm\u00f6glicht Variationen in der Festigkeit.<\/p>\n<\/div><\/div><\/div><div class=\"fusion-layout-column fusion_builder_column fusion-builder-column-7 fusion_builder_column_1_4 1_4 fusion-flex-column\" style=\"--awb-padding-top:20px;--awb-padding-right:20px;--awb-padding-bottom:20px;--awb-padding-left:20px;--awb-bg-size:cover;--awb-border-color:var(--awb-color5);--awb-border-bottom:1px;--awb-border-left:1px;--awb-border-style:dotted;--awb-width-large:25%;--awb-margin-top-large:0px;--awb-spacing-right-large:7.68%;--awb-margin-bottom-large:50px;--awb-spacing-left-large:7.68%;--awb-width-medium:25%;--awb-order-medium:0;--awb-spacing-right-medium:7.68%;--awb-spacing-left-medium:7.68%;--awb-width-small:100%;--awb-order-small:0;--awb-spacing-right-small:1.92%;--awb-spacing-left-small:1.92%;\"><div class=\"fusion-column-wrapper fusion-column-has-shadow fusion-flex-justify-content-flex-start fusion-content-layout-column\"><div class=\"fusion-text fusion-text-8 fusion-text-no-margin keuzehulp-item\" style=\"--awb-margin-top:0px;--awb-margin-right:0px;--awb-margin-bottom:0px;--awb-margin-left:0px;\"><p><img decoding=\"async\" class=\"lazyload wp-image-705 aligncenter\" src=\"data:image\/svg+xml,%3Csvg%20xmlns%3D%27http%3A%2F%2Fwww.w3.org%2F2000%2Fsvg%27%20width%3D%2780%27%20height%3D%2780%27%20viewBox%3D%270%200%2080%2080%27%3E%3Crect%20width%3D%2780%27%20height%3D%2780%27%20fill-opacity%3D%220%22%2F%3E%3C%2Fsvg%3E\" data-orig-src=\"\/wp-content\/uploads\/2024\/06\/Sparq-6-icon-vector.svg\" alt=\"\" width=\"80\" height=\"80\" \/><\/p>\n<h2 style=\"text-align: center;\">Der Glastr\u00e4ger<\/h2>\n<p><img decoding=\"async\" class=\"lazyload size-full wp-image-716 aligncenter\" src=\"\/wp-content\/uploads\/2024\/06\/keuzehulp-glasdrager-afbeelding.webp\" data-orig-src=\"\/wp-content\/uploads\/2024\/06\/keuzehulp-glasdrager-afbeelding.webp\" alt=\"\" width=\"230\" height=\"92\" srcset=\"data:image\/svg+xml,%3Csvg%20xmlns%3D%27http%3A%2F%2Fwww.w3.org%2F2000%2Fsvg%27%20width%3D%27230%27%20height%3D%2792%27%20viewBox%3D%270%200%20230%2092%27%3E%3Crect%20width%3D%27230%27%20height%3D%2792%27%20fill-opacity%3D%220%22%2F%3E%3C%2Fsvg%3E\" data-srcset=\"https:\/\/www.sparqbalustrades.nl\/wp-content\/uploads\/2024\/06\/keuzehulp-glasdrager-afbeelding-66x26.webp 66w, https:\/\/www.sparqbalustrades.nl\/wp-content\/uploads\/2024\/06\/keuzehulp-glasdrager-afbeelding-177x71.webp 177w, https:\/\/www.sparqbalustrades.nl\/wp-content\/uploads\/2024\/06\/keuzehulp-glasdrager-afbeelding-200x80.webp 200w, https:\/\/www.sparqbalustrades.nl\/wp-content\/uploads\/2024\/06\/keuzehulp-glasdrager-afbeelding.webp 230w\" data-sizes=\"auto\" data-orig-sizes=\"(max-width: 230px) 100vw, 230px\" \/><\/p>\n<p style=\"text-align: center;\">Sobald die Glasdicke bekannt ist, k\u00f6nnen Sie auch den Glastr\u00e4ger und die anzubringenden Gummis ausw\u00e4hlen. Diese sind spezifisch f\u00fcr die Glasdicke. Je nach Detail und gew\u00fcnschtem Aussehen k\u00f6nnen Sie verschiedene Gummitypen w\u00e4hlen.<\/p>\n<\/div><\/div><\/div><div class=\"fusion-layout-column fusion_builder_column fusion-builder-column-8 fusion_builder_column_1_4 1_4 fusion-flex-column\" style=\"--awb-padding-top:20px;--awb-padding-right:20px;--awb-padding-bottom:20px;--awb-padding-left:20px;--awb-bg-size:cover;--awb-border-color:var(--awb-color5);--awb-border-bottom:1px;--awb-border-left:1px;--awb-border-style:dotted;--awb-width-large:25%;--awb-margin-top-large:0px;--awb-spacing-right-large:7.68%;--awb-margin-bottom-large:50px;--awb-spacing-left-large:7.68%;--awb-width-medium:25%;--awb-order-medium:0;--awb-spacing-right-medium:7.68%;--awb-spacing-left-medium:7.68%;--awb-width-small:100%;--awb-order-small:0;--awb-spacing-right-small:1.92%;--awb-spacing-left-small:1.92%;\"><div class=\"fusion-column-wrapper fusion-column-has-shadow fusion-flex-justify-content-flex-start fusion-content-layout-column\"><div class=\"fusion-text fusion-text-9 fusion-text-no-margin keuzehulp-item\" style=\"--awb-margin-top:0px;--awb-margin-right:0px;--awb-margin-bottom:0px;--awb-margin-left:0px;\"><p><img decoding=\"async\" class=\"lazyload wp-image-706 aligncenter\" src=\"data:image\/svg+xml,%3Csvg%20xmlns%3D%27http%3A%2F%2Fwww.w3.org%2F2000%2Fsvg%27%20width%3D%2780%27%20height%3D%2780%27%20viewBox%3D%270%200%2080%2080%27%3E%3Crect%20width%3D%2780%27%20height%3D%2780%27%20fill-opacity%3D%220%22%2F%3E%3C%2Fsvg%3E\" data-orig-src=\"\/wp-content\/uploads\/2024\/06\/Sparq-7-icon-vector.svg\" alt=\"\" width=\"80\" height=\"80\" \/><\/p>\n<h2 style=\"text-align: center;\">Die Handregel<\/h2>\n<p><img decoding=\"async\" class=\"lazyload size-full wp-image-715 aligncenter\" src=\"\/wp-content\/uploads\/2024\/06\/keuzehulp-handregel-afbeelding.webp\" data-orig-src=\"\/wp-content\/uploads\/2024\/06\/keuzehulp-handregel-afbeelding.webp\" alt=\"\" width=\"230\" height=\"92\" srcset=\"data:image\/svg+xml,%3Csvg%20xmlns%3D%27http%3A%2F%2Fwww.w3.org%2F2000%2Fsvg%27%20width%3D%27230%27%20height%3D%2792%27%20viewBox%3D%270%200%20230%2092%27%3E%3Crect%20width%3D%27230%27%20height%3D%2792%27%20fill-opacity%3D%220%22%2F%3E%3C%2Fsvg%3E\" data-srcset=\"https:\/\/www.sparqbalustrades.nl\/wp-content\/uploads\/2024\/06\/keuzehulp-handregel-afbeelding-66x26.webp 66w, https:\/\/www.sparqbalustrades.nl\/wp-content\/uploads\/2024\/06\/keuzehulp-handregel-afbeelding-177x71.webp 177w, https:\/\/www.sparqbalustrades.nl\/wp-content\/uploads\/2024\/06\/keuzehulp-handregel-afbeelding-200x80.webp 200w, https:\/\/www.sparqbalustrades.nl\/wp-content\/uploads\/2024\/06\/keuzehulp-handregel-afbeelding.webp 230w\" data-sizes=\"auto\" data-orig-sizes=\"(max-width: 230px) 100vw, 230px\" \/><\/p>\n<p style=\"text-align: center;\">Wenn Sie m\u00f6chten, k\u00f6nnen Sie Ihr Glasgel\u00e4nder mit einem Handlauf \u00fcber dem Glas abschlie\u00dfen. Hierf\u00fcr stehen Ihnen in Kapitel 9 verschiedene Gestaltungsvarianten in Aluminium und Edelstahl zur Verf\u00fcgung.<\/p>\n<\/div><\/div><\/div><div class=\"fusion-layout-column fusion_builder_column fusion-builder-column-9 fusion_builder_column_1_4 1_4 fusion-flex-column\" style=\"--awb-padding-top:20px;--awb-padding-right:20px;--awb-padding-bottom:20px;--awb-padding-left:20px;--awb-bg-size:cover;--awb-border-color:var(--awb-color5);--awb-border-bottom:1px;--awb-border-left:1px;--awb-border-style:dotted;--awb-width-large:25%;--awb-margin-top-large:0px;--awb-spacing-right-large:7.68%;--awb-margin-bottom-large:50px;--awb-spacing-left-large:7.68%;--awb-width-medium:25%;--awb-order-medium:0;--awb-spacing-right-medium:7.68%;--awb-spacing-left-medium:7.68%;--awb-width-small:100%;--awb-order-small:0;--awb-spacing-right-small:1.92%;--awb-spacing-left-small:1.92%;\"><div class=\"fusion-column-wrapper fusion-column-has-shadow fusion-flex-justify-content-flex-start fusion-content-layout-column\"><div class=\"fusion-text fusion-text-10 fusion-text-no-margin keuzehulp-item\" style=\"--awb-margin-top:0px;--awb-margin-right:0px;--awb-margin-bottom:0px;--awb-margin-left:0px;\"><p><img decoding=\"async\" class=\"lazyload wp-image-707 aligncenter\" src=\"data:image\/svg+xml,%3Csvg%20xmlns%3D%27http%3A%2F%2Fwww.w3.org%2F2000%2Fsvg%27%20width%3D%2780%27%20height%3D%2780%27%20viewBox%3D%270%200%2080%2080%27%3E%3Crect%20width%3D%2780%27%20height%3D%2780%27%20fill-opacity%3D%220%22%2F%3E%3C%2Fsvg%3E\" data-orig-src=\"\/wp-content\/uploads\/2024\/06\/Sparq-8-icon-vector.svg\" alt=\"\" width=\"80\" height=\"80\" \/><\/p>\n<h2 style=\"text-align: center;\">Die Werkzeuge<\/h2>\n<p><img decoding=\"async\" class=\"lazyload size-full wp-image-714 aligncenter\" src=\"\/wp-content\/uploads\/2024\/06\/keuzehulp-tools-afbeelding.webp\" data-orig-src=\"\/wp-content\/uploads\/2024\/06\/keuzehulp-tools-afbeelding.webp\" alt=\"\" width=\"230\" height=\"92\" srcset=\"data:image\/svg+xml,%3Csvg%20xmlns%3D%27http%3A%2F%2Fwww.w3.org%2F2000%2Fsvg%27%20width%3D%27230%27%20height%3D%2792%27%20viewBox%3D%270%200%20230%2092%27%3E%3Crect%20width%3D%27230%27%20height%3D%2792%27%20fill-opacity%3D%220%22%2F%3E%3C%2Fsvg%3E\" data-srcset=\"https:\/\/www.sparqbalustrades.nl\/wp-content\/uploads\/2024\/06\/keuzehulp-tools-afbeelding-66x26.webp 66w, https:\/\/www.sparqbalustrades.nl\/wp-content\/uploads\/2024\/06\/keuzehulp-tools-afbeelding-177x71.webp 177w, https:\/\/www.sparqbalustrades.nl\/wp-content\/uploads\/2024\/06\/keuzehulp-tools-afbeelding-200x80.webp 200w, https:\/\/www.sparqbalustrades.nl\/wp-content\/uploads\/2024\/06\/keuzehulp-tools-afbeelding.webp 230w\" data-sizes=\"auto\" data-orig-sizes=\"(max-width: 230px) 100vw, 230px\" \/><\/p>\n<p style=\"text-align: center;\">Wenn Sie alle Komponenten Ihrer Balustrade ausgew\u00e4hlt haben, m\u00fcssen Sie sie nur noch zusammenbauen. Um diesen Prozess zu erleichtern, haben wir verschiedene Werkzeuge und Hilfsmittel entwickelt. Mit diesen k\u00f6nnen Sie Ihr SPARQ-Glasgel\u00e4nder fertigstellen.<\/p>\n<\/div><\/div><\/div><\/div><\/div><div class=\"fusion-fullwidth fullwidth-box fusion-builder-row-4 fusion-flex-container has-pattern-background has-mask-background hundred-percent-fullwidth non-hundred-percent-height-scrolling\" style=\"--awb-border-radius-top-left:0px;--awb-border-radius-top-right:0px;--awb-border-radius-bottom-right:0px;--awb-border-radius-bottom-left:0px;--awb-padding-top:0px;--awb-padding-right:0px;--awb-padding-bottom:0px;--awb-padding-left:0px;--awb-flex-wrap:wrap;\" ><div class=\"fusion-builder-row fusion-row fusion-flex-align-items-stretch fusion-flex-content-wrap\" style=\"width:calc( 100% + 0px ) !important;max-width:calc( 100% + 0px ) !important;margin-left: calc(-0px \/ 2 );margin-right: calc(-0px \/ 2 );\"><div class=\"fusion-layout-column fusion_builder_column fusion-builder-column-10 fusion_builder_column_1_2 1_2 fusion-flex-column\" style=\"--awb-padding-top:15%;--awb-padding-right:15%;--awb-padding-bottom:15%;--awb-padding-left:15%;--awb-bg-color:var(--awb-color3);--awb-bg-color-hover:var(--awb-color3);--awb-bg-blend:lighten;--awb-bg-size:cover;--awb-width-large:50%;--awb-margin-top-large:0px;--awb-spacing-right-large:0px;--awb-margin-bottom-large:0px;--awb-spacing-left-large:0px;--awb-width-medium:50%;--awb-order-medium:0;--awb-spacing-right-medium:0px;--awb-spacing-left-medium:0px;--awb-width-small:100%;--awb-order-small:0;--awb-spacing-right-small:0px;--awb-spacing-left-small:0px;\"><div class=\"fusion-column-wrapper fusion-column-has-shadow fusion-flex-justify-content-flex-start fusion-content-layout-column\"><div class=\"fusion-text fusion-text-11\" style=\"--awb-font-size:30px;--awb-letter-spacing:5px;--awb-text-color:var(--awb-color1);--awb-text-font-family:&quot;SPARQ Light&quot;;--awb-text-font-style:normal;--awb-text-font-weight:400;\"><p>STANDARDEINBAU- UND DICHTUNGSDETAILS<\/p>\n<\/div><div class=\"fusion-image-element\" style=\"text-align:center;--awb-caption-title-font-family:var(--h2_typography-font-family);--awb-caption-title-font-weight:var(--h2_typography-font-weight);--awb-caption-title-font-style:var(--h2_typography-font-style);--awb-caption-title-size:var(--h2_typography-font-size);--awb-caption-title-transform:var(--h2_typography-text-transform);--awb-caption-title-line-height:var(--h2_typography-line-height);--awb-caption-title-letter-spacing:var(--h2_typography-letter-spacing);\"><span class=\"fusion-imageframe imageframe-none imageframe-1 hover-type-none\"><img decoding=\"async\" width=\"354\" height=\"500\" title=\"U-Line-Top-System-Dichtungsdetails\" src=\"https:\/\/www.sparqbalustrades.nl\/wp-content\/uploads\/2024\/06\/U-Line-Top-Systeem-aanenafsluitdetails.webp\" data-orig-src=\"\/wp-content\/uploads\/2024\/06\/U-Line-Top-Systeem-aanenafsluitdetails.webp\" alt class=\"lazyload img-responsive wp-image-745\" srcset=\"data:image\/svg+xml,%3Csvg%20xmlns%3D%27http%3A%2F%2Fwww.w3.org%2F2000%2Fsvg%27%20width%3D%27354%27%20height%3D%27500%27%20viewBox%3D%270%200%20354%20500%27%3E%3Crect%20width%3D%27354%27%20height%3D%27500%27%20fill-opacity%3D%220%22%2F%3E%3C%2Fsvg%3E\" data-srcset=\"https:\/\/www.sparqbalustrades.nl\/wp-content\/uploads\/2024\/06\/U-Line-Top-Systeem-aanenafsluitdetails-200x282.webp 200w, https:\/\/www.sparqbalustrades.nl\/wp-content\/uploads\/2024\/06\/U-Line-Top-Systeem-aanenafsluitdetails.webp 354w\" data-sizes=\"auto\" data-orig-sizes=\"(max-width: 640px) 100vw, 354px\" \/><\/span><\/div><\/div><\/div><div class=\"fusion-layout-column fusion_builder_column fusion-builder-column-11 fusion_builder_column_1_2 1_2 fusion-flex-column\" style=\"--awb-padding-top:15%;--awb-padding-right:15%;--awb-padding-bottom:15%;--awb-padding-left:15%;--awb-bg-color:var(--awb-custom_color_2);--awb-bg-color-hover:var(--awb-custom_color_2);--awb-bg-size:cover;--awb-width-large:50%;--awb-margin-top-large:0px;--awb-spacing-right-large:0px;--awb-margin-bottom-large:0px;--awb-spacing-left-large:0px;--awb-width-medium:50%;--awb-order-medium:0;--awb-spacing-right-medium:0px;--awb-spacing-left-medium:0px;--awb-width-small:100%;--awb-order-small:0;--awb-spacing-right-small:0px;--awb-spacing-left-small:0px;\"><div class=\"fusion-column-wrapper fusion-column-has-shadow fusion-flex-justify-content-flex-start fusion-content-layout-column\"><div class=\"fusion-text fusion-text-12\" style=\"--awb-font-size:30px;--awb-letter-spacing:5px;--awb-text-color:var(--awb-color1);--awb-text-font-family:&quot;SPARQ Light&quot;;--awb-text-font-style:normal;--awb-text-font-weight:400;\"><p>SPEZIFIKATIONEN UND ANWENDUNGEN<\/p>\n<\/div><div class=\"fusion-text fusion-text-13\"><ul class=\"legenda-icons\">\n<li><img decoding=\"async\" class=\"lazyload icon\" src=\"data:image\/gif;base64,R0lGODlhAQABAAAAACH5BAEKAAEALAAAAAABAAEAAAICTAEAOw==\" data-orig-src=\"\/wp-content\/uploads\/2024\/06\/Circulair-icon-image.svg\" alt=\"Ikone 1\" \/>Rundschreiben<\/li>\n<li><img decoding=\"async\" class=\"lazyload icon\" src=\"data:image\/gif;base64,R0lGODlhAQABAAAAACH5BAEKAAEALAAAAAABAAEAAAICTAEAOw==\" data-orig-src=\"\/wp-content\/uploads\/2024\/06\/Windlast-icon-image.svg\" alt=\"Ikone 2\" \/> Windlast<\/li>\n<li><img decoding=\"async\" class=\"lazyload icon\" src=\"data:image\/gif;base64,R0lGODlhAQABAAAAACH5BAEKAAEALAAAAAABAAEAAAICTAEAOw==\" data-orig-src=\"\/wp-content\/uploads\/2024\/06\/Modulaire-oplossing-icon-image.svg\" alt=\"Ikone 3\" \/>Modulare L\u00f6sung<\/li>\n<li><img decoding=\"async\" class=\"lazyload icon\" src=\"data:image\/gif;base64,R0lGODlhAQABAAAAACH5BAEKAAEALAAAAAABAAEAAAICTAEAOw==\" data-orig-src=\"\/wp-content\/uploads\/2024\/06\/Waterafvoer-uit-profiel-icon-image.svg\" alt=\"Ikone 4\" \/>Wasserabfluss aus dem Profil<\/li>\n<li><img decoding=\"async\" class=\"lazyload icon\" src=\"data:image\/gif;base64,R0lGODlhAQABAAAAACH5BAEKAAEALAAAAAABAAEAAAICTAEAOw==\" data-orig-src=\"\/wp-content\/uploads\/2024\/06\/Afwateroplossing-toepasbaar-icon-image.svg\" alt=\"Ikone 5\" \/>Entw\u00e4sserungsl\u00f6sung anwendbar<\/li>\n<li><img decoding=\"async\" class=\"lazyload icon\" src=\"data:image\/gif;base64,R0lGODlhAQABAAAAACH5BAEKAAEALAAAAAABAAEAAAICTAEAOw==\" data-orig-src=\"\/wp-content\/uploads\/2024\/06\/Statische-berekeningen-beschikbaar-icon-image.svg\" alt=\"Ikone 5\" \/>Statische Berechnungen verf\u00fcgbar<\/li>\n<li><img decoding=\"async\" class=\"lazyload icon\" src=\"data:image\/gif;base64,R0lGODlhAQABAAAAACH5BAEKAAEALAAAAAABAAEAAAICTAEAOw==\" data-orig-src=\"\/wp-content\/uploads\/2024\/06\/Connector-toepasbaar-icon-image.svg\" alt=\"Legende Symbol\" \/>Stecker anwendbar<\/li>\n<li><img decoding=\"async\" class=\"lazyload icon\" src=\"data:image\/gif;base64,R0lGODlhAQABAAAAACH5BAEKAAEALAAAAAABAAEAAAICTAEAOw==\" data-orig-src=\"\/wp-content\/uploads\/2024\/06\/Uitvulblok-toepasbaar-icon-image.svg&quot;\" alt=\"Legende Symbol\" \/>F\u00fcllungsblock anwendbar<\/li>\n<li><img decoding=\"async\" class=\"lazyload icon\" src=\"data:image\/gif;base64,R0lGODlhAQABAAAAACH5BAEKAAEALAAAAAABAAEAAAICTAEAOw==\" data-orig-src=\"\/wp-content\/uploads\/2024\/06\/Glasklemsysteem-toepasbaar-icon-image.svg\" alt=\"Legende Symbol\" \/>Glasklemmsystem anwendbar<\/li>\n<li><img decoding=\"async\" class=\"lazyload icon\" src=\"data:image\/gif;base64,R0lGODlhAQABAAAAACH5BAEKAAEALAAAAAABAAEAAAICTAEAOw==\" data-orig-src=\"\/wp-content\/uploads\/2024\/06\/Afdekkap-toepasbaar-icon-image.svg\" alt=\"Legende Symbol\" \/>Abdeckklappe anwendbar<\/li>\n<li><img decoding=\"async\" class=\"lazyload icon\" src=\"data:image\/gif;base64,R0lGODlhAQABAAAAACH5BAEKAAEALAAAAAABAAEAAAICTAEAOw==\" data-orig-src=\"\/wp-content\/uploads\/2024\/06\/Profieldimensies-icon-image.svg\" alt=\"Legende Symbol\" \/>Abmessungen des Profils<\/li>\n<li><img decoding=\"async\" class=\"lazyload icon\" src=\"data:image\/gif;base64,R0lGODlhAQABAAAAACH5BAEKAAEALAAAAAABAAEAAAICTAEAOw==\" data-orig-src=\"\/wp-content\/uploads\/2024\/06\/Glasdikte-icon-image.svg\" alt=\"Legende Symbol\" \/>Dicke des Glases<\/li>\n<li><img decoding=\"async\" class=\"lazyload icon\" src=\"data:image\/gif;base64,R0lGODlhAQABAAAAACH5BAEKAAEALAAAAAABAAEAAAICTAEAOw==\" data-orig-src=\"\/wp-content\/uploads\/2024\/06\/HOH-afstand-verankering-icon-image.svg\" alt=\"Legende Symbol\" \/>Abstand der Verankerung<\/li>\n<li><img decoding=\"async\" class=\"lazyload icon\" src=\"data:image\/gif;base64,R0lGODlhAQABAAAAACH5BAEKAAEALAAAAAABAAEAAAICTAEAOw==\" data-orig-src=\"\/wp-content\/uploads\/2024\/06\/Beschikbaar-RAL-Kleur-naar-keuze-icon-image.svg\" alt=\"Legende Symbol\" \/>Erh\u00e4ltlich in RAL-Farbe Ihrer Wahl<\/li>\n<li><img decoding=\"async\" class=\"lazyload icon\" src=\"data:image\/gif;base64,R0lGODlhAQABAAAAACH5BAEKAAEALAAAAAABAAEAAAICTAEAOw==\" data-orig-src=\"\/wp-content\/uploads\/2024\/06\/Prefab-op-maat-leverbaar-icon-image.svg\" alt=\"Legende Symbol\" \/>Vorgefertigte Ma\u00dfanfertigungen<\/li>\n<\/ul>\n<\/div><\/div><\/div><\/div><\/div><\/p>","protected":false},"excerpt":{"rendered":"","protected":false},"author":1,"featured_media":0,"parent":644,"menu_order":0,"comment_status":"closed","ping_status":"closed","template":"100-width.php","meta":{"footnotes":""},"class_list":["post-653","page","type-page","status-publish","hentry"],"yoast_head":"<!-- This site is optimized with the Yoast SEO plugin v27.2 - https:\/\/yoast.com\/product\/yoast-seo-wordpress\/ -->\n<title>SPARQ Balustrades | Stel Uw Glasbalustrade Samen in 8 Stappen<\/title>\n<meta name=\"description\" content=\"Ontdek hoe u uw SPARQ balustrade samenstelt in 8 stappen. Kies klemprofielen, glas, handregels en meer. Persoonlijke hulp beschikbaar!\" \/>\n<meta name=\"robots\" content=\"index, follow, max-snippet:-1, max-image-preview:large, max-video-preview:-1\" \/>\n<link rel=\"canonical\" href=\"https:\/\/www.sparqbalustrades.nl\/de\/katalog\/entscheidungshilfe\/\" \/>\n<meta property=\"og:locale\" content=\"de_DE\" \/>\n<meta property=\"og:type\" content=\"article\" \/>\n<meta property=\"og:title\" content=\"SPARQ Balustrades | Stel Uw Glasbalustrade Samen in 8 Stappen\" \/>\n<meta property=\"og:description\" content=\"Ontdek hoe u uw SPARQ balustrade samenstelt in 8 stappen. Kies klemprofielen, glas, handregels en meer. Persoonlijke hulp beschikbaar!\" \/>\n<meta property=\"og:url\" content=\"https:\/\/www.sparqbalustrades.nl\/de\/katalog\/entscheidungshilfe\/\" \/>\n<meta property=\"og:site_name\" content=\"SPARQ Balustrades\" \/>\n<meta property=\"article:publisher\" content=\"https:\/\/www.facebook.com\/profile.php?id=100047334683162\" \/>\n<meta property=\"article:modified_time\" content=\"2024-09-03T09:45:34+00:00\" \/>\n<meta property=\"og:image\" content=\"https:\/\/www.sparqbalustrades.nl\/wp-content\/uploads\/2024\/08\/team2024.webp\" \/>\n\t<meta property=\"og:image:width\" content=\"1920\" \/>\n\t<meta property=\"og:image:height\" content=\"1080\" \/>\n\t<meta property=\"og:image:type\" content=\"image\/webp\" \/>\n<meta name=\"twitter:card\" content=\"summary_large_image\" \/>\n<meta name=\"twitter:label1\" content=\"Gesch\u00e4tzte Lesezeit\" \/>\n\t<meta name=\"twitter:data1\" content=\"9\u00a0Minuten\" \/>\n<script type=\"application\/ld+json\" class=\"yoast-schema-graph\">{\"@context\":\"https:\/\/schema.org\",\"@graph\":[{\"@type\":\"WebPage\",\"@id\":\"https:\/\/www.sparqbalustrades.nl\/catalogus\/keuzehulp\/\",\"url\":\"https:\/\/www.sparqbalustrades.nl\/catalogus\/keuzehulp\/\",\"name\":\"SPARQ Balustrades | Stel Uw Glasbalustrade Samen in 8 Stappen\",\"isPartOf\":{\"@id\":\"https:\/\/www.sparqbalustrades.nl\/#website\"},\"datePublished\":\"2024-06-11T11:45:39+00:00\",\"dateModified\":\"2024-09-03T09:45:34+00:00\",\"description\":\"Ontdek hoe u uw SPARQ balustrade samenstelt in 8 stappen. Kies klemprofielen, glas, handregels en meer. Persoonlijke hulp beschikbaar!\",\"breadcrumb\":{\"@id\":\"https:\/\/www.sparqbalustrades.nl\/catalogus\/keuzehulp\/#breadcrumb\"},\"inLanguage\":\"de\",\"potentialAction\":[{\"@type\":\"ReadAction\",\"target\":[\"https:\/\/www.sparqbalustrades.nl\/catalogus\/keuzehulp\/\"]}]},{\"@type\":\"BreadcrumbList\",\"@id\":\"https:\/\/www.sparqbalustrades.nl\/catalogus\/keuzehulp\/#breadcrumb\",\"itemListElement\":[{\"@type\":\"ListItem\",\"position\":1,\"name\":\"Home\",\"item\":\"https:\/\/www.sparqbalustrades.nl\/\"},{\"@type\":\"ListItem\",\"position\":2,\"name\":\"Catalogus\",\"item\":\"https:\/\/www.sparqbalustrades.nl\/catalogus\/\"},{\"@type\":\"ListItem\",\"position\":3,\"name\":\"Keuzehulp\"}]},{\"@type\":\"WebSite\",\"@id\":\"https:\/\/www.sparqbalustrades.nl\/#website\",\"url\":\"https:\/\/www.sparqbalustrades.nl\/\",\"name\":\"SPARQ Balustrades\",\"description\":\"Look Further\",\"publisher\":{\"@id\":\"https:\/\/www.sparqbalustrades.nl\/#organization\"},\"alternateName\":\"De specialist in volglasbalustrades\",\"potentialAction\":[{\"@type\":\"SearchAction\",\"target\":{\"@type\":\"EntryPoint\",\"urlTemplate\":\"https:\/\/www.sparqbalustrades.nl\/?s={search_term_string}\"},\"query-input\":{\"@type\":\"PropertyValueSpecification\",\"valueRequired\":true,\"valueName\":\"search_term_string\"}}],\"inLanguage\":\"de\"},{\"@type\":\"Organization\",\"@id\":\"https:\/\/www.sparqbalustrades.nl\/#organization\",\"name\":\"SPARQ Balustrades\",\"alternateName\":\"SPARQ Volglasbalustrades\",\"url\":\"https:\/\/www.sparqbalustrades.nl\/\",\"logo\":{\"@type\":\"ImageObject\",\"inLanguage\":\"de\",\"@id\":\"https:\/\/www.sparqbalustrades.nl\/#\/schema\/logo\/image\/\",\"url\":\"https:\/\/www.sparqbalustrades.nl\/wp-content\/uploads\/2024\/08\/team2024.webp\",\"contentUrl\":\"https:\/\/www.sparqbalustrades.nl\/wp-content\/uploads\/2024\/08\/team2024.webp\",\"width\":1920,\"height\":1080,\"caption\":\"SPARQ Balustrades\"},\"image\":{\"@id\":\"https:\/\/www.sparqbalustrades.nl\/#\/schema\/logo\/image\/\"},\"sameAs\":[\"https:\/\/www.facebook.com\/profile.php?id=100047334683162\",\"https:\/\/www.instagram.com\/sparqbalustrades\/\",\"https:\/\/nl.pinterest.com\/sparq_balustrades\/\",\"https:\/\/www.youtube.com\/channel\/UCJX3WLp4-Tp8NXgbXmxz_2g\",\"https:\/\/www.linkedin.com\/company\/sparq-balustrades\/\"]}]}<\/script>\n<!-- \/ Yoast SEO plugin. -->","yoast_head_json":{"title":"SPARQ Balustraden | Komponieren Sie Ihre Glasbalustrade in 8 Schritten","description":"Entdecken Sie, wie Sie Ihr SPARQ-Gel\u00e4nder in 8 Schritten zusammenstellen k\u00f6nnen. W\u00e4hlen Sie Klemmprofile, Glas, Handl\u00e4ufe und mehr. Pers\u00f6nliche Unterst\u00fctzung verf\u00fcgbar!","robots":{"index":"index","follow":"follow","max-snippet":"max-snippet:-1","max-image-preview":"max-image-preview:large","max-video-preview":"max-video-preview:-1"},"canonical":"https:\/\/www.sparqbalustrades.nl\/de\/katalog\/entscheidungshilfe\/","og_locale":"de_DE","og_type":"article","og_title":"SPARQ Balustrades | Stel Uw Glasbalustrade Samen in 8 Stappen","og_description":"Ontdek hoe u uw SPARQ balustrade samenstelt in 8 stappen. Kies klemprofielen, glas, handregels en meer. Persoonlijke hulp beschikbaar!","og_url":"https:\/\/www.sparqbalustrades.nl\/de\/katalog\/entscheidungshilfe\/","og_site_name":"SPARQ Balustrades","article_publisher":"https:\/\/www.facebook.com\/profile.php?id=100047334683162","article_modified_time":"2024-09-03T09:45:34+00:00","og_image":[{"width":1920,"height":1080,"url":"https:\/\/www.sparqbalustrades.nl\/wp-content\/uploads\/2024\/08\/team2024.webp","type":"image\/webp"}],"twitter_card":"summary_large_image","twitter_misc":{"Gesch\u00e4tzte Lesezeit":"9\u00a0Minuten"},"schema":{"@context":"https:\/\/schema.org","@graph":[{"@type":"WebPage","@id":"https:\/\/www.sparqbalustrades.nl\/catalogus\/keuzehulp\/","url":"https:\/\/www.sparqbalustrades.nl\/catalogus\/keuzehulp\/","name":"SPARQ Balustraden | Komponieren Sie Ihre Glasbalustrade in 8 Schritten","isPartOf":{"@id":"https:\/\/www.sparqbalustrades.nl\/#website"},"datePublished":"2024-06-11T11:45:39+00:00","dateModified":"2024-09-03T09:45:34+00:00","description":"Entdecken Sie, wie Sie Ihr SPARQ-Gel\u00e4nder in 8 Schritten zusammenstellen k\u00f6nnen. W\u00e4hlen Sie Klemmprofile, Glas, Handl\u00e4ufe und mehr. Pers\u00f6nliche Unterst\u00fctzung verf\u00fcgbar!","breadcrumb":{"@id":"https:\/\/www.sparqbalustrades.nl\/catalogus\/keuzehulp\/#breadcrumb"},"inLanguage":"de","potentialAction":[{"@type":"ReadAction","target":["https:\/\/www.sparqbalustrades.nl\/catalogus\/keuzehulp\/"]}]},{"@type":"BreadcrumbList","@id":"https:\/\/www.sparqbalustrades.nl\/catalogus\/keuzehulp\/#breadcrumb","itemListElement":[{"@type":"ListItem","position":1,"name":"Home","item":"https:\/\/www.sparqbalustrades.nl\/"},{"@type":"ListItem","position":2,"name":"Catalogus","item":"https:\/\/www.sparqbalustrades.nl\/catalogus\/"},{"@type":"ListItem","position":3,"name":"Keuzehulp"}]},{"@type":"WebSite","@id":"https:\/\/www.sparqbalustrades.nl\/#website","url":"https:\/\/www.sparqbalustrades.nl\/","name":"SPARQ Balustraden","description":"Weiter schauen","publisher":{"@id":"https:\/\/www.sparqbalustrades.nl\/#organization"},"alternateName":"De specialist in volglasbalustrades","potentialAction":[{"@type":"SearchAction","target":{"@type":"EntryPoint","urlTemplate":"https:\/\/www.sparqbalustrades.nl\/?s={search_term_string}"},"query-input":{"@type":"PropertyValueSpecification","valueRequired":true,"valueName":"search_term_string"}}],"inLanguage":"de"},{"@type":"Organization","@id":"https:\/\/www.sparqbalustrades.nl\/#organization","name":"SPARQ Balustraden","alternateName":"SPARQ Volglasbalustrades","url":"https:\/\/www.sparqbalustrades.nl\/","logo":{"@type":"ImageObject","inLanguage":"de","@id":"https:\/\/www.sparqbalustrades.nl\/#\/schema\/logo\/image\/","url":"https:\/\/www.sparqbalustrades.nl\/wp-content\/uploads\/2024\/08\/team2024.webp","contentUrl":"https:\/\/www.sparqbalustrades.nl\/wp-content\/uploads\/2024\/08\/team2024.webp","width":1920,"height":1080,"caption":"SPARQ Balustrades"},"image":{"@id":"https:\/\/www.sparqbalustrades.nl\/#\/schema\/logo\/image\/"},"sameAs":["https:\/\/www.facebook.com\/profile.php?id=100047334683162","https:\/\/www.instagram.com\/sparqbalustrades\/","https:\/\/nl.pinterest.com\/sparq_balustrades\/","https:\/\/www.youtube.com\/channel\/UCJX3WLp4-Tp8NXgbXmxz_2g","https:\/\/www.linkedin.com\/company\/sparq-balustrades\/"]}]}},"_links":{"self":[{"href":"https:\/\/www.sparqbalustrades.nl\/de\/wp-json\/wp\/v2\/pages\/653","targetHints":{"allow":["GET"]}}],"collection":[{"href":"https:\/\/www.sparqbalustrades.nl\/de\/wp-json\/wp\/v2\/pages"}],"about":[{"href":"https:\/\/www.sparqbalustrades.nl\/de\/wp-json\/wp\/v2\/types\/page"}],"author":[{"embeddable":true,"href":"https:\/\/www.sparqbalustrades.nl\/de\/wp-json\/wp\/v2\/users\/1"}],"replies":[{"embeddable":true,"href":"https:\/\/www.sparqbalustrades.nl\/de\/wp-json\/wp\/v2\/comments?post=653"}],"version-history":[{"count":3,"href":"https:\/\/www.sparqbalustrades.nl\/de\/wp-json\/wp\/v2\/pages\/653\/revisions"}],"predecessor-version":[{"id":1794,"href":"https:\/\/www.sparqbalustrades.nl\/de\/wp-json\/wp\/v2\/pages\/653\/revisions\/1794"}],"up":[{"embeddable":true,"href":"https:\/\/www.sparqbalustrades.nl\/de\/wp-json\/wp\/v2\/pages\/644"}],"wp:attachment":[{"href":"https:\/\/www.sparqbalustrades.nl\/de\/wp-json\/wp\/v2\/media?parent=653"}],"curies":[{"name":"wp","href":"https:\/\/api.w.org\/{rel}","templated":true}]}}