{"id":582,"date":"2024-06-11T10:57:21","date_gmt":"2024-06-11T10:57:21","guid":{"rendered":"https:\/\/www.sparqbalustrades.nl\/?page_id=582"},"modified":"2025-02-04T09:48:23","modified_gmt":"2025-02-04T09:48:23","slug":"systeme-de-ligne-v","status":"publish","type":"page","link":"https:\/\/www.sparqbalustrades.nl\/fr\/catalogus\/v-line-systeem\/","title":{"rendered":"Syst\u00e8me V-Line 2kN"},"content":{"rendered":"<p><div class=\"fusion-fullwidth fullwidth-box fusion-builder-row-1 fusion-flex-container has-pattern-background has-mask-background hundred-percent-fullwidth hundred-percent-height hundred-percent-height-center-content non-hundred-percent-height-scrolling\" style=\"--awb-border-radius-top-left:0px;--awb-border-radius-top-right:0px;--awb-border-radius-bottom-right:0px;--awb-border-radius-bottom-left:0px;--awb-padding-top:0px;--awb-padding-right:0px;--awb-padding-bottom:0px;--awb-padding-left:0px;--awb-background-image:radial-gradient(circle at left center, var(--awb-color4) 0%,var(--awb-color5) 100%);--awb-flex-wrap:wrap;\" ><div class=\"awb-background-mask\" style=\"background-image:  url(\/wp-content\/uploads\/2024\/06\/Atomic-Lines-Vector-Wit.svg);opacity: 0.1 ;transform: scale(1, 1);mix-blend-mode:overlay;\"><\/div><div class=\"fusion-builder-row fusion-row fusion-flex-align-items-stretch fusion-flex-content-wrap\" style=\"width:calc( 100% + 0px ) !important;max-width:calc( 100% + 0px ) !important;margin-left: calc(-0px \/ 2 );margin-right: calc(-0px \/ 2 );\"><div class=\"fusion-layout-column fusion_builder_column fusion-builder-column-0 fusion_builder_column_1_2 1_2 fusion-flex-column\" style=\"--awb-padding-top:50px;--awb-padding-bottom:50%;--awb-padding-left:50px;--awb-bg-image:linear-gradient(151deg, var(--awb-color1) 0%,rgba(255,255,255,0.11) 68%);;--awb-bg-size:cover;--awb-width-large:50%;--awb-margin-top-large:0px;--awb-spacing-right-large:0px;--awb-margin-bottom-large:0px;--awb-spacing-left-large:0px;--awb-width-medium:50%;--awb-order-medium:0;--awb-spacing-right-medium:0px;--awb-spacing-left-medium:0px;--awb-width-small:100%;--awb-order-small:0;--awb-spacing-right-small:0px;--awb-spacing-left-small:0px;\"><div class=\"fusion-column-wrapper lazyload fusion-column-has-shadow fusion-flex-justify-content-flex-start fusion-content-layout-column fusion-column-has-bg-image\" data-bg-url=\"\/wp-content\/uploads\/2024\/07\/V-Line-Systeem-Header-De-Musketiers-Leek.webp\" data-bg=\"\/wp-content\/uploads\/2024\/07\/V-Line-Systeem-Header-De-Musketiers-Leek.webp\" data-bg-gradient=\"linear-gradient(151deg, var(--awb-color1) 0%,rgba(255,255,255,0.11) 68%)\"><div class=\"fusion-text fusion-text-1\" style=\"--awb-font-size:1.5rem;--awb-margin-right:200px;\"><p>Les balustrades en verre de SPARQ, le fleuron de l'architecte et de l'entrepreneur.<\/p>\n<\/div><\/div><\/div><div class=\"fusion-layout-column fusion_builder_column fusion-builder-column-1 fusion_builder_column_1_2 1_2 fusion-flex-column\" style=\"--awb-padding-top:15%;--awb-padding-right:15%;--awb-padding-bottom:15%;--awb-padding-left:15%;--awb-bg-size:cover;--awb-width-large:50%;--awb-margin-top-large:0px;--awb-spacing-right-large:0px;--awb-margin-bottom-large:20px;--awb-spacing-left-large:0px;--awb-width-medium:50%;--awb-order-medium:0;--awb-spacing-right-medium:0px;--awb-spacing-left-medium:0px;--awb-width-small:100%;--awb-order-small:0;--awb-spacing-right-small:0px;--awb-spacing-left-small:0px;\"><div class=\"fusion-column-wrapper fusion-column-has-shadow fusion-flex-justify-content-center fusion-content-layout-column\"><div class=\"fusion-text fusion-text-2\" style=\"--awb-font-size:35px;--awb-line-height:1.4em;--awb-letter-spacing:10px;--awb-text-transform:uppercase;--awb-text-color:var(--awb-color1);\"><p style=\"text-align: left;\"><img decoding=\"async\" class=\"lazyload wp-image-628 alignleft\" src=\"data:image\/svg+xml,%3Csvg%20xmlns%3D%27http%3A%2F%2Fwww.w3.org%2F2000%2Fsvg%27%20width%3D%2790%27%20height%3D%2790%27%20viewBox%3D%270%200%2090%2090%27%3E%3Crect%20width%3D%2790%27%20height%3D%2790%27%20fill-opacity%3D%220%22%2F%3E%3C%2Fsvg%3E\" data-orig-src=\"\/wp-content\/uploads\/2024\/06\/V-Line-wit-icon-image.svg\" alt=\"\" width=\"90\" height=\"90\">V-Line<br \/>Syst\u00e8me<img decoding=\"async\" class=\"lazyload alignnone  wp-image-1974\" src=\"data:image\/svg+xml,%3Csvg%20xmlns%3D%27http%3A%2F%2Fwww.w3.org%2F2000%2Fsvg%27%20width%3D%2739%27%20height%3D%2739%27%20viewBox%3D%270%200%2039%2039%27%3E%3Crect%20width%3D%2739%27%20height%3D%2739%27%20fill-opacity%3D%220%22%2F%3E%3C%2Fsvg%3E\" data-orig-src=\"https:\/\/www.sparqbalustrades.nl\/wp-content\/uploads\/2025\/02\/2kN-icon.svg\" alt=\"\" width=\"39\" height=\"39\"><\/p>\n<\/div><div class=\"fusion-text fusion-text-3\" style=\"--awb-text-color:var(--awb-color1);\"><p><a href=\"#V-Line-productkenmerken\">Caract\u00e9ristiques du produit<\/a><a href=\"#V-Line-specificatiesentoepassingen\"><br \/>\nSp\u00e9cifications et applications<\/a><br \/>\n<a href=\"#V-Linedownloads\">T\u00e9l\u00e9chargements<\/a><\/p>\n<\/div><div class=\"fusion-image-element\" style=\"--awb-caption-title-font-family:var(--h2_typography-font-family);--awb-caption-title-font-weight:var(--h2_typography-font-weight);--awb-caption-title-font-style:var(--h2_typography-font-style);--awb-caption-title-size:var(--h2_typography-font-size);--awb-caption-title-transform:var(--h2_typography-text-transform);--awb-caption-title-line-height:var(--h2_typography-line-height);--awb-caption-title-letter-spacing:var(--h2_typography-letter-spacing);\"><span class=\"fusion-imageframe imageframe-none imageframe-1 hover-type-none\" style=\"border-radius:50%;\"><img decoding=\"async\" width=\"250\" height=\"250\" title=\"Syst\u00e8me V-Line - Pouce\" src=\"https:\/\/www.sparqbalustrades.nl\/wp-content\/uploads\/2024\/07\/V-Line-Systeem-Thumb.webp\" data-orig-src=\"\/wp-content\/uploads\/2024\/07\/V-Line-Systeem-Thumb.webp\" alt class=\"lazyload img-responsive wp-image-793\" srcset=\"data:image\/svg+xml,%3Csvg%20xmlns%3D%27http%3A%2F%2Fwww.w3.org%2F2000%2Fsvg%27%20width%3D%27250%27%20height%3D%27250%27%20viewBox%3D%270%200%20250%20250%27%3E%3Crect%20width%3D%27250%27%20height%3D%27250%27%20fill-opacity%3D%220%22%2F%3E%3C%2Fsvg%3E\" data-srcset=\"https:\/\/www.sparqbalustrades.nl\/wp-content\/uploads\/2024\/07\/V-Line-Systeem-Thumb-200x200.webp 200w, https:\/\/www.sparqbalustrades.nl\/wp-content\/uploads\/2024\/07\/V-Line-Systeem-Thumb.webp 250w\" data-sizes=\"auto\" data-orig-sizes=\"(max-width: 640px) 100vw, 250px\" \/><\/span><\/div><\/div><\/div><\/div><\/div><div id=\"V-Line-productkenmerken\" class=\"fusion-container-anchor\"><div class=\"fusion-fullwidth fullwidth-box fusion-builder-row-2 fusion-flex-container has-pattern-background has-mask-background nonhundred-percent-fullwidth non-hundred-percent-height-scrolling\" style=\"--awb-border-radius-top-left:0px;--awb-border-radius-top-right:0px;--awb-border-radius-bottom-right:0px;--awb-border-radius-bottom-left:0px;--awb-padding-top:100px;--awb-padding-bottom:100px;--awb-background-color:var(--awb-color2);--awb-flex-wrap:wrap;\" ><div class=\"fusion-builder-row fusion-row fusion-flex-align-items-center fusion-flex-justify-content-center fusion-flex-content-wrap\" style=\"max-width:1248px;margin-left: calc(-4% \/ 2 );margin-right: calc(-4% \/ 2 );\"><div class=\"fusion-layout-column fusion_builder_column fusion-builder-column-2 fusion_builder_column_2_5 2_5 fusion-flex-column\" style=\"--awb-bg-size:cover;--awb-width-large:40%;--awb-margin-top-large:0px;--awb-spacing-right-large:4.8%;--awb-margin-bottom-large:20px;--awb-spacing-left-large:4.8%;--awb-width-medium:40%;--awb-order-medium:0;--awb-spacing-right-medium:4.8%;--awb-spacing-left-medium:4.8%;--awb-width-small:100%;--awb-order-small:0;--awb-spacing-right-small:1.92%;--awb-spacing-left-small:1.92%;\"><div class=\"fusion-column-wrapper fusion-column-has-shadow fusion-flex-justify-content-flex-start fusion-content-layout-column\"><div class=\"fusion-text fusion-text-4 fusion-text-no-margin\" style=\"--awb-margin-top:0px;--awb-margin-right:0px;--awb-margin-bottom:0px;--awb-margin-left:0px;\"><h2>CARACT\u00c9RISTIQUES DU PRODUIT<\/h2>\n<p>Le syst\u00e8me V-Line a \u00e9t\u00e9 sp\u00e9cialement con\u00e7u pour supporter des charges de vent maximales avec des dimensions minimales. Le profil\u00e9 peut supporter une charge de ligne de 2kN\/m. Il peut \u00eatre mont\u00e9 sur le bord du sol en b\u00e9ton afin d'utiliser au maximum la surface du balcon ou du grenier. La plaque de base et l'ancrage peuvent \u00eatre dissimul\u00e9s dans une chape ou une autre finition de sol. La large plaque de base permet \u00e9galement au syst\u00e8me d'\u00eatre utilis\u00e9 sur des planchers en bois.<\/p>\n<\/div><\/div><\/div><div class=\"fusion-layout-column fusion_builder_column fusion-builder-column-3 fusion_builder_column_1_2 1_2 fusion-flex-column\" style=\"--awb-bg-size:cover;--awb-width-large:50%;--awb-margin-top-large:0px;--awb-spacing-right-large:3.84%;--awb-margin-bottom-large:20px;--awb-spacing-left-large:3.84%;--awb-width-medium:50%;--awb-order-medium:0;--awb-spacing-right-medium:3.84%;--awb-spacing-left-medium:3.84%;--awb-width-small:100%;--awb-order-small:0;--awb-spacing-right-small:1.92%;--awb-spacing-left-small:1.92%;\"><div class=\"fusion-column-wrapper fusion-column-has-shadow fusion-flex-justify-content-flex-start fusion-content-layout-column\"><div class=\"fusion-image-element\" style=\"text-align:center;--awb-caption-title-font-family:var(--h2_typography-font-family);--awb-caption-title-font-weight:var(--h2_typography-font-weight);--awb-caption-title-font-style:var(--h2_typography-font-style);--awb-caption-title-size:var(--h2_typography-font-size);--awb-caption-title-transform:var(--h2_typography-text-transform);--awb-caption-title-line-height:var(--h2_typography-line-height);--awb-caption-title-letter-spacing:var(--h2_typography-letter-spacing);\"><span class=\"fusion-imageframe imageframe-none imageframe-2 hover-type-none\"><img decoding=\"async\" width=\"545\" height=\"323\" title=\"V-Line-System triptyque image\" src=\"https:\/\/www.sparqbalustrades.nl\/wp-content\/uploads\/2024\/07\/V-Line-Systeem-drieluikafbeelding.webp\" data-orig-src=\"\/wp-content\/uploads\/2024\/07\/V-Line-Systeem-drieluikafbeelding.webp\" alt class=\"lazyload img-responsive wp-image-794\" srcset=\"data:image\/svg+xml,%3Csvg%20xmlns%3D%27http%3A%2F%2Fwww.w3.org%2F2000%2Fsvg%27%20width%3D%27545%27%20height%3D%27323%27%20viewBox%3D%270%200%20545%20323%27%3E%3Crect%20width%3D%27545%27%20height%3D%27323%27%20fill-opacity%3D%220%22%2F%3E%3C%2Fsvg%3E\" data-srcset=\"https:\/\/www.sparqbalustrades.nl\/wp-content\/uploads\/2024\/07\/V-Line-Systeem-drieluikafbeelding-200x119.webp 200w, https:\/\/www.sparqbalustrades.nl\/wp-content\/uploads\/2024\/07\/V-Line-Systeem-drieluikafbeelding-400x237.webp 400w, https:\/\/www.sparqbalustrades.nl\/wp-content\/uploads\/2024\/07\/V-Line-Systeem-drieluikafbeelding.webp 545w\" data-sizes=\"auto\" data-orig-sizes=\"(max-width: 640px) 100vw, 545px\" \/><\/span><\/div><\/div><\/div><\/div><\/div><\/div><div class=\"fusion-fullwidth fullwidth-box fusion-builder-row-3 fusion-flex-container has-pattern-background has-mask-background hundred-percent-fullwidth non-hundred-percent-height-scrolling\" style=\"--awb-border-radius-top-left:0px;--awb-border-radius-top-right:0px;--awb-border-radius-bottom-right:0px;--awb-border-radius-bottom-left:0px;--awb-padding-top:0px;--awb-padding-right:0px;--awb-padding-bottom:0px;--awb-padding-left:0px;--awb-background-color:var(--awb-color1);--awb-flex-wrap:wrap;\" ><div class=\"fusion-builder-row fusion-row fusion-flex-align-items-flex-start fusion-flex-content-wrap\" style=\"width:104% !important;max-width:104% !important;margin-left: calc(-4% \/ 2 );margin-right: calc(-4% \/ 2 );\"><div class=\"fusion-layout-column fusion_builder_column fusion-builder-column-4 fusion_builder_column_1_2 1_2 fusion-flex-column\" style=\"--awb-padding-top:20px;--awb-padding-bottom:20px;--awb-bg-color:var(--awb-color2);--awb-bg-color-hover:var(--awb-color2);--awb-bg-size:cover;--awb-width-large:50%;--awb-margin-top-large:0px;--awb-spacing-right-large:3.84%;--awb-margin-bottom-large:0px;--awb-spacing-left-large:3.84%;--awb-width-medium:50%;--awb-order-medium:0;--awb-spacing-right-medium:3.84%;--awb-spacing-left-medium:3.84%;--awb-width-small:100%;--awb-order-small:0;--awb-spacing-right-small:1.92%;--awb-spacing-left-small:1.92%;\"><div class=\"fusion-column-wrapper fusion-column-has-shadow fusion-flex-justify-content-flex-start fusion-content-layout-column\"><\/div><\/div><\/div><\/div><div id=\"V-Line-specificatiesentoepassingen\" class=\"fusion-container-anchor\"><div class=\"fusion-fullwidth fullwidth-box fusion-builder-row-4 fusion-flex-container has-pattern-background has-mask-background nonhundred-percent-fullwidth non-hundred-percent-height-scrolling\" style=\"--awb-border-radius-top-left:0px;--awb-border-radius-top-right:0px;--awb-border-radius-bottom-right:0px;--awb-border-radius-bottom-left:0px;--awb-padding-top:100px;--awb-padding-bottom:100px;--awb-flex-wrap:wrap;\" ><div class=\"fusion-builder-row fusion-row fusion-flex-align-items-center fusion-flex-content-wrap\" style=\"max-width:1248px;margin-left: calc(-4% \/ 2 );margin-right: calc(-4% \/ 2 );\"><div class=\"fusion-layout-column fusion_builder_column fusion-builder-column-5 fusion_builder_column_1_2 1_2 fusion-flex-column\" style=\"--awb-bg-size:cover;--awb-width-large:50%;--awb-margin-top-large:0px;--awb-spacing-right-large:3.84%;--awb-margin-bottom-large:20px;--awb-spacing-left-large:3.84%;--awb-width-medium:50%;--awb-order-medium:2;--awb-spacing-right-medium:3.84%;--awb-spacing-left-medium:3.84%;--awb-width-small:100%;--awb-order-small:1;--awb-spacing-right-small:1.92%;--awb-spacing-left-small:1.92%;\"><div class=\"fusion-column-wrapper fusion-column-has-shadow fusion-flex-justify-content-flex-start fusion-content-layout-column\"><div class=\"fusion-text fusion-text-5 fusion-text-no-margin legenda-icons\" style=\"--awb-font-size:16px;--awb-margin-top:0px;--awb-margin-right:0px;--awb-margin-bottom:20px;--awb-margin-left:0px;\"><ul class=\"legenda-icons\">\n<li><img decoding=\"async\" class=\"lazyload icon\" src=\"data:image\/gif;base64,R0lGODlhAQABAAAAACH5BAEKAAEALAAAAAABAAEAAAICTAEAOw==\" data-orig-src=\"\/wp-content\/uploads\/2024\/06\/Windlast-icon-image.svg\" alt=\"Ic\u00f4ne 1\" \/> Charge de vent jusqu'\u00e0 1,68 kN\/m2 \u00e0 la hauteur de la balustrade<br \/>\nde 1,20 m du bord sup\u00e9rieur du profil<\/li>\n<li><img decoding=\"async\" class=\"lazyload icon\" src=\"data:image\/gif;base64,R0lGODlhAQABAAAAACH5BAEKAAEALAAAAAABAAEAAAICTAEAOw==\" data-orig-src=\"\/wp-content\/uploads\/2024\/06\/Glasdikte-icon-image.svg\" alt=\"Ic\u00f4ne 2\" \/> Epaisseur du verre 6\/6, 8\/8, 10\/10 et 12\/12<\/li>\n<li><img decoding=\"async\" class=\"lazyload icon\" src=\"data:image\/gif;base64,R0lGODlhAQABAAAAACH5BAEKAAEALAAAAAABAAEAAAICTAEAOw==\" data-orig-src=\"\/wp-content\/uploads\/2024\/06\/HOH-afstand-verankering-icon-image.svg\" alt=\"Ic\u00f4ne 3\" \/> Espacement des ancrages 250 mm<\/li>\n<li><img decoding=\"async\" class=\"lazyload icon\" src=\"data:image\/gif;base64,R0lGODlhAQABAAAAACH5BAEKAAEALAAAAAABAAEAAAICTAEAOw==\" data-orig-src=\"\/wp-content\/uploads\/2024\/06\/Profieldimensies-icon-image.svg\" alt=\"Ic\u00f4ne 4\" \/> Dimensions du profil (h x l) 124 x 160 mm (U=64 mm de large)<\/li>\n<li><img decoding=\"async\" class=\"lazyload icon\" src=\"data:image\/gif;base64,R0lGODlhAQABAAAAACH5BAEKAAEALAAAAAABAAEAAAICTAEAOw==\" data-orig-src=\"\/wp-content\/uploads\/2024\/06\/Beschikbaar-RAL-Kleur-naar-keuze-icon-image.svg\" alt=\"Ic\u00f4ne 5\" \/> Disponible en RAL - couleur de votre choix<\/li>\n<li><img decoding=\"async\" class=\"lazyload icon\" src=\"data:image\/gif;base64,R0lGODlhAQABAAAAACH5BAEKAAEALAAAAAABAAEAAAICTAEAOw==\" data-orig-src=\"\/wp-content\/uploads\/2024\/06\/Prefab-op-maat-leverbaar-icon-image.svg\" alt=\"Ic\u00f4ne 5\" \/> Pr\u00e9fabriqu\u00e9 sur mesure<\/li>\n<\/ul>\n<\/div><div class=\"fusion-text fusion-text-6\" style=\"--awb-margin-top:50px;\"><p><img decoding=\"async\" class=\"lazyload alignnone wp-image-602\" src=\"data:image\/svg+xml,%3Csvg%20xmlns%3D%27http%3A%2F%2Fwww.w3.org%2F2000%2Fsvg%27%20width%3D%2761%27%20height%3D%2761%27%20viewBox%3D%270%200%2061%2061%27%3E%3Crect%20width%3D%2761%27%20height%3D%2761%27%20fill-opacity%3D%220%22%2F%3E%3C%2Fsvg%3E\" data-orig-src=\"\/wp-content\/uploads\/2024\/06\/Circulair-icon-image.svg\" alt=\"\" width=\"61\" height=\"61\" \/> <img decoding=\"async\" class=\"lazyload alignnone wp-image-629\" src=\"data:image\/svg+xml,%3Csvg%20xmlns%3D%27http%3A%2F%2Fwww.w3.org%2F2000%2Fsvg%27%20width%3D%2760%27%20height%3D%2760%27%20viewBox%3D%270%200%2060%2060%27%3E%3Crect%20width%3D%2760%27%20height%3D%2760%27%20fill-opacity%3D%220%22%2F%3E%3C%2Fsvg%3E\" data-orig-src=\"\/wp-content\/uploads\/2024\/06\/Waterafvoer-uit-profiel-icon-image.svg\" alt=\"\" width=\"60\" height=\"60\" \/> <img decoding=\"async\" class=\"lazyload alignnone wp-image-600\" src=\"data:image\/svg+xml,%3Csvg%20xmlns%3D%27http%3A%2F%2Fwww.w3.org%2F2000%2Fsvg%27%20width%3D%2760%27%20height%3D%2760%27%20viewBox%3D%270%200%2060%2060%27%3E%3Crect%20width%3D%2760%27%20height%3D%2760%27%20fill-opacity%3D%220%22%2F%3E%3C%2Fsvg%3E\" data-orig-src=\"\/wp-content\/uploads\/2024\/06\/Afwateroplossing-toepasbaar-icon-image.svg\" alt=\"\" width=\"60\" height=\"60\" \/> <img decoding=\"async\" class=\"lazyload alignnone wp-image-620\" src=\"data:image\/svg+xml,%3Csvg%20xmlns%3D%27http%3A%2F%2Fwww.w3.org%2F2000%2Fsvg%27%20width%3D%2760%27%20height%3D%2760%27%20viewBox%3D%270%200%2060%2060%27%3E%3Crect%20width%3D%2760%27%20height%3D%2760%27%20fill-opacity%3D%220%22%2F%3E%3C%2Fsvg%3E\" data-orig-src=\"\/wp-content\/uploads\/2024\/06\/Statische-berekeningen-beschikbaar-icon-image.svg\" alt=\"\" width=\"60\" height=\"60\" \/> <img decoding=\"async\" class=\"lazyload alignnone wp-image-603\" src=\"data:image\/svg+xml,%3Csvg%20xmlns%3D%27http%3A%2F%2Fwww.w3.org%2F2000%2Fsvg%27%20width%3D%2760%27%20height%3D%2760%27%20viewBox%3D%270%200%2060%2060%27%3E%3Crect%20width%3D%2760%27%20height%3D%2760%27%20fill-opacity%3D%220%22%2F%3E%3C%2Fsvg%3E\" data-orig-src=\"h\/wp-content\/uploads\/2024\/06\/Connector-toepasbaar-icon-image.svg\" alt=\"\" width=\"60\" height=\"60\" \/> <img decoding=\"async\" class=\"lazyload alignnone wp-image-626\" src=\"data:image\/svg+xml,%3Csvg%20xmlns%3D%27http%3A%2F%2Fwww.w3.org%2F2000%2Fsvg%27%20width%3D%2760%27%20height%3D%2760%27%20viewBox%3D%270%200%2060%2060%27%3E%3Crect%20width%3D%2760%27%20height%3D%2760%27%20fill-opacity%3D%220%22%2F%3E%3C%2Fsvg%3E\" data-orig-src=\"\/wp-content\/uploads\/2024\/06\/Uitvulblok-toepasbaar-icon-image.svg\" alt=\"\" width=\"60\" height=\"60\" \/> <img decoding=\"async\" class=\"lazyload alignnone wp-image-607\" src=\"data:image\/svg+xml,%3Csvg%20xmlns%3D%27http%3A%2F%2Fwww.w3.org%2F2000%2Fsvg%27%20width%3D%2759%27%20height%3D%2759%27%20viewBox%3D%270%200%2059%2059%27%3E%3Crect%20width%3D%2759%27%20height%3D%2759%27%20fill-opacity%3D%220%22%2F%3E%3C%2Fsvg%3E\" data-orig-src=\"\/wp-content\/uploads\/2024\/06\/Glasklemsysteem-toepasbaar-icon-image.svg\" alt=\"\" width=\"59\" height=\"59\" \/><\/p>\n<\/div><\/div><\/div><div class=\"fusion-layout-column fusion_builder_column fusion-builder-column-6 fusion_builder_column_1_2 1_2 fusion-flex-column\" style=\"--awb-bg-size:cover;--awb-width-large:50%;--awb-margin-top-large:0px;--awb-spacing-right-large:3.84%;--awb-margin-bottom-large:20px;--awb-spacing-left-large:3.84%;--awb-width-medium:50%;--awb-order-medium:1;--awb-spacing-right-medium:3.84%;--awb-spacing-left-medium:3.84%;--awb-width-small:100%;--awb-order-small:0;--awb-spacing-right-small:1.92%;--awb-margin-bottom-small:50px;--awb-spacing-left-small:1.92%;\"><div class=\"fusion-column-wrapper fusion-column-has-shadow fusion-flex-justify-content-flex-start fusion-content-layout-column\"><div style=\"--awb-alignment:center;--awb-popover-heading-background-color:var(--awb-color3);--awb-popover-text-color:var(--awb-color5);\" class=\"awb-image-hotspots awb-image-hotspots-1\"><div class=\"awb-image-hotspots-wrapper\"><img decoding=\"async\" src=\"https:\/\/www.sparqbalustrades.nl\/wp-content\/uploads\/2024\/07\/V-Line-Systeem-mainafbeelding.webp\" data-orig-src=\"\/wp-content\/uploads\/2024\/07\/V-Line-Systeem-mainafbeelding.webp\" alt=\"Image principale du syst\u00e8me V-Line\" width=\"572\" height=\"446\" title=\"Image principale du syst\u00e8me V-Line\" class=\"lazyload awb-image-hotspots-image wp-image-796\" srcset=\"data:image\/svg+xml,%3Csvg%20xmlns%3D%27http%3A%2F%2Fwww.w3.org%2F2000%2Fsvg%27%20width%3D%27572%27%20height%3D%27446%27%20viewBox%3D%270%200%20572%20446%27%3E%3Crect%20width%3D%27572%27%20height%3D%27446%27%20fill-opacity%3D%220%22%2F%3E%3C%2Fsvg%3E\" data-srcset=\"https:\/\/www.sparqbalustrades.nl\/wp-content\/uploads\/2024\/07\/V-Line-Systeem-mainafbeelding-200x156.webp 200w, https:\/\/www.sparqbalustrades.nl\/wp-content\/uploads\/2024\/07\/V-Line-Systeem-mainafbeelding-300x234.webp 300w, https:\/\/www.sparqbalustrades.nl\/wp-content\/uploads\/2024\/07\/V-Line-Systeem-mainafbeelding-400x312.webp 400w, https:\/\/www.sparqbalustrades.nl\/wp-content\/uploads\/2024\/07\/V-Line-Systeem-mainafbeelding-500x390.webp 500w, https:\/\/www.sparqbalustrades.nl\/wp-content\/uploads\/2024\/07\/V-Line-Systeem-mainafbeelding.webp 572w\" data-sizes=\"auto\" data-orig-sizes=\"(max-width: 572px) 100vw, 572px\"\/><a style=\"--awb-font-size:20px;--awb-hotspot-text-color:var(--awb-color5);--awb-hotspot-background-color:rgba(255,255,255,0);--awb-hotspot-hover-text-color:var(--awb-color5);--awb-hotspot-hover-background-color:rgba(255,255,255,0);--awb-pos-x:49.3%;--awb-pos-y:31.3%;\" class=\"awb-image-hotspots-hotspot awb-image-hotspots-hotspot-1 awb-image-hotspots-hotspot-anim-sonar\" role=\"button\" tabindex=\"0\" data-awb-toggle-image-hotspot-popover=\"true\" data-title=\"Hoogte\" data-content=\"Minimale hoogte voor zo strak mogelijke aansluiting bij de afgewerkte vloer.\" data-trigger=\"hover focus\" data-placement=\"auto\"><i class=\"fa-circle fas\"><\/i> Hauteur<\/a><a style=\"--awb-font-size:20px;--awb-hotspot-text-color:var(--awb-color5);--awb-hotspot-background-color:rgba(255,255,255,0);--awb-hotspot-hover-text-color:var(--awb-color5);--awb-hotspot-hover-background-color:rgba(255,255,255,0);--awb-pos-x:29.0%;--awb-pos-y:75.2%;\" class=\"awb-image-hotspots-hotspot awb-image-hotspots-hotspot-2 awb-image-hotspots-hotspot-anim-sonar\" role=\"button\" tabindex=\"0\" data-awb-toggle-image-hotspot-popover=\"true\" data-title=\"Verdekt te monteren\" data-content=\"Ideaal om in een dekvloer of onder een terrasvloer te verwerken\" data-trigger=\"hover focus\" data-placement=\"auto\"><i class=\"fa-circle fas\"><\/i> Montage cach\u00e9<\/a><a style=\"--awb-font-size:20px;--awb-hotspot-text-color:var(--awb-color5);--awb-hotspot-background-color:rgba(255,255,255,0);--awb-hotspot-hover-text-color:var(--awb-color5);--awb-hotspot-hover-background-color:rgba(255,255,255,0);--awb-pos-x:51.6%;--awb-pos-y:87.5%;\" class=\"awb-image-hotspots-hotspot awb-image-hotspots-hotspot-3 awb-image-hotspots-hotspot-anim-sonar\" role=\"button\" tabindex=\"0\" data-awb-toggle-image-hotspot-popover=\"true\" data-title=\"Hoge belastbaarheid\" data-content=\"De grondplaat reduceert krachten in de anker voor een hoge belastbaarheid, ook op ondergrond van hout of beton\" data-trigger=\"hover focus\" data-placement=\"auto\"><i class=\"fa-circle fas\"><\/i> Capacit\u00e9 de charge \u00e9lev\u00e9e<\/a><\/div><\/div><\/div><\/div><\/div><\/div><\/div><div id=\"V-Linedownloads\" class=\"fusion-container-anchor\"><div class=\"fusion-fullwidth fullwidth-box fusion-builder-row-5 fusion-flex-container has-pattern-background has-mask-background hundred-percent-fullwidth non-hundred-percent-height-scrolling\" style=\"--awb-border-radius-top-left:0px;--awb-border-radius-top-right:0px;--awb-border-radius-bottom-right:0px;--awb-border-radius-bottom-left:0px;--awb-padding-top:0px;--awb-padding-right:0px;--awb-padding-bottom:0px;--awb-padding-left:0px;--awb-background-color:var(--awb-color1);--awb-flex-wrap:wrap;\" ><div class=\"fusion-builder-row fusion-row fusion-flex-align-items-flex-start fusion-flex-content-wrap\" style=\"width:104% !important;max-width:104% !important;margin-left: calc(-4% \/ 2 );margin-right: calc(-4% \/ 2 );\"><div class=\"fusion-layout-column fusion_builder_column fusion-builder-column-7 fusion_builder_column_1_2 1_2 fusion-flex-column\" style=\"--awb-padding-top:5px;--awb-bg-color:var(--awb-color2);--awb-bg-color-hover:var(--awb-color2);--awb-bg-size:cover;--awb-width-large:50%;--awb-margin-top-large:0px;--awb-spacing-right-large:3.84%;--awb-margin-bottom-large:0px;--awb-spacing-left-large:3.84%;--awb-width-medium:50%;--awb-order-medium:0;--awb-spacing-right-medium:3.84%;--awb-spacing-left-medium:3.84%;--awb-width-small:100%;--awb-order-small:0;--awb-spacing-right-small:1.92%;--awb-spacing-left-small:1.92%;\"><div class=\"fusion-column-wrapper fusion-column-has-shadow fusion-flex-justify-content-flex-start fusion-content-layout-column\"><div class=\"fusion-text fusion-text-7 fusion-text-no-margin\" style=\"--awb-text-transform:uppercase;--awb-margin-top:10px;--awb-margin-right:30px;--awb-margin-bottom:10px;--awb-margin-left:30px;\"><p style=\"text-align: right;\">T\u00c9L\u00c9CHARGEMENT D\u00e9tails techniques<\/p>\n<\/div><\/div><\/div><\/div><\/div><\/div><div class=\"fusion-fullwidth fullwidth-box fusion-builder-row-6 fusion-flex-container has-pattern-background has-mask-background nonhundred-percent-fullwidth non-hundred-percent-height-scrolling\" style=\"--awb-border-radius-top-left:0px;--awb-border-radius-top-right:0px;--awb-border-radius-bottom-right:0px;--awb-border-radius-bottom-left:0px;--awb-padding-top:40px;--awb-padding-bottom:30px;--awb-background-color:var(--awb-color2);--awb-flex-wrap:wrap;\" ><div class=\"fusion-builder-row fusion-row fusion-flex-align-items-center fusion-flex-content-wrap\" style=\"max-width:1248px;margin-left: calc(-4% \/ 2 );margin-right: calc(-4% \/ 2 );\"><div class=\"fusion-layout-column fusion_builder_column fusion-builder-column-8 fusion_builder_column_1_1 1_1 fusion-flex-column\" style=\"--awb-bg-size:cover;--awb-width-large:100%;--awb-margin-top-large:0px;--awb-spacing-right-large:1.92%;--awb-margin-bottom-large:20px;--awb-spacing-left-large:1.92%;--awb-width-medium:100%;--awb-order-medium:2;--awb-spacing-right-medium:1.92%;--awb-spacing-left-medium:1.92%;--awb-width-small:100%;--awb-order-small:1;--awb-spacing-right-small:1.92%;--awb-spacing-left-small:1.92%;\"><div class=\"fusion-column-wrapper fusion-column-has-shadow fusion-flex-justify-content-flex-start fusion-content-layout-column\"><div class=\"fusion-text fusion-text-8 awb-text-cols fusion-text-columns-2 fusion-text-no-margin\" style=\"--awb-columns:2;--awb-column-spacing:2em;--awb-column-min-width:100px;--awb-margin-top:0px;--awb-margin-right:0px;--awb-margin-bottom:0px;--awb-margin-left:0px;\"><p><i class=\"far fa-file-pdf\" style=\"color: #009090;\"><\/i> <a href=\"\/wp-content\/uploads\/2024\/07\/V-Line-SP.300.9520.0050.xx-technische-details.pdf\" target=\"_blank\" rel=\"noopener noreferrer\">D\u00e9tails techniques V-Line<\/a><\/p>\n<\/div><\/div><\/div><\/div><\/div><\/p>","protected":false},"excerpt":{"rendered":"","protected":false},"author":1,"featured_media":0,"parent":644,"menu_order":27,"comment_status":"closed","ping_status":"closed","template":"100-width.php","meta":{"footnotes":""},"class_list":["post-582","page","type-page","status-publish","hentry"],"yoast_head":"<!-- This site is optimized with the Yoast SEO plugin v27.2 - https:\/\/yoast.com\/product\/yoast-seo-wordpress\/ -->\n<title>SPARQ Balustrades | V-Line Systeem voor Maximale Windbelasting<\/title>\n<meta name=\"description\" content=\"Het V-Line Systeem van SPARQ biedt maximale stabiliteit met slanke profielen. Perfect voor balkon- en videbalustrades.\" \/>\n<meta name=\"robots\" content=\"index, follow, max-snippet:-1, max-image-preview:large, max-video-preview:-1\" \/>\n<link rel=\"canonical\" href=\"https:\/\/www.sparqbalustrades.nl\/fr\/catalogue\/systeme-de-ligne-v\/\" \/>\n<meta property=\"og:locale\" content=\"fr_FR\" \/>\n<meta property=\"og:type\" content=\"article\" \/>\n<meta property=\"og:title\" content=\"SPARQ Balustrades | V-Line Systeem voor Maximale Windbelasting\" \/>\n<meta property=\"og:description\" content=\"Het V-Line Systeem van SPARQ biedt maximale stabiliteit met slanke profielen. Perfect voor balkon- en videbalustrades.\" \/>\n<meta property=\"og:url\" content=\"https:\/\/www.sparqbalustrades.nl\/fr\/catalogue\/systeme-de-ligne-v\/\" \/>\n<meta property=\"og:site_name\" content=\"SPARQ Balustrades\" \/>\n<meta property=\"article:publisher\" content=\"https:\/\/www.facebook.com\/profile.php?id=100047334683162\" \/>\n<meta property=\"article:modified_time\" content=\"2025-02-04T09:48:23+00:00\" \/>\n<meta property=\"og:image\" content=\"https:\/\/www.sparqbalustrades.nl\/wp-content\/uploads\/2025\/02\/2kN-icon.svg\" \/>\n<meta name=\"twitter:card\" content=\"summary_large_image\" \/>\n<meta name=\"twitter:label1\" content=\"Dur\u00e9e de lecture estim\u00e9e\" \/>\n\t<meta name=\"twitter:data1\" content=\"5 minutes\" \/>\n<script type=\"application\/ld+json\" class=\"yoast-schema-graph\">{\"@context\":\"https:\/\/schema.org\",\"@graph\":[{\"@type\":\"WebPage\",\"@id\":\"https:\/\/www.sparqbalustrades.nl\/catalogus\/v-line-systeem\/\",\"url\":\"https:\/\/www.sparqbalustrades.nl\/catalogus\/v-line-systeem\/\",\"name\":\"SPARQ Balustrades | V-Line Systeem voor Maximale Windbelasting\",\"isPartOf\":{\"@id\":\"https:\/\/www.sparqbalustrades.nl\/#website\"},\"primaryImageOfPage\":{\"@id\":\"https:\/\/www.sparqbalustrades.nl\/catalogus\/v-line-systeem\/#primaryimage\"},\"image\":{\"@id\":\"https:\/\/www.sparqbalustrades.nl\/catalogus\/v-line-systeem\/#primaryimage\"},\"thumbnailUrl\":\"https:\/\/www.sparqbalustrades.nl\/wp-content\/uploads\/2025\/02\/2kN-icon.svg\",\"datePublished\":\"2024-06-11T10:57:21+00:00\",\"dateModified\":\"2025-02-04T09:48:23+00:00\",\"description\":\"Het V-Line Systeem van SPARQ biedt maximale stabiliteit met slanke profielen. Perfect voor balkon- en videbalustrades.\",\"breadcrumb\":{\"@id\":\"https:\/\/www.sparqbalustrades.nl\/catalogus\/v-line-systeem\/#breadcrumb\"},\"inLanguage\":\"fr-FR\",\"potentialAction\":[{\"@type\":\"ReadAction\",\"target\":[\"https:\/\/www.sparqbalustrades.nl\/catalogus\/v-line-systeem\/\"]}]},{\"@type\":\"ImageObject\",\"inLanguage\":\"fr-FR\",\"@id\":\"https:\/\/www.sparqbalustrades.nl\/catalogus\/v-line-systeem\/#primaryimage\",\"url\":\"https:\/\/www.sparqbalustrades.nl\/wp-content\/uploads\/2025\/02\/2kN-icon.svg\",\"contentUrl\":\"https:\/\/www.sparqbalustrades.nl\/wp-content\/uploads\/2025\/02\/2kN-icon.svg\"},{\"@type\":\"BreadcrumbList\",\"@id\":\"https:\/\/www.sparqbalustrades.nl\/catalogus\/v-line-systeem\/#breadcrumb\",\"itemListElement\":[{\"@type\":\"ListItem\",\"position\":1,\"name\":\"Home\",\"item\":\"https:\/\/www.sparqbalustrades.nl\/\"},{\"@type\":\"ListItem\",\"position\":2,\"name\":\"Catalogus\",\"item\":\"https:\/\/www.sparqbalustrades.nl\/catalogus\/\"},{\"@type\":\"ListItem\",\"position\":3,\"name\":\"V-Line Systeem 2kN\"}]},{\"@type\":\"WebSite\",\"@id\":\"https:\/\/www.sparqbalustrades.nl\/#website\",\"url\":\"https:\/\/www.sparqbalustrades.nl\/\",\"name\":\"SPARQ Balustrades\",\"description\":\"Look Further\",\"publisher\":{\"@id\":\"https:\/\/www.sparqbalustrades.nl\/#organization\"},\"alternateName\":\"De specialist in volglasbalustrades\",\"potentialAction\":[{\"@type\":\"SearchAction\",\"target\":{\"@type\":\"EntryPoint\",\"urlTemplate\":\"https:\/\/www.sparqbalustrades.nl\/?s={search_term_string}\"},\"query-input\":{\"@type\":\"PropertyValueSpecification\",\"valueRequired\":true,\"valueName\":\"search_term_string\"}}],\"inLanguage\":\"fr-FR\"},{\"@type\":\"Organization\",\"@id\":\"https:\/\/www.sparqbalustrades.nl\/#organization\",\"name\":\"SPARQ Balustrades\",\"alternateName\":\"SPARQ Volglasbalustrades\",\"url\":\"https:\/\/www.sparqbalustrades.nl\/\",\"logo\":{\"@type\":\"ImageObject\",\"inLanguage\":\"fr-FR\",\"@id\":\"https:\/\/www.sparqbalustrades.nl\/#\/schema\/logo\/image\/\",\"url\":\"https:\/\/www.sparqbalustrades.nl\/wp-content\/uploads\/2024\/08\/team2024.webp\",\"contentUrl\":\"https:\/\/www.sparqbalustrades.nl\/wp-content\/uploads\/2024\/08\/team2024.webp\",\"width\":1920,\"height\":1080,\"caption\":\"SPARQ Balustrades\"},\"image\":{\"@id\":\"https:\/\/www.sparqbalustrades.nl\/#\/schema\/logo\/image\/\"},\"sameAs\":[\"https:\/\/www.facebook.com\/profile.php?id=100047334683162\",\"https:\/\/www.instagram.com\/sparqbalustrades\/\",\"https:\/\/nl.pinterest.com\/sparq_balustrades\/\",\"https:\/\/www.youtube.com\/channel\/UCJX3WLp4-Tp8NXgbXmxz_2g\",\"https:\/\/www.linkedin.com\/company\/sparq-balustrades\/\"]}]}<\/script>\n<!-- \/ Yoast SEO plugin. -->","yoast_head_json":{"title":"Balustrades SPARQ - Syst\u00e8me V-Line pour une charge de vent maximale","description":"Le syst\u00e8me V-Line de SPARQ offre une stabilit\u00e9 maximale avec des profils fins. Parfait pour les balustrades de balcon et de vide.","robots":{"index":"index","follow":"follow","max-snippet":"max-snippet:-1","max-image-preview":"max-image-preview:large","max-video-preview":"max-video-preview:-1"},"canonical":"https:\/\/www.sparqbalustrades.nl\/fr\/catalogue\/systeme-de-ligne-v\/","og_locale":"fr_FR","og_type":"article","og_title":"SPARQ Balustrades | V-Line Systeem voor Maximale Windbelasting","og_description":"Het V-Line Systeem van SPARQ biedt maximale stabiliteit met slanke profielen. Perfect voor balkon- en videbalustrades.","og_url":"https:\/\/www.sparqbalustrades.nl\/fr\/catalogue\/systeme-de-ligne-v\/","og_site_name":"SPARQ Balustrades","article_publisher":"https:\/\/www.facebook.com\/profile.php?id=100047334683162","article_modified_time":"2025-02-04T09:48:23+00:00","og_image":[{"url":"https:\/\/www.sparqbalustrades.nl\/wp-content\/uploads\/2025\/02\/2kN-icon.svg","type":"","width":"","height":""}],"twitter_card":"summary_large_image","twitter_misc":{"Dur\u00e9e de lecture estim\u00e9e":"5 minutes"},"schema":{"@context":"https:\/\/schema.org","@graph":[{"@type":"WebPage","@id":"https:\/\/www.sparqbalustrades.nl\/catalogus\/v-line-systeem\/","url":"https:\/\/www.sparqbalustrades.nl\/catalogus\/v-line-systeem\/","name":"Balustrades SPARQ - Syst\u00e8me V-Line pour une charge de vent maximale","isPartOf":{"@id":"https:\/\/www.sparqbalustrades.nl\/#website"},"primaryImageOfPage":{"@id":"https:\/\/www.sparqbalustrades.nl\/catalogus\/v-line-systeem\/#primaryimage"},"image":{"@id":"https:\/\/www.sparqbalustrades.nl\/catalogus\/v-line-systeem\/#primaryimage"},"thumbnailUrl":"https:\/\/www.sparqbalustrades.nl\/wp-content\/uploads\/2025\/02\/2kN-icon.svg","datePublished":"2024-06-11T10:57:21+00:00","dateModified":"2025-02-04T09:48:23+00:00","description":"Le syst\u00e8me V-Line de SPARQ offre une stabilit\u00e9 maximale avec des profils fins. Parfait pour les balustrades de balcon et de vide.","breadcrumb":{"@id":"https:\/\/www.sparqbalustrades.nl\/catalogus\/v-line-systeem\/#breadcrumb"},"inLanguage":"fr-FR","potentialAction":[{"@type":"ReadAction","target":["https:\/\/www.sparqbalustrades.nl\/catalogus\/v-line-systeem\/"]}]},{"@type":"ImageObject","inLanguage":"fr-FR","@id":"https:\/\/www.sparqbalustrades.nl\/catalogus\/v-line-systeem\/#primaryimage","url":"https:\/\/www.sparqbalustrades.nl\/wp-content\/uploads\/2025\/02\/2kN-icon.svg","contentUrl":"https:\/\/www.sparqbalustrades.nl\/wp-content\/uploads\/2025\/02\/2kN-icon.svg"},{"@type":"BreadcrumbList","@id":"https:\/\/www.sparqbalustrades.nl\/catalogus\/v-line-systeem\/#breadcrumb","itemListElement":[{"@type":"ListItem","position":1,"name":"Home","item":"https:\/\/www.sparqbalustrades.nl\/"},{"@type":"ListItem","position":2,"name":"Catalogus","item":"https:\/\/www.sparqbalustrades.nl\/catalogus\/"},{"@type":"ListItem","position":3,"name":"V-Line Systeem 2kN"}]},{"@type":"WebSite","@id":"https:\/\/www.sparqbalustrades.nl\/#website","url":"https:\/\/www.sparqbalustrades.nl\/","name":"Balustrades SPARQ","description":"Voir plus loin","publisher":{"@id":"https:\/\/www.sparqbalustrades.nl\/#organization"},"alternateName":"De specialist in volglasbalustrades","potentialAction":[{"@type":"SearchAction","target":{"@type":"EntryPoint","urlTemplate":"https:\/\/www.sparqbalustrades.nl\/?s={search_term_string}"},"query-input":{"@type":"PropertyValueSpecification","valueRequired":true,"valueName":"search_term_string"}}],"inLanguage":"fr-FR"},{"@type":"Organization","@id":"https:\/\/www.sparqbalustrades.nl\/#organization","name":"Balustrades SPARQ","alternateName":"SPARQ Volglasbalustrades","url":"https:\/\/www.sparqbalustrades.nl\/","logo":{"@type":"ImageObject","inLanguage":"fr-FR","@id":"https:\/\/www.sparqbalustrades.nl\/#\/schema\/logo\/image\/","url":"https:\/\/www.sparqbalustrades.nl\/wp-content\/uploads\/2024\/08\/team2024.webp","contentUrl":"https:\/\/www.sparqbalustrades.nl\/wp-content\/uploads\/2024\/08\/team2024.webp","width":1920,"height":1080,"caption":"SPARQ Balustrades"},"image":{"@id":"https:\/\/www.sparqbalustrades.nl\/#\/schema\/logo\/image\/"},"sameAs":["https:\/\/www.facebook.com\/profile.php?id=100047334683162","https:\/\/www.instagram.com\/sparqbalustrades\/","https:\/\/nl.pinterest.com\/sparq_balustrades\/","https:\/\/www.youtube.com\/channel\/UCJX3WLp4-Tp8NXgbXmxz_2g","https:\/\/www.linkedin.com\/company\/sparq-balustrades\/"]}]}},"_links":{"self":[{"href":"https:\/\/www.sparqbalustrades.nl\/fr\/wp-json\/wp\/v2\/pages\/582","targetHints":{"allow":["GET"]}}],"collection":[{"href":"https:\/\/www.sparqbalustrades.nl\/fr\/wp-json\/wp\/v2\/pages"}],"about":[{"href":"https:\/\/www.sparqbalustrades.nl\/fr\/wp-json\/wp\/v2\/types\/page"}],"author":[{"embeddable":true,"href":"https:\/\/www.sparqbalustrades.nl\/fr\/wp-json\/wp\/v2\/users\/1"}],"replies":[{"embeddable":true,"href":"https:\/\/www.sparqbalustrades.nl\/fr\/wp-json\/wp\/v2\/comments?post=582"}],"version-history":[{"count":3,"href":"https:\/\/www.sparqbalustrades.nl\/fr\/wp-json\/wp\/v2\/pages\/582\/revisions"}],"predecessor-version":[{"id":1982,"href":"https:\/\/www.sparqbalustrades.nl\/fr\/wp-json\/wp\/v2\/pages\/582\/revisions\/1982"}],"up":[{"embeddable":true,"href":"https:\/\/www.sparqbalustrades.nl\/fr\/wp-json\/wp\/v2\/pages\/644"}],"wp:attachment":[{"href":"https:\/\/www.sparqbalustrades.nl\/fr\/wp-json\/wp\/v2\/media?parent=582"}],"curies":[{"name":"wp","href":"https:\/\/api.w.org\/{rel}","templated":true}]}}