{"id":652,"date":"2024-06-11T11:45:15","date_gmt":"2024-06-11T11:45:15","guid":{"rendered":"https:\/\/www.sparqbalustrades.nl\/?page_id=652"},"modified":"2024-09-03T09:50:10","modified_gmt":"2024-09-03T09:50:10","slug":"prefabrique","status":"publish","type":"page","link":"https:\/\/www.sparqbalustrades.nl\/fr\/catalogus\/prefab\/","title":{"rendered":"Pr\u00e9fabriqu\u00e9"},"content":{"rendered":"<p><div class=\"fusion-fullwidth fullwidth-box fusion-builder-row-1 fusion-flex-container has-pattern-background has-mask-background hundred-percent-fullwidth hundred-percent-height hundred-percent-height-center-content non-hundred-percent-height-scrolling\" style=\"--awb-border-radius-top-left:0px;--awb-border-radius-top-right:0px;--awb-border-radius-bottom-right:0px;--awb-border-radius-bottom-left:0px;--awb-padding-top:0px;--awb-padding-right:0px;--awb-padding-bottom:0px;--awb-padding-left:0px;--awb-background-image:radial-gradient(circle at right center, var(--awb-color6) 0%,var(--awb-color7) 100%);--awb-flex-wrap:wrap;\" ><div class=\"awb-background-mask\" style=\"background-image:  url(\/wp-content\/uploads\/2024\/06\/Atomic-Lines-Vector-Wit.svg);opacity: 0.1 ;transform: scale(1, 1);mix-blend-mode:overlay;\"><\/div><div class=\"fusion-builder-row fusion-row fusion-flex-align-items-stretch fusion-flex-content-wrap\" style=\"width:calc( 100% + 0px ) !important;max-width:calc( 100% + 0px ) !important;margin-left: calc(-0px \/ 2 );margin-right: calc(-0px \/ 2 );\"><div class=\"fusion-layout-column fusion_builder_column fusion-builder-column-0 fusion_builder_column_1_2 1_2 fusion-flex-column\" style=\"--awb-padding-top:50px;--awb-padding-bottom:50%;--awb-padding-left:50px;--awb-bg-image:linear-gradient(151deg, var(--awb-color1) 0%,rgba(255,255,255,0.11) 68%);;--awb-bg-size:cover;--awb-width-large:50%;--awb-margin-top-large:0px;--awb-spacing-right-large:0px;--awb-margin-bottom-large:0px;--awb-spacing-left-large:0px;--awb-width-medium:50%;--awb-order-medium:0;--awb-spacing-right-medium:0px;--awb-spacing-left-medium:0px;--awb-width-small:100%;--awb-order-small:0;--awb-spacing-right-small:0px;--awb-spacing-left-small:0px;\" data-scroll-devices=\"small-visibility,medium-visibility,large-visibility\"><div class=\"fusion-column-wrapper lazyload fusion-column-has-shadow fusion-flex-justify-content-flex-start fusion-content-layout-column fusion-column-has-bg-image\" data-bg-url=\"\/wp-content\/uploads\/2024\/07\/prefab_3.webp\" data-bg=\"\/wp-content\/uploads\/2024\/07\/prefab_3.webp\" data-bg-gradient=\"linear-gradient(151deg, var(--awb-color1) 0%,rgba(255,255,255,0.11) 68%)\"><div class=\"fusion-text fusion-text-1\" style=\"--awb-font-size:1.5rem;--awb-margin-right:200px;\"><p>Avec le pr\u00e9fabriqu\u00e9, nous offrons une balustrade compl\u00e8te sur mesure pour votre projet.<\/p>\n<\/div><\/div><\/div><div class=\"fusion-layout-column fusion_builder_column fusion-builder-column-1 fusion_builder_column_1_2 1_2 fusion-flex-column\" style=\"--awb-padding-top:15%;--awb-padding-right:15%;--awb-padding-bottom:15%;--awb-padding-left:15%;--awb-bg-size:cover;--awb-width-large:50%;--awb-margin-top-large:0px;--awb-spacing-right-large:0px;--awb-margin-bottom-large:20px;--awb-spacing-left-large:0px;--awb-width-medium:50%;--awb-order-medium:0;--awb-spacing-right-medium:0px;--awb-spacing-left-medium:0px;--awb-width-small:100%;--awb-order-small:0;--awb-spacing-right-small:0px;--awb-spacing-left-small:0px;\"><div class=\"fusion-column-wrapper fusion-column-has-shadow fusion-flex-justify-content-center fusion-content-layout-column\"><div class=\"fusion-text fusion-text-2\" style=\"--awb-font-size:35px;--awb-line-height:1.4em;--awb-letter-spacing:10px;--awb-text-transform:uppercase;--awb-text-color:var(--awb-color1);\"><p style=\"text-align: left;\"><img decoding=\"async\" class=\"lazyload alignnone wp-image-1136\" src=\"\/wp-content\/uploads\/2024\/07\/prefab_1.webp\" data-orig-src=\"\/wp-content\/uploads\/2024\/07\/prefab_1.webp\" alt=\"\" width=\"90\" height=\"90\" srcset=\"data:image\/svg+xml,%3Csvg%20xmlns%3D%27http%3A%2F%2Fwww.w3.org%2F2000%2Fsvg%27%20width%3D%2790%27%20height%3D%2790%27%20viewBox%3D%270%200%2090%2090%27%3E%3Crect%20width%3D%2790%27%20height%3D%2790%27%20fill-opacity%3D%220%22%2F%3E%3C%2Fsvg%3E\" data-srcset=\"https:\/\/www.sparqbalustrades.nl\/wp-content\/uploads\/2024\/07\/prefab_1-66x66.webp 66w, https:\/\/www.sparqbalustrades.nl\/wp-content\/uploads\/2024\/07\/prefab_1-150x150.webp 150w, https:\/\/www.sparqbalustrades.nl\/wp-content\/uploads\/2024\/07\/prefab_1-200x200.webp 200w, https:\/\/www.sparqbalustrades.nl\/wp-content\/uploads\/2024\/07\/prefab_1-300x300.webp 300w, https:\/\/www.sparqbalustrades.nl\/wp-content\/uploads\/2024\/07\/prefab_1.webp 400w\" data-sizes=\"auto\" data-orig-sizes=\"(max-width: 90px) 100vw, 90px\" \/>Pr\u00e9fabriqu\u00e9<\/p>\n<\/div><div class=\"fusion-text fusion-text-3\" style=\"--awb-text-color:var(--awb-color1);\"><p><a href=\"#Y-Line-productkenmerken\">Caract\u00e9ristiques du produit<\/a><\/p>\n<\/div><div class=\"fusion-image-element\" style=\"--awb-caption-title-font-family:var(--h2_typography-font-family);--awb-caption-title-font-weight:var(--h2_typography-font-weight);--awb-caption-title-font-style:var(--h2_typography-font-style);--awb-caption-title-size:var(--h2_typography-font-size);--awb-caption-title-transform:var(--h2_typography-text-transform);--awb-caption-title-line-height:var(--h2_typography-line-height);--awb-caption-title-letter-spacing:var(--h2_typography-letter-spacing);\"><span class=\"fusion-imageframe imageframe-none imageframe-1 hover-type-none\" style=\"border-radius:50%;\"><img decoding=\"async\" width=\"300\" height=\"300\" title=\"pr\u00e9fabriqu\u00e9_2\" src=\"https:\/\/www.sparqbalustrades.nl\/wp-content\/uploads\/2024\/07\/prefab_2.webp\" data-orig-src=\"\/wp-content\/uploads\/2024\/07\/prefab_2-300x300.webp\" alt class=\"lazyload img-responsive wp-image-1137\" srcset=\"data:image\/svg+xml,%3Csvg%20xmlns%3D%27http%3A%2F%2Fwww.w3.org%2F2000%2Fsvg%27%20width%3D%27450%27%20height%3D%27450%27%20viewBox%3D%270%200%20450%20450%27%3E%3Crect%20width%3D%27450%27%20height%3D%27450%27%20fill-opacity%3D%220%22%2F%3E%3C%2Fsvg%3E\" data-srcset=\"https:\/\/www.sparqbalustrades.nl\/wp-content\/uploads\/2024\/07\/prefab_2-200x200.webp 200w, https:\/\/www.sparqbalustrades.nl\/wp-content\/uploads\/2024\/07\/prefab_2-400x400.webp 400w, https:\/\/www.sparqbalustrades.nl\/wp-content\/uploads\/2024\/07\/prefab_2.webp 450w\" data-sizes=\"auto\" data-orig-sizes=\"(max-width: 640px) 100vw, 300px\" \/><\/span><\/div><\/div><\/div><\/div><\/div><div id=\"Y-Line-productkenmerken\" class=\"fusion-container-anchor\"><div class=\"fusion-fullwidth fullwidth-box fusion-builder-row-2 fusion-flex-container has-pattern-background has-mask-background nonhundred-percent-fullwidth non-hundred-percent-height-scrolling\" style=\"--awb-border-radius-top-left:0px;--awb-border-radius-top-right:0px;--awb-border-radius-bottom-right:0px;--awb-border-radius-bottom-left:0px;--awb-padding-top:100px;--awb-padding-bottom:100px;--awb-background-color:var(--awb-color2);--awb-flex-wrap:wrap;\" ><div class=\"fusion-builder-row fusion-row fusion-flex-align-items-center fusion-flex-justify-content-center fusion-flex-content-wrap\" style=\"max-width:1248px;margin-left: calc(-4% \/ 2 );margin-right: calc(-4% \/ 2 );\"><div class=\"fusion-layout-column fusion_builder_column fusion-builder-column-2 fusion_builder_column_2_5 2_5 fusion-flex-column\" style=\"--awb-bg-size:cover;--awb-width-large:40%;--awb-margin-top-large:0px;--awb-spacing-right-large:4.8%;--awb-margin-bottom-large:20px;--awb-spacing-left-large:4.8%;--awb-width-medium:40%;--awb-order-medium:0;--awb-spacing-right-medium:4.8%;--awb-spacing-left-medium:4.8%;--awb-width-small:100%;--awb-order-small:0;--awb-spacing-right-small:1.92%;--awb-spacing-left-small:1.92%;\"><div class=\"fusion-column-wrapper fusion-column-has-shadow fusion-flex-justify-content-flex-start fusion-content-layout-column\"><div class=\"fusion-text fusion-text-4 fusion-text-no-margin\" style=\"--awb-margin-top:0px;--awb-margin-right:0px;--awb-margin-bottom:0px;--awb-margin-left:0px;\"><h2 class=\"fusion-responsive-typography-calculated\" style=\"--fontsize: 24; line-height: 1.2;\" data-fontsize=\"24\" data-lineheight=\"28.8px\">CARACT\u00c9RISTIQUES DU PRODUIT<\/h2>\n<p>Nous sommes conscients que la main-d'\u0153uvre est rare et que les connaissances sont essentielles pour mener \u00e0 bien les projets en toute s\u00e9r\u00e9nit\u00e9. Avec Prefab, nous mettons \u00e0 votre disposition nos connaissances et nos installations pour vous apporter un soutien maximal dans la r\u00e9alisation efficace de votre projet. Nous pouvons vous aider tout au long du processus de pr\u00e9paration et de r\u00e9alisation de votre projet. Nous proposons des services d'ing\u00e9nierie, des calculs structurels et une production sur mesure. Cela vous garantit une balustrade parfaitement adapt\u00e9e et sur mesure.<\/p>\n<p>Le point de d\u00e9part est votre projet et vos donn\u00e9es de mesure. Sur la base de vos exigences, nous pouvons concevoir un projet pour vous et le produire sur mesure ou nous pouvons le produire sur la base de vos propres dessins. Ainsi, vous n'avez plus qu'\u00e0 vous concentrer sur le processus d'assemblage et vous pouvez obtenir des r\u00e9sultats rapides avec toutes les pi\u00e8ces parfaitement adapt\u00e9es \u00e0 vos besoins.<\/p>\n<\/div><\/div><\/div><div class=\"fusion-layout-column fusion_builder_column fusion-builder-column-3 fusion_builder_column_1_2 1_2 fusion-flex-column\" style=\"--awb-bg-size:cover;--awb-width-large:50%;--awb-margin-top-large:0px;--awb-spacing-right-large:3.84%;--awb-margin-bottom-large:20px;--awb-spacing-left-large:3.84%;--awb-width-medium:50%;--awb-order-medium:0;--awb-spacing-right-medium:3.84%;--awb-spacing-left-medium:3.84%;--awb-width-small:100%;--awb-order-small:0;--awb-spacing-right-small:1.92%;--awb-spacing-left-small:1.92%;\"><div class=\"fusion-column-wrapper fusion-column-has-shadow fusion-flex-justify-content-flex-start fusion-content-layout-column\"><div class=\"fusion-image-element\" style=\"text-align:center;--awb-caption-title-font-family:var(--h2_typography-font-family);--awb-caption-title-font-weight:var(--h2_typography-font-weight);--awb-caption-title-font-style:var(--h2_typography-font-style);--awb-caption-title-size:var(--h2_typography-font-size);--awb-caption-title-transform:var(--h2_typography-text-transform);--awb-caption-title-line-height:var(--h2_typography-line-height);--awb-caption-title-letter-spacing:var(--h2_typography-letter-spacing);\"><span class=\"fusion-imageframe imageframe-none imageframe-2 hover-type-none\"><img decoding=\"async\" width=\"400\" height=\"284\" title=\"HR_WEB_2300705-SPARQ_Catalogus-keuzehulp_NL_v12\" src=\"https:\/\/www.sparqbalustrades.nl\/wp-content\/uploads\/2024\/07\/HR_WEB_2300705-SPARQ_Catalogus-keuzehulp_NL_v12-2-e1721802515423.webp\" data-orig-src=\"\/wp-content\/uploads\/2024\/07\/HR_WEB_2300705-SPARQ_Catalogus-keuzehulp_NL_v12-2-e1721802515423.webp\" alt class=\"lazyload img-responsive wp-image-1138\" srcset=\"data:image\/svg+xml,%3Csvg%20xmlns%3D%27http%3A%2F%2Fwww.w3.org%2F2000%2Fsvg%27%20width%3D%27400%27%20height%3D%27284%27%20viewBox%3D%270%200%20400%20284%27%3E%3Crect%20width%3D%27400%27%20height%3D%27284%27%20fill-opacity%3D%220%22%2F%3E%3C%2Fsvg%3E\" data-srcset=\"https:\/\/www.sparqbalustrades.nl\/wp-content\/uploads\/2024\/07\/HR_WEB_2300705-SPARQ_Catalogus-keuzehulp_NL_v12-2-e1721802515423-200x142.webp 200w, https:\/\/www.sparqbalustrades.nl\/wp-content\/uploads\/2024\/07\/HR_WEB_2300705-SPARQ_Catalogus-keuzehulp_NL_v12-2-e1721802515423.webp 400w\" data-sizes=\"auto\" data-orig-sizes=\"(max-width: 640px) 100vw, 400px\" \/><\/span><\/div><\/div><\/div><\/div><\/div><\/div><\/p>","protected":false},"excerpt":{"rendered":"","protected":false},"author":1,"featured_media":0,"parent":644,"menu_order":0,"comment_status":"closed","ping_status":"closed","template":"100-width.php","meta":{"footnotes":""},"class_list":["post-652","page","type-page","status-publish","hentry"],"yoast_head":"<!-- This site is optimized with the Yoast SEO plugin v27.2 - https:\/\/yoast.com\/product\/yoast-seo-wordpress\/ -->\n<title>SPARQ Balustrades | Prefab Balustrades op Maat<\/title>\n<meta name=\"description\" content=\"Kies voor prefab balustrades van SPARQ: op maat geproduceerd, inclusief engineering en constructieberekeningen voor uw project.\" \/>\n<meta name=\"robots\" content=\"index, follow, max-snippet:-1, max-image-preview:large, max-video-preview:-1\" \/>\n<link rel=\"canonical\" href=\"https:\/\/www.sparqbalustrades.nl\/fr\/catalogue\/prefabrique\/\" \/>\n<meta property=\"og:locale\" content=\"fr_FR\" \/>\n<meta property=\"og:type\" content=\"article\" \/>\n<meta property=\"og:title\" content=\"SPARQ Balustrades | Prefab Balustrades op Maat\" \/>\n<meta property=\"og:description\" content=\"Kies voor prefab balustrades van SPARQ: op maat geproduceerd, inclusief engineering en constructieberekeningen voor uw project.\" \/>\n<meta property=\"og:url\" content=\"https:\/\/www.sparqbalustrades.nl\/fr\/catalogue\/prefabrique\/\" \/>\n<meta property=\"og:site_name\" content=\"SPARQ Balustrades\" \/>\n<meta property=\"article:publisher\" content=\"https:\/\/www.facebook.com\/profile.php?id=100047334683162\" \/>\n<meta property=\"article:modified_time\" content=\"2024-09-03T09:50:10+00:00\" \/>\n<meta property=\"og:image\" content=\"https:\/\/www.sparqbalustrades.nl\/wp-content\/uploads\/2024\/08\/team2024.webp\" \/>\n\t<meta property=\"og:image:width\" content=\"1920\" \/>\n\t<meta property=\"og:image:height\" content=\"1080\" \/>\n\t<meta property=\"og:image:type\" content=\"image\/webp\" \/>\n<meta name=\"twitter:card\" content=\"summary_large_image\" \/>\n<meta name=\"twitter:label1\" content=\"Dur\u00e9e de lecture estim\u00e9e\" \/>\n\t<meta name=\"twitter:data1\" content=\"2 minutes\" \/>\n<script type=\"application\/ld+json\" class=\"yoast-schema-graph\">{\"@context\":\"https:\/\/schema.org\",\"@graph\":[{\"@type\":\"WebPage\",\"@id\":\"https:\/\/www.sparqbalustrades.nl\/catalogus\/prefab\/\",\"url\":\"https:\/\/www.sparqbalustrades.nl\/catalogus\/prefab\/\",\"name\":\"SPARQ Balustrades | Prefab Balustrades op Maat\",\"isPartOf\":{\"@id\":\"https:\/\/www.sparqbalustrades.nl\/#website\"},\"datePublished\":\"2024-06-11T11:45:15+00:00\",\"dateModified\":\"2024-09-03T09:50:10+00:00\",\"description\":\"Kies voor prefab balustrades van SPARQ: op maat geproduceerd, inclusief engineering en constructieberekeningen voor uw project.\",\"breadcrumb\":{\"@id\":\"https:\/\/www.sparqbalustrades.nl\/catalogus\/prefab\/#breadcrumb\"},\"inLanguage\":\"fr-FR\",\"potentialAction\":[{\"@type\":\"ReadAction\",\"target\":[\"https:\/\/www.sparqbalustrades.nl\/catalogus\/prefab\/\"]}]},{\"@type\":\"BreadcrumbList\",\"@id\":\"https:\/\/www.sparqbalustrades.nl\/catalogus\/prefab\/#breadcrumb\",\"itemListElement\":[{\"@type\":\"ListItem\",\"position\":1,\"name\":\"Home\",\"item\":\"https:\/\/www.sparqbalustrades.nl\/\"},{\"@type\":\"ListItem\",\"position\":2,\"name\":\"Catalogus\",\"item\":\"https:\/\/www.sparqbalustrades.nl\/catalogus\/\"},{\"@type\":\"ListItem\",\"position\":3,\"name\":\"Prefab\"}]},{\"@type\":\"WebSite\",\"@id\":\"https:\/\/www.sparqbalustrades.nl\/#website\",\"url\":\"https:\/\/www.sparqbalustrades.nl\/\",\"name\":\"SPARQ Balustrades\",\"description\":\"Look Further\",\"publisher\":{\"@id\":\"https:\/\/www.sparqbalustrades.nl\/#organization\"},\"alternateName\":\"De specialist in volglasbalustrades\",\"potentialAction\":[{\"@type\":\"SearchAction\",\"target\":{\"@type\":\"EntryPoint\",\"urlTemplate\":\"https:\/\/www.sparqbalustrades.nl\/?s={search_term_string}\"},\"query-input\":{\"@type\":\"PropertyValueSpecification\",\"valueRequired\":true,\"valueName\":\"search_term_string\"}}],\"inLanguage\":\"fr-FR\"},{\"@type\":\"Organization\",\"@id\":\"https:\/\/www.sparqbalustrades.nl\/#organization\",\"name\":\"SPARQ Balustrades\",\"alternateName\":\"SPARQ Volglasbalustrades\",\"url\":\"https:\/\/www.sparqbalustrades.nl\/\",\"logo\":{\"@type\":\"ImageObject\",\"inLanguage\":\"fr-FR\",\"@id\":\"https:\/\/www.sparqbalustrades.nl\/#\/schema\/logo\/image\/\",\"url\":\"https:\/\/www.sparqbalustrades.nl\/wp-content\/uploads\/2024\/08\/team2024.webp\",\"contentUrl\":\"https:\/\/www.sparqbalustrades.nl\/wp-content\/uploads\/2024\/08\/team2024.webp\",\"width\":1920,\"height\":1080,\"caption\":\"SPARQ Balustrades\"},\"image\":{\"@id\":\"https:\/\/www.sparqbalustrades.nl\/#\/schema\/logo\/image\/\"},\"sameAs\":[\"https:\/\/www.facebook.com\/profile.php?id=100047334683162\",\"https:\/\/www.instagram.com\/sparqbalustrades\/\",\"https:\/\/nl.pinterest.com\/sparq_balustrades\/\",\"https:\/\/www.youtube.com\/channel\/UCJX3WLp4-Tp8NXgbXmxz_2g\",\"https:\/\/www.linkedin.com\/company\/sparq-balustrades\/\"]}]}<\/script>\n<!-- \/ Yoast SEO plugin. -->","yoast_head_json":{"title":"SPARQ Balustrades | Balustrades pr\u00e9fabriqu\u00e9es sur mesure","description":"Choisissez les balustrades pr\u00e9fabriqu\u00e9es de SPARQ : sur mesure, y compris l'ing\u00e9nierie et les calculs structurels pour votre projet.","robots":{"index":"index","follow":"follow","max-snippet":"max-snippet:-1","max-image-preview":"max-image-preview:large","max-video-preview":"max-video-preview:-1"},"canonical":"https:\/\/www.sparqbalustrades.nl\/fr\/catalogue\/prefabrique\/","og_locale":"fr_FR","og_type":"article","og_title":"SPARQ Balustrades | Prefab Balustrades op Maat","og_description":"Kies voor prefab balustrades van SPARQ: op maat geproduceerd, inclusief engineering en constructieberekeningen voor uw project.","og_url":"https:\/\/www.sparqbalustrades.nl\/fr\/catalogue\/prefabrique\/","og_site_name":"SPARQ Balustrades","article_publisher":"https:\/\/www.facebook.com\/profile.php?id=100047334683162","article_modified_time":"2024-09-03T09:50:10+00:00","og_image":[{"width":1920,"height":1080,"url":"https:\/\/www.sparqbalustrades.nl\/wp-content\/uploads\/2024\/08\/team2024.webp","type":"image\/webp"}],"twitter_card":"summary_large_image","twitter_misc":{"Dur\u00e9e de lecture estim\u00e9e":"2 minutes"},"schema":{"@context":"https:\/\/schema.org","@graph":[{"@type":"WebPage","@id":"https:\/\/www.sparqbalustrades.nl\/catalogus\/prefab\/","url":"https:\/\/www.sparqbalustrades.nl\/catalogus\/prefab\/","name":"SPARQ Balustrades | Balustrades pr\u00e9fabriqu\u00e9es sur mesure","isPartOf":{"@id":"https:\/\/www.sparqbalustrades.nl\/#website"},"datePublished":"2024-06-11T11:45:15+00:00","dateModified":"2024-09-03T09:50:10+00:00","description":"Choisissez les balustrades pr\u00e9fabriqu\u00e9es de SPARQ : sur mesure, y compris l'ing\u00e9nierie et les calculs structurels pour votre projet.","breadcrumb":{"@id":"https:\/\/www.sparqbalustrades.nl\/catalogus\/prefab\/#breadcrumb"},"inLanguage":"fr-FR","potentialAction":[{"@type":"ReadAction","target":["https:\/\/www.sparqbalustrades.nl\/catalogus\/prefab\/"]}]},{"@type":"BreadcrumbList","@id":"https:\/\/www.sparqbalustrades.nl\/catalogus\/prefab\/#breadcrumb","itemListElement":[{"@type":"ListItem","position":1,"name":"Home","item":"https:\/\/www.sparqbalustrades.nl\/"},{"@type":"ListItem","position":2,"name":"Catalogus","item":"https:\/\/www.sparqbalustrades.nl\/catalogus\/"},{"@type":"ListItem","position":3,"name":"Prefab"}]},{"@type":"WebSite","@id":"https:\/\/www.sparqbalustrades.nl\/#website","url":"https:\/\/www.sparqbalustrades.nl\/","name":"Balustrades SPARQ","description":"Voir plus loin","publisher":{"@id":"https:\/\/www.sparqbalustrades.nl\/#organization"},"alternateName":"De specialist in volglasbalustrades","potentialAction":[{"@type":"SearchAction","target":{"@type":"EntryPoint","urlTemplate":"https:\/\/www.sparqbalustrades.nl\/?s={search_term_string}"},"query-input":{"@type":"PropertyValueSpecification","valueRequired":true,"valueName":"search_term_string"}}],"inLanguage":"fr-FR"},{"@type":"Organization","@id":"https:\/\/www.sparqbalustrades.nl\/#organization","name":"Balustrades SPARQ","alternateName":"SPARQ Volglasbalustrades","url":"https:\/\/www.sparqbalustrades.nl\/","logo":{"@type":"ImageObject","inLanguage":"fr-FR","@id":"https:\/\/www.sparqbalustrades.nl\/#\/schema\/logo\/image\/","url":"https:\/\/www.sparqbalustrades.nl\/wp-content\/uploads\/2024\/08\/team2024.webp","contentUrl":"https:\/\/www.sparqbalustrades.nl\/wp-content\/uploads\/2024\/08\/team2024.webp","width":1920,"height":1080,"caption":"SPARQ Balustrades"},"image":{"@id":"https:\/\/www.sparqbalustrades.nl\/#\/schema\/logo\/image\/"},"sameAs":["https:\/\/www.facebook.com\/profile.php?id=100047334683162","https:\/\/www.instagram.com\/sparqbalustrades\/","https:\/\/nl.pinterest.com\/sparq_balustrades\/","https:\/\/www.youtube.com\/channel\/UCJX3WLp4-Tp8NXgbXmxz_2g","https:\/\/www.linkedin.com\/company\/sparq-balustrades\/"]}]}},"_links":{"self":[{"href":"https:\/\/www.sparqbalustrades.nl\/fr\/wp-json\/wp\/v2\/pages\/652","targetHints":{"allow":["GET"]}}],"collection":[{"href":"https:\/\/www.sparqbalustrades.nl\/fr\/wp-json\/wp\/v2\/pages"}],"about":[{"href":"https:\/\/www.sparqbalustrades.nl\/fr\/wp-json\/wp\/v2\/types\/page"}],"author":[{"embeddable":true,"href":"https:\/\/www.sparqbalustrades.nl\/fr\/wp-json\/wp\/v2\/users\/1"}],"replies":[{"embeddable":true,"href":"https:\/\/www.sparqbalustrades.nl\/fr\/wp-json\/wp\/v2\/comments?post=652"}],"version-history":[{"count":4,"href":"https:\/\/www.sparqbalustrades.nl\/fr\/wp-json\/wp\/v2\/pages\/652\/revisions"}],"predecessor-version":[{"id":1796,"href":"https:\/\/www.sparqbalustrades.nl\/fr\/wp-json\/wp\/v2\/pages\/652\/revisions\/1796"}],"up":[{"embeddable":true,"href":"https:\/\/www.sparqbalustrades.nl\/fr\/wp-json\/wp\/v2\/pages\/644"}],"wp:attachment":[{"href":"https:\/\/www.sparqbalustrades.nl\/fr\/wp-json\/wp\/v2\/media?parent=652"}],"curies":[{"name":"wp","href":"https:\/\/api.w.org\/{rel}","templated":true}]}}